{"id":1002,"date":"2015-08-20T15:27:58","date_gmt":"2015-08-20T15:27:58","guid":{"rendered":"http:\/\/ligiaamadio.net\/a\/?page_id=1002"},"modified":"2015-08-28T20:15:26","modified_gmt":"2015-08-28T20:15:26","slug":"1998-3","status":"publish","type":"page","link":"http:\/\/ligiaamadio.net\/a\/1998-3\/","title":{"rendered":"1998"},"content":{"rendered":"<p>[vc_row section_bottom_margin=&#8221;nobottommargin&#8221;][vc_column][vc_custom_heading text=&#8221;- 1998 -&#8221; font_container=&#8221;tag:h2|text_align:center&#8221;][vc_column_text]<\/p>\n<table border=\"0\" width=\"627\" cellspacing=\"0\" cellpadding=\"0\">\n<tbody>\n<tr>\n<td rowspan=\"4\" valign=\"top\" bgcolor=\"#95aabf\" width=\"177\" height=\"89\">\n<p><span style=\"color: #000000;\">13\/03\/98<\/span><\/p>\n<p><span style=\"color: #000000;\"><strong> Orquestra Sinf\u00f4nica Nacional \u2013 UFF<\/strong><\/span><\/p>\n<p><span style=\"color: #000000;\"> Centro de Artes UFF, Niter\u00f3i, Rio de Janeiro, Brasil Concerto comemorativo: 37 anos da OSN-UFF<\/span><\/td>\n<td valign=\"top\" bgcolor=\"#95aabf\" width=\"151\" height=\"20\"><span style=\"color: #000000;\">Carlos Gomes<\/span><\/td>\n<td valign=\"top\" bgcolor=\"#95aabf\" width=\"173\" height=\"20\"><span style=\"color: #000000;\">Fosca Overture<\/span><\/td>\n<td valign=\"top\" bgcolor=\"#95aabf\" width=\"126\" height=\"20\"><span style=\"color: #000000;\">\u00a0<\/span><\/td>\n<\/tr>\n<tr>\n<td valign=\"top\" bgcolor=\"#95aabf\" width=\"151\" height=\"11\"><span lang=\"EN-US\" style=\"color: #000000;\">Brahms, Johannes<\/span><\/td>\n<td valign=\"top\" bgcolor=\"#95aabf\" width=\"173\" height=\"11\"><span lang=\"EN-US\" style=\"color: #000000;\">3 Hungarian Danses<\/span><\/td>\n<td valign=\"top\" bgcolor=\"#95aabf\" width=\"126\" height=\"11\"><span style=\"color: #000000;\">\u00a0<\/span><\/td>\n<\/tr>\n<tr>\n<td valign=\"top\" bgcolor=\"#95aabf\" width=\"151\" height=\"24\"><span lang=\"EN-US\" style=\"color: #000000;\">Prokofiev, Serge<\/span><\/td>\n<td valign=\"top\" bgcolor=\"#95aabf\" width=\"173\" height=\"24\"><span lang=\"EN-US\" style=\"color: #000000;\">Symphony No.1 in D major, op.25,\u00a0\u00a0&#8220;Classical Symphony&#8221;<\/span><\/td>\n<td valign=\"top\" bgcolor=\"#95aabf\" width=\"126\" height=\"24\"><span style=\"color: #000000;\">\u00a0<\/span><\/td>\n<\/tr>\n<tr>\n<td valign=\"top\" bgcolor=\"#95aabf\" width=\"151\" height=\"37\"><span lang=\"EN-US\" style=\"color: #000000;\">Rachmaninoff, Sergei<\/span><\/td>\n<td valign=\"top\" bgcolor=\"#95aabf\" width=\"173\" height=\"37\"><span lang=\"EN-US\" style=\"color: #000000;\">Concerto for Piano and Orchestra No.2 in C minor, op.18<\/span><\/td>\n<td valign=\"top\" bgcolor=\"#95aabf\" width=\"126\" height=\"37\"><span lang=\"ES-TRAD\" style=\"color: #000000;\">Victor Rodriguez<\/span><\/td>\n<\/tr>\n<tr>\n<td rowspan=\"3\" valign=\"top\" width=\"177\" height=\"89\">\n<p><span style=\"color: #000000;\"><span lang=\"ES-TRAD\">20\/03\/98<\/span><\/span><\/p>\n<p><span lang=\"ES-TRAD\"><strong>Orquestra Sinf\u00f3nica UNCuyo<\/strong><\/span><\/p>\n<p><span lang=\"EN-US\">Teatro Universidad, Mendoza, Argentina<\/span><\/td>\n<td valign=\"top\" width=\"151\" height=\"41\"><span lang=\"EN-US\" style=\"color: #000000;\">Kreisler, F.<\/span><\/td>\n<td valign=\"top\" width=\"173\" height=\"41\"><span lang=\"EN-US\" style=\"color: #000000;\">Preludio and Allegro for violin and string orchestra<\/span><\/td>\n<td valign=\"top\" width=\"126\" height=\"41\"><span lang=\"EN-US\" style=\"color: #000000;\">David Gologorsky-Bablumian<\/span><\/td>\n<\/tr>\n<tr>\n<td valign=\"top\" width=\"151\" height=\"37\"><span lang=\"EN-US\" style=\"color: #000000;\">Mozart, Wolfgang Amadeus<\/span><\/td>\n<td valign=\"top\" width=\"173\" height=\"37\"><span lang=\"EN-US\" style=\"color: #000000;\">Concerto for Flute and Orchestra No.1 in G major, K.313<\/span><\/td>\n<td valign=\"top\" width=\"126\" height=\"37\"><span lang=\"ES-TRAD\" style=\"color: #000000;\">Ana Laura Arce<\/span><\/td>\n<\/tr>\n<tr>\n<td valign=\"top\" width=\"151\" height=\"24\"><span lang=\"ES-TRAD\" style=\"color: #000000;\">Sibelius, Jean<\/span><\/td>\n<td valign=\"top\" width=\"173\" height=\"24\"><span lang=\"EN-US\" style=\"color: #000000;\">Symphony No.1 in E minor, op.39<\/span><\/td>\n<td valign=\"top\" width=\"126\" height=\"24\"><span style=\"color: #000000;\">\u00a0<\/span><\/td>\n<\/tr>\n<tr>\n<td rowspan=\"4\" valign=\"top\" bgcolor=\"#95aabf\" width=\"177\" height=\"102\">\n<p><span style=\"color: #000000;\">04\/04\/98<\/span><\/p>\n<p><span style=\"color: #000000;\"><strong> Orquestra Sinf\u00f4nica Nacional \u2013 UFF<\/strong><\/span><\/p>\n<p><span style=\"color: #000000;\"> Sala Cec\u00edlia Meireles, Rio de Janeiro, Brasil<\/span><\/p>\n<p><span style=\"color: #000000;\"> Concerto comemorativo: 70 anos de Edino Krieger\u00a0\u00a0e 50 Anos de Ronaldo Miranda<\/span><\/td>\n<td rowspan=\"2\" valign=\"top\" bgcolor=\"#95aabf\" width=\"151\" height=\"102\"><span lang=\"EN-US\" style=\"color: #000000;\">Krieger, Edino<\/span><\/td>\n<td valign=\"top\" bgcolor=\"#95aabf\" width=\"173\" height=\"36\"><span lang=\"EN-US\" style=\"color: #000000;\">Suite para cordas (1954) (Suite for string orchestra)<\/span><\/td>\n<td valign=\"top\" bgcolor=\"#95aabf\" width=\"126\" height=\"36\"><span style=\"color: #000000;\">\u00a0<\/span><\/td>\n<\/tr>\n<tr>\n<td valign=\"top\" bgcolor=\"#95aabf\" width=\"173\" height=\"16\"><span lang=\"EN-US\" style=\"color: #000000;\">Ludus Symphonicus<\/span><\/td>\n<td valign=\"top\" bgcolor=\"#95aabf\" width=\"126\" height=\"16\"><span style=\"color: #000000;\">\u00a0<\/span><\/td>\n<\/tr>\n<tr>\n<td rowspan=\"2\" valign=\"top\" bgcolor=\"#95aabf\" width=\"151\" height=\"49\"><span style=\"color: #000000;\">Miranda, Ronaldo<\/span><\/td>\n<td valign=\"top\" bgcolor=\"#95aabf\" width=\"173\" height=\"49\"><span style=\"color: #000000;\">Concerto para piano e orquestra (1983)<\/span><\/td>\n<td valign=\"top\" bgcolor=\"#95aabf\" width=\"126\" height=\"49\"><span style=\"color: #000000;\">Maria Theresa Madeira<\/span><\/td>\n<\/tr>\n<tr>\n<td valign=\"top\" bgcolor=\"#95aabf\" width=\"173\" height=\"15\"><span style=\"color: #000000;\">Suite Festiva<\/span><\/td>\n<td valign=\"top\" bgcolor=\"#95aabf\" width=\"126\" height=\"15\"><span style=\"color: #000000;\">\u00a0<\/span><\/td>\n<\/tr>\n<tr>\n<td rowspan=\"4\" valign=\"top\" width=\"177\" height=\"309\">\n<p><span style=\"color: #000000;\">22\/04\/98<\/span><\/p>\n<p><span style=\"color: #000000;\"><strong> Orquestra Sinf\u00f4nica Nacional \u2013 UFF<\/strong><\/span><\/p>\n<p><span style=\"color: #000000;\"> Teatro Municipal de Niter\u00f3i, Rio de Janeiro, Brasil<\/span><\/p>\n<p><span style=\"color: #000000;\"> Niter\u00f3i Encontro com Portugal &#8211; Brasil 500 anos<\/span><\/p>\n<p><span style=\"color: #000000;\">24\/04\/98<\/span><\/p>\n<p><span style=\"color: #000000;\"> Sala Cec\u00edlia Meireles, Rio de Janeiro, Brasil<\/span><\/p>\n<p><span style=\"color: #000000;\"> 500 Anos de Descobrimento do Brasil<\/span><\/td>\n<td rowspan=\"2\" valign=\"top\" width=\"151\" height=\"309\"><span style=\"color: #000000;\">Freitas Branco, Lu\u00eds de<\/span><\/td>\n<td valign=\"top\" width=\"173\" height=\"22\"><span style=\"color: #000000;\">Para\u00edsos Artificiais<\/span><\/td>\n<td valign=\"top\" width=\"126\" height=\"22\"><span style=\"color: #000000;\">\u00a0<\/span><\/td>\n<\/tr>\n<tr>\n<td valign=\"top\" width=\"173\" height=\"36\"><span style=\"color: #000000;\">Vathek<\/span><\/td>\n<td valign=\"top\" width=\"126\" height=\"36\"><span style=\"color: #000000;\">\u00a0<\/span><\/td>\n<\/tr>\n<tr>\n<td rowspan=\"2\" valign=\"top\" width=\"151\" height=\"129\">\n<p><span lang=\"ES-TRAD\" style=\"color: #000000;\">Villa-Lobos, Heitor<\/span><\/p>\n<p><span style=\"color: #000000;\">\u00a0<\/span><\/td>\n<td valign=\"top\" width=\"173\" height=\"41\"><span lang=\"ES-TRAD\" style=\"color: #000000;\">G\u00eanesis<\/span><\/td>\n<td valign=\"top\" width=\"126\" height=\"41\"><span style=\"color: #000000;\">\u00a0<\/span><\/td>\n<\/tr>\n<tr>\n<td valign=\"top\" width=\"173\" height=\"55\"><span style=\"color: #000000;\">Uirapuru<\/span><\/td>\n<td valign=\"top\" width=\"126\" height=\"55\"><span style=\"color: #000000;\">\u00a0<\/span><\/td>\n<\/tr>\n<tr>\n<td rowspan=\"2\" valign=\"top\" bgcolor=\"#95aabf\" width=\"177\" height=\"102\">\n<p><span style=\"color: #000000;\">27\/05\/98 &#8211; 31\/05\/98<\/span><\/p>\n<p><span style=\"color: #000000;\"><strong> Orquestra Sinf\u00f4nica Nacional \u2013 UFF<\/strong><\/span><\/p>\n<p><span style=\"color: #000000;\"> Teatro Municipal do Rio de Janeiro, Brasil<\/span><\/p>\n<p><span style=\"color: #000000;\"> Ballet Kirov \u2013 Turn\u00ea Brasileira 1998 (prepara\u00e7\u00e3o da orquestra)<\/span><\/td>\n<td valign=\"top\" bgcolor=\"#95aabf\" width=\"151\" height=\"102\"><span lang=\"EN-US\" style=\"color: #000000;\">Minkus, Ludwig<\/span><\/td>\n<td valign=\"top\" bgcolor=\"#95aabf\" width=\"173\" height=\"102\"><span lang=\"EN-US\" style=\"color: #000000;\">La Bayad\u00e8re<\/span><\/td>\n<td valign=\"top\" bgcolor=\"#95aabf\" width=\"126\" height=\"102\"><span lang=\"EN-US\" style=\"color: #000000;\">Ballet Kirov<\/span><\/td>\n<\/tr>\n<tr>\n<td valign=\"top\" bgcolor=\"#95aabf\" width=\"151\" height=\"50\"><span lang=\"EN-US\" style=\"color: #000000;\">Adam, Adolphe<\/span><\/td>\n<td valign=\"top\" bgcolor=\"#95aabf\" width=\"173\" height=\"50\"><span lang=\"EN-US\" style=\"color: #000000;\">Giselle<\/span><\/td>\n<td valign=\"top\" bgcolor=\"#95aabf\" width=\"126\" height=\"50\"><span lang=\"EN-US\" style=\"color: #000000;\">Ballet Kirov<\/span><\/td>\n<\/tr>\n<tr>\n<td valign=\"top\" width=\"177\" height=\"76\">\n<p><span style=\"color: #000000;\">03\/06\/98<\/span><\/p>\n<p><strong><span style=\"color: #000000;\"> Orquestra Sinf\u00f4nica Nacional \u2013 UFF<\/span><\/strong><\/p>\n<p><span style=\"color: #000000;\"> Igreja da Candel\u00e1ria &#8211; Rio de Janeiro<\/span><\/p>\n<p><span lang=\"EN-US\" style=\"color: #000000;\"> Projeto Candel\u00e1ria<\/span><\/td>\n<td valign=\"top\" width=\"151\" height=\"76\"><span lang=\"EN-US\" style=\"color: #000000;\">Vaughan Williams, Ralph<\/span><\/td>\n<td valign=\"top\" width=\"173\" height=\"76\"><span lang=\"EN-US\" style=\"color: #000000;\">Sancta Civitas, Oratorio for Soloists, 3 choirs and Orchestra (brazilian premi\u00e8re)<\/span><\/td>\n<td valign=\"top\" width=\"126\" height=\"76\"><span style=\"color: #000000;\">James Schaffner, Eder Camuzis \/ Coral de Nebraska\/ Madrigal de Bras\u00edlia\/ Coral Arco-\u00efris<\/span><\/td>\n<\/tr>\n<tr>\n<td valign=\"top\" bgcolor=\"#95aabf\" width=\"177\" height=\"69\">\n<p><span style=\"color: #000000;\">04\/06\/98<\/span><\/p>\n<p><strong><span style=\"color: #000000;\"> Orquestra Sinf\u00f4nica Nacional \u2013 UFF<\/span><\/strong><\/p>\n<p><span style=\"color: #000000;\"> Centro de Artes UFF, Niter\u00f3i, Rio de Janeiro, Brasil<\/span><\/td>\n<td valign=\"top\" bgcolor=\"#95aabf\" width=\"151\" height=\"69\"><span lang=\"EN-US\" style=\"color: #000000;\">Vaughan Williams, Ralph<\/span><\/td>\n<td valign=\"top\" bgcolor=\"#95aabf\" width=\"173\" height=\"69\">\n<p><span lang=\"EN-US\" style=\"color: #000000;\">Sancta Civitas, Oratorio for Soloists, 3 choirs and Orchestra<\/span><\/p>\n<p><span style=\"color: #000000;\">(brazilian premi\u00e8re)<\/span><\/td>\n<td valign=\"top\" bgcolor=\"#95aabf\" width=\"126\" height=\"69\"><span style=\"color: #000000;\">James Schaffner, Eder Camuzis \/ Coral de Nebraska\/ Madrigal de Bras\u00edlia\/ Coral Arco-\u00efris<\/span><\/td>\n<\/tr>\n<tr>\n<td rowspan=\"2\" valign=\"top\" width=\"177\" height=\"63\">\n<p><span style=\"color: #000000;\">28\/06\/98<\/span><\/p>\n<p><strong><span style=\"color: #000000;\"> Orquestra Sinf\u00f4nica Brasileira, Rio de Janeiro, Brasil<\/span><\/strong><\/p>\n<p><span style=\"color: #000000;\"> Teatro Carlos Gomes, Rio de Janeiro, Brasil<\/span><\/td>\n<td valign=\"top\" width=\"151\" height=\"63\"><span lang=\"EN-US\" style=\"color: #000000;\">Gnatalli, Radam\u00e9s<\/span><\/td>\n<td valign=\"top\" width=\"173\" height=\"63\"><span lang=\"EN-US\" style=\"color: #000000;\">Concerto for Harp and Orchestra<\/span><\/td>\n<td valign=\"top\" width=\"126\" height=\"63\"><span style=\"color: #000000;\">Silvia Passaroto<\/span><\/td>\n<\/tr>\n<tr>\n<td valign=\"top\" width=\"151\" height=\"30\"><span style=\"color: #000000;\">Prokofiev, Serge<\/span><\/td>\n<td valign=\"top\" width=\"173\" height=\"30\"><span style=\"color: #000000;\">Peter and the Wolf (Pedro e o lobo), op.67<\/span><\/td>\n<td valign=\"top\" width=\"126\" height=\"30\"><span style=\"color: #000000;\">Pedro Paulo Rangel<\/span><\/td>\n<\/tr>\n<tr>\n<td rowspan=\"2\" valign=\"top\" bgcolor=\"#95aabf\" width=\"177\" height=\"63\">\n<p><span style=\"color: #000000;\">07\/07\/98<\/span><\/p>\n<p><strong><span style=\"color: #000000;\"> O.S. ARS M\u00daSICA<\/span><\/strong><\/p>\n<p><span style=\"color: #000000;\"> Centro Cultural do Banco do Brasil, Rio de Janeiro, Brasil\u00a0<\/span><\/p>\n<p><span lang=\"EN-US\" style=\"color: #000000;\"> Ciclo Richard Strauss<\/span><\/td>\n<td rowspan=\"2\" valign=\"top\" bgcolor=\"#95aabf\" width=\"151\" height=\"63\"><span lang=\"EN-US\" style=\"color: #000000;\">Strauss, Richard<\/span><\/td>\n<td valign=\"top\" bgcolor=\"#95aabf\" width=\"173\" height=\"63\"><span lang=\"EN-US\" style=\"color: #000000;\">Duett-Concertino for clarinet and bassoon, op.86<\/span><\/td>\n<td valign=\"top\" bgcolor=\"#95aabf\" width=\"126\" height=\"63\"><span style=\"color: #000000;\">Jos\u00e9 Freitas, Aloysio Fagerlande<\/span><\/td>\n<\/tr>\n<tr>\n<td valign=\"top\" bgcolor=\"#95aabf\" width=\"173\" height=\"30\"><span lang=\"EN-US\" style=\"color: #000000;\">Concerto for obo\u00e9 and orchestra in D major, op.86<\/span><\/td>\n<td valign=\"top\" bgcolor=\"#95aabf\" width=\"126\" height=\"30\"><span lang=\"ES-TRAD\" style=\"color: #000000;\">Luis Carlos Justi<\/span><\/td>\n<\/tr>\n<tr>\n<td rowspan=\"6\" valign=\"top\" width=\"177\" height=\"89\">\n<p><span style=\"color: #000000;\">12\/07\/98<\/span><\/p>\n<p><strong><span style=\"color: #000000;\"> O. S. DO PARAN\u00c1<\/span><\/strong><\/p>\n<p><span style=\"color: #000000;\"> Teatro Marista, Londrina, Paran\u00e1, Brasil<\/span><\/p>\n<p><span style=\"color: #000000;\"> Tourn\u00e9e 1998 da O.S. do Paran\u00e1<\/span><\/td>\n<td valign=\"top\" width=\"151\" height=\"18\"><span lang=\"EN-US\" style=\"color: #000000;\">Bernstein, L.<\/span><\/td>\n<td valign=\"top\" width=\"173\" height=\"18\"><span lang=\"EN-US\" style=\"color: #000000;\">Candide Overture<\/span><\/td>\n<td valign=\"top\" width=\"126\" height=\"18\"><span style=\"color: #000000;\">\u00a0<\/span><\/td>\n<\/tr>\n<tr>\n<td valign=\"top\" width=\"151\" height=\"11\"><span style=\"color: #000000;\">Lacerda, Osvaldo<\/span><\/td>\n<td valign=\"top\" width=\"173\" height=\"11\"><span style=\"color: #000000;\">Abertura N.1<\/span><\/td>\n<td valign=\"top\" width=\"126\" height=\"11\"><span style=\"color: #000000;\">\u00a0<\/span><\/td>\n<\/tr>\n<tr>\n<td valign=\"top\" width=\"151\" height=\"11\"><span style=\"color: #000000;\">Ravel, Maurice<\/span><\/td>\n<td valign=\"top\" width=\"173\" height=\"11\"><span style=\"color: #000000;\">Bolero<\/span><\/td>\n<td valign=\"top\" width=\"126\" height=\"11\"><span style=\"color: #000000;\">\u00a0<\/span><\/td>\n<\/tr>\n<tr>\n<td valign=\"top\" width=\"151\" height=\"24\"><span style=\"color: #000000;\">Mignone, Francisco<\/span><\/td>\n<td valign=\"top\" width=\"173\" height=\"24\"><span style=\"color: #000000;\">Dan\u00e7a do Chico Rei e da Rainha Ginga<\/span><\/td>\n<td valign=\"top\" width=\"126\" height=\"24\"><span style=\"color: #000000;\">\u00a0<\/span><\/td>\n<\/tr>\n<tr>\n<td rowspan=\"2\" valign=\"top\" width=\"151\" height=\"24\"><span lang=\"ES-TRAD\" style=\"color: #000000;\">Villa-Lobos, Heitor<\/span><\/td>\n<td valign=\"top\" width=\"173\" height=\"24\"><span style=\"color: #000000;\">Fuga from Bachianas No.7<\/span><\/td>\n<td valign=\"top\" width=\"126\" height=\"24\"><span style=\"color: #000000;\">\u00a0<\/span><\/td>\n<\/tr>\n<tr>\n<td valign=\"top\" width=\"173\" height=\"11\"><span style=\"color: #000000;\">O Trenzinho Caipira<\/span><\/td>\n<td valign=\"top\" width=\"126\" height=\"11\"><span style=\"color: #000000;\">\u00a0<\/span><\/td>\n<\/tr>\n<tr>\n<td rowspan=\"3\" valign=\"top\" bgcolor=\"#95aabf\" width=\"177\" height=\"76\">\n<p><span style=\"color: #000000;\">13\/07\/98<\/span><\/p>\n<p><strong><span style=\"color: #000000;\"> O. S. DO PARAN\u00c1<\/span><\/strong><\/p>\n<p><span style=\"color: #000000;\"> Catedral de Rol\u00e2ndia, Paran\u00e1, Brasil<\/span><\/p>\n<p><span style=\"color: #000000;\"> Tourn\u00e9e 1998 da O.S. do Paran\u00e1<\/span><\/td>\n<td valign=\"top\" bgcolor=\"#95aabf\" width=\"151\" height=\"18\"><span lang=\"EN-US\" style=\"color: #000000;\">Bernstein, L.<\/span><\/td>\n<td valign=\"top\" bgcolor=\"#95aabf\" width=\"173\" height=\"18\"><span lang=\"EN-US\" style=\"color: #000000;\">Candide Overture<\/span><\/td>\n<td valign=\"top\" bgcolor=\"#95aabf\" width=\"126\" height=\"18\"><span style=\"color: #000000;\">\u00a0<\/span><\/td>\n<\/tr>\n<tr>\n<td valign=\"top\" bgcolor=\"#95aabf\" width=\"151\" height=\"24\"><span style=\"color: #000000;\">Ravel, Maurice<\/span><\/td>\n<td valign=\"top\" bgcolor=\"#95aabf\" width=\"173\" height=\"24\"><span style=\"color: #000000;\">Bolero<\/span><\/td>\n<td valign=\"top\" bgcolor=\"#95aabf\" width=\"126\" height=\"24\"><span style=\"color: #000000;\">\u00a0<\/span><\/td>\n<\/tr>\n<tr>\n<td valign=\"top\" bgcolor=\"#95aabf\" width=\"151\" height=\"24\"><span lang=\"ES-TRAD\" style=\"color: #000000;\">Villa-Lobos, Heitor<\/span><\/td>\n<td valign=\"top\" bgcolor=\"#95aabf\" width=\"173\" height=\"24\"><span style=\"color: #000000;\">Fuga from Bachianas No.7<\/span><\/td>\n<td valign=\"top\" bgcolor=\"#95aabf\" width=\"126\" height=\"24\"><span style=\"color: #000000;\">\u00a0<\/span><\/td>\n<\/tr>\n<tr>\n<td rowspan=\"4\" valign=\"top\" width=\"177\" height=\"76\">\n<p><span style=\"color: #000000;\">14\/07\/98<\/span><\/p>\n<p><strong><span style=\"color: #000000;\"> O. S. DO PARAN\u00c1<\/span><\/strong><\/p>\n<p><span style=\"color: #000000;\"> Cine Teatro Ouro verde, Londrina, Paran\u00e1, Brasil<\/span><\/p>\n<p><span style=\"color: #000000;\"> 18o. Festival de M\u00fasica de Londrina<\/span><\/td>\n<td valign=\"top\" width=\"151\" height=\"18\"><span lang=\"EN-US\" style=\"color: #000000;\">Bernstein, L.<\/span><\/td>\n<td valign=\"top\" width=\"173\" height=\"18\"><span lang=\"EN-US\" style=\"color: #000000;\">Candide Overture<\/span><\/td>\n<td valign=\"top\" width=\"126\" height=\"18\"><span style=\"color: #000000;\">\u00a0<\/span><\/td>\n<\/tr>\n<tr>\n<td valign=\"top\" width=\"151\" height=\"11\"><span style=\"color: #000000;\"><span lang=\"EN-US\">Dvor\u00e1k,\u00a0<\/span><span lang=\"EN-US\">Antonin<\/span><\/span><\/td>\n<td valign=\"top\" width=\"173\" height=\"11\"><span lang=\"EN-US\" style=\"color: #000000;\">Carnival Overture<\/span><\/td>\n<td valign=\"top\" width=\"126\" height=\"11\"><span style=\"color: #000000;\">\u00a0<\/span><\/td>\n<\/tr>\n<tr>\n<td valign=\"top\" width=\"151\" height=\"24\"><span lang=\"EN-US\" style=\"color: #000000;\">Schumann, Robert<\/span><\/td>\n<td valign=\"top\" width=\"173\" height=\"24\"><span lang=\"EN-US\" style=\"color: #000000;\">Concerto for Violoncello and Orchestra\u00a0\u00a0in A minor, op.129<\/span><\/td>\n<td valign=\"top\" width=\"126\" height=\"24\"><span lang=\"ES-TRAD\" style=\"color: #000000;\">Ant\u00f4nio Lauro Del Claro<\/span><\/td>\n<\/tr>\n<tr>\n<td valign=\"top\" width=\"151\" height=\"24\"><span style=\"color: #000000;\">Stravinsky, Igor<\/span><\/td>\n<td valign=\"top\" width=\"173\" height=\"24\"><span style=\"color: #000000;\">L&#8217;Oiseau de feu (Firebird): Suite (1919 version)<\/span><\/td>\n<td valign=\"top\" width=\"126\" height=\"24\"><span style=\"color: #000000;\">\u00a0<\/span><\/td>\n<\/tr>\n<tr>\n<td rowspan=\"5\" valign=\"top\" bgcolor=\"#95aabf\" width=\"177\" height=\"89\">\n<p><span style=\"color: #000000;\">15\/07\/98<\/span><\/p>\n<p><strong><span style=\"color: #000000;\"> O. S. DO PARAN\u00c1<\/span><\/strong><\/p>\n<p><span style=\"color: #000000;\"> Teatro de Ibipor\u00e3, Ibipor\u00e3, Paran\u00e1, Brasil<\/span><\/p>\n<p><span style=\"color: #000000;\"> Tourn\u00e9e 1998 da O.S. do Paran\u00e1<\/span><\/td>\n<td valign=\"top\" bgcolor=\"#95aabf\" width=\"151\" height=\"26\"><span lang=\"EN-US\" style=\"color: #000000;\">Bernstein, L.<\/span><\/td>\n<td valign=\"top\" bgcolor=\"#95aabf\" width=\"173\" height=\"26\"><span lang=\"EN-US\" style=\"color: #000000;\">Candide Overture<\/span><\/td>\n<td valign=\"top\" bgcolor=\"#95aabf\" width=\"126\" height=\"26\"><span style=\"color: #000000;\">\u00a0<\/span><\/td>\n<\/tr>\n<tr>\n<td valign=\"top\" bgcolor=\"#95aabf\" width=\"151\" height=\"11\"><span style=\"color: #000000;\">Ravel, Maurice<\/span><\/td>\n<td valign=\"top\" bgcolor=\"#95aabf\" width=\"173\" height=\"11\"><span style=\"color: #000000;\">Bolero<\/span><\/td>\n<td valign=\"top\" bgcolor=\"#95aabf\" width=\"126\" height=\"11\"><span style=\"color: #000000;\">\u00a0<\/span><\/td>\n<\/tr>\n<tr>\n<td valign=\"top\" bgcolor=\"#95aabf\" width=\"151\" height=\"24\"><span style=\"color: #000000;\">Mignone, Francisco<\/span><\/td>\n<td valign=\"top\" bgcolor=\"#95aabf\" width=\"173\" height=\"24\"><span style=\"color: #000000;\">Dan\u00e7a do Chico Rei e da Rainha Ginga<\/span><\/td>\n<td valign=\"top\" bgcolor=\"#95aabf\" width=\"126\" height=\"24\"><span style=\"color: #000000;\">\u00a0<\/span><\/td>\n<\/tr>\n<tr>\n<td valign=\"top\" bgcolor=\"#95aabf\" width=\"151\" height=\"24\"><span lang=\"EN-US\" style=\"color: #000000;\">Strauss, Johann, Jr.<\/span><\/td>\n<td valign=\"top\" bgcolor=\"#95aabf\" width=\"173\" height=\"24\"><span lang=\"EN-US\" style=\"color: #000000;\">Kaiser-Waltzer, op.437 (Emperor waltzes)<\/span><\/td>\n<td valign=\"top\" bgcolor=\"#95aabf\" width=\"126\" height=\"24\"><span style=\"color: #000000;\">\u00a0<\/span><\/td>\n<\/tr>\n<tr>\n<td valign=\"top\" bgcolor=\"#95aabf\" width=\"151\" height=\"11\"><span lang=\"ES-TRAD\" style=\"color: #000000;\">Villa-Lobos, Heitor<\/span><\/td>\n<td valign=\"top\" bgcolor=\"#95aabf\" width=\"173\" height=\"11\"><span style=\"color: #000000;\">O Trenzinho Caipira<\/span><\/td>\n<td valign=\"top\" bgcolor=\"#95aabf\" width=\"126\" height=\"11\"><span style=\"color: #000000;\">\u00a0<\/span><\/td>\n<\/tr>\n<tr>\n<td rowspan=\"3\" valign=\"top\" width=\"177\" height=\"88\">\n<p><span style=\"color: #000000;\">09\/08\/98<\/span><\/p>\n<p><strong><span style=\"color: #000000;\"> Orquestra Sinf\u00f4nica Nacional \u2013 UFF<\/span><\/strong><\/p>\n<p><span style=\"color: #000000;\"> Sala Cec\u00edlia Meireles, Rio de Janeiro, Brasil<\/span><\/td>\n<td rowspan=\"2\" valign=\"top\" width=\"151\" height=\"88\"><span lang=\"EN-US\" style=\"color: #000000;\">Mozart, Wolfgang Amadeus<\/span><\/td>\n<td valign=\"top\" width=\"173\" height=\"46\"><span lang=\"EN-US\" style=\"color: #000000;\">The marriage of Figaro Overture, K.492<\/span><\/td>\n<td valign=\"top\" width=\"126\" height=\"46\"><span style=\"color: #000000;\">\u00a0<\/span><\/td>\n<\/tr>\n<tr>\n<td valign=\"top\" width=\"173\" height=\"37\"><span lang=\"EN-US\" style=\"color: #000000;\">Concerto for Piano and Orchestra No.23 in A major, K.488<\/span><\/td>\n<td valign=\"top\" width=\"126\" height=\"37\"><span lang=\"ES-TRAD\" style=\"color: #000000;\">Clara Sverner<\/span><\/td>\n<\/tr>\n<tr>\n<td valign=\"top\" width=\"151\" height=\"23\"><span lang=\"ES-TRAD\" style=\"color: #000000;\">Beethoven, Ludwig van<\/span><\/td>\n<td valign=\"top\" width=\"173\" height=\"23\"><span lang=\"EN-US\" style=\"color: #000000;\">Symphony No.1 in C major, op.21\u00a0<\/span><\/td>\n<td valign=\"top\" width=\"126\" height=\"23\"><span style=\"color: #000000;\">\u00a0<\/span><\/td>\n<\/tr>\n<tr>\n<td rowspan=\"7\" valign=\"top\" bgcolor=\"#95aabf\" width=\"177\" height=\"180\">\n<p><span style=\"color: #000000;\">16\/08\/98<\/span><\/p>\n<p><strong><span style=\"color: #000000;\"> Orquestra Sinf\u00f4nica Nacional \u2013 UFF<\/span><\/strong><\/p>\n<p><span style=\"color: #000000;\"> Centro de Artes UFF, Niter\u00f3i, Rio de Janeiro, Brasil\u00a0<\/span><\/p>\n<p><span style=\"color: #000000;\"> Jap\u00e3o \u2013 Ci\u00eancia e Cultura em Niter\u00f3i \u2013 90 anos de imigra\u00e7\u00e3o<\/span><\/td>\n<td valign=\"top\" bgcolor=\"#95aabf\" width=\"151\" height=\"33\"><span style=\"color: #000000;\">\u00a0<\/span><\/td>\n<td valign=\"top\" bgcolor=\"#95aabf\" width=\"173\" height=\"33\"><span style=\"color: #000000;\">Hino Nacional Japon\u00eas<\/span><\/td>\n<td valign=\"top\" bgcolor=\"#95aabf\" width=\"126\" height=\"33\"><span style=\"color: #000000;\">\u00a0<\/span><\/td>\n<\/tr>\n<tr>\n<td valign=\"top\" bgcolor=\"#95aabf\" width=\"151\" height=\"11\"><span style=\"color: #000000;\">Silva, F. Manuel da<\/span><\/td>\n<td valign=\"top\" bgcolor=\"#95aabf\" width=\"173\" height=\"11\"><span style=\"color: #000000;\">Hino Nacional Brasileiro<\/span><\/td>\n<td valign=\"top\" bgcolor=\"#95aabf\" width=\"126\" height=\"11\"><span style=\"color: #000000;\">\u00a0<\/span><\/td>\n<\/tr>\n<tr>\n<td valign=\"top\" bgcolor=\"#95aabf\" width=\"151\" height=\"24\"><span lang=\"EN-US\" style=\"color: #000000;\">Takemitsu, Toru<\/span><\/td>\n<td valign=\"top\" bgcolor=\"#95aabf\" width=\"173\" height=\"24\"><span lang=\"EN-US\" style=\"color: #000000;\">Family Tree (brazilian premi\u00e8re)<\/span><\/td>\n<td valign=\"top\" bgcolor=\"#95aabf\" width=\"126\" height=\"24\"><span style=\"color: #000000;\">Vivian Monteiro (narra\u00e7\u00e3o)<\/span><\/td>\n<\/tr>\n<tr>\n<td valign=\"top\" bgcolor=\"#95aabf\" width=\"151\" height=\"37\"><span style=\"color: #000000;\">\u00a0<\/span><\/td>\n<td valign=\"top\" bgcolor=\"#95aabf\" width=\"173\" height=\"37\"><span style=\"color: #000000;\">Japanese Tradicional Songs (Hatsukoi \/ Karatachi no Hana)<\/span><\/td>\n<td valign=\"top\" bgcolor=\"#95aabf\" width=\"126\" height=\"37\"><span style=\"color: #000000;\">\u00a0<\/span><\/td>\n<\/tr>\n<tr>\n<td valign=\"top\" bgcolor=\"#95aabf\" width=\"151\" height=\"19\"><span style=\"color: #000000;\">Carlos Gomes<\/span><\/td>\n<td valign=\"top\" bgcolor=\"#95aabf\" width=\"173\" height=\"19\"><span style=\"color: #000000;\">Quem sabe?<\/span><\/td>\n<td rowspan=\"2\" valign=\"top\" bgcolor=\"#95aabf\" width=\"126\" height=\"50\"><span style=\"color: #000000;\">Maria L\u00facia Godoy<\/span><\/td>\n<\/tr>\n<tr>\n<td valign=\"top\" bgcolor=\"#95aabf\" width=\"151\" height=\"37\"><span lang=\"ES-TRAD\" style=\"color: #000000;\">Villa-Lobos, Heitor<\/span><\/td>\n<td valign=\"top\" bgcolor=\"#95aabf\" width=\"173\" height=\"37\"><span style=\"color: #000000;\">Floresta do Amazonas (Melodia Sentimental \/ Fogo na Floresta)<\/span><\/td>\n<\/tr>\n<tr>\n<td valign=\"top\" bgcolor=\"#95aabf\" width=\"151\" height=\"37\"><span lang=\"EN-US\" style=\"color: #000000;\">Velasco, Roberto<\/span><\/td>\n<td valign=\"top\" bgcolor=\"#95aabf\" width=\"173\" height=\"37\"><span lang=\"EN-US\" style=\"color: #000000;\">Collage of Passionfor Guitar and String Orchestra\u00a0\u00a0(World Premi\u00e8re)<\/span><\/td>\n<td valign=\"top\" bgcolor=\"#95aabf\" width=\"126\" height=\"37\"><span style=\"color: #000000;\">Cl\u00e1udio Tupinamb\u00e1<\/span><\/td>\n<\/tr>\n<tr>\n<td rowspan=\"2\" valign=\"top\" width=\"177\" height=\"89\">\n<p><span style=\"color: #000000;\">05\/09\/98<\/span><\/p>\n<p><strong><span style=\"color: #000000;\"> Orquestra Sinf\u00f4nica Brasileira, Rio de Janeiro, Brasil<\/span><\/strong><\/p>\n<p><span style=\"color: #000000;\"> Teatro Municipal do Rio de Janeiro, Brasil<\/span><\/p>\n<p><span style=\"color: #000000;\"> S\u00e9rie Os Pianistas \u2013 Temporada 1998 OSB<\/span><\/td>\n<td valign=\"top\" width=\"151\" height=\"89\"><span lang=\"EN-US\" style=\"color: #000000;\">Mozart, Wolfgang Amadeus<\/span><\/td>\n<td valign=\"top\" width=\"173\" height=\"89\"><span lang=\"EN-US\" style=\"color: #000000;\">Concerto for Piano and Orchestra No.24 in C minor, K.491<\/span><\/td>\n<td valign=\"top\" width=\"126\" height=\"89\"><span lang=\"EN-US\" style=\"color: #000000;\">Jos\u00e9 Feghali<\/span><\/td>\n<\/tr>\n<tr>\n<td valign=\"top\" width=\"151\" height=\"43\"><span lang=\"EN-US\" style=\"color: #000000;\">Saint-Sa\u00ebns, Camille<\/span><\/td>\n<td valign=\"top\" width=\"173\" height=\"43\"><span style=\"color: #000000;\"><span lang=\"EN-US\">Concerto for Piano and Orchestra No.2<\/span><span lang=\"EN-US\">\u00a0in G minor, op.22<\/span><\/span><\/td>\n<td valign=\"top\" width=\"126\" height=\"43\"><span style=\"color: #000000;\">Jos\u00e9 Feghali<\/span><\/td>\n<\/tr>\n<tr>\n<td rowspan=\"3\" valign=\"top\" bgcolor=\"#95aabf\" width=\"177\" height=\"89\">\n<p><span style=\"color: #000000;\">17\/09\/98<\/span><\/p>\n<p><strong><span style=\"color: #000000;\"> Orquestra Sinf\u00f4nica Brasileira, Rio de Janeiro, Brasil<\/span><\/strong><\/p>\n<p><span style=\"color: #000000;\"> Universidade Estadual do Rio de Janeiro, Brasil<\/span><\/p>\n<p><span style=\"color: #000000;\"> Concertos nas Universidades \u2013 OSB 1998<\/span><\/td>\n<td valign=\"top\" bgcolor=\"#95aabf\" width=\"151\" height=\"36\"><span lang=\"EN-US\" style=\"color: #000000;\">Brahms, Johannes<\/span><\/td>\n<td valign=\"top\" bgcolor=\"#95aabf\" width=\"173\" height=\"36\"><span lang=\"EN-US\" style=\"color: #000000;\">Academic Festival Overture, op.80<\/span><\/td>\n<td valign=\"top\" bgcolor=\"#95aabf\" width=\"126\" height=\"36\"><span style=\"color: #000000;\">\u00a0<\/span><\/td>\n<\/tr>\n<tr>\n<td valign=\"top\" bgcolor=\"#95aabf\" width=\"151\" height=\"28\"><span lang=\"EN-US\" style=\"color: #000000;\">Prokofiev, Serge<\/span><\/td>\n<td valign=\"top\" bgcolor=\"#95aabf\" width=\"173\" height=\"28\"><span lang=\"EN-US\" style=\"color: #000000;\">Peter and the Wolf (Pedro e o lobo), op.67<\/span><\/td>\n<td valign=\"top\" bgcolor=\"#95aabf\" width=\"126\" height=\"28\"><span lang=\"EN-US\" style=\"color: #000000;\">Narrator: Helder Parente<\/span><\/td>\n<\/tr>\n<tr>\n<td valign=\"top\" bgcolor=\"#95aabf\" width=\"151\" height=\"28\"><span lang=\"EN-US\" style=\"color: #000000;\">Saint-Sa\u00ebns, Camille<\/span><\/td>\n<td valign=\"top\" bgcolor=\"#95aabf\" width=\"173\" height=\"28\"><span lang=\"EN-US\" style=\"color: #000000;\">Piece of Concert, op.94 for Horn and Orchestra<\/span><\/td>\n<td valign=\"top\" bgcolor=\"#95aabf\" width=\"126\" height=\"28\"><span style=\"color: #000000;\">Antonio Augusto<\/span><\/td>\n<\/tr>\n<tr>\n<td rowspan=\"3\" valign=\"top\" width=\"177\" height=\"89\">\n<p><span style=\"color: #000000;\">20\/09\/98<\/span><\/p>\n<p><strong><span style=\"color: #000000;\"> Orquestra Sinf\u00f4nica Nacional \u2013 UFF<\/span><\/strong><\/p>\n<p><span style=\"color: #000000;\"> Teatro Municipal de Niter\u00f3i, Rio de Janeiro, Brasil<\/span><\/p>\n<p><span style=\"color: #000000;\"> Centen\u00e1rio de Nascimento de George Gershwin<\/span><\/td>\n<td rowspan=\"3\" valign=\"top\" width=\"151\" height=\"89\"><span lang=\"EN-US\" style=\"color: #000000;\">Gershwin, George<\/span><\/td>\n<td valign=\"top\" width=\"173\" height=\"24\"><span lang=\"EN-US\" style=\"color: #000000;\">American in Paris<\/span><\/td>\n<td valign=\"top\" width=\"126\" height=\"24\"><span style=\"color: #000000;\">\u00a0<\/span><\/td>\n<\/tr>\n<tr>\n<td valign=\"top\" width=\"173\" height=\"36\"><span lang=\"EN-US\" style=\"color: #000000;\">Concerto for Piano and Orchestra in F major\u00a0<\/span><\/td>\n<td rowspan=\"2\" valign=\"top\" width=\"126\" height=\"70\"><span lang=\"EN-US\" style=\"color: #000000;\">Am\u00edlson Godoy<\/span><\/td>\n<\/tr>\n<tr>\n<td valign=\"top\" width=\"173\" height=\"34\"><span lang=\"EN-US\" style=\"color: #000000;\">Rhapsody in Blue, for Piano and Orchestra<\/span><\/td>\n<\/tr>\n<tr>\n<td rowspan=\"4\" valign=\"top\" bgcolor=\"#95aabf\" width=\"177\" height=\"89\">\n<p><span style=\"color: #000000;\">10\/10\/98<\/span><\/p>\n<p><strong><span style=\"color: #000000;\"> Orquestra Sinf\u00f4nica Nacional \u2013 UFF<\/span><\/strong><\/p>\n<p><span style=\"color: #000000;\"> Sala Cec\u00edlia Meireles, Rio de Janeiro, Brasil<\/span><\/p>\n<p><span style=\"color: #000000;\"> IV Festival Liszt \u2013 Homenagem aos 70 anos de Edino Krieger<\/span><\/td>\n<td valign=\"top\" bgcolor=\"#95aabf\" width=\"151\" height=\"33\"><span style=\"color: #000000;\">Krieger, Edino<\/span><\/td>\n<td valign=\"top\" bgcolor=\"#95aabf\" width=\"173\" height=\"33\"><span style=\"color: #000000;\">Abertura Brasileira<\/span><\/td>\n<td valign=\"top\" bgcolor=\"#95aabf\" width=\"126\" height=\"33\"><span style=\"color: #000000;\">\u00a0<\/span><\/td>\n<\/tr>\n<tr>\n<td rowspan=\"3\" valign=\"top\" bgcolor=\"#95aabf\" width=\"151\" height=\"73\"><span lang=\"EN-US\" style=\"color: #000000;\">Liszt, Franz<\/span><\/td>\n<td valign=\"top\" bgcolor=\"#95aabf\" width=\"173\" height=\"36\"><span lang=\"EN-US\" style=\"color: #000000;\">Concerto for Piano and Orchestra No.1 in E-flat<\/span><\/td>\n<td valign=\"top\" bgcolor=\"#95aabf\" width=\"126\" height=\"36\"><span lang=\"EN-US\" style=\"color: #000000;\">Luiz Carlos de Moura Castro<\/span><\/td>\n<\/tr>\n<tr>\n<td valign=\"top\" bgcolor=\"#95aabf\" width=\"173\" height=\"28\"><span lang=\"EN-US\" style=\"color: #000000;\">Concerto for Piano and Orchestra No.2 in A major<\/span><\/td>\n<td valign=\"top\" bgcolor=\"#95aabf\" width=\"126\" height=\"28\"><span lang=\"EN-US\" style=\"color: #000000;\">Edson Elias<\/span><\/td>\n<\/tr>\n<tr>\n<td valign=\"top\" bgcolor=\"#95aabf\" width=\"173\" height=\"13\"><span lang=\"EN-US\" style=\"color: #000000;\">Les Pr\u00e9ludes<\/span><\/td>\n<td valign=\"top\" bgcolor=\"#95aabf\" width=\"126\" height=\"13\"><span style=\"color: #000000;\">\u00a0<\/span><\/td>\n<\/tr>\n<tr>\n<td rowspan=\"2\" valign=\"top\" width=\"177\" height=\"89\">\n<p><span style=\"color: #000000;\"><span lang=\"EN-US\">19\/10\/98<\/span><\/span><\/p>\n<p><strong>Orquestra Sinf\u00f4nica Nacional \u2013 UFF<\/strong><\/p>\n<p>Centro de Artes UFF, Niter\u00f3i, Rio de Janeiro, Brasil<\/p>\n<p><span style=\"color: #000000;\"> Abertura da III Semana de Extens\u00e3o &#8211; UFF<\/span><\/td>\n<td valign=\"top\" width=\"151\" height=\"36\"><span lang=\"EN-US\" style=\"color: #000000;\">Mozart, Wolfgang Amadeus<\/span><\/td>\n<td valign=\"top\" width=\"173\" height=\"36\"><span lang=\"EN-US\" style=\"color: #000000;\">The marriage of Figaro Overture, K.492<\/span><\/td>\n<td valign=\"top\" width=\"126\" height=\"36\"><span style=\"color: #000000;\">\u00a0<\/span><\/td>\n<\/tr>\n<tr>\n<td valign=\"top\" width=\"151\" height=\"27\"><span lang=\"ES-TRAD\" style=\"color: #000000;\">Liszt, Franz<\/span><\/td>\n<td valign=\"top\" width=\"173\" height=\"27\"><span lang=\"ES-TRAD\" style=\"color: #000000;\">Les Pr\u00e9ludes<\/span><\/td>\n<td valign=\"top\" width=\"126\" height=\"27\"><span style=\"color: #000000;\">\u00a0<\/span><\/td>\n<\/tr>\n<tr>\n<td rowspan=\"3\" valign=\"top\" bgcolor=\"#95aabf\" width=\"177\" height=\"89\">\n<p><span style=\"color: #000000;\">28\/10\/98<\/span><\/p>\n<p><strong><span style=\"color: #000000;\"> Orquestra Sinf\u00f4nica Brasileira, Rio de Janeiro, Brasil<\/span><\/strong><\/p>\n<p><span style=\"color: #000000;\"> Universidade Gama Filho, Rio de Janeiro, Brasil<\/span><\/p>\n<p><span style=\"color: #000000;\"> Concertos nas Universidades \u2013 OSB 1998<\/span><\/td>\n<td valign=\"top\" bgcolor=\"#95aabf\" width=\"151\" height=\"54\"><span lang=\"EN-US\" style=\"color: #000000;\">Bach, Johann Sebastian<\/span><\/td>\n<td valign=\"top\" bgcolor=\"#95aabf\" width=\"173\" height=\"54\"><span lang=\"EN-US\" style=\"color: #000000;\">Concerto for Violin and Orchestra No.2 in E major, BWV 1042<\/span><\/td>\n<td valign=\"top\" bgcolor=\"#95aabf\" width=\"126\" height=\"54\"><span style=\"color: #000000;\">\u00a0<\/span><\/td>\n<\/tr>\n<tr>\n<td valign=\"top\" bgcolor=\"#95aabf\" width=\"151\" height=\"24\"><span lang=\"EN-US\" style=\"color: #000000;\">Brahms, Johannes<\/span><\/td>\n<td valign=\"top\" bgcolor=\"#95aabf\" width=\"173\" height=\"24\"><span lang=\"EN-US\" style=\"color: #000000;\">Academic Festival Overture, op.80<\/span><\/td>\n<td valign=\"top\" bgcolor=\"#95aabf\" width=\"126\" height=\"24\"><span style=\"color: #000000;\">\u00a0<\/span><\/td>\n<\/tr>\n<tr>\n<td valign=\"top\" bgcolor=\"#95aabf\" width=\"151\" height=\"24\"><span lang=\"EN-US\" style=\"color: #000000;\">Britten, Benjamin<\/span><\/td>\n<td valign=\"top\" bgcolor=\"#95aabf\" width=\"173\" height=\"24\"><span lang=\"EN-US\" style=\"color: #000000;\">Young Person\u2019 s Guide to the Orchestra, op.34<\/span><\/td>\n<td valign=\"top\" bgcolor=\"#95aabf\" width=\"126\" height=\"24\"><span style=\"color: #000000;\">Narrator: Helder Parente<\/span><\/td>\n<\/tr>\n<tr>\n<td rowspan=\"5\" valign=\"top\" width=\"177\" height=\"76\">\n<p><span style=\"color: #000000;\">30\/10\/98<\/span><\/p>\n<p><strong><span style=\"color: #000000;\"> Orquestra Sinf\u00f4nica Nacional \u2013 UFF<\/span><\/strong><\/p>\n<p><span style=\"color: #000000;\"> Sala Cec\u00edlia Meireles, Rio de Janeiro, Brasil<\/span><\/td>\n<td valign=\"top\" width=\"151\" height=\"18\"><span lang=\"EN-US\" style=\"color: #000000;\">Ives, Charles<\/span><\/td>\n<td valign=\"top\" width=\"173\" height=\"18\"><span lang=\"EN-US\" style=\"color: #000000;\">Central Park in the dark<\/span><\/td>\n<td valign=\"top\" width=\"126\" height=\"18\"><span style=\"color: #000000;\">\u00a0<\/span><\/td>\n<\/tr>\n<tr>\n<td valign=\"top\" width=\"151\" height=\"11\"><span lang=\"ES-TRAD\" style=\"color: #000000;\">Villa-Lobos, Heitor<\/span><\/td>\n<td valign=\"top\" width=\"173\" height=\"11\"><span style=\"color: #000000;\">Uirapuru<\/span><\/td>\n<td valign=\"top\" width=\"126\" height=\"11\"><span style=\"color: #000000;\">\u00a0<\/span><\/td>\n<\/tr>\n<tr>\n<td valign=\"top\" width=\"151\" height=\"11\"><span style=\"color: #000000;\">Mello, Chico<\/span><\/td>\n<td valign=\"top\" width=\"173\" height=\"11\"><span style=\"color: #000000;\">Do lado de l\u00e1<\/span><\/td>\n<td valign=\"top\" width=\"126\" height=\"11\"><span style=\"color: #000000;\">\u00a0<\/span><\/td>\n<\/tr>\n<tr>\n<td valign=\"top\" width=\"151\" height=\"24\"><span lang=\"EN-US\" style=\"color: #000000;\">Koellreutter, Hans-Joachim<\/span><\/td>\n<td valign=\"top\" width=\"173\" height=\"24\"><span lang=\"EN-US\" style=\"color: #000000;\">Dharma, for Harmonica and Orchestra<\/span><\/td>\n<td valign=\"top\" width=\"126\" height=\"24\"><span lang=\"EN-US\" style=\"color: #000000;\">Jos\u00e9 Staneck<\/span><\/td>\n<\/tr>\n<tr>\n<td valign=\"top\" width=\"151\" height=\"11\"><span lang=\"EN-US\" style=\"color: #000000;\">Mendes, Gilberto<\/span><\/td>\n<td valign=\"top\" width=\"173\" height=\"11\"><span lang=\"EN-US\" style=\"color: #000000;\">Santos Football Music<\/span><\/td>\n<td valign=\"top\" width=\"126\" height=\"11\"><span style=\"color: #000000;\">\u00a0<\/span><\/td>\n<\/tr>\n<tr>\n<td rowspan=\"3\" valign=\"top\" bgcolor=\"#95aabf\" width=\"177\" height=\"93\">\n<p><span style=\"color: #000000;\">10\/11\/98<\/span><\/p>\n<p><strong><span style=\"color: #000000;\"> Orquestra Sinf\u00f4nica Nacional \u2013 UFF<\/span><\/strong><\/p>\n<p><span style=\"color: #000000;\"> Centro de Artes UFF, Niter\u00f3i, Rio de Janeiro, Brasil Lan\u00e7amento do 1o. CD da OSN-UFF<\/span><\/td>\n<td valign=\"top\" bgcolor=\"#95aabf\" width=\"151\" height=\"28\"><span style=\"color: #000000;\">Gomes, Carlos<\/span><\/td>\n<td valign=\"top\" bgcolor=\"#95aabf\" width=\"173\" height=\"28\"><span style=\"color: #000000;\">O Guarani &#8211; Overture<\/span><\/td>\n<td valign=\"top\" bgcolor=\"#95aabf\" width=\"126\" height=\"28\"><span style=\"color: #000000;\">\u00a0<\/span><\/td>\n<\/tr>\n<tr>\n<td rowspan=\"2\" valign=\"top\" bgcolor=\"#95aabf\" width=\"151\" height=\"61\"><span lang=\"ES-TRAD\" style=\"color: #000000;\">Villa-Lobos, Heitor<\/span><\/td>\n<td valign=\"top\" bgcolor=\"#95aabf\" width=\"173\" height=\"61\"><span style=\"color: #000000;\">Uirapuru<\/span><\/td>\n<td valign=\"top\" bgcolor=\"#95aabf\" width=\"126\" height=\"61\"><span style=\"color: #000000;\">\u00a0<\/span><\/td>\n<\/tr>\n<tr>\n<td valign=\"top\" bgcolor=\"#95aabf\" width=\"173\" height=\"29\"><span style=\"color: #000000;\">Bachianas No.7<\/span><\/td>\n<td valign=\"top\" bgcolor=\"#95aabf\" width=\"126\" height=\"29\"><span style=\"color: #000000;\">\u00a0<\/span><\/td>\n<\/tr>\n<tr>\n<td rowspan=\"3\" valign=\"top\" width=\"177\" height=\"89\">\n<p><span style=\"color: #000000;\">11\/11\/98<\/span><\/p>\n<p><strong><span style=\"color: #000000;\"> Orquestra Sinf\u00f4nica Brasileira, Rio de Janeiro, Brasil<\/span><\/strong><\/p>\n<p><span style=\"color: #000000;\"> Universidade Castelo Branco, Rio de Janeiro, Brasil<\/span><\/p>\n<p><span style=\"color: #000000;\"> Concertos nas Universidades \u2013 OSB 1998<\/span><\/td>\n<td valign=\"top\" width=\"151\" height=\"38\"><span lang=\"EN-US\" style=\"color: #000000;\">Brahms, Johannes<\/span><\/td>\n<td valign=\"top\" width=\"173\" height=\"38\"><span lang=\"EN-US\" style=\"color: #000000;\">Academic Festival Overture, op.80<\/span><\/td>\n<td valign=\"top\" width=\"126\" height=\"38\"><span style=\"color: #000000;\">\u00a0<\/span><\/td>\n<\/tr>\n<tr>\n<td valign=\"top\" width=\"151\" height=\"28\"><span lang=\"EN-US\" style=\"color: #000000;\">Britten<\/span><\/td>\n<td valign=\"top\" width=\"173\" height=\"28\"><span lang=\"EN-US\" style=\"color: #000000;\">Young Person\u2019 s Guide to the Orchestra, op.34<\/span><\/td>\n<td valign=\"top\" width=\"126\" height=\"28\"><span style=\"color: #000000;\">\u00a0<\/span><\/td>\n<\/tr>\n<tr>\n<td valign=\"top\" width=\"151\" height=\"36\"><span lang=\"EN-US\" style=\"color: #000000;\">Stamitz, Karl<\/span><\/td>\n<td valign=\"top\" width=\"173\" height=\"36\"><span lang=\"EN-US\" style=\"color: #000000;\">Concerto for 2 Clarinets and Orchestra<\/span><\/td>\n<td valign=\"top\" width=\"126\" height=\"36\"><span style=\"color: #000000;\">\u00a0<\/span><\/td>\n<\/tr>\n<tr>\n<td rowspan=\"4\" valign=\"top\" bgcolor=\"#95aabf\" width=\"177\" height=\"110\">\n<p><span style=\"color: #000000;\">17\/11\/98<\/span><\/p>\n<p><strong><span style=\"color: #000000;\"> Orquestra Sinf\u00f4nica Nacional \u2013 UFF<\/span><\/strong><\/p>\n<p><span style=\"color: #000000;\"> Sala Cec\u00edlia Meireles, Rio de Janeiro, Brasil\u00a0<\/span><\/p>\n<p><span style=\"color: #000000;\"> 36o. Festival Villa-Lobos &#8211; Lan\u00e7amento do 1o. CD da OSN-UFF<\/span><\/td>\n<td valign=\"top\" bgcolor=\"#95aabf\" width=\"151\" height=\"35\"><span style=\"color: #000000;\">Gomes, Carlos<\/span><\/td>\n<td valign=\"top\" bgcolor=\"#95aabf\" width=\"173\" height=\"35\"><span style=\"color: #000000;\">O Guarani &#8211; Protofonia<\/span><\/td>\n<td valign=\"top\" bgcolor=\"#95aabf\" width=\"126\" height=\"35\"><span style=\"color: #000000;\">\u00a0<\/span><\/td>\n<\/tr>\n<tr>\n<td valign=\"top\" bgcolor=\"#95aabf\" width=\"151\" height=\"17\"><span lang=\"ES-TRAD\" style=\"color: #000000;\">Villa-Lobos, Heitor<\/span><\/td>\n<td valign=\"top\" bgcolor=\"#95aabf\" width=\"173\" height=\"17\"><span style=\"color: #000000;\">Bachianas No.7<\/span><\/td>\n<td valign=\"top\" bgcolor=\"#95aabf\" width=\"126\" height=\"17\"><span style=\"color: #000000;\">\u00a0<\/span><\/td>\n<\/tr>\n<tr>\n<td rowspan=\"2\" valign=\"top\" bgcolor=\"#95aabf\" width=\"151\" height=\"72\"><span style=\"color: #000000;\">Gnatalli, Radam\u00e9s<\/span><\/td>\n<td valign=\"top\" bgcolor=\"#95aabf\" width=\"173\" height=\"72\"><span style=\"color: #000000;\">Concerto for Guitar and Orchestra No.4, \u201cA Brasileira\u201d<\/span><\/td>\n<td valign=\"top\" bgcolor=\"#95aabf\" width=\"126\" height=\"72\"><span style=\"color: #000000;\">Jos\u00e9 Loyero<\/span><\/td>\n<\/tr>\n<tr>\n<td valign=\"top\" bgcolor=\"#95aabf\" width=\"173\" height=\"35\"><span style=\"color: #000000;\">Samba em 3 andamentos for Piano and Orchestra<\/span><\/td>\n<td valign=\"top\" bgcolor=\"#95aabf\" width=\"126\" height=\"35\"><span style=\"color: #000000;\">Fernanda Chaves Canaud<\/span><\/td>\n<\/tr>\n<tr>\n<td rowspan=\"3\" valign=\"top\" width=\"177\" height=\"76\">\n<p><span style=\"color: #000000;\">22\/11\/98<\/span><\/p>\n<p><strong><span style=\"color: #000000;\"> Orquestra Sinf\u00f4nica Nacional \u2013 UFF<\/span><\/strong><\/p>\n<p><span style=\"color: #000000;\"> Centro de Artes UFF, Niter\u00f3i, Rio de Janeiro, Brasil Homenagem ao Reitor da UFF<\/span><\/td>\n<td valign=\"top\" width=\"151\" height=\"21\"><span style=\"color: #000000;\">Gomes, Carlos<\/span><\/td>\n<td valign=\"top\" width=\"173\" height=\"21\"><span style=\"color: #000000;\">O Guarani &#8211; Protofonia<\/span><\/td>\n<td valign=\"top\" width=\"126\" height=\"21\"><span style=\"color: #000000;\">\u00a0<\/span><\/td>\n<\/tr>\n<tr>\n<td valign=\"top\" width=\"151\" height=\"17\"><span lang=\"ES-TRAD\" style=\"color: #000000;\">Villa-Lobos, Heitor<\/span><\/td>\n<td valign=\"top\" width=\"173\" height=\"17\"><span style=\"color: #000000;\">Bachianas No.7<\/span><\/td>\n<td valign=\"top\" width=\"126\" height=\"17\"><span style=\"color: #000000;\">\u00a0<\/span><\/td>\n<\/tr>\n<tr>\n<td valign=\"top\" width=\"151\" height=\"46\"><span style=\"color: #000000;\">Gnatalli, Radam\u00e9s<\/span><\/td>\n<td valign=\"top\" width=\"173\" height=\"46\"><span style=\"color: #000000;\">Samba em 3 andamentos for Piano and Orchestra<\/span><\/td>\n<td valign=\"top\" width=\"126\" height=\"46\"><span style=\"color: #000000;\">Fernanda Chaves Canaud<\/span><\/td>\n<\/tr>\n<tr>\n<td rowspan=\"3\" valign=\"top\" bgcolor=\"#95aabf\" width=\"177\" height=\"89\">\n<p><span style=\"color: #000000;\">11\/12\/98<\/span><\/p>\n<p><strong><span style=\"color: #000000;\"> Orquestra Sinf\u00f4nica Nacional \u2013 UFF<\/span><\/strong><\/p>\n<p><span style=\"color: #000000;\"> Sala Cec\u00edlia Meireles, Rio de Janeiro, Brasil<\/span><\/p>\n<p><span style=\"color: #000000;\"> Homenagem aos 80 Anos de Carreira de Mariuccia Iacovino<\/span><\/td>\n<td valign=\"top\" bgcolor=\"#95aabf\" width=\"151\" height=\"38\"><span lang=\"EN-US\" style=\"color: #000000;\">Chausson, Ernest<\/span><\/td>\n<td valign=\"top\" bgcolor=\"#95aabf\" width=\"173\" height=\"38\"><span lang=\"EN-US\" style=\"color: #000000;\">Po\u00e8me for Violin and Orchestra, op.25<\/span><\/td>\n<td valign=\"top\" bgcolor=\"#95aabf\" width=\"126\" height=\"38\"><span lang=\"EN-US\" style=\"color: #000000;\">Mariuccia Iacovino<\/span><\/td>\n<\/tr>\n<tr>\n<td valign=\"top\" bgcolor=\"#95aabf\" width=\"151\" height=\"28\"><span lang=\"EN-US\" style=\"color: #000000;\">Wagner, Richard<\/span><\/td>\n<td valign=\"top\" bgcolor=\"#95aabf\" width=\"173\" height=\"28\"><span lang=\"EN-US\" style=\"color: #000000;\">Tristan und Isolde: Prelude and Liebestod<\/span><\/td>\n<td valign=\"top\" bgcolor=\"#95aabf\" width=\"126\" height=\"28\"><span style=\"color: #000000;\">\u00a0<\/span><\/td>\n<\/tr>\n<tr>\n<td valign=\"top\" bgcolor=\"#95aabf\" width=\"151\" height=\"43\"><span lang=\"EN-US\" style=\"color: #000000;\">Tchaikovsky, Piotr Ilyich<\/span><\/td>\n<td valign=\"top\" bgcolor=\"#95aabf\" width=\"173\" height=\"43\"><span lang=\"EN-US\" style=\"color: #000000;\">Romeo and Juliet overture-fantasy, op.78<\/span><\/td>\n<td valign=\"top\" bgcolor=\"#95aabf\" width=\"126\" height=\"43\"><span style=\"color: #000000;\">\u00a0<\/span><\/td>\n<\/tr>\n<tr>\n<td rowspan=\"4\" valign=\"top\" width=\"177\" height=\"128\">\n<p><span style=\"color: #000000;\">12\/12\/98<\/span><\/p>\n<p><strong><span style=\"color: #000000;\"> Orquestra Sinf\u00f4nica Petrobr\u00e1s Pr\u00f3-M\u00fasica, Rio de Janeiro, Brasil<\/span><\/strong><\/p>\n<p><span style=\"color: #000000;\"> Sala Cec\u00edlia Meireles, Rio de Janeiro, Brasil<\/span><\/p>\n<p><span style=\"color: #000000;\"> 14o. Concerto da S\u00e9rie Especial<\/span><\/td>\n<td valign=\"top\" width=\"151\" height=\"54\"><span lang=\"ES-TRAD\" style=\"color: #000000;\">Beethoven, Ludwig van<\/span><\/td>\n<td valign=\"top\" width=\"173\" height=\"54\"><span lang=\"EN-US\" style=\"color: #000000;\">Romanza for Violin and Orchestra No.2 in F major, op.50\u00a0\u00a0<\/span><\/td>\n<td valign=\"top\" width=\"126\" height=\"54\"><span lang=\"ES-TRAD\" style=\"color: #000000;\">Tatjana Grubic<\/span><\/td>\n<\/tr>\n<tr>\n<td valign=\"top\" width=\"151\" height=\"37\"><span lang=\"ES-TRAD\" style=\"color: #000000;\">Beethoven, Ludwig van<\/span><\/td>\n<td valign=\"top\" width=\"173\" height=\"37\"><span lang=\"EN-US\" style=\"color: #000000;\">Romanza for Violin and Orchestra No.1 in G major, op.40<\/span><\/td>\n<td valign=\"top\" width=\"126\" height=\"37\"><span lang=\"EN-US\" style=\"color: #000000;\">Tatjana Grubic<\/span><\/td>\n<\/tr>\n<tr>\n<td valign=\"top\" width=\"151\" height=\"24\"><span lang=\"EN-US\" style=\"color: #000000;\">Debussy, Claude<\/span><\/td>\n<td valign=\"top\" width=\"173\" height=\"24\"><span lang=\"EN-US\" style=\"color: #000000;\">Danses Sacr\u00e9e et Profane for Harp and Orchestra<\/span><\/td>\n<td valign=\"top\" width=\"126\" height=\"24\"><span style=\"color: #000000;\">S\u00edlvia Passaroto<\/span><\/td>\n<\/tr>\n<tr>\n<td valign=\"top\" width=\"151\" height=\"24\"><span style=\"color: #000000;\">Tchaikovsky, Piotr Ilyich<\/span><\/td>\n<td valign=\"top\" width=\"173\" height=\"24\"><span lang=\"EN-US\" style=\"color: #000000;\">Symphony No.5 in E minor, op.64<\/span><\/td>\n<td valign=\"top\" width=\"126\" height=\"24\"><span style=\"color: #000000;\">\u00a0<\/span><\/td>\n<\/tr>\n<tr>\n<td rowspan=\"3\" valign=\"top\" bgcolor=\"#95aabf\" width=\"177\" height=\"76\">\n<p><span style=\"color: #000000;\">13\/12\/98<\/span><\/p>\n<p><strong><span style=\"color: #000000;\"> Orquestra Sinf\u00f4nica Nacional \u2013 UFF<\/span><\/strong><\/p>\n<p><span style=\"color: #000000;\"> Ig.Almas<\/span><\/p>\n<p><span style=\"color: #000000;\"> Encerramento da Temporada 1998 OSN-UFF<\/span><\/td>\n<td valign=\"top\" bgcolor=\"#95aabf\" width=\"151\" height=\"36\"><span lang=\"EN-US\" style=\"color: #000000;\">Chausson, Ernest<\/span><\/td>\n<td valign=\"top\" bgcolor=\"#95aabf\" width=\"173\" height=\"36\"><span lang=\"EN-US\" style=\"color: #000000;\">Po\u00e8me for Violin and Orchestra, op.25<\/span><\/td>\n<td valign=\"top\" bgcolor=\"#95aabf\" width=\"126\" height=\"36\"><span lang=\"EN-US\" style=\"color: #000000;\">Mariuccia Iacovino<\/span><\/td>\n<\/tr>\n<tr>\n<td valign=\"top\" bgcolor=\"#95aabf\" width=\"151\" height=\"24\"><span lang=\"EN-US\" style=\"color: #000000;\">Wagner, Richard<\/span><\/td>\n<td valign=\"top\" bgcolor=\"#95aabf\" width=\"173\" height=\"24\"><span lang=\"EN-US\" style=\"color: #000000;\">Tristan und Isolde: Prelude and Liebestod<\/span><\/td>\n<td valign=\"top\" bgcolor=\"#95aabf\" width=\"126\" height=\"24\"><span style=\"color: #000000;\">\u00a0<\/span><\/td>\n<\/tr>\n<tr>\n<td valign=\"top\" bgcolor=\"#95aabf\" width=\"151\" height=\"24\"><span lang=\"EN-US\" style=\"color: #000000;\">Tchaikovsky, Piotr Ilyich<\/span><\/td>\n<td valign=\"top\" bgcolor=\"#95aabf\" width=\"173\" height=\"24\"><span lang=\"EN-US\" style=\"color: #000000;\">Romeo and Juliet overture-fantasy, op.78<\/span><\/td>\n<td valign=\"top\" bgcolor=\"#95aabf\" width=\"126\" height=\"24\"><span style=\"color: #000000;\">\u00a0<\/span><\/td>\n<\/tr>\n<\/tbody>\n<\/table>\n<p>[\/vc_column_text][\/vc_column][\/vc_row]<\/p>\n","protected":false},"excerpt":{"rendered":"<p>[vc_row section_bottom_margin=&#8221;nobottommargin&#8221;][vc_column][vc_custom_heading text=&#8221;- 1998 -&#8221; font_container=&#8221;tag:h2|text_align:center&#8221;][vc_column_text] 13\/03\/98 Orquestra Sinf\u00f4nica Nacional \u2013 UFF Centro [&hellip;]<\/p>\n","protected":false},"author":1,"featured_media":0,"parent":0,"menu_order":0,"comment_status":"open","ping_status":"open","template":"template\/template-landing-page-vc.php","meta":{"footnotes":""},"class_list":["post-1002","page","type-page","status-publish","hentry"],"_links":{"self":[{"href":"http:\/\/ligiaamadio.net\/a\/wp-json\/wp\/v2\/pages\/1002","targetHints":{"allow":["GET"]}}],"collection":[{"href":"http:\/\/ligiaamadio.net\/a\/wp-json\/wp\/v2\/pages"}],"about":[{"href":"http:\/\/ligiaamadio.net\/a\/wp-json\/wp\/v2\/types\/page"}],"author":[{"embeddable":true,"href":"http:\/\/ligiaamadio.net\/a\/wp-json\/wp\/v2\/users\/1"}],"replies":[{"embeddable":true,"href":"http:\/\/ligiaamadio.net\/a\/wp-json\/wp\/v2\/comments?post=1002"}],"version-history":[{"count":5,"href":"http:\/\/ligiaamadio.net\/a\/wp-json\/wp\/v2\/pages\/1002\/revisions"}],"predecessor-version":[{"id":1296,"href":"http:\/\/ligiaamadio.net\/a\/wp-json\/wp\/v2\/pages\/1002\/revisions\/1296"}],"wp:attachment":[{"href":"http:\/\/ligiaamadio.net\/a\/wp-json\/wp\/v2\/media?parent=1002"}],"curies":[{"name":"wp","href":"https:\/\/api.w.org\/{rel}","templated":true}]}}