{"id":1005,"date":"2015-08-20T15:29:25","date_gmt":"2015-08-20T15:29:25","guid":{"rendered":"http:\/\/ligiaamadio.net\/a\/?page_id=1005"},"modified":"2015-08-28T19:37:43","modified_gmt":"2015-08-28T19:37:43","slug":"1999-3","status":"publish","type":"page","link":"https:\/\/ligiaamadio.net\/a\/1999-3\/","title":{"rendered":"1999"},"content":{"rendered":"<p>[vc_row section_bottom_margin=&#8221;nobottommargin&#8221;][vc_column][vc_custom_heading text=&#8221;- 1999 -&#8221; font_container=&#8221;tag:h2|text_align:center&#8221;][vc_column_text]<\/p>\n<table border=\"0\" width=\"100%\" cellspacing=\"0\" cellpadding=\"0\">\n<tbody>\n<tr>\n<td rowspan=\"4\" valign=\"top\" bgcolor=\"#95aabf\">\n<p><span style=\"color: #000000;\">07\/03\/99<\/span><\/p>\n<p><span style=\"color: #000000;\"><strong> Orquestra Sinf\u00f4nica Nacional &#8211; UFF<\/strong><\/span><\/p>\n<p><span style=\"color: #000000;\"> Centro de Artes UFF, Niter\u00f3i, Rio de Janeiro, Brasil\u00a0<\/span><\/p>\n<p><span style=\"color: #000000;\"> M\u00fasica aos Domingos<\/span><\/td>\n<td valign=\"top\" bgcolor=\"#95aabf\"><span lang=\"EN-US\" style=\"color: #000000;\">Santoro, Cl\u00e1udio<\/span><\/td>\n<td valign=\"top\" bgcolor=\"#95aabf\"><span lang=\"EN-US\" style=\"color: #000000;\">Ponteio for String Orchestra<\/span><\/td>\n<td valign=\"top\" bgcolor=\"#95aabf\"><span style=\"color: #000000;\">\u00a0<\/span><\/td>\n<\/tr>\n<tr>\n<td valign=\"top\" bgcolor=\"#95aabf\"><span lang=\"EN-US\" style=\"color: #000000;\">Mignone, Francisco<\/span><\/td>\n<td valign=\"top\" bgcolor=\"#95aabf\"><span lang=\"EN-US\" style=\"color: #000000;\">Concertino for Clarinet and Orchestra<\/span><\/td>\n<td valign=\"top\" bgcolor=\"#95aabf\"><span style=\"color: #000000;\">Fernando Silveira<\/span><\/td>\n<\/tr>\n<tr>\n<td valign=\"top\" bgcolor=\"#95aabf\"><span style=\"color: #000000;\">Gonzaga, Chiquinha<\/span><\/td>\n<td valign=\"top\" bgcolor=\"#95aabf\"><span style=\"color: #000000;\">Lua Branca e Gaucho (arr.\u00a0<span lang=\"ES-TRAD\">Queca Vieira)<\/span><\/span><\/td>\n<td valign=\"top\" bgcolor=\"#95aabf\"><span style=\"color: #000000;\">\u00a0<\/span><\/td>\n<\/tr>\n<tr>\n<td valign=\"top\" bgcolor=\"#95aabf\"><span lang=\"ES-TRAD\" style=\"color: #000000;\">Beethoven, Ludwig van<\/span><\/td>\n<td valign=\"top\" bgcolor=\"#95aabf\"><span lang=\"EN-US\" style=\"color: #000000;\">Symphony No.5 in C minor, op.67<\/span><\/td>\n<td valign=\"top\" bgcolor=\"#95aabf\"><span style=\"color: #000000;\">\u00a0<\/span><\/td>\n<\/tr>\n<tr>\n<td rowspan=\"3\" valign=\"top\">\n<p><span style=\"color: #000000;\">21\/03\/99<\/span><\/p>\n<p><span style=\"color: #000000;\"><strong> Orquestra Sinf\u00f4nica Nacional &#8211; UFF<\/strong><\/span><\/p>\n<p><span style=\"color: #000000;\"> Centro de Artes UFF, Niter\u00f3i, Rio de Janeiro, Brasil<\/span><\/p>\n<p><span style=\"color: #000000;\"> M\u00fasica aos Domingos<\/span><\/td>\n<td valign=\"top\"><span lang=\"EN-US\" style=\"color: #000000;\">Mendelssohn, Felix<\/span><\/td>\n<td valign=\"top\"><span style=\"color: #000000;\"><span lang=\"EN-US\">The Hebrides\u00a0<\/span><span lang=\"EN-US\">in B minor,<\/span><span lang=\"EN-US\">\u00a0op.26 (Fingal&#8217;s Cave Overture)<\/span><\/span><\/td>\n<td valign=\"top\"><span style=\"color: #000000;\">\u00a0<\/span><\/td>\n<\/tr>\n<tr>\n<td valign=\"top\"><span lang=\"EN-US\" style=\"color: #000000;\">Heuke, Stefan<\/span><\/td>\n<td valign=\"top\"><span lang=\"EN-US\" style=\"color: #000000;\">Concertino for Bass Clarinet and Orchestra, op.33<\/span><\/td>\n<td valign=\"top\"><span style=\"color: #000000;\">Henri Joseph Bok<\/span><\/td>\n<\/tr>\n<tr>\n<td valign=\"top\"><span lang=\"EN-US\" style=\"color: #000000;\">Schumann, Robert<\/span><\/td>\n<td valign=\"top\"><span lang=\"EN-US\" style=\"color: #000000;\">Symphony No.4 in D minor, op.120<\/span><\/td>\n<td valign=\"top\"><span style=\"color: #000000;\">\u00a0<\/span><\/td>\n<\/tr>\n<tr>\n<td rowspan=\"3\" valign=\"top\" bgcolor=\"#95aabf\">\n<p><span style=\"color: #000000;\">28\/03\/99<\/span><\/p>\n<p><span style=\"color: #000000;\"><strong> Orquestra Sinf\u00f4nica do Paran\u00e1<\/strong><\/span><\/p>\n<p><span lang=\"EN-US\" style=\"color: #000000;\"> Teatro Gua\u00edra, Curitiba, Paran\u00e1<\/span><\/td>\n<td valign=\"top\" bgcolor=\"#95aabf\"><span lang=\"EN-US\" style=\"color: #000000;\">Brahms, Johannes<\/span><\/td>\n<td valign=\"top\" bgcolor=\"#95aabf\"><span lang=\"EN-US\" style=\"color: #000000;\">Symphony No.1 in C minor, op.68<\/span><\/td>\n<td valign=\"top\" bgcolor=\"#95aabf\"><span style=\"color: #000000;\">\u00a0<\/span><\/td>\n<\/tr>\n<tr>\n<td valign=\"top\" bgcolor=\"#95aabf\"><span lang=\"EN-US\" style=\"color: #000000;\">Mendelssohn, Felix<\/span><\/td>\n<td valign=\"top\" bgcolor=\"#95aabf\"><span style=\"color: #000000;\"><span lang=\"EN-US\">The Hebrides\u00a0<\/span><span lang=\"EN-US\">in B minor,<\/span><span lang=\"EN-US\">\u00a0op.26 (Fingal&#8217;s Cave Overture)<\/span><\/span><\/td>\n<td valign=\"top\" bgcolor=\"#95aabf\"><span style=\"color: #000000;\">\u00a0<\/span><\/td>\n<\/tr>\n<tr>\n<td valign=\"top\" bgcolor=\"#95aabf\"><span lang=\"EN-US\" style=\"color: #000000;\">Wagner, Richard<\/span><\/td>\n<td valign=\"top\" bgcolor=\"#95aabf\"><span lang=\"EN-US\" style=\"color: #000000;\">Die Meistersinger: Prelude<\/span><\/td>\n<td valign=\"top\" bgcolor=\"#95aabf\"><span style=\"color: #000000;\">\u00a0<\/span><\/td>\n<\/tr>\n<tr>\n<td rowspan=\"5\" valign=\"top\">\n<p><span style=\"color: #000000;\">11\/04\/99<\/span><\/p>\n<p><span style=\"color: #000000;\"><strong> Orquestra Sinf\u00f4nica Nacional \u2013 UFF<\/strong><\/span><\/p>\n<p><span style=\"color: #000000;\"> Centro de Artes UFF, Niter\u00f3i, Rio de Janeiro, Brasil<\/span><\/p>\n<p><span lang=\"EN-US\" style=\"color: #000000;\"> Concerto Barroco<\/span><\/td>\n<td rowspan=\"3\" valign=\"top\"><span lang=\"EN-US\" style=\"color: #000000;\">Vivaldi, Antonio<\/span><\/td>\n<td valign=\"top\"><span lang=\"EN-US\" style=\"color: #000000;\">Concerto for Guitar and String Orchestra in D major\u00a0<\/span><\/td>\n<td valign=\"top\"><span lang=\"EN-US\" style=\"color: #000000;\">Paulo Pedrassoli<\/span><\/td>\n<\/tr>\n<tr>\n<td valign=\"top\"><span lang=\"EN-US\" style=\"color: #000000;\">Concerto for Bassoon and String Orchestra in F major\u00a0<\/span><\/td>\n<td valign=\"top\"><span style=\"color: #000000;\">Cosme da Silveira<\/span><\/td>\n<\/tr>\n<tr>\n<td valign=\"top\"><span lang=\"EN-US\" style=\"color: #000000;\">Concerto for Flautino and String Orchestra in C major, P79, R443<\/span><\/td>\n<td valign=\"top\"><span lang=\"EN-US\" style=\"color: #000000;\">Cec\u00edlia Piehl<\/span><\/td>\n<\/tr>\n<tr>\n<td valign=\"top\"><span lang=\"EN-US\" style=\"color: #000000;\">Telemann, Georg Philipp<\/span><\/td>\n<td valign=\"top\"><span lang=\"EN-US\" style=\"color: #000000;\">Concerto for Viola and String Orchestra in G major\u00a0\u00a0\u00a0<\/span><\/td>\n<td valign=\"top\"><span lang=\"EN-US\" style=\"color: #000000;\">Ivan Zandonade<\/span><\/td>\n<\/tr>\n<tr>\n<td valign=\"top\"><span lang=\"EN-US\" style=\"color: #000000;\">Torelli, Giuseppe<\/span><\/td>\n<td valign=\"top\"><span lang=\"EN-US\" style=\"color: #000000;\">Sonata for Trumpet and String Orchestra\u00a0in D major\u00a0\u00a0\u00a0\u00a0<\/span><\/td>\n<td valign=\"top\"><span style=\"color: #000000;\">Nelson Oliveira<\/span><\/td>\n<\/tr>\n<tr>\n<td rowspan=\"3\" valign=\"top\" bgcolor=\"#95aabf\">\n<p><span style=\"color: #000000;\">25\/04\/99<\/span><\/p>\n<p><span style=\"color: #000000;\"><strong> Orquestra Sinf\u00f4nica Nacional &#8211; UFF<\/strong><\/span><\/p>\n<p><span style=\"color: #000000;\"> Sala Cec\u00edlia Meireles, Rio de Janeiro, Brasil<\/span><\/td>\n<td valign=\"top\" bgcolor=\"#95aabf\"><span lang=\"EN-US\" style=\"color: #000000;\">Mendelssohn, Felix<\/span><\/td>\n<td valign=\"top\" bgcolor=\"#95aabf\"><span style=\"color: #000000;\"><span lang=\"EN-US\">The Hebrides\u00a0<\/span><span lang=\"EN-US\">in B minor,<\/span><span lang=\"EN-US\">\u00a0op.26 (Fingal&#8217;s Cave Overture)<\/span><\/span><\/td>\n<td valign=\"top\" bgcolor=\"#95aabf\"><span style=\"color: #000000;\">\u00a0<\/span><\/td>\n<\/tr>\n<tr>\n<td valign=\"top\" bgcolor=\"#95aabf\"><span lang=\"EN-US\" style=\"color: #000000;\">Grieg, Edvard<\/span><\/td>\n<td valign=\"top\" bgcolor=\"#95aabf\"><span lang=\"EN-US\" style=\"color: #000000;\">Concerto for Piano and Orchestra in A minor, op.16\u00a0\u00a0\u00a0<\/span><\/td>\n<td valign=\"top\" bgcolor=\"#95aabf\"><span style=\"color: #000000;\">Fernando Lopes<\/span><\/td>\n<\/tr>\n<tr>\n<td valign=\"top\" bgcolor=\"#95aabf\"><span style=\"color: #000000;\">Schumann, Robert<\/span><\/td>\n<td valign=\"top\" bgcolor=\"#95aabf\"><span lang=\"EN-US\" style=\"color: #000000;\">Symphony No.4 in D minor, op.120<\/span><\/td>\n<td valign=\"top\" bgcolor=\"#95aabf\"><span style=\"color: #000000;\">\u00a0<\/span><\/td>\n<\/tr>\n<tr>\n<td rowspan=\"3\" valign=\"top\">\n<p><span style=\"color: #000000;\">28\/04\/99<\/span><\/p>\n<p><span style=\"color: #000000;\"><strong> Orquestra Sinf\u00f4nica Nacional &#8211; UFF<\/strong><\/span><\/p>\n<p><span style=\"color: #000000;\"> Universidade Estadual do Rio de Janeiro, Brasil &#8211; Teatro Odylo Costa<\/span><\/p>\n<p><span lang=\"EN-US\" style=\"color: #000000;\"> UERJ Cl\u00e1ssica<\/span><\/td>\n<td valign=\"top\"><span lang=\"EN-US\" style=\"color: #000000;\">Brahms, Johannes<\/span><\/td>\n<td valign=\"top\"><span lang=\"EN-US\" style=\"color: #000000;\">Academic Festival Overture, op.80<\/span><\/td>\n<td valign=\"top\"><span style=\"color: #000000;\">\u00a0<\/span><\/td>\n<\/tr>\n<tr>\n<td valign=\"top\"><span lang=\"EN-US\" style=\"color: #000000;\">Mendelssohn, Felix<\/span><\/td>\n<td valign=\"top\"><span lang=\"EN-US\" style=\"color: #000000;\">The Hebrides in B minor, op.26 (Fingal&#8217;s Cave Overture)<\/span><\/td>\n<td valign=\"top\"><span style=\"color: #000000;\">\u00a0<\/span><\/td>\n<\/tr>\n<tr>\n<td valign=\"top\"><span lang=\"EN-US\" style=\"color: #000000;\">Schumann, Robert<\/span><\/td>\n<td valign=\"top\"><span lang=\"EN-US\" style=\"color: #000000;\">Symphony No.4 in D minor, op.120<\/span><\/td>\n<td valign=\"top\"><span style=\"color: #000000;\">\u00a0<\/span><\/td>\n<\/tr>\n<tr>\n<td rowspan=\"3\" valign=\"top\" bgcolor=\"#95aabf\">\n<p><span style=\"color: #000000;\"><span lang=\"ES-TRAD\">07\/05\/99 &#8211; 08\/05\/99<\/span><\/span><\/p>\n<p><span lang=\"ES-TRAD\"><strong>Orquesta Sinf\u00f3nica de Chile<\/strong><\/span><\/p>\n<p><span lang=\"ES-TRAD\">Teatro Universidad de Chile, Santiago, Chile<\/span><\/p>\n<p><span lang=\"ES-TRAD\">Orquesta Sinfonica de Chile-Temporada de Oto\u00f1o<\/span><\/p>\n<p>&nbsp;<\/td>\n<td valign=\"top\" bgcolor=\"#95aabf\"><span lang=\"ES-TRAD\" style=\"color: #000000;\">Beethoven, Ludwig van<\/span><\/td>\n<td valign=\"top\" bgcolor=\"#95aabf\"><span lang=\"EN-US\" style=\"color: #000000;\">Concerto for Piano and Orchestra No.4 in G major, op.58<\/span><\/td>\n<td valign=\"top\" bgcolor=\"#95aabf\"><span style=\"color: #000000;\">Jorge Hevia<\/span><\/td>\n<\/tr>\n<tr>\n<td valign=\"top\" bgcolor=\"#95aabf\"><span style=\"color: #000000;\">Mendelssohn, Felix<\/span><\/td>\n<td valign=\"top\" bgcolor=\"#95aabf\"><span style=\"color: #000000;\"><span lang=\"EN-US\">The Hebrides\u00a0<\/span><span lang=\"EN-US\">in B minor,<\/span><span lang=\"EN-US\">\u00a0op.26 (Fingal&#8217;s Cave Overture)<\/span><\/span><\/td>\n<td valign=\"top\" bgcolor=\"#95aabf\"><span style=\"color: #000000;\">\u00a0<\/span><\/td>\n<\/tr>\n<tr>\n<td valign=\"top\" bgcolor=\"#95aabf\"><span lang=\"EN-US\" style=\"color: #000000;\">Schumann, Robert<\/span><\/td>\n<td valign=\"top\" bgcolor=\"#95aabf\"><span lang=\"EN-US\" style=\"color: #000000;\">Symphony No.4 in D minor, op.120<\/span><\/td>\n<td valign=\"top\" bgcolor=\"#95aabf\"><span style=\"color: #000000;\">\u00a0<\/span><\/td>\n<\/tr>\n<tr>\n<td rowspan=\"2\" valign=\"top\">\n<p><span style=\"color: #000000;\">16\/05\/99<\/span><\/p>\n<p><span style=\"color: #000000;\"><strong> Orquestra Sinf\u00f4nica Nacional \u2013 UFF <\/strong><\/span><\/p>\n<p><span style=\"color: #000000;\">Teatro Carlos Gomes, Rio de Janeiro, Brasil<\/span><br \/>\n<span style=\"color: #000000;\"> Concertos para a Juventude<\/span><\/td>\n<td valign=\"top\"><span lang=\"EN-US\" style=\"color: #000000;\">Rachmaninoff, Sergei<\/span><\/td>\n<td valign=\"top\"><span lang=\"EN-US\" style=\"color: #000000;\">Concerto for Piano and Orchestra No.3 in D minor, op.30\u00a0\u00a0\u00a0<\/span><\/td>\n<td valign=\"top\"><span style=\"color: #000000;\">Luiz Carlos de Moura Castro<\/span><\/td>\n<\/tr>\n<tr>\n<td valign=\"top\"><span style=\"color: #000000;\">Santoro, Cl\u00e1udio<\/span><\/td>\n<td valign=\"top\"><span style=\"color: #000000;\">Ponteio for String Orchestra<\/span><\/td>\n<td valign=\"top\"><span style=\"color: #000000;\">\u00a0<\/span><\/td>\n<\/tr>\n<tr>\n<td rowspan=\"3\" valign=\"top\" bgcolor=\"#95aabf\">\n<p><span style=\"color: #000000;\"><span lang=\"EN-US\">24\/05\/99 to 02\/06\/99<\/span><\/span><\/p>\n<p><span lang=\"EN-US\"><strong>Slovenia Radio and TV Symphony Orchestra, Ljubljana, Slovenia<\/strong><\/span><\/p>\n<p><span lang=\"EN-US\">Grava\u00e7\u00e3o<\/span><\/td>\n<td valign=\"top\" bgcolor=\"#95aabf\"><span lang=\"EN-US\" style=\"color: #000000;\">Gershwin, George<\/span><\/td>\n<td valign=\"top\" bgcolor=\"#95aabf\"><span lang=\"EN-US\" style=\"color: #000000;\">Rhapsody in Blue, for Piano and Orchestra<\/span><\/td>\n<td valign=\"top\" bgcolor=\"#95aabf\"><span lang=\"EN-US\" style=\"color: #000000;\">Luiz Carlos de Moura Castro<\/span><\/td>\n<\/tr>\n<tr>\n<td valign=\"top\" bgcolor=\"#95aabf\"><span lang=\"EN-US\" style=\"color: #000000;\">Rachmaninoff, Sergei<\/span><\/td>\n<td valign=\"top\" bgcolor=\"#95aabf\"><span lang=\"EN-US\" style=\"color: #000000;\">Concerto for Piano and Orchestra No.2 in C minor, op.18<\/span><\/td>\n<td valign=\"top\" bgcolor=\"#95aabf\"><span lang=\"EN-US\" style=\"color: #000000;\">Luiz Carlos de Moura Castro<\/span><\/td>\n<\/tr>\n<tr>\n<td valign=\"top\" bgcolor=\"#95aabf\"><span lang=\"EN-US\" style=\"color: #000000;\">Rachmaninoff, Sergei<\/span><\/td>\n<td valign=\"top\" bgcolor=\"#95aabf\"><span lang=\"EN-US\" style=\"color: #000000;\">Concerto for Piano and Orchestra No.3 in D minor, op.30\u00a0\u00a0\u00a0<\/span><\/td>\n<td valign=\"top\" bgcolor=\"#95aabf\"><span style=\"color: #000000;\">Luiz Carlos de Moura Castro<\/span><\/td>\n<\/tr>\n<tr>\n<td valign=\"top\">\n<p><span style=\"color: #000000;\">11, 13, 15, 17, 20\/06\/99<\/span><\/p>\n<p><span style=\"color: #000000;\"><strong> Orquestra Sinf\u00f4nica Nacional \u2013 UFF<\/strong><\/span><\/p>\n<p><span style=\"color: #000000;\"> Teatro Municipal de Niter\u00f3i, Rio de Janeiro, Brasil<\/span><\/td>\n<td valign=\"top\"><span style=\"color: #000000;\">Rossini, Gioacchino<\/span><\/td>\n<td valign=\"top\"><span style=\"color: #000000;\">Il Barbiere di Siviglia (complete opera)<\/span><\/td>\n<td valign=\"top\"><span style=\"color: #000000;\">In\u00e1cio de Nonno, Maude Salazar, Marcos Menescal, Maur\u00edcio Luz, Ruth Staerke<\/span><\/td>\n<\/tr>\n<tr>\n<td rowspan=\"3\" valign=\"top\" bgcolor=\"#95aabf\">\n<p><span style=\"color: #000000;\">03\/07\/99<\/span><\/p>\n<p><span style=\"color: #000000;\"><strong> Orquestra Sinf\u00f4nica Nacional \u2013 UFF<\/strong><\/span><\/p>\n<p><span style=\"color: #000000;\"> Sala Cec\u00edlia Meireles, Rio de Janeiro, Brasil<\/span><\/p>\n<p><span style=\"color: #000000;\"> 80 Anos de Nascimento de Cl\u00e1udio Santoro<\/span><\/td>\n<td rowspan=\"3\" valign=\"top\" bgcolor=\"#95aabf\"><span style=\"color: #000000;\">Santoro, Cl\u00e1udio<\/span><\/td>\n<td valign=\"top\" bgcolor=\"#95aabf\"><span style=\"color: #000000;\">Canto de Amor e paz, for String Orchestra<\/span><\/td>\n<td valign=\"top\" bgcolor=\"#95aabf\"><span style=\"color: #000000;\">\u00a0<\/span><\/td>\n<\/tr>\n<tr>\n<td valign=\"top\" bgcolor=\"#95aabf\"><span style=\"color: #000000;\">Concerto for Piano and Orchestra No.1<\/span><\/td>\n<td valign=\"top\" bgcolor=\"#95aabf\"><span style=\"color: #000000;\">Heitor Alimonda<\/span><\/td>\n<\/tr>\n<tr>\n<td valign=\"top\" bgcolor=\"#95aabf\"><span style=\"color: #000000;\">Symphony No.9 (Homenagem a Francisco Mignone)<\/span><\/td>\n<td valign=\"top\" bgcolor=\"#95aabf\"><span style=\"color: #000000;\">\u00a0<\/span><\/td>\n<\/tr>\n<tr>\n<td rowspan=\"3\" valign=\"top\">\n<p><span style=\"color: #000000;\">11\/07\/99<\/span><\/p>\n<p><span style=\"color: #000000;\"><strong> Orquestra Sinf\u00f4nica Nacional \u2013 UFF<\/strong><\/span><\/p>\n<p><span style=\"color: #000000;\"> Centro de Artes UFF, Niter\u00f3i, Rio de Janeiro, Brasil<\/span><\/p>\n<p><span style=\"color: #000000;\"> M\u00fasica aos Domingos<\/span><\/td>\n<td valign=\"top\"><span lang=\"EN-US\" style=\"color: #000000;\">Santoro, Cl\u00e1udio<\/span><\/td>\n<td valign=\"top\"><span lang=\"EN-US\" style=\"color: #000000;\">Canto de Amor e paz, for String Orchestra<\/span><\/td>\n<td valign=\"top\"><span style=\"color: #000000;\">\u00a0<\/span><\/td>\n<\/tr>\n<tr>\n<td valign=\"top\"><span lang=\"EN-US\" style=\"color: #000000;\">Telemann, Georg Philipp<\/span><\/td>\n<td valign=\"top\"><span lang=\"EN-US\" style=\"color: #000000;\">Suite for Flute and String Orchestra in A minor\u00a0\u00a0<\/span><\/td>\n<td valign=\"top\"><span lang=\"ES-TRAD\" style=\"color: #000000;\">Murilo Moss Barquete<\/span><\/td>\n<\/tr>\n<tr>\n<td valign=\"top\"><span lang=\"ES-TRAD\" style=\"color: #000000;\">Beethoven, Ludwig van<\/span><\/td>\n<td valign=\"top\"><span lang=\"EN-US\" style=\"color: #000000;\">Symphony No.1 in C major, op.21<\/span><\/td>\n<td valign=\"top\"><span style=\"color: #000000;\">\u00a0<\/span><\/td>\n<\/tr>\n<tr>\n<td rowspan=\"3\" valign=\"top\" bgcolor=\"#95aabf\">\n<p><span style=\"color: #000000;\">31\/07\/99<\/span><\/p>\n<p><span style=\"color: #000000;\"><strong> Orquestra Sinf\u00f4nica Nacional \u2013 UFF<\/strong><\/span><\/p>\n<p><span style=\"color: #000000;\"> Cine-Theatro Central<\/span><\/p>\n<p><span style=\"color: #000000;\"> X Festival Internacional de m\u00fasica colonial brasileira, Juiz de Fora, Minas Gerais, Brasil<\/span><\/td>\n<td valign=\"top\" bgcolor=\"#95aabf\"><span style=\"color: #000000;\">Gomes, Carlos<\/span><\/td>\n<td valign=\"top\" bgcolor=\"#95aabf\"><span style=\"color: #000000;\">Fosca Overture<\/span><\/td>\n<td valign=\"top\" bgcolor=\"#95aabf\"><span style=\"color: #000000;\">\u00a0<\/span><\/td>\n<\/tr>\n<tr>\n<td valign=\"top\" bgcolor=\"#95aabf\"><span lang=\"ES-TRAD\" style=\"color: #000000;\">Beethoven, Ludwig van<\/span><\/td>\n<td valign=\"top\" bgcolor=\"#95aabf\"><span lang=\"EN-US\" style=\"color: #000000;\">Symphony n.1, in C major, op.21<\/span><\/td>\n<td valign=\"top\" bgcolor=\"#95aabf\"><span style=\"color: #000000;\">\u00a0<\/span><\/td>\n<\/tr>\n<tr>\n<td valign=\"top\" bgcolor=\"#95aabf\"><span lang=\"EN-US\" style=\"color: #000000;\">Sibelius, Jean<\/span><\/td>\n<td valign=\"top\" bgcolor=\"#95aabf\"><span lang=\"EN-US\" style=\"color: #000000;\">Concerto for Violin and Orchestra in D major, op.47<\/span><\/td>\n<td valign=\"top\" bgcolor=\"#95aabf\"><span style=\"color: #000000;\">Daniel Guedes<\/span><\/td>\n<\/tr>\n<tr>\n<td rowspan=\"8\" valign=\"top\">\n<p><span style=\"color: #000000;\">01\/08\/99<\/span><\/p>\n<p><span style=\"color: #000000;\"><strong> Orquestra Sinf\u00f4nica Nacional \u2013 UFF<\/strong><\/span><\/p>\n<p><span style=\"color: #000000;\"> Country Club de Friburgo<\/span><\/p>\n<p><span style=\"color: #000000;\"> II Festival de Inverno de Friburgo, Rio de Janeiro, Brasil<\/span><\/td>\n<td valign=\"top\"><span lang=\"EN-US\" style=\"color: #000000;\">Copland, Aaron<\/span><\/td>\n<td valign=\"top\"><span lang=\"EN-US\" style=\"color: #000000;\">Fanfare for the common man<\/span><\/td>\n<td valign=\"top\"><span style=\"color: #000000;\">\u00a0<\/span><\/td>\n<\/tr>\n<tr>\n<td valign=\"top\"><span style=\"color: #000000;\">Gomes, Carlos<\/span><\/td>\n<td valign=\"top\"><span style=\"color: #000000;\">Fosca Overture<\/span><\/td>\n<td valign=\"top\"><span style=\"color: #000000;\">\u00a0<\/span><\/td>\n<\/tr>\n<tr>\n<td valign=\"top\"><span lang=\"EN-US\" style=\"color: #000000;\">Tchaikovsky, Piotr Ilyich<\/span><\/td>\n<td valign=\"top\"><span lang=\"EN-US\" style=\"color: #000000;\">Concerto for Piano and Orchestra No.1 in Bb minor, op.23<\/span><\/td>\n<td valign=\"top\"><span lang=\"EN-US\" style=\"color: #000000;\">Daniel Burlet<\/span><\/td>\n<\/tr>\n<tr>\n<td valign=\"top\"><span lang=\"EN-US\" style=\"color: #000000;\">Mozart, Wolfgang Amadeus<\/span><\/td>\n<td valign=\"top\"><span lang=\"EN-US\" style=\"color: #000000;\">The marriage of Figaro Overture, K.492<\/span><\/td>\n<td valign=\"top\"><span style=\"color: #000000;\">\u00a0<\/span><\/td>\n<\/tr>\n<tr>\n<td valign=\"top\"><span lang=\"EN-US\" style=\"color: #000000;\">Strauss, Johann, Jr.<\/span><\/td>\n<td valign=\"top\"><span style=\"color: #000000;\"><span lang=\"EN-US\">An der sch\u00f6nen blauen Donau, op.314 (<\/span><span lang=\"EN-US\">On the beautiful blue Danube)<\/span><\/span><\/td>\n<td valign=\"top\"><span style=\"color: #000000;\">\u00a0<\/span><\/td>\n<\/tr>\n<tr>\n<td valign=\"top\"><span style=\"color: #000000;\">Guarneri, Camargo<\/span><\/td>\n<td valign=\"top\"><span style=\"color: #000000;\">Dansa Brasileira<\/span><\/td>\n<td valign=\"top\"><span style=\"color: #000000;\">\u00a0<\/span><\/td>\n<\/tr>\n<tr>\n<td valign=\"top\"><span style=\"color: #000000;\">Fernandez, Lorenzo<\/span><\/td>\n<td valign=\"top\"><span style=\"color: #000000;\">Batuque &#8211; Dansa de Negros<\/span><\/td>\n<td valign=\"top\"><span style=\"color: #000000;\">\u00a0<\/span><\/td>\n<\/tr>\n<tr>\n<td valign=\"top\"><span style=\"color: #000000;\">Elgar, Edward<\/span><\/td>\n<td valign=\"top\"><span style=\"color: #000000;\">Pomp and Circumstance No.1in D major, op.39<\/span><\/td>\n<td valign=\"top\"><span style=\"color: #000000;\">\u00a0<\/span><\/td>\n<\/tr>\n<tr>\n<td rowspan=\"3\" valign=\"top\" bgcolor=\"#95aabf\">\n<p><span style=\"color: #000000;\">08\/08\/99<\/span><\/p>\n<p><span style=\"color: #000000;\"><strong> Orquestra Sinf\u00f4nica Nacional \u2013 UFF<\/strong><\/span><\/p>\n<p><span style=\"color: #000000;\"> Centro de Artes UFF, Niter\u00f3i, Rio de Janeiro, Brasil<\/span><\/p>\n<p><span lang=\"EN-US\">V International Cello Encounter<\/span><\/p>\n<p><span style=\"color: #000000;\">\u00a0<\/span><\/td>\n<td valign=\"top\" bgcolor=\"#95aabf\"><span lang=\"EN-US\" style=\"color: #000000;\">Jevtic, Ivan<\/span><\/td>\n<td valign=\"top\" bgcolor=\"#95aabf\"><span lang=\"EN-US\" style=\"color: #000000;\">Divertimento for 2 Violoncellos and String Orchestra<\/span><\/td>\n<td valign=\"top\" bgcolor=\"#95aabf\"><span style=\"color: #000000;\">F\u00e1bio Soren Presgrave and T\u00e2nia Lisboa<\/span><\/td>\n<\/tr>\n<tr>\n<td valign=\"top\" bgcolor=\"#95aabf\"><span lang=\"EN-US\" style=\"color: #000000;\">Tchaikovsky, Piotr Ilyich<\/span><\/td>\n<td valign=\"top\" bgcolor=\"#95aabf\"><span lang=\"EN-US\" style=\"color: #000000;\">Rococ\u00f3 Variations for Violoncello and Orchestra,, op.33<\/span><\/td>\n<td valign=\"top\" bgcolor=\"#95aabf\"><span style=\"color: #000000;\">Saulo Moura de Almeida<\/span><\/td>\n<\/tr>\n<tr>\n<td valign=\"top\" bgcolor=\"#95aabf\"><span lang=\"EN-US\" style=\"color: #000000;\">Brahms, Johannes<\/span><\/td>\n<td valign=\"top\" bgcolor=\"#95aabf\"><span lang=\"EN-US\" style=\"color: #000000;\">Concerto for Violin and Violoncello in A minor, op.102 (Double Concerto)<\/span><\/td>\n<td valign=\"top\" bgcolor=\"#95aabf\"><span style=\"color: #000000;\">Ricardo Amado, Hugo Pilger<\/span><\/td>\n<\/tr>\n<tr>\n<td rowspan=\"2\" valign=\"top\">\n<p><span style=\"color: #000000;\">13\/08\/99<\/span><\/p>\n<p><span style=\"color: #000000;\"><strong> Orquestra Sinf\u00f4nica Nacional \u2013 UFF<\/strong><\/span><\/p>\n<p><span style=\"color: #000000;\"> Centro de Artes UFF, Niter\u00f3i, Rio de Janeiro, Brasil Jos\u00e9 Concerto em homenagem a Jos\u00e9 Saramago por ocasi\u00e3o do recebimento do t\u00edtulo Dr. Honoris Causa\u00a0\u00a0na UFF<\/span><\/td>\n<td valign=\"top\"><span style=\"color: #000000;\">Freitas Branco, Lu\u00eds de<\/span><\/td>\n<td valign=\"top\"><span style=\"color: #000000;\">Para\u00edsos Artificiais<\/span><\/td>\n<td valign=\"top\"><span style=\"color: #000000;\">\u00a0<\/span><\/td>\n<\/tr>\n<tr>\n<td valign=\"top\"><span style=\"color: #000000;\">Gomes, Carlos<\/span><\/td>\n<td valign=\"top\"><span style=\"color: #000000;\">Fosca Overture<\/span><\/td>\n<td valign=\"top\"><span style=\"color: #000000;\">\u00a0<\/span><\/td>\n<\/tr>\n<tr>\n<td rowspan=\"2\" valign=\"top\" bgcolor=\"#95aabf\">\n<p><span style=\"color: #000000;\">21\/08\/99<\/span><\/p>\n<p><strong><span style=\"color: #000000;\"> Orquestra Sinf\u00f4nica Nacional \u2013 UFF<\/span><\/strong><\/p>\n<p><span style=\"color: #000000;\"> Sala Cec\u00edlia Meireles, Rio de Janeiro, Brasil\u00a0<\/span><\/p>\n<p><span style=\"color: #000000;\">22\/08\/99<\/span><\/p>\n<p><span style=\"color: #000000;\"> Centro de Artes UFF, Niter\u00f3i, Rio de Janeiro, Brasil<\/span><\/td>\n<td valign=\"top\" bgcolor=\"#95aabf\"><span style=\"color: #000000;\"><span lang=\"EN-US\">Dvor\u00e1k,<\/span><span lang=\"EN-US\">Antonin<\/span><\/span><\/td>\n<td valign=\"top\" bgcolor=\"#95aabf\"><span lang=\"EN-US\" style=\"color: #000000;\">Concerto for Violin and Orchestra in A minor, op.53<\/span><\/td>\n<td valign=\"top\" bgcolor=\"#95aabf\"><span style=\"color: #000000;\">Cl\u00e1udio Cruz<\/span><\/td>\n<\/tr>\n<tr>\n<td valign=\"top\" bgcolor=\"#95aabf\"><span style=\"color: #000000;\">Brahms, Johannes<\/span><\/td>\n<td valign=\"top\" bgcolor=\"#95aabf\"><span lang=\"EN-US\" style=\"color: #000000;\">Symphony No.1 in C minor, op.68<\/span><\/td>\n<td valign=\"top\" bgcolor=\"#95aabf\"><span style=\"color: #000000;\">\u00a0<\/span><\/td>\n<\/tr>\n<tr>\n<td rowspan=\"3\" valign=\"top\">\n<p><span style=\"color: #000000;\">12\/09\/99<\/span><\/p>\n<p><strong><span style=\"color: #000000;\"> Orquestra Sinf\u00f4nica Nacional \u2013 UFF<\/span><\/strong><\/p>\n<p><span style=\"color: #000000;\"> Centro de Artes UFF, Niter\u00f3i, Rio de Janeiro, Brasil Homenagem \u00e0 Sociedade de Amigos da OSN<\/span><\/td>\n<td valign=\"top\"><span lang=\"EN-US\" style=\"color: #000000;\">Franck, C\u00e9sar<\/span><\/td>\n<td valign=\"top\"><span lang=\"EN-US\" style=\"color: #000000;\">Symphonic Variations for piano and orchestra<\/span><\/td>\n<td valign=\"top\"><span style=\"color: #000000;\">S\u00e9rgio Monteiro<\/span><\/td>\n<\/tr>\n<tr>\n<td valign=\"top\"><span style=\"color: #000000;\">Fernandez, Lorenzo<\/span><\/td>\n<td valign=\"top\"><span style=\"color: #000000;\">Reisado do Pastoreio Suite<\/span><\/td>\n<td valign=\"top\"><span style=\"color: #000000;\">\u00a0<\/span><\/td>\n<\/tr>\n<tr>\n<td valign=\"top\"><span lang=\"EN-US\" style=\"color: #000000;\">Franck, C\u00e9sar<\/span><\/td>\n<td valign=\"top\"><span lang=\"EN-US\" style=\"color: #000000;\">Symphony in D minor<\/span><\/td>\n<td valign=\"top\"><span style=\"color: #000000;\">\u00a0<\/span><\/td>\n<\/tr>\n<tr>\n<td rowspan=\"4\" valign=\"top\" bgcolor=\"#95aabf\">\n<p><span style=\"color: #000000;\">26\/09\/99<\/span><\/p>\n<p><strong><span style=\"color: #000000;\"> Orquestra Sinf\u00f4nica Nacional \u2013 UFF<\/span><\/strong><\/p>\n<p><span style=\"color: #000000;\"> Centro de Artes UFF, Niter\u00f3i, Rio de Janeiro, Brasil<\/span><\/p>\n<p><span style=\"color: #000000;\"> Concerto de Gala do IV Encontro Brasileiro de Clarinetistas<\/span><\/td>\n<td valign=\"top\" bgcolor=\"#95aabf\"><span lang=\"ES-TRAD\" style=\"color: #000000;\">Villa-Lobos, Heitor<\/span><\/td>\n<td valign=\"top\" bgcolor=\"#95aabf\"><span style=\"color: #000000;\">Bachianas No.4 &#8211; Pr\u00e9lude<\/span><\/td>\n<td valign=\"top\" bgcolor=\"#95aabf\"><span style=\"color: #000000;\">\u00a0<\/span><\/td>\n<\/tr>\n<tr>\n<td valign=\"top\" bgcolor=\"#95aabf\"><span lang=\"EN-US\" style=\"color: #000000;\">Krommer<\/span><\/td>\n<td valign=\"top\" bgcolor=\"#95aabf\">\n<p><span lang=\"EN-US\" style=\"color: #000000;\">Divertimento for 2 clarinets<\/span><\/p>\n<p><span style=\"color: #000000;\">\u00a0<\/span><\/td>\n<td valign=\"top\" bgcolor=\"#95aabf\"><span style=\"color: #000000;\">Fernando Silveira e Cristiano Alves<\/span><\/td>\n<\/tr>\n<tr>\n<td valign=\"top\" bgcolor=\"#95aabf\"><span lang=\"EN-US\" style=\"color: #000000;\">Mercadante, Saverio<\/span><\/td>\n<td valign=\"top\" bgcolor=\"#95aabf\"><span lang=\"EN-US\" style=\"color: #000000;\">Concerto for Clarinet and Orchestra<\/span><\/td>\n<td valign=\"top\" bgcolor=\"#95aabf\"><span lang=\"EN-US\" style=\"color: #000000;\">Luiz Rossi<\/span><\/td>\n<\/tr>\n<tr>\n<td valign=\"top\" bgcolor=\"#95aabf\"><span lang=\"EN-US\" style=\"color: #000000;\">Mozart, Wolfgang Amadeus<\/span><\/td>\n<td valign=\"top\" bgcolor=\"#95aabf\"><span lang=\"EN-US\" style=\"color: #000000;\">Symphony No.35 in D minor, K.385, &#8220;Haffner&#8221;<\/span><\/td>\n<td valign=\"top\" bgcolor=\"#95aabf\"><span style=\"color: #000000;\">\u00a0<\/span><\/td>\n<\/tr>\n<tr>\n<td rowspan=\"5\" valign=\"top\">\n<p><span style=\"color: #000000;\">30\/09\/99<\/span><\/p>\n<p><strong><span style=\"color: #000000;\"> Orquestra Sinf\u00f4nica Nacional \u2013 UFF<\/span><\/strong><\/p>\n<p><span style=\"color: #000000;\"> Clube Portugu\u00eas<\/span><\/p>\n<p><span style=\"color: #000000;\"> Concerto beneficente em prol da Creche Sta.\u00a0<span lang=\"EN-US\">Edwiges<\/span><\/span><\/td>\n<td rowspan=\"2\" valign=\"top\"><span lang=\"EN-US\" style=\"color: #000000;\">Bach, Johann Sebastian<\/span><\/td>\n<td valign=\"top\"><span lang=\"EN-US\" style=\"color: #000000;\">Suite (Overture) No.3, BWV 1068 in D major<\/span><\/td>\n<td valign=\"top\"><span style=\"color: #000000;\">\u00a0<\/span><\/td>\n<\/tr>\n<tr>\n<td valign=\"top\"><span lang=\"EN-US\" style=\"color: #000000;\">Loure (from 3rd. Suite for Violoncello)<\/span><\/td>\n<td valign=\"top\"><span style=\"color: #000000;\">\u00a0<\/span><\/td>\n<\/tr>\n<tr>\n<td valign=\"top\"><span lang=\"ES-TRAD\" style=\"color: #000000;\">Villa-Lobos, Heitor<\/span><\/td>\n<td valign=\"top\"><span style=\"color: #000000;\">Bachianas No.4 &#8211; Pr\u00e9lude<\/span><\/td>\n<td valign=\"top\"><span style=\"color: #000000;\">\u00a0<\/span><\/td>\n<\/tr>\n<tr>\n<td valign=\"top\"><span lang=\"EN-US\" style=\"color: #000000;\">Mozart, Wolfgang Amadeus<\/span><\/td>\n<td valign=\"top\"><span lang=\"EN-US\" style=\"color: #000000;\">Eine kleine Nachtmusik, K.525<\/span><\/td>\n<td valign=\"top\"><span style=\"color: #000000;\">\u00a0<\/span><\/td>\n<\/tr>\n<tr>\n<td valign=\"top\"><span lang=\"EN-US\" style=\"color: #000000;\">Vivaldi, Antonio<\/span><\/td>\n<td valign=\"top\"><span lang=\"EN-US\" style=\"color: #000000;\">Four Seasons for violin and Orchestra<\/span><\/td>\n<td valign=\"top\"><span style=\"color: #000000;\">Carmelita Reis de Souza<\/span><\/td>\n<\/tr>\n<tr>\n<td rowspan=\"2\" valign=\"top\" bgcolor=\"#95aabf\">\n<p><span style=\"color: #000000;\"><span lang=\"ES-TRAD\">15\/10\/99<\/span><\/span><\/p>\n<p><strong>Orquestra Sinf\u00f3nica UNCuyo<\/strong><\/p>\n<p>Teatro Universidad, Mendoza, Argentina<\/p>\n<p><span lang=\"EN-US\">OSUNCuyo Temporada Oficial \u2013 11o. Programa<\/span><\/td>\n<td valign=\"top\" bgcolor=\"#95aabf\"><span lang=\"EN-US\" style=\"color: #000000;\">Mendelssohn, Felix<\/span><\/td>\n<td valign=\"top\" bgcolor=\"#95aabf\"><span style=\"color: #000000;\"><span lang=\"EN-US\">The Hebrides\u00a0<\/span><span lang=\"EN-US\">in B minor,<\/span><span lang=\"EN-US\">\u00a0op.26 (Fingal&#8217;s Cave Overture)<\/span><\/span><\/td>\n<td valign=\"top\" bgcolor=\"#95aabf\"><span style=\"color: #000000;\">\u00a0<\/span><\/td>\n<\/tr>\n<tr>\n<td valign=\"top\" bgcolor=\"#95aabf\"><span lang=\"EN-US\" style=\"color: #000000;\">Mozart, Wolfgang Amadeus<\/span><\/td>\n<td valign=\"top\" bgcolor=\"#95aabf\"><span lang=\"EN-US\" style=\"color: #000000;\">Symphony No.35 in D minor, K.385, &#8220;Haffner&#8221;<\/span><\/td>\n<td valign=\"top\" bgcolor=\"#95aabf\"><span style=\"color: #000000;\">\u00a0<\/span><\/td>\n<\/tr>\n<tr>\n<td rowspan=\"2\" valign=\"top\">\n<p><span style=\"color: #000000;\"><span lang=\"ES-TRAD\">23\/10\/99<\/span><\/span><\/p>\n<p><strong>Orquestra Sinf\u00f3nica UNCuyo<\/strong><\/p>\n<p>Teatro Universidad, Mendoza, Argentina<\/p>\n<p>OSUNCuyo Temporada Oficial &#8211; 12o. Programa<\/td>\n<td valign=\"top\"><span lang=\"ES-TRAD\" style=\"color: #000000;\">Rachmaninoff, Sergei<\/span><\/td>\n<td valign=\"top\"><span lang=\"ES-TRAD\" style=\"color: #000000;\">Concerto for Piano and Orchestra No.3 in D minor, op.30\u00a0\u00a0\u00a0<\/span><\/td>\n<td valign=\"top\"><span lang=\"ES-TRAD\" style=\"color: #000000;\">Maxim Mogilevsky<\/span><\/td>\n<\/tr>\n<tr>\n<td valign=\"top\"><span lang=\"ES-TRAD\" style=\"color: #000000;\">Franck, C\u00e9sar<\/span><\/td>\n<td valign=\"top\"><span lang=\"EN-US\" style=\"color: #000000;\">Symphony in D minor<\/span><\/td>\n<td valign=\"top\"><span style=\"color: #000000;\">\u00a0<\/span><\/td>\n<\/tr>\n<tr>\n<td valign=\"top\" bgcolor=\"#95aabf\">\n<p><span style=\"color: #000000;\"><span lang=\"EN-US\">Outubro\/99<\/span><\/span><\/p>\n<p><strong>Slovenia Radio and TV Symphony Orchestra, Ljubljana, Slovenia<\/strong><\/p>\n<p>Grava\u00e7\u00e3o de CD<\/td>\n<td valign=\"top\" bgcolor=\"#95aabf\"><span lang=\"EN-US\" style=\"color: #000000;\">Rachmaninoff, Sergei<\/span><\/td>\n<td valign=\"top\" bgcolor=\"#95aabf\"><span lang=\"EN-US\" style=\"color: #000000;\">Rhapsody on a Theme by Paganini, op.43<\/span><\/td>\n<td valign=\"top\" bgcolor=\"#95aabf\"><span style=\"color: #000000;\">Luiz Carlos de Moura Castro<\/span><\/td>\n<\/tr>\n<tr>\n<td valign=\"top\">\n<p><span style=\"color: #000000;\">07\/11\/99<\/span><\/p>\n<p><strong><span style=\"color: #000000;\"> Orquestra Sinf\u00f4nica Nacional &#8211; UFF<\/span><\/strong><\/p>\n<p><span style=\"color: #000000;\"> Centro de Artes UFF, Niter\u00f3i, Rio de Janeiro, Brasil<\/span><\/p>\n<p><span style=\"color: #000000;\"> \u00a010\/11\/99<\/span><\/p>\n<p><span style=\"color: #000000;\"> Igreja da Candel\u00e1ria, Rio de Janeiro, Brasil<\/span><\/p>\n<p><span style=\"color: #000000;\"> Homenagem ao Maestro Armando Prazeres<\/span><\/td>\n<td valign=\"top\"><span style=\"color: #000000;\">Garcia, Jos\u00e9 Maur\u00edcio Nunes<\/span><\/td>\n<td valign=\"top\"><span style=\"color: #000000;\">Missa de Requiem in D minor<\/span><\/td>\n<td valign=\"top\"><span style=\"color: #000000;\">Veruschka Bluhm, Luciana Costa e Silva, Luciano Botelho, Pedro Olivero \/ Associa\u00e7\u00e3o de Canto Coral<\/span><\/td>\n<\/tr>\n<tr>\n<td rowspan=\"2\" valign=\"top\" bgcolor=\"#95aabf\">\n<p><span style=\"color: #000000;\">05\/12\/99<\/span><\/p>\n<p><strong><span style=\"color: #000000;\"> Orquestra Sinf\u00f4nica Nacional &#8211; UFF<\/span><\/strong><\/p>\n<p><span style=\"color: #000000;\"> Centro de Artes UFF, Niter\u00f3i, Rio de Janeiro, Brasil<\/span><\/p>\n<p><span style=\"color: #000000;\"> Concerto em benef\u00edcio da Pediatria do Hospital Ant\u00f4nio Pedro<\/span><\/td>\n<td valign=\"top\" bgcolor=\"#95aabf\">\n<p><span lang=\"EN-US\" style=\"color: #000000;\">Ravel, Maurice<\/span><\/p>\n<p><span style=\"color: #000000;\">\u00a0<\/span><\/td>\n<td valign=\"top\" bgcolor=\"#95aabf\"><span lang=\"EN-US\" style=\"color: #000000;\">Concerto for Piano and Orchestra in G major<\/span><\/td>\n<td valign=\"top\" bgcolor=\"#95aabf\"><span lang=\"EN-US\" style=\"color: #000000;\">Sylvia Thereza<\/span><\/td>\n<\/tr>\n<tr>\n<td valign=\"top\" bgcolor=\"#95aabf\"><span style=\"color: #000000;\"><span lang=\"EN-US\">Dvor\u00e1k,<\/span><span lang=\"EN-US\">Antonin<\/span><\/span><\/td>\n<td valign=\"top\" bgcolor=\"#95aabf\"><span lang=\"EN-US\" style=\"color: #000000;\">Symphony No.9 in E minor, op.95,\u00a0\u00a0&#8220;From the New World&#8221;\u00a0\u00a0<\/span><\/td>\n<td valign=\"top\" bgcolor=\"#95aabf\"><span style=\"color: #000000;\">\u00a0<\/span><\/td>\n<\/tr>\n<tr>\n<td rowspan=\"2\" valign=\"top\">\n<p><span style=\"color: #000000;\">19\/12\/99 e 22\/12\/99<\/span><\/p>\n<p><strong><span style=\"color: #000000;\"> Orquestra Sinf\u00f4nica Nacional &#8211; UFF<\/span><\/strong><\/p>\n<p><span style=\"color: #000000;\"> Centro de Artes UFF, Niter\u00f3i, Rio de Janeiro, Brasil<\/span><\/p>\n<p><span style=\"color: #000000;\"> Concerto de Natal e Homenagem aos 60 anos de Ricardo Tacuchian<\/span><\/td>\n<td valign=\"top\"><span style=\"color: #000000;\">Tacuchian, Ricardo<\/span><\/td>\n<td valign=\"top\"><span style=\"color: #000000;\">Cantata de Natal for Soprano, Baritone, Narrator, Choir and Orchestra<\/span><\/td>\n<td valign=\"top\"><span style=\"color: #000000;\">Magda Belloti , In\u00e1cio de Nonno \/\u00a0\u00a0Coral Todo-Tom; Coral Firjan; Coral Ypiranga; Coral Arco-\u00cdris<\/span><\/td>\n<\/tr>\n<tr>\n<td valign=\"top\"><span lang=\"EN-US\" style=\"color: #000000;\">Mozart, Wolfgang Amadeus<\/span><\/td>\n<td valign=\"top\"><span lang=\"EN-US\" style=\"color: #000000;\">Symphony No.41 in C major, K.551 \u201cJ\u00fapiter\u201d<\/span><\/td>\n<td valign=\"top\"><span style=\"color: #000000;\">\u00a0<\/span><\/td>\n<\/tr>\n<\/tbody>\n<\/table>\n<p>[\/vc_column_text][\/vc_column][\/vc_row]<\/p>\n","protected":false},"excerpt":{"rendered":"<p>[vc_row section_bottom_margin=&#8221;nobottommargin&#8221;][vc_column][vc_custom_heading text=&#8221;- 1999 -&#8221; font_container=&#8221;tag:h2|text_align:center&#8221;][vc_column_text] 07\/03\/99 Orquestra Sinf\u00f4nica Nacional &#8211; UFF Centro [&hellip;]<\/p>\n","protected":false},"author":1,"featured_media":0,"parent":0,"menu_order":0,"comment_status":"open","ping_status":"open","template":"template\/template-landing-page-vc.php","meta":{"footnotes":""},"class_list":["post-1005","page","type-page","status-publish","hentry"],"_links":{"self":[{"href":"https:\/\/ligiaamadio.net\/a\/wp-json\/wp\/v2\/pages\/1005","targetHints":{"allow":["GET"]}}],"collection":[{"href":"https:\/\/ligiaamadio.net\/a\/wp-json\/wp\/v2\/pages"}],"about":[{"href":"https:\/\/ligiaamadio.net\/a\/wp-json\/wp\/v2\/types\/page"}],"author":[{"embeddable":true,"href":"https:\/\/ligiaamadio.net\/a\/wp-json\/wp\/v2\/users\/1"}],"replies":[{"embeddable":true,"href":"https:\/\/ligiaamadio.net\/a\/wp-json\/wp\/v2\/comments?post=1005"}],"version-history":[{"count":4,"href":"https:\/\/ligiaamadio.net\/a\/wp-json\/wp\/v2\/pages\/1005\/revisions"}],"predecessor-version":[{"id":1293,"href":"https:\/\/ligiaamadio.net\/a\/wp-json\/wp\/v2\/pages\/1005\/revisions\/1293"}],"wp:attachment":[{"href":"https:\/\/ligiaamadio.net\/a\/wp-json\/wp\/v2\/media?parent=1005"}],"curies":[{"name":"wp","href":"https:\/\/api.w.org\/{rel}","templated":true}]}}