{"id":1112,"date":"2015-08-24T14:02:49","date_gmt":"2015-08-24T14:02:49","guid":{"rendered":"http:\/\/ligiaamadio.net\/a\/?page_id=1112"},"modified":"2015-08-28T15:15:43","modified_gmt":"2015-08-28T15:15:43","slug":"2007-2","status":"publish","type":"page","link":"https:\/\/ligiaamadio.net\/a\/2007-2\/","title":{"rendered":"2007"},"content":{"rendered":"<p>[vc_row section_bottom_margin=&#8221;nobottommargin&#8221;][vc_column][vc_custom_heading text=&#8221;- 2007 -&#8221; font_container=&#8221;tag:h2|text_align:center&#8221;][vc_column_text]<\/p>\n<table border=\"0\" width=\"99%\" cellspacing=\"0\" cellpadding=\"0\">\n<tbody>\n<tr>\n<td rowspan=\"3\" valign=\"top\" bgcolor=\"#95aabf\" width=\"34%\">\n<p><span style=\"color: #000000;\">19 feb 2007<\/span><\/p>\n<p><strong><span style=\"color: #000000;\"> Vojvodina Symphonic Orchestra<\/span><\/strong><\/p>\n<p><span style=\"color: #000000;\"> Sinagoga Concert Hall, Novi Sad, Servia, 20:00h<\/span><\/td>\n<td valign=\"top\" bgcolor=\"#95aabf\" width=\"18%\"><span style=\"color: #000000;\">Sibelius, Jean<\/span><\/td>\n<td valign=\"top\" bgcolor=\"#95aabf\" width=\"21%\"><span style=\"color: #000000;\">Symphony n.1, op.39, E minor<\/span><\/td>\n<td valign=\"top\" bgcolor=\"#95aabf\" width=\"21%\"><span style=\"color: #000000;\">\u00a0<\/span><\/td>\n<\/tr>\n<tr>\n<td valign=\"top\" bgcolor=\"#95aabf\" width=\"18%\"><span style=\"color: #000000;\">Desenclos, Alfred<\/span><\/td>\n<td valign=\"top\" bgcolor=\"#95aabf\" width=\"21%\"><span style=\"color: #000000;\">Incantation, Threnes et Dance for trumpet and orchestra<\/span><\/td>\n<td valign=\"top\" bgcolor=\"#95aabf\" width=\"21%\"><span style=\"color: #000000;\">Nenad Markovic (trumpet)<\/span><\/td>\n<\/tr>\n<tr>\n<td valign=\"top\" bgcolor=\"#95aabf\" width=\"18%\"><span style=\"color: #000000;\">Villa-Lobos, Heitor<\/span><\/td>\n<td valign=\"top\" bgcolor=\"#95aabf\" width=\"21%\"><span style=\"color: #000000;\">Bachianas n.4<\/span><\/td>\n<td valign=\"top\" bgcolor=\"#95aabf\" width=\"21%\"><span style=\"color: #000000;\">\u00a0<\/span><\/td>\n<\/tr>\n<tr>\n<td rowspan=\"3\" valign=\"top\" width=\"34%\">\n<p><span style=\"color: #000000;\">09, 10 mar 2007<\/span><\/p>\n<p><strong><span style=\"color: #000000;\"> Orquesta Filarm\u00f3nica de Bogot\u00e1<\/span><\/strong><\/p>\n<p><span style=\"color: #000000;\"> 09.03: Audit\u00f3rio Fabio Lozano, Bogot\u00e1, Colombia 19:30h<\/span><\/p>\n<p><span style=\"color: #000000;\"> 10.03: Audit\u00f3rio Leon de Greiff, Bogot\u00e1, Colombia 16h<\/span><\/td>\n<td valign=\"top\" width=\"18%\"><span style=\"color: #000000;\">Scriabin, Alexander<\/span><\/td>\n<td valign=\"top\" width=\"21%\"><span style=\"color: #000000;\"><em>Symphony N.2<\/em>, op.29, C minor<\/span><\/td>\n<td valign=\"top\" width=\"21%\"><span style=\"color: #000000;\">\u00a0<\/span><\/td>\n<\/tr>\n<tr>\n<td valign=\"top\" width=\"18%\"><span style=\"color: #000000;\">Bacewicz, Grazyna<\/span><\/td>\n<td valign=\"top\" width=\"21%\"><span style=\"color: #000000;\"><em>Pensamientos nocturnos<\/em><\/span><\/td>\n<td valign=\"top\" width=\"21%\"><span style=\"color: #000000;\">\u00a0<\/span><\/td>\n<\/tr>\n<tr>\n<td valign=\"top\" width=\"18%\"><span style=\"color: #000000;\">Lara, Ana<\/span><\/td>\n<td valign=\"top\" width=\"21%\"><span style=\"color: #000000;\">La v\u00edspera<\/span><\/td>\n<td valign=\"top\" width=\"21%\"><span style=\"color: #000000;\">\u00a0<\/span><\/td>\n<\/tr>\n<tr>\n<td rowspan=\"4\" valign=\"top\" bgcolor=\"#95AABF\" width=\"34%\">\n<p><span style=\"color: #000000;\">25 mar 2007<\/span><\/p>\n<p><strong><span style=\"color: #000000;\"> Orquestra Sinf\u00f4nica Nacional &#8211; UFF<\/span><\/strong><\/p>\n<p><span style=\"color: #000000;\"> Centro de Artes UFF, Niter\u00f3i, Brasil 10:30h<\/span><\/td>\n<td valign=\"top\" bgcolor=\"#95AABF\" width=\"18%\"><span style=\"color: #000000;\">Mozart, Wolfgang Amadeus<\/span><\/td>\n<td valign=\"top\" bgcolor=\"#95AABF\" width=\"21%\"><span style=\"color: #000000;\">D. Giovanni Overture, K.527<\/span><\/td>\n<td valign=\"top\" bgcolor=\"#95AABF\" width=\"21%\"><span style=\"color: #000000;\">\u00a0<\/span><\/td>\n<\/tr>\n<tr>\n<td valign=\"top\" bgcolor=\"#95AABF\" width=\"18%\"><span style=\"color: #000000;\">Wagner, Richard<\/span><\/td>\n<td valign=\"top\" bgcolor=\"#95AABF\" width=\"21%\"><span style=\"color: #000000;\">Siegfried-Idyll<\/span><\/td>\n<td valign=\"top\" bgcolor=\"#95AABF\" width=\"21%\"><span style=\"color: #000000;\">\u00a0<\/span><\/td>\n<\/tr>\n<tr>\n<td valign=\"top\" bgcolor=\"#95AABF\" width=\"18%\"><span style=\"color: #000000;\">Rossini. Gioacchino<\/span><\/td>\n<td valign=\"top\" bgcolor=\"#95AABF\" width=\"21%\"><span style=\"color: #000000;\">La Cenerentola Overture<\/span><\/td>\n<td valign=\"top\" bgcolor=\"#95AABF\" width=\"21%\"><span style=\"color: #000000;\">\u00a0<\/span><\/td>\n<\/tr>\n<tr>\n<td valign=\"top\" bgcolor=\"#95AABF\" width=\"18%\"><span style=\"color: #000000;\">Haydn, Joseph<\/span><\/td>\n<td valign=\"top\" bgcolor=\"#95AABF\" width=\"21%\"><span style=\"color: #000000;\">Sinfonia N.92, G major, \u201cOxford\u201d<\/span><\/td>\n<td valign=\"top\" bgcolor=\"#95AABF\" width=\"21%\"><span style=\"color: #000000;\">\u00a0<\/span><\/td>\n<\/tr>\n<tr>\n<td rowspan=\"3\" valign=\"top\" width=\"34%\">\n<p><span style=\"color: #000000;\">01 apr 2007<\/span><\/p>\n<p><strong><span style=\"color: #000000;\"> Orquestra Sinf\u00f4nica Nacional &#8211; UFF<\/span><\/strong><\/p>\n<p><span style=\"color: #000000;\"> Centro de Artes UFF, Niter\u00f3i, Brasil 10:30h<\/span><\/td>\n<td valign=\"top\" width=\"18%\"><span style=\"color: #000000;\">Copland, Aaron<\/span><\/td>\n<td valign=\"top\" width=\"21%\"><span style=\"color: #000000;\">Fanfare for the common man<\/span><\/td>\n<td valign=\"top\" width=\"21%\"><span style=\"color: #000000;\">\u00a0<\/span><\/td>\n<\/tr>\n<tr>\n<td valign=\"top\" width=\"18%\"><span style=\"color: #000000;\">Copland, Aaron<\/span><\/td>\n<td valign=\"top\" width=\"21%\"><span style=\"color: #000000;\">Appalachian Spring: Suite<\/span><\/td>\n<td valign=\"top\" width=\"21%\"><span style=\"color: #000000;\">\u00a0<\/span><\/td>\n<\/tr>\n<tr>\n<td valign=\"top\" width=\"18%\"><span style=\"color: #000000;\">Stravinsky, Igor<\/span><\/td>\n<td valign=\"top\" width=\"21%\"><span style=\"color: #000000;\">Danses Concertantes<\/span><\/td>\n<td valign=\"top\" width=\"21%\"><span style=\"color: #000000;\">\u00a0<\/span><\/td>\n<\/tr>\n<tr>\n<td rowspan=\"3\" bgcolor=\"#95AABF\">\n<p><span style=\"color: #000000;\">13, 15 apr 2007<\/span><\/p>\n<p><strong><span style=\"color: #000000;\"> Orquestra Sinf\u00f4nica Nacional &#8211; UFF<\/span><\/strong><\/p>\n<p><span style=\"color: #000000;\"> 13.04 \u2013 Theatro Municipal do Rio de Janeiro, Brasil<\/span><\/p>\n<p><span style=\"color: #000000;\"> 15.04 \u2013 Centro de Artes UFF, Niter\u00f3i, Brasil<\/span><\/p>\n<p><span style=\"color: #000000;\"> 10:30h<\/span><\/td>\n<td valign=\"top\" bgcolor=\"#95AABF\" width=\"18%\"><span style=\"color: #000000;\">Wagner, Richard<\/span><\/td>\n<td valign=\"top\" bgcolor=\"#95AABF\" width=\"21%\"><span style=\"color: #000000;\">Die Meistersinger\u00a0 &#8211; Prelude<\/span><\/td>\n<td valign=\"top\" bgcolor=\"#95AABF\" width=\"21%\"><span style=\"color: #000000;\">\u00a0<\/span><\/td>\n<\/tr>\n<tr>\n<td valign=\"top\" bgcolor=\"#95AABF\" width=\"18%\"><span style=\"color: #000000;\">Wagner, Richard<\/span><\/td>\n<td valign=\"top\" bgcolor=\"#95AABF\" width=\"21%\"><span style=\"color: #000000;\">Tristan und Isolde \u2013 Prelude und Liebestod<\/span><\/td>\n<td valign=\"top\" bgcolor=\"#95AABF\" width=\"21%\"><span style=\"color: #000000;\">C\u00e9line Imbert (soprano)<\/span><\/td>\n<\/tr>\n<tr>\n<td valign=\"top\" bgcolor=\"#95AABF\" width=\"18%\"><span style=\"color: #000000;\">Tchaikovsky, Piotr Ilyich<\/span><\/td>\n<td valign=\"top\" bgcolor=\"#95AABF\" width=\"21%\"><span style=\"color: #000000;\">Symphony n.5, op.64, E minor<\/span><\/td>\n<td valign=\"top\" bgcolor=\"#95AABF\" width=\"21%\"><span style=\"color: #000000;\">\u00a0<\/span><\/td>\n<\/tr>\n<tr>\n<td rowspan=\"4\">\n<p><span style=\"color: #000000;\">21, 22 apr 2007<\/span><\/p>\n<p><span style=\"color: #000000;\"><strong> Orquestra Sinf\u00f4nica Municipal de Campinas<\/strong> <\/span><\/p>\n<p><span style=\"color: #000000;\"> Centro de Conviv\u00eancia Cultural Carlos Gomes, Campinas, Brasil<\/span><\/p>\n<p><span style=\"color: #000000;\"> 21.04: 20h, 22.04: 11h<\/span><\/p>\n<p>&nbsp;<\/td>\n<td valign=\"top\" width=\"18%\"><span style=\"color: #000000;\">Glinka, Mikhail<\/span><\/td>\n<td valign=\"top\" width=\"21%\"><span style=\"color: #000000;\">Russlan and Ludmilla Overture<\/span><\/td>\n<td valign=\"top\" width=\"21%\"><span style=\"color: #000000;\">\u00a0<\/span><\/td>\n<\/tr>\n<tr>\n<td valign=\"top\" width=\"18%\"><span style=\"color: #000000;\">Arutyunyan, Alexander<\/span><\/td>\n<td valign=\"top\" width=\"21%\"><span style=\"color: #000000;\">Concerto for trumpet and orchestra<\/span><\/td>\n<td valign=\"top\" width=\"21%\"><span style=\"color: #000000;\">Paulo Ronqui (trumpet)<\/span><\/td>\n<\/tr>\n<tr>\n<td valign=\"top\" width=\"18%\"><span style=\"color: #000000;\">Copland, Aaron<\/span><\/td>\n<td valign=\"top\" width=\"21%\"><span style=\"color: #000000;\">Appalachian Spring \u2013 Ballet for Martha<\/span><\/td>\n<td valign=\"top\" width=\"21%\"><span style=\"color: #000000;\">\u00a0<\/span><\/td>\n<\/tr>\n<tr>\n<td valign=\"top\" width=\"18%\"><span style=\"color: #000000;\">Revueltas, Silvestre<\/span><\/td>\n<td valign=\"top\" width=\"21%\"><span style=\"color: #000000;\">Sensemay\u00e1<\/span><\/td>\n<td valign=\"top\" width=\"21%\"><span style=\"color: #000000;\">\u00a0<\/span><\/td>\n<\/tr>\n<tr>\n<td rowspan=\"3\" bgcolor=\"#95AABF\">\n<p><span style=\"color: #000000;\">06 may 2007<\/span><\/p>\n<p><strong><span style=\"color: #000000;\"> Orquestra Sinf\u00f4nica Nacional &#8211; UFF<\/span><\/strong><\/p>\n<p><span style=\"color: #000000;\"> Centro de Artes UFF, Niter\u00f3i, Brasil 10:30h<\/span><\/p>\n<p><span style=\"color: #000000;\">\u00a0<\/span><\/td>\n<td valign=\"top\" bgcolor=\"#95AABF\" width=\"18%\"><span style=\"color: #000000;\">Villani-C\u00f4rte, Edmundo<\/span><\/td>\n<td valign=\"top\" bgcolor=\"#95AABF\" width=\"21%\"><span style=\"color: #000000;\">Concerto n.3 for piano and orchestra<\/span><\/td>\n<td valign=\"top\" bgcolor=\"#95AABF\" width=\"21%\"><span style=\"color: #000000;\">F\u00e1bio Luz (piano)<\/span><\/td>\n<\/tr>\n<tr>\n<td valign=\"top\" bgcolor=\"#95AABF\" width=\"18%\"><span style=\"color: #000000;\">Sibelius, Jean<\/span><\/td>\n<td valign=\"top\" bgcolor=\"#95AABF\" width=\"21%\"><span style=\"color: #000000;\">The swan of Tuonela<\/span><\/td>\n<td valign=\"top\" bgcolor=\"#95AABF\" width=\"21%\"><span style=\"color: #000000;\">Harold Hemert (English horn)<\/span><\/td>\n<\/tr>\n<tr>\n<td valign=\"top\" bgcolor=\"#95AABF\" width=\"18%\"><span style=\"color: #000000;\">Sibelius, Jean<\/span><\/td>\n<td valign=\"top\" bgcolor=\"#95AABF\" width=\"21%\"><span style=\"color: #000000;\">Symphony N.1, op.39, E minor<\/span><\/td>\n<td valign=\"top\" bgcolor=\"#95AABF\" width=\"21%\"><span style=\"color: #000000;\">\u00a0<\/span><\/td>\n<\/tr>\n<tr>\n<td rowspan=\"4\">\n<p><span style=\"color: #000000;\">13 may 2007<\/span><\/p>\n<p><strong><span style=\"color: #000000;\"> Orquestra Sinf\u00f4nica Nacional &#8211; UFF<\/span><\/strong><\/p>\n<p><span style=\"color: #000000;\"> Centro de Artes UFF, Niter\u00f3i, Brasil 10:30h<\/span><\/p>\n<p><span style=\"color: #000000;\">Homenagem ao 1\u00ba.Anivers\u00e1rio do Centro de Cultura Fran\u00e7a-Alemanha<\/span><\/td>\n<td valign=\"top\" width=\"18%\"><span style=\"color: #000000;\">Ravel, Maurice<\/span><\/td>\n<td valign=\"top\" width=\"21%\"><span style=\"color: #000000;\">Pavana pour une infante d\u00e9funte<\/span><\/td>\n<td valign=\"top\" width=\"21%\"><span style=\"color: #000000;\">\u00a0<\/span><\/td>\n<\/tr>\n<tr>\n<td valign=\"top\" width=\"18%\"><span style=\"color: #000000;\">Beethoven, Ludwig Van<\/span><\/td>\n<td valign=\"top\" width=\"21%\"><span style=\"color: #000000;\">Egmont Overture<\/span><\/td>\n<td valign=\"top\" width=\"21%\"><span style=\"color: #000000;\">\u00a0<\/span><\/td>\n<\/tr>\n<tr>\n<td valign=\"top\" width=\"18%\"><span style=\"color: #000000;\">Debussy, Claude<\/span><\/td>\n<td valign=\"top\" width=\"21%\"><span style=\"color: #000000;\">Pr\u00e9lude \u00e0 l`apr\u00e8s-midi d`un faune<\/span><\/td>\n<td valign=\"top\" width=\"21%\"><span style=\"color: #000000;\">\u00a0<\/span><\/td>\n<\/tr>\n<tr>\n<td valign=\"top\" width=\"18%\"><span style=\"color: #000000;\">Brahms, Johannes<\/span><\/td>\n<td valign=\"top\" width=\"21%\"><span style=\"color: #000000;\">Tragic Overture, op.81<\/span><\/td>\n<td valign=\"top\" width=\"21%\"><span style=\"color: #000000;\">\u00a0<\/span><\/td>\n<\/tr>\n<tr>\n<td rowspan=\"3\" bgcolor=\"#95AABF\">\n<p><span style=\"color: #000000;\">20 may 2007<\/span><\/p>\n<p><strong><span style=\"color: #000000;\"> Orquestra Sinf\u00f4nica Nacional &#8211; UFF<\/span><\/strong><\/p>\n<p><span style=\"color: #000000;\"> Centro de Artes UFF, Niter\u00f3i, Brasil 10:30h<\/span><\/td>\n<td valign=\"top\" bgcolor=\"#95AABF\" width=\"18%\"><span style=\"color: #000000;\">Bart\u00f3k, B\u00e9la<\/span><\/td>\n<td valign=\"top\" bgcolor=\"#95AABF\" width=\"21%\"><span style=\"color: #000000;\">Rumanian Folk Dances<\/span><\/td>\n<td valign=\"top\" bgcolor=\"#95AABF\" width=\"21%\"><span style=\"color: #000000;\">\u00a0<\/span><\/td>\n<\/tr>\n<tr>\n<td valign=\"top\" bgcolor=\"#95AABF\" width=\"18%\"><span style=\"color: #000000;\">Falla, Manuel De<\/span><\/td>\n<td valign=\"top\" bgcolor=\"#95AABF\" width=\"21%\"><span style=\"color: #000000;\">El sombrero de tres picos<\/span><\/td>\n<td valign=\"top\" bgcolor=\"#95AABF\" width=\"21%\"><span style=\"color: #000000;\">\u00a0<\/span><\/td>\n<\/tr>\n<tr>\n<td valign=\"top\" bgcolor=\"#95AABF\" width=\"18%\"><span style=\"color: #000000;\">Tchaikovsky, Piotr Ilyich<\/span><\/td>\n<td valign=\"top\" bgcolor=\"#95AABF\" width=\"21%\"><span style=\"color: #000000;\">Romeo and Juliet\u00a0 Overture-fantasy<\/span><\/td>\n<td valign=\"top\" bgcolor=\"#95AABF\" width=\"21%\"><span style=\"color: #000000;\">\u00a0<\/span><\/td>\n<\/tr>\n<tr>\n<td rowspan=\"3\">\n<p><span style=\"color: #000000;\">01, 03 jun 2007<\/span><\/p>\n<p><strong><span style=\"color: #000000;\"> Orquestra Sinf\u00f4nica Nacional &#8211; UFF<\/span><\/strong><\/p>\n<p><span style=\"color: #000000;\"> Theatro Municipal do Rio de Janeiro, Brasil<\/span><\/p>\n<p><span style=\"color: #000000;\"> RIO FOLLE JOURN\u00c9E 2007<\/span><\/p>\n<p><span style=\"color: #000000;\"> 01.06: 20:30h<\/span><\/p>\n<p><span style=\"color: #000000;\"> 03.06: 11h<\/span><\/td>\n<td valign=\"top\" width=\"18%\"><span style=\"color: #000000;\">Falla, Manuel De<\/span><\/td>\n<td valign=\"top\" width=\"21%\"><span style=\"color: #000000;\">El sombrero de tres picos<\/span><\/td>\n<td valign=\"top\" width=\"21%\"><span style=\"color: #000000;\">\u00a0<\/span><\/td>\n<\/tr>\n<tr>\n<td valign=\"top\" width=\"18%\"><span style=\"color: #000000;\">Gried, Edvard<\/span><\/td>\n<td valign=\"top\" width=\"21%\"><span style=\"color: #000000;\">Concerto for piano and orchestra, op.16, A minor<\/span><\/td>\n<td valign=\"top\" width=\"21%\"><span style=\"color: #000000;\">Nelson Freire (piano)<\/span><\/td>\n<\/tr>\n<tr>\n<td valign=\"top\" width=\"18%\"><span style=\"color: #000000;\">Villa-Lobos, Heitor<\/span><\/td>\n<td valign=\"top\" width=\"21%\"><span style=\"color: #000000;\">Choros n.10 for orchestra and choir<\/span><\/td>\n<td valign=\"top\" width=\"21%\">\n<p><span style=\"color: #000000;\">Coral Brasil-Ensemble UFRJ<\/span><\/p>\n<p><span style=\"color: #000000;\"> (Conductor: Maria Jos\u00e9 Chevitarese)<\/span><\/td>\n<\/tr>\n<tr>\n<td rowspan=\"3\" bgcolor=\"#95AABF\">\n<p><span style=\"color: #000000;\">02 jun 2007<\/span><\/p>\n<p><strong><span style=\"color: #000000;\"> Orquestra Sinf\u00f4nica Nacional &#8211; UFF<\/span><\/strong><\/p>\n<p><span style=\"color: #000000;\"> Theatro Municipal do Rio de Janeiro, Brasil 11h<\/span><\/p>\n<p><span style=\"color: #000000;\"> RIO FOLLE JOURN\u00c9E 2007<\/span><\/td>\n<td valign=\"top\" bgcolor=\"#95AABF\" width=\"18%\"><span style=\"color: #000000;\">Bart\u00f3k, B\u00e9la<\/span><\/td>\n<td valign=\"top\" bgcolor=\"#95AABF\" width=\"21%\"><span style=\"color: #000000;\">Rumanian Folk Dances, Sz.68<\/span><\/td>\n<td valign=\"top\" bgcolor=\"#95AABF\" width=\"21%\"><span style=\"color: #000000;\">\u00a0<\/span><\/td>\n<\/tr>\n<tr>\n<td valign=\"top\" bgcolor=\"#95AABF\" width=\"18%\"><span style=\"color: #000000;\">Rachmaninoff, Sergei<\/span><\/td>\n<td valign=\"top\" bgcolor=\"#95AABF\" width=\"21%\"><span style=\"color: #000000;\">Concerto for piano and orchestra n.2, op.18, C minor<\/span><\/td>\n<td valign=\"top\" bgcolor=\"#95AABF\" width=\"21%\"><span style=\"color: #000000;\">Boris Berezovsky (piano)<\/span><\/td>\n<\/tr>\n<tr>\n<td valign=\"top\" bgcolor=\"#95AABF\" width=\"18%\"><span style=\"color: #000000;\">Tchaikovsky, Piotr Ilyich<\/span><\/td>\n<td valign=\"top\" bgcolor=\"#95AABF\" width=\"21%\"><span style=\"color: #000000;\">Romeo and Juliet\u00a0 Overture-fantasy<\/span><\/td>\n<td valign=\"top\" bgcolor=\"#95AABF\" width=\"21%\"><span style=\"color: #000000;\">\u00a0<\/span><\/td>\n<\/tr>\n<tr>\n<td rowspan=\"2\">\n<p><span style=\"color: #000000;\">02 jun 2007<\/span><\/p>\n<p><strong><span style=\"color: #000000;\"> Orquestra Sinf\u00f4nica Nacional &#8211; UFF<\/span><\/strong><\/p>\n<p><span style=\"color: #000000;\"> Theatro Municipal do Rio de Janeiro, Brasil 18h<\/span><\/p>\n<p><span style=\"color: #000000;\"> RIO FOLLE JOURN\u00c9E 2007<\/span><\/td>\n<td valign=\"top\" width=\"18%\"><span style=\"color: #000000;\">Dvor\u00e1k, Anton\u00edn<\/span><\/td>\n<td valign=\"top\" width=\"21%\"><span style=\"color: #000000;\">Concerto for violoncello and orchestra, op.104, B minor<\/span><\/td>\n<td valign=\"top\" width=\"21%\"><span style=\"color: #000000;\">Alexander Kniazev (violoncelo)<\/span><\/td>\n<\/tr>\n<tr>\n<td valign=\"top\" width=\"18%\"><span style=\"color: #000000;\">Ravel, Maurice<\/span><\/td>\n<td valign=\"top\" width=\"21%\"><span style=\"color: #000000;\">La Valse<\/span><\/td>\n<td valign=\"top\" width=\"21%\"><span style=\"color: #000000;\">\u00a0<\/span><\/td>\n<\/tr>\n<tr>\n<td rowspan=\"4\" bgcolor=\"#95AABF\">\n<p><span style=\"color: #000000;\">14 jul 2007<\/span><\/p>\n<p><strong><span style=\"color: #000000;\"> HARTWICK COLLEGE SUMMER MUSIC FESTIVAL<\/span><\/strong><\/p>\n<p><span style=\"color: #000000;\"> CHAMBER ORCHESTRA<\/span><\/p>\n<p><span style=\"color: #000000;\"> Anderson Theatre, Oneonta, U.S.A.<\/span><\/p>\n<p><span style=\"color: #000000;\"> 15:30h<\/span><\/p>\n<p><span style=\"color: #000000;\">\u00a0<\/span><\/td>\n<td valign=\"top\" bgcolor=\"#95AABF\" width=\"18%\"><span style=\"color: #000000;\">Copland, Aaron<\/span><\/td>\n<td valign=\"top\" bgcolor=\"#95AABF\" width=\"21%\"><span style=\"color: #000000;\">Quiet City<\/span><\/td>\n<td valign=\"top\" bgcolor=\"#95AABF\" width=\"21%\"><span style=\"color: #000000;\">Keri McCarthy (English horn), Scott Sabo (trumpet)<\/span><\/td>\n<\/tr>\n<tr>\n<td valign=\"top\" bgcolor=\"#95AABF\" width=\"18%\"><span style=\"color: #000000;\">Bart\u00f3k, B\u00e9la<\/span><\/td>\n<td valign=\"top\" bgcolor=\"#95AABF\" width=\"21%\"><span style=\"color: #000000;\">Rumanian Folk Dances, Sz.68<\/span><\/td>\n<td valign=\"top\" bgcolor=\"#95AABF\" width=\"21%\"><span style=\"color: #000000;\">\u00a0<\/span><\/td>\n<\/tr>\n<tr>\n<td valign=\"top\" bgcolor=\"#95AABF\" width=\"18%\"><span style=\"color: #000000;\">Ravel, Maurice<\/span><\/td>\n<td valign=\"top\" bgcolor=\"#95AABF\" width=\"21%\"><span style=\"color: #000000;\">Pavana pour une infante d\u00e9funte<\/span><\/td>\n<td valign=\"top\" bgcolor=\"#95AABF\" width=\"21%\"><span style=\"color: #000000;\">\u00a0<\/span><\/td>\n<\/tr>\n<tr>\n<td valign=\"top\" bgcolor=\"#95AABF\" width=\"18%\"><span style=\"color: #000000;\">Mozart, Wolfgang Amadeus<\/span><\/td>\n<td valign=\"top\" bgcolor=\"#95AABF\" width=\"21%\"><span style=\"color: #000000;\">Symphony n.35, D major<\/span><\/td>\n<td valign=\"top\" bgcolor=\"#95AABF\" width=\"21%\"><span style=\"color: #000000;\">\u00a0<\/span><\/td>\n<\/tr>\n<tr>\n<td rowspan=\"4\">\n<p><span style=\"color: #000000;\">14 jul 2007<\/span><\/p>\n<p><strong><span style=\"color: #000000;\"> HARTWICK COLLEGE SUMMER MUSIC FESTIVAL<\/span><\/strong><\/p>\n<p><span style=\"color: #000000;\"> FESTIVAL ORCHESTRA<\/span><\/p>\n<p><span style=\"color: #000000;\"> Anderson Theatre, Oneonta, U.S.A.<\/span><\/p>\n<p><span style=\"color: #000000;\"> 18:30h<\/span><\/td>\n<td valign=\"top\" width=\"18%\"><span style=\"color: #000000;\">Lorenzo Fern\u00e1ndez, Oscar<\/span><\/td>\n<td valign=\"top\" width=\"21%\"><span style=\"color: #000000;\">Batuque<\/span><\/td>\n<td valign=\"top\" width=\"21%\"><span style=\"color: #000000;\">\u00a0<\/span><\/td>\n<\/tr>\n<tr>\n<td valign=\"top\" width=\"18%\"><span style=\"color: #000000;\">M\u00e9ndolas, Juan L\u00e1zaro<\/span><\/td>\n<td valign=\"top\" width=\"21%\"><span style=\"color: #000000;\">Jutuan Maya; Yurita; Sapitay-Baguala; Carnavaleao y Recitao<\/span><\/td>\n<td valign=\"top\" width=\"21%\"><span style=\"color: #000000;\">Juan L\u00e1zaro M\u00e9ndolas (quena)<\/span><\/td>\n<\/tr>\n<tr>\n<td valign=\"top\" width=\"18%\"><span style=\"color: #000000;\">Ginastera, Alberto<\/span><\/td>\n<td valign=\"top\" width=\"21%\"><span style=\"color: #000000;\">Estancia, Suite op.8 a<\/span><\/td>\n<td valign=\"top\" width=\"21%\"><span style=\"color: #000000;\">\u00a0<\/span><\/td>\n<\/tr>\n<tr>\n<td valign=\"top\" width=\"18%\"><span style=\"color: #000000;\">Bernstein, Leonard<\/span><\/td>\n<td valign=\"top\" width=\"21%\"><span style=\"color: #000000;\">On the Town<\/span><\/td>\n<td valign=\"top\" width=\"21%\"><span style=\"color: #000000;\">\u00a0<\/span><\/td>\n<\/tr>\n<tr>\n<td rowspan=\"8\" bgcolor=\"#95AABF\">\n<p><span style=\"color: #000000;\">24 jul 2007 <\/span><\/p>\n<p><strong><span style=\"color: #000000;\"> Orquestra Sinf\u00f4nica Nacional &#8211; UFF<\/span><\/strong><\/p>\n<p><span style=\"color: #000000;\"> FESTIVAL DE INVERNO DE OURO PRETO E MARIANA<\/span><\/p>\n<p><span style=\"color: #000000;\"> Pra\u00e7a da Universidade Federal de Ouro Preto, Ouro Preto, Brasil 20:30h<\/span><\/p>\n<p><span style=\"color: #000000;\"> .<\/span><\/td>\n<td valign=\"top\" bgcolor=\"#95AABF\" width=\"18%\"><span style=\"color: #000000;\">Mignone, Francisco<\/span><\/td>\n<td valign=\"top\" bgcolor=\"#95AABF\" width=\"21%\"><span style=\"color: #000000;\">Maracatu de Chico Rei<\/span><\/td>\n<td valign=\"top\" bgcolor=\"#95AABF\" width=\"21%\"><span style=\"color: #000000;\">\u00a0<\/span><\/td>\n<\/tr>\n<tr>\n<td valign=\"top\" bgcolor=\"#95AABF\" width=\"18%\"><span style=\"color: #000000;\">Mignone, Francisco<\/span><\/td>\n<td valign=\"top\" bgcolor=\"#95AABF\" width=\"21%\"><span style=\"color: #000000;\">Congada<\/span><\/td>\n<td valign=\"top\" bgcolor=\"#95AABF\" width=\"21%\"><span style=\"color: #000000;\">\u00a0<\/span><\/td>\n<\/tr>\n<tr>\n<td valign=\"top\" bgcolor=\"#95AABF\" width=\"18%\"><span style=\"color: #000000;\">Nepomuceno, Alberto<\/span><\/td>\n<td valign=\"top\" bgcolor=\"#95AABF\" width=\"21%\"><span style=\"color: #000000;\">Batuque da S\u00e9rie Brasileira<\/span><\/td>\n<td valign=\"top\" bgcolor=\"#95AABF\" width=\"21%\"><span style=\"color: #000000;\">\u00a0<\/span><\/td>\n<\/tr>\n<tr>\n<td valign=\"top\" bgcolor=\"#95AABF\" width=\"18%\"><span style=\"color: #000000;\">Guarnieri, Camargo<\/span><\/td>\n<td valign=\"top\" bgcolor=\"#95AABF\" width=\"21%\"><span style=\"color: #000000;\">Abertura festiva<\/span><\/td>\n<td valign=\"top\" bgcolor=\"#95AABF\" width=\"21%\"><span style=\"color: #000000;\">\u00a0<\/span><\/td>\n<\/tr>\n<tr>\n<td valign=\"top\" bgcolor=\"#95AABF\" width=\"18%\"><span style=\"color: #000000;\">Viana, Fructuoso<\/span><\/td>\n<td valign=\"top\" bgcolor=\"#95AABF\" width=\"21%\"><span style=\"color: #000000;\">Danza de Negros<\/span><\/td>\n<td valign=\"top\" bgcolor=\"#95AABF\" width=\"21%\"><span style=\"color: #000000;\">\u00a0<\/span><\/td>\n<\/tr>\n<tr>\n<td valign=\"top\" bgcolor=\"#95AABF\" width=\"18%\"><span style=\"color: #000000;\">Lorenzo Fern\u00e1ndez, Oscar<\/span><\/td>\n<td valign=\"top\" bgcolor=\"#95AABF\" width=\"21%\"><span style=\"color: #000000;\">Batuque do Reisado do Pastoreio<\/span><\/td>\n<td valign=\"top\" bgcolor=\"#95AABF\" width=\"21%\"><span style=\"color: #000000;\">\u00a0<\/span><\/td>\n<\/tr>\n<tr>\n<td valign=\"top\" bgcolor=\"#95AABF\" width=\"18%\"><span style=\"color: #000000;\">Pereira, Cyro<\/span><\/td>\n<td valign=\"top\" bgcolor=\"#95AABF\" width=\"21%\"><span style=\"color: #000000;\">Su\u00edte de Choros<\/span><\/td>\n<td valign=\"top\" bgcolor=\"#95AABF\" width=\"21%\"><span style=\"color: #000000;\">\u00a0<\/span><\/td>\n<\/tr>\n<tr>\n<td valign=\"top\" bgcolor=\"#95AABF\" width=\"18%\"><span style=\"color: #000000;\">Pereira, Cyro<\/span><\/td>\n<td valign=\"top\" bgcolor=\"#95AABF\" width=\"21%\"><span style=\"color: #000000;\">Aquarela de Sambas<\/span><\/td>\n<td valign=\"top\" bgcolor=\"#95AABF\" width=\"21%\"><span style=\"color: #000000;\">\u00a0<\/span><\/td>\n<\/tr>\n<tr>\n<td rowspan=\"2\">\n<p><span style=\"color: #000000;\">03, 05 aug 2007<\/span><\/p>\n<p><span style=\"color: #000000;\"><strong> Orquestra Sinf\u00f4nica Nacional &#8211; UFF<\/strong> <\/span><\/p>\n<p><span style=\"color: #000000;\"> 03.08: Candelaria Church, Rio de Janeiro, Brasil 18:30h<\/span><\/p>\n<p><span style=\"color: #000000;\"> 05.08: Centro de Artes UFF, Niter\u00f3i, Brasil 10:30h<\/span><\/td>\n<td valign=\"top\" width=\"18%\"><span style=\"color: #000000;\">Mozart, Wolfgang Amadeus<\/span><\/td>\n<td valign=\"top\" width=\"21%\"><span style=\"color: #000000;\">Sinfonia n.35 em r\u00e9 maior, K.385, Haffner<\/span><\/td>\n<td valign=\"top\" width=\"21%\"><span style=\"color: #000000;\">\u00a0<\/span><\/td>\n<\/tr>\n<tr>\n<td valign=\"top\" width=\"18%\"><span style=\"color: #000000;\">Schubert, Franz<\/span><\/td>\n<td valign=\"top\" width=\"21%\"><span style=\"color: #000000;\">Missa n.2, D.167, G major, for Soprano, Tenor, Bass, mixed choir and orchestra<\/span><\/td>\n<td valign=\"top\" width=\"21%\">\n<p><span style=\"color: #000000;\">Carol Mc Davit (S), Marcos Thadeu (T), In\u00e1cio de Nonno (Bar)<\/span><\/p>\n<p><span style=\"color: #000000;\"> Choir: The Lexington Singers Ensemble<\/span><\/td>\n<\/tr>\n<tr>\n<td rowspan=\"3\" bgcolor=\"#95AABF\">\n<p><span style=\"color: #000000;\">02 sep 2007<\/span><\/p>\n<p><strong><span style=\"color: #000000;\"> Orquestra Sinf\u00f4nica Municipal de S\u00e3o Paulo<\/span><\/strong><\/p>\n<p><span style=\"color: #000000;\"> Teatro Municipal de S\u00e3o Paulo, S\u00e3o Paulo, Brasil<\/span><\/td>\n<td valign=\"top\" bgcolor=\"#95AABF\" width=\"18%\"><span style=\"color: #000000;\">Mignone, Francisco<\/span><\/td>\n<td valign=\"top\" bgcolor=\"#95AABF\" width=\"21%\"><span style=\"color: #000000;\">Fantasia Brasileira n.3 for piano and orchestra<\/span><\/td>\n<td rowspan=\"2\" valign=\"top\" bgcolor=\"#95AABF\" width=\"21%\"><span style=\"color: #000000;\">Cl\u00e9lia Iruzun (piano)<\/span><\/td>\n<\/tr>\n<tr>\n<td valign=\"top\" bgcolor=\"#95AABF\" width=\"18%\"><span style=\"color: #000000;\">Nobre, Marlos<\/span><\/td>\n<td valign=\"top\" bgcolor=\"#95AABF\" width=\"21%\"><span style=\"color: #000000;\">Concertante do Imagin\u00e1rio, op.74<\/span><\/td>\n<\/tr>\n<tr>\n<td valign=\"top\" bgcolor=\"#95AABF\" width=\"18%\"><span style=\"color: #000000;\">Nepomuceno, Alberto<\/span><\/td>\n<td valign=\"top\" bgcolor=\"#95AABF\" width=\"21%\"><span style=\"color: #000000;\">Sinfonia em sol menor<\/span><\/td>\n<td valign=\"top\" bgcolor=\"#95AABF\" width=\"21%\"><span style=\"color: #000000;\">\u00a0<\/span><\/td>\n<\/tr>\n<tr>\n<td rowspan=\"8\">\n<p><span style=\"color: #000000;\">07, 09 sep 2007<\/span><\/p>\n<p><span style=\"color: #000000;\"><strong> Orquestra Sinf\u00f4nica Nacional \u2013 UFF<\/strong> <\/span><\/p>\n<p><span style=\"color: #000000;\"> Concerto da Independ\u00eancia, Esplanada dos Minist\u00e9rios, Bras\u00edlia, Brasil<\/span><\/p>\n<p><span style=\"color: #000000;\"> 07.09: 16h<\/span><\/p>\n<p><span style=\"color: #000000;\"> 09.09: 10h<\/span><\/td>\n<td valign=\"top\" width=\"18%\"><span style=\"color: #000000;\">Guarnieri, Camargo<\/span><\/td>\n<td valign=\"top\" width=\"21%\"><span style=\"color: #000000;\">Abertura festiva<\/span><\/td>\n<td valign=\"top\" width=\"21%\"><span style=\"color: #000000;\">\u00a0<\/span><\/td>\n<\/tr>\n<tr>\n<td valign=\"top\" width=\"18%\"><span style=\"color: #000000;\">Tchaikovsky, Piotr Ilyich<\/span><\/td>\n<td valign=\"top\" width=\"21%\"><span style=\"color: #000000;\">Concerto n.1 for piano and orchestra, op.23, B-flat minor<\/span><\/td>\n<td valign=\"top\" width=\"21%\"><span style=\"color: #000000;\">Arthur Moreira Lima (piano)<\/span><\/td>\n<\/tr>\n<tr>\n<td valign=\"top\" width=\"18%\"><span style=\"color: #000000;\">Mignone, Francisco<\/span><\/td>\n<td valign=\"top\" width=\"21%\"><span style=\"color: #000000;\">Maracatu de Chico Rei<\/span><\/td>\n<td valign=\"top\" width=\"21%\"><span style=\"color: #000000;\">\u00a0<\/span><\/td>\n<\/tr>\n<tr>\n<td valign=\"top\" width=\"18%\"><span style=\"color: #000000;\">Mignone, Francisco<\/span><\/td>\n<td valign=\"top\" width=\"21%\"><span style=\"color: #000000;\">Congada<\/span><\/td>\n<td valign=\"top\" width=\"21%\"><span style=\"color: #000000;\">\u00a0<\/span><\/td>\n<\/tr>\n<tr>\n<td valign=\"top\" width=\"18%\"><span style=\"color: #000000;\">Viana, Fructuoso<\/span><\/td>\n<td valign=\"top\" width=\"21%\"><span style=\"color: #000000;\">Danza de Negros<\/span><\/td>\n<td valign=\"top\" width=\"21%\"><span style=\"color: #000000;\">\u00a0<\/span><\/td>\n<\/tr>\n<tr>\n<td valign=\"top\" width=\"18%\"><span style=\"color: #000000;\">Siqueira, Jos\u00e9<\/span><\/td>\n<td valign=\"top\" width=\"21%\"><span style=\"color: #000000;\">Cenas do Nordeste Brasileiro<\/span><\/td>\n<td valign=\"top\" width=\"21%\"><span style=\"color: #000000;\">\u00a0<\/span><\/td>\n<\/tr>\n<tr>\n<td valign=\"top\" width=\"18%\"><span style=\"color: #000000;\">Lorenzo Fern\u00e1ndez, Oscar<\/span><\/td>\n<td valign=\"top\" width=\"21%\"><span style=\"color: #000000;\">Batuque do Reisado do Pastoreio<\/span><\/td>\n<td valign=\"top\" width=\"21%\"><span style=\"color: #000000;\">\u00a0<\/span><\/td>\n<\/tr>\n<tr>\n<td valign=\"top\" width=\"18%\"><span style=\"color: #000000;\">Pereira, Cyro<\/span><\/td>\n<td valign=\"top\" width=\"21%\"><span style=\"color: #000000;\">Cayminiana<\/span><\/td>\n<td valign=\"top\" width=\"21%\"><span style=\"color: #000000;\">\u00a0<\/span><\/td>\n<\/tr>\n<tr>\n<td rowspan=\"6\" bgcolor=\"#95AABF\">\n<p><span style=\"color: #000000;\">07 oct 2007<\/span><\/p>\n<p><span style=\"color: #000000;\"><strong> Orquestra Sinf\u00f4nica Nacional \u2013 UFF<\/strong> <\/span><\/p>\n<p><span style=\"color: #000000;\"> Centro de Artes UFF, Niter\u00f3i, Brasil, 10:30h<\/span><\/p>\n<p><span style=\"color: #000000;\"> Concerto pr\u00e9vio \u00e0 Grava\u00e7\u00e3o do CD M\u00fasica Viva,\u00a0 da S\u00e9rie M\u00fasica Brasileira no Tempo<\/span><\/p>\n<p><span style=\"color: #000000;\">12 a 14 oct 2007<\/span><\/p>\n<p><span style=\"color: #000000;\"> Centro de Artes UFF, Niter\u00f3i, Brasil<\/span><\/p>\n<p><span style=\"color: #000000;\"> Grava\u00e7\u00e3o do CD e DVD M\u00fasica Viva<\/span><\/td>\n<td valign=\"top\" bgcolor=\"#95AABF\" width=\"18%\"><span style=\"color: #000000;\">Koellreutter, Hans-Joachim<\/span><\/td>\n<td valign=\"top\" bgcolor=\"#95AABF\" width=\"21%\"><span style=\"color: #000000;\">Fanfarra de inaugura\u00e7\u00e3o<\/span><\/td>\n<td valign=\"top\" bgcolor=\"#95AABF\" width=\"21%\"><span style=\"color: #000000;\">\u00a0<\/span><\/td>\n<\/tr>\n<tr>\n<td valign=\"top\" bgcolor=\"#95AABF\" width=\"18%\"><span style=\"color: #000000;\">Santoro, Claudio<\/span><\/td>\n<td valign=\"top\" bgcolor=\"#95AABF\" width=\"21%\"><span style=\"color: #000000;\">Impress\u00f5es de uma Usina de A\u00e7o<\/span><\/td>\n<td valign=\"top\" bgcolor=\"#95AABF\" width=\"21%\"><span style=\"color: #000000;\">\u00a0<\/span><\/td>\n<\/tr>\n<tr>\n<td valign=\"top\" bgcolor=\"#95AABF\" width=\"18%\"><span style=\"color: #000000;\">Santoro, Claudio<\/span><\/td>\n<td valign=\"top\" bgcolor=\"#95AABF\" width=\"21%\"><span style=\"color: #000000;\">Brasiliana<\/span><\/td>\n<td valign=\"top\" bgcolor=\"#95AABF\" width=\"21%\"><span style=\"color: #000000;\">\u00a0<\/span><\/td>\n<\/tr>\n<tr>\n<td valign=\"top\" bgcolor=\"#95AABF\" width=\"18%\"><span style=\"color: #000000;\">Guarnieri, Camargo<\/span><\/td>\n<td valign=\"top\" bgcolor=\"#95AABF\" width=\"21%\"><span style=\"color: #000000;\">Pr\u00f3logo e Fuga<\/span><\/td>\n<td valign=\"top\" bgcolor=\"#95AABF\" width=\"21%\"><span style=\"color: #000000;\">\u00a0<\/span><\/td>\n<\/tr>\n<tr>\n<td valign=\"top\" bgcolor=\"#95AABF\" width=\"18%\"><span style=\"color: #000000;\">Guarnieri, Camargo<\/span><\/td>\n<td valign=\"top\" bgcolor=\"#95AABF\" width=\"21%\"><span style=\"color: #000000;\">Tr\u00eas Dan\u00e7as para orquestra\u00a0<\/span><\/td>\n<td valign=\"top\" bgcolor=\"#95AABF\" width=\"21%\"><span style=\"color: #000000;\">\u00a0<\/span><\/td>\n<\/tr>\n<tr>\n<td valign=\"top\" bgcolor=\"#95AABF\" width=\"18%\"><span style=\"color: #000000;\">Guerra-Peixe, C\u00e9sar<\/span><\/td>\n<td valign=\"top\" bgcolor=\"#95AABF\" width=\"21%\"><span style=\"color: #000000;\">Su\u00edte Sinf\u00f4nica n.2 \u2013 Pernambucana<\/span><\/td>\n<td valign=\"top\" bgcolor=\"#95AABF\" width=\"21%\"><span style=\"color: #000000;\">\u00a0<\/span><\/td>\n<\/tr>\n<tr>\n<td rowspan=\"4\">\n<p><span style=\"color: #000000;\">18 nov 2007<\/span><\/p>\n<p><span style=\"color: #000000;\"><strong> Orquestra Sinf\u00f4nica Nacional \u2013 UFF<\/strong> <\/span><\/p>\n<p><span style=\"color: #000000;\"> Centro de Artes UFF, Niter\u00f3i, Brasil, 10:30h<\/span><\/p>\n<p><span style=\"color: #000000;\"> Concerto gravado para o CD e DVD M\u00fasica Nova<\/span><\/p>\n<p><span style=\"color: #000000;\"> 15 to 18 nov 2007 <\/span><\/p>\n<p><span style=\"color: #000000;\"> Grava\u00e7\u00e3o e concerto do CD e DVD M\u00fasica Nova, Centro de Artes UFF, Niter\u00f3i, Brasil<\/span><\/td>\n<td valign=\"top\" width=\"18%\"><span style=\"color: #000000;\">Vinholes, Luiz Carlos<\/span><\/td>\n<td valign=\"top\" width=\"21%\"><span style=\"color: #000000;\">Tempo e Espa\u00e7o VIII, IX e X<\/span><\/td>\n<td valign=\"top\" width=\"21%\"><span style=\"color: #000000;\">\u00a0<\/span><\/td>\n<\/tr>\n<tr>\n<td valign=\"top\" width=\"18%\"><span style=\"color: #000000;\">Correia de Oliveira, Willy<\/span><\/td>\n<td valign=\"top\" width=\"21%\"><span style=\"color: #000000;\">Adagio<\/span><\/td>\n<td valign=\"top\" width=\"21%\"><span style=\"color: #000000;\">\u00a0<\/span><\/td>\n<\/tr>\n<tr>\n<td valign=\"top\" width=\"18%\"><span style=\"color: #000000;\">Duprat, Rog\u00e9rio<\/span><\/td>\n<td valign=\"top\" width=\"21%\"><span style=\"color: #000000;\">William tell me<\/span><\/td>\n<td valign=\"top\" width=\"21%\"><span style=\"color: #000000;\">\u00a0<\/span><\/td>\n<\/tr>\n<tr>\n<td valign=\"top\" width=\"18%\"><span style=\"color: #000000;\">Mendes, Gilberto<\/span><\/td>\n<td valign=\"top\" width=\"21%\"><span style=\"color: #000000;\">Santos Football Music<\/span><\/td>\n<td valign=\"top\" width=\"21%\"><span style=\"color: #000000;\">\u00a0<\/span><\/td>\n<\/tr>\n<tr>\n<td bgcolor=\"#95AABF\">\n<p><span style=\"color: #000000;\">08, 09 dec 2007<\/span><\/p>\n<p><span style=\"color: #000000;\"><strong> Orquestra Sinf\u00f4nica Nacional \u2013 UFF<\/strong> <\/span><\/p>\n<p><span style=\"color: #000000;\"> 08.12: Praia de Icara\u00ed, Niter\u00f3i, Brasil, 20h<\/span><\/p>\n<p><span style=\"color: #000000;\"> 09.12: Theatro Municipal do Rio de Janeiro, Rio de Janeiro, Brasil, 11h<\/span><\/td>\n<td valign=\"top\" bgcolor=\"#95AABF\" width=\"18%\"><span style=\"color: #000000;\">Orff, Carl<\/span><\/td>\n<td valign=\"top\" bgcolor=\"#95AABF\" width=\"21%\"><span style=\"color: #000000;\">Carmina Burana<\/span><\/td>\n<td valign=\"top\" bgcolor=\"#95AABF\" width=\"21%\">\n<p><span style=\"color: #000000;\">Rosana Lamosa (S), Douglas Hahn (Bar), Paulo Mestre (CT)<\/span><\/p>\n<p><span style=\"color: #000000;\"> CORAL CANTUS FIRMUS (Conductor: Isabella Sekeff)<\/span><\/p>\n<p><span style=\"color: #000000;\"> CORAL BRASIL ENSEMBLE<\/span><\/p>\n<p><span style=\"color: #000000;\"> CORAL INFANTIL DA UFRJ<\/span><\/p>\n<p><span style=\"color: #000000;\"> (Conductor: Maria Jos\u00e9 Chevitarese)<\/span><\/td>\n<\/tr>\n<\/tbody>\n<\/table>\n<p><span style=\"color: #000000;\">\u00a0<\/span>[\/vc_column_text][\/vc_column][\/vc_row]<\/p>\n","protected":false},"excerpt":{"rendered":"<p>[vc_row section_bottom_margin=&#8221;nobottommargin&#8221;][vc_column][vc_custom_heading text=&#8221;- 2007 -&#8221; font_container=&#8221;tag:h2|text_align:center&#8221;][vc_column_text] 19 feb 2007 Vojvodina Symphonic Orchestra Sinagoga [&hellip;]<\/p>\n","protected":false},"author":1,"featured_media":0,"parent":0,"menu_order":0,"comment_status":"open","ping_status":"open","template":"template\/template-landing-page-vc.php","meta":{"footnotes":""},"class_list":["post-1112","page","type-page","status-publish","hentry"],"_links":{"self":[{"href":"https:\/\/ligiaamadio.net\/a\/wp-json\/wp\/v2\/pages\/1112","targetHints":{"allow":["GET"]}}],"collection":[{"href":"https:\/\/ligiaamadio.net\/a\/wp-json\/wp\/v2\/pages"}],"about":[{"href":"https:\/\/ligiaamadio.net\/a\/wp-json\/wp\/v2\/types\/page"}],"author":[{"embeddable":true,"href":"https:\/\/ligiaamadio.net\/a\/wp-json\/wp\/v2\/users\/1"}],"replies":[{"embeddable":true,"href":"https:\/\/ligiaamadio.net\/a\/wp-json\/wp\/v2\/comments?post=1112"}],"version-history":[{"count":24,"href":"https:\/\/ligiaamadio.net\/a\/wp-json\/wp\/v2\/pages\/1112\/revisions"}],"predecessor-version":[{"id":1272,"href":"https:\/\/ligiaamadio.net\/a\/wp-json\/wp\/v2\/pages\/1112\/revisions\/1272"}],"wp:attachment":[{"href":"https:\/\/ligiaamadio.net\/a\/wp-json\/wp\/v2\/media?parent=1112"}],"curies":[{"name":"wp","href":"https:\/\/api.w.org\/{rel}","templated":true}]}}