{"id":1124,"date":"2015-08-24T14:20:47","date_gmt":"2015-08-24T14:20:47","guid":{"rendered":"http:\/\/ligiaamadio.net\/a\/?page_id=1124"},"modified":"2015-08-28T14:51:36","modified_gmt":"2015-08-28T14:51:36","slug":"2009-2","status":"publish","type":"page","link":"https:\/\/ligiaamadio.net\/a\/2009-2\/","title":{"rendered":"2009"},"content":{"rendered":"<p>[vc_row section_bottom_margin=&#8221;nobottommargin&#8221;][vc_column][vc_custom_heading text=&#8221;- 2009 -&#8221; font_container=&#8221;tag:h2|text_align:center&#8221;][vc_column_text]<\/p>\n<table border=\"0\" width=\"99%\" cellspacing=\"0\" cellpadding=\"0\">\n<tbody>\n<tr>\n<td rowspan=\"3\" valign=\"top\" bgcolor=\"#95aabf\" width=\"34%\">\n<p><span style=\"color: #000000;\">07, 08 mar 2009<\/span><\/p>\n<p><span style=\"color: #000000;\"> <strong>Orquestra Sinf\u00f4nica Municipal de Campinas<\/strong> <\/span><\/p>\n<p><span style=\"color: #000000;\"> Centro de Conviv\u00eancia Cultural Carlos Gomes, Campinas, Brasil\u00a0 07.03: 20h , 08.03: 11h<\/span><\/td>\n<td valign=\"top\" bgcolor=\"#95aabf\" width=\"18%\"><span style=\"color: #000000;\">Villa-Lobos, Heitor<\/span><\/td>\n<td valign=\"top\" bgcolor=\"#95aabf\" width=\"21%\"><span style=\"color: #000000;\">Bachianas n. 5 para soprano e 8 violoncelos<\/span><\/td>\n<td valign=\"top\" bgcolor=\"#95aabf\" width=\"21%\"><span style=\"color: #000000;\">Niza de Castro Tank (soprano)<\/span><\/td>\n<\/tr>\n<tr>\n<td valign=\"top\" bgcolor=\"#95aabf\" width=\"18%\"><span style=\"color: #000000;\">Strauss, Richard<\/span><\/td>\n<td valign=\"top\" bgcolor=\"#95aabf\" width=\"21%\"><span style=\"color: #000000;\">Tod und Verkl\u00e4rung, op.24<\/span><\/td>\n<td valign=\"top\" bgcolor=\"#95aabf\" width=\"21%\"><span style=\"color: #000000;\">\u00a0<\/span><\/td>\n<\/tr>\n<tr>\n<td valign=\"top\" bgcolor=\"#95aabf\" width=\"18%\"><span style=\"color: #000000;\">Tchaikovsky, Piotr Ilyich<\/span><\/td>\n<td valign=\"top\" bgcolor=\"#95aabf\" width=\"21%\"><span style=\"color: #000000;\">Symphony n.4, op.36, F minor<\/span><\/td>\n<td valign=\"top\" bgcolor=\"#95aabf\" width=\"21%\"><span style=\"color: #000000;\">\u00a0<\/span><\/td>\n<\/tr>\n<tr>\n<td rowspan=\"3\" valign=\"top\" width=\"34%\">\n<p><span style=\"color: #000000;\">04, 05 apr 2009<\/span><\/p>\n<p><span style=\"color: #000000;\"><strong> Orquestra Sinf\u00f4nica Municipal de Campinas<\/strong> <\/span><\/p>\n<p><span style=\"color: #000000;\"> Centro de Conviv\u00eancia Cultural Carlos Gomes, Campinas, Brasil\u00a0 04.04: 20h , 05.04: 11h<\/span><\/td>\n<td valign=\"top\" width=\"18%\"><span style=\"color: #000000;\">Brahms, Johannes<\/span><\/td>\n<td valign=\"top\" width=\"21%\"><span style=\"color: #000000;\">Academic Festival Overture<\/span><\/td>\n<td valign=\"top\" width=\"21%\"><span style=\"color: #000000;\">\u00a0<\/span><\/td>\n<\/tr>\n<tr>\n<td valign=\"top\" width=\"18%\"><span style=\"color: #000000;\">Bottesini, Giovanni<\/span><\/td>\n<td valign=\"top\" width=\"21%\"><span style=\"color: #000000;\">Gran duo concertante for violin, double bass and orchestra<\/span><\/td>\n<td valign=\"top\" width=\"21%\"><span style=\"color: #000000;\">\u00a0Betina Stegmann (violin), Val\u00e9ria Poles (double bass)<\/span><\/td>\n<\/tr>\n<tr>\n<td valign=\"top\" width=\"18%\"><span style=\"color: #000000;\">Brahms, Johannes<\/span><\/td>\n<td valign=\"top\" width=\"21%\"><span style=\"color: #000000;\">Concerto for piano and orchestra n.1, op.15, D minor<\/span><\/td>\n<td valign=\"top\" width=\"21%\"><span style=\"color: #000000;\">\u00a0Linda Bustani (piano)<\/span><\/td>\n<\/tr>\n<tr>\n<td rowspan=\"3\" valign=\"top\" bgcolor=\"#95AABF\" width=\"34%\">\n<p><span style=\"color: #000000;\">18, 19 apr 2009<\/span><\/p>\n<p><span style=\"color: #000000;\"><strong> Orquestra Sinf\u00f4nica Municipal de Campinas<\/strong> <\/span><\/p>\n<p><span style=\"color: #000000;\"> Centro de Conviv\u00eancia Cultural Carlos Gomes, Campinas, Brasil\u00a0 18.04: 20h , 19.04: 11h<\/span><\/td>\n<td valign=\"top\" bgcolor=\"#95AABF\" width=\"18%\"><span style=\"color: #000000;\">Mahle, Ernst<\/span><\/td>\n<td valign=\"top\" bgcolor=\"#95AABF\" width=\"21%\"><span style=\"color: #000000;\">Concertino for English Horn and strings<\/span><\/td>\n<td valign=\"top\" bgcolor=\"#95AABF\" width=\"21%\"><span style=\"color: #000000;\">Silvia Pinotti (English horn)<\/span><\/td>\n<\/tr>\n<tr>\n<td valign=\"top\" bgcolor=\"#95AABF\" width=\"18%\"><span style=\"color: #000000;\">Liszt, Franz<\/span><\/td>\n<td valign=\"top\" bgcolor=\"#95AABF\" width=\"21%\"><span style=\"color: #000000;\">Concerto for piano and orchestra n.1<\/span><\/td>\n<td valign=\"top\" bgcolor=\"#95AABF\" width=\"21%\"><span style=\"color: #000000;\">Fernando Lopes (piano)<\/span><\/td>\n<\/tr>\n<tr>\n<td valign=\"top\" bgcolor=\"#95AABF\" width=\"18%\"><span style=\"color: #000000;\">Brahms, Johannes<\/span><\/td>\n<td valign=\"top\" bgcolor=\"#95AABF\" width=\"21%\"><span style=\"color: #000000;\">Symphony n.1, op.68, C minor<\/span><\/td>\n<td valign=\"top\" bgcolor=\"#95AABF\" width=\"21%\"><span style=\"color: #000000;\">\u00a0<\/span><\/td>\n<\/tr>\n<tr>\n<td valign=\"top\" width=\"34%\">\n<p><span style=\"color: #000000;\">26 apr 2009<\/span><\/p>\n<p><strong><span style=\"color: #000000;\"> 1\u00ba Festival Internacional da Leitura de Campinas<\/span><\/strong><\/p>\n<p><span style=\"color: #000000;\"> Feira do Livro, Campinas, Brasil 20h<\/span><\/td>\n<td valign=\"top\" width=\"18%\"><span style=\"color: #000000;\">\u00a0<\/span><\/td>\n<td valign=\"top\" width=\"21%\">\n<p><span style=\"color: #000000;\">Repert\u00f3rio popular<\/span><\/p>\n<p><span style=\"color: #000000;\"> Tarde em Itapu\u00e3, Samba de Orly, Eu sei que vou te amar, Berimbau, Trenzinho caipira, O caderno, Aquarela<\/span><\/td>\n<td valign=\"top\" width=\"21%\"><span style=\"color: #000000;\">Toquinho (singer, guitar)<\/span><\/td>\n<\/tr>\n<tr>\n<td rowspan=\"6\" bgcolor=\"#95AABF\">\n<p><span style=\"color: #000000;\">11 may 2009<\/span><\/p>\n<p><strong><span style=\"color: #000000;\"> Orquestra Sinf\u00f4nica Municipal de Campinas <\/span><\/strong><\/p>\n<p><span style=\"color: #000000;\"> XII Pr\u00eamio Carlos Gomes de \u00d3pera e M\u00fasica Erudita <\/span><\/p>\n<p><span style=\"color: #000000;\"> Sala S\u00e3o Paulo, Brasil 21h<\/span><\/td>\n<td valign=\"top\" bgcolor=\"#95AABF\" width=\"18%\"><span style=\"color: #000000;\">Silva, Francisco Manuel da<\/span><\/td>\n<td valign=\"top\" bgcolor=\"#95AABF\" width=\"21%\"><span style=\"color: #000000;\">Hino Nacional Brasileiro<\/span><\/td>\n<td valign=\"top\" bgcolor=\"#95AABF\" width=\"21%\"><span style=\"color: #000000;\">\u00a0<\/span><\/td>\n<\/tr>\n<tr>\n<td valign=\"top\" bgcolor=\"#95AABF\" width=\"18%\"><span style=\"color: #000000;\">Gomes, Antonio Carlos<\/span><\/td>\n<td valign=\"top\" bgcolor=\"#95AABF\" width=\"21%\"><span style=\"color: #000000;\">Lo Schiavo \u2013 Alvorada (Preludio Sinf\u00f4nico Ato V)<\/span><\/td>\n<td valign=\"top\" bgcolor=\"#95AABF\" width=\"21%\"><span style=\"color: #000000;\">\u00a0<\/span><\/td>\n<\/tr>\n<tr>\n<td valign=\"top\" bgcolor=\"#95AABF\" width=\"18%\"><span style=\"color: #000000;\">Gomes, Antonio Carlos<\/span><\/td>\n<td valign=\"top\" bgcolor=\"#95AABF\" width=\"21%\"><span style=\"color: #000000;\">Il Guarany: \u201cGentile di cuore\u201d (Aria de Ceci Ato I)<\/span><\/td>\n<td valign=\"top\" bgcolor=\"#95AABF\" width=\"21%\"><span style=\"color: #000000;\">Rosana Lamosa (soprano)<\/span><\/td>\n<\/tr>\n<tr>\n<td valign=\"top\" bgcolor=\"#95AABF\" width=\"18%\"><span style=\"color: #000000;\">Gomes, Antonio Carlos<\/span><\/td>\n<td valign=\"top\" bgcolor=\"#95AABF\" width=\"21%\"><span style=\"color: #000000;\">Fosca: Abertura<\/span><\/td>\n<td valign=\"top\" bgcolor=\"#95AABF\" width=\"21%\"><span style=\"color: #000000;\">\u00a0<\/span><\/td>\n<\/tr>\n<tr>\n<td valign=\"top\" bgcolor=\"#95AABF\" width=\"18%\"><span style=\"color: #000000;\">Gomes, Antonio Carlos<\/span><\/td>\n<td valign=\"top\" bgcolor=\"#95AABF\" width=\"21%\"><span style=\"color: #000000;\">Fosca: \u201cIntenditi con Dio &#8230; ah se tu sei fra gli angeli<\/span><\/td>\n<td valign=\"top\" bgcolor=\"#95AABF\" width=\"21%\"><span style=\"color: #000000;\">Marcello Vannucci (tenor)<\/span><\/td>\n<\/tr>\n<tr>\n<td valign=\"top\" bgcolor=\"#95AABF\" width=\"18%\"><span style=\"color: #000000;\">Gomes, Antonio Carlos<\/span><\/td>\n<td valign=\"top\" bgcolor=\"#95AABF\" width=\"21%\"><span style=\"color: #000000;\">Il Guarany: \u201cSento una forza indomita\u201d (Dueto Ceci-Peri, Ato I Finale)<\/span><\/td>\n<td valign=\"top\" bgcolor=\"#95AABF\" width=\"21%\"><span style=\"color: #000000;\">Niza de Castro Tank (soprano) e Marcello Vannucci (tenor)<\/span><\/td>\n<\/tr>\n<tr>\n<td rowspan=\"2\">\n<p><span style=\"color: #000000;\">04, 05, 07 jul 2009<\/span><\/p>\n<p><span style=\"color: #000000;\"><strong> Orquestra Sinf\u00f4nica Municipal de Campinas<\/strong> <\/span><\/p>\n<p><span style=\"color: #000000;\"> 04, 05.07: Centro de Conviv\u00eancia Cultural Carlos Gomes, Campinas, Brasil\u00a0 04.07: 20h , 05.07: 11h<\/span><\/p>\n<p><span style=\"color: #000000;\">07.07: 40\u00ba. Festival Internacional de Inverno de Campos de Jord\u00e3o<\/span><\/p>\n<p><span style=\"color: #000000;\"> Audit\u00f3rio Claudio Santoro, Campos de Jord\u00e3o, Brasil, 21h<\/span><\/td>\n<td valign=\"top\" width=\"18%\"><span style=\"color: #000000;\">Saint-Sa\u00ebns, Camille<\/span><\/td>\n<td valign=\"top\" width=\"21%\"><span style=\"color: #000000;\">Concerto for violin and orchestra n.3, op.61, B minor<\/span><\/td>\n<td valign=\"top\" width=\"21%\"><span style=\"color: #000000;\">Yang Liu (violin)<\/span><\/td>\n<\/tr>\n<tr>\n<td valign=\"top\" width=\"18%\"><span style=\"color: #000000;\">Berlioz, Hector<\/span><\/td>\n<td valign=\"top\" width=\"21%\"><span style=\"color: #000000;\">Symphonie fantastique, op.14<\/span><\/td>\n<td valign=\"top\" width=\"21%\"><span style=\"color: #000000;\">\u00a0<\/span><\/td>\n<\/tr>\n<tr>\n<td rowspan=\"4\" bgcolor=\"#95AABF\">\n<p><span style=\"color: #000000;\">18 jul 2009<\/span><\/p>\n<p><span style=\"color: #000000;\"><strong> Orquestra Sinf\u00f4nica Municipal de Campinas<\/strong> <\/span><\/p>\n<p><span style=\"color: #000000;\"> I Festival Internacional Carlos Gomes de Metais de Campinas<\/span><\/p>\n<p><span style=\"color: #000000;\"> Centro de Conviv\u00eancia Cultural Carlos Gomes, Campinas, Brasil\u00a0 20h<\/span><\/td>\n<td valign=\"top\" bgcolor=\"#95AABF\" width=\"18%\"><span style=\"color: #000000;\">Rota, Nino<\/span><\/td>\n<td valign=\"top\" bgcolor=\"#95AABF\" width=\"21%\"><span style=\"color: #000000;\">Concerto for trombone and orchestra<\/span><\/td>\n<td valign=\"top\" bgcolor=\"#95AABF\" width=\"21%\"><span style=\"color: #000000;\">Pablo Fenoglio (trombone)<\/span><\/td>\n<\/tr>\n<tr>\n<td valign=\"top\" bgcolor=\"#95AABF\" width=\"18%\"><span style=\"color: #000000;\">Peaslee, Richard<\/span><\/td>\n<td valign=\"top\" bgcolor=\"#95AABF\" width=\"21%\"><span style=\"color: #000000;\">Nightsongs for trumpet and orchestra<\/span><\/td>\n<td valign=\"top\" bgcolor=\"#95AABF\" width=\"21%\"><span style=\"color: #000000;\">David Spencer (trumpet)<\/span><\/td>\n<\/tr>\n<tr>\n<td valign=\"top\" bgcolor=\"#95AABF\" width=\"18%\"><span style=\"color: #000000;\">Curnow, James<\/span><\/td>\n<td valign=\"top\" bgcolor=\"#95AABF\" width=\"21%\"><span style=\"color: #000000;\">Symphonic Variations for euphonium and orchestra<\/span><\/td>\n<td valign=\"top\" bgcolor=\"#95AABF\" width=\"21%\"><span style=\"color: #000000;\">Steven Mead (euphonium)<\/span><\/td>\n<\/tr>\n<tr>\n<td valign=\"top\" bgcolor=\"#95AABF\" width=\"18%\"><span style=\"color: #000000;\">Hartmann, John<\/span><\/td>\n<td valign=\"top\" bgcolor=\"#95AABF\" width=\"21%\"><span style=\"color: #000000;\">Rules Britania for euphonium and orchestra<\/span><\/td>\n<td valign=\"top\" bgcolor=\"#95AABF\" width=\"21%\"><span style=\"color: #000000;\">Steven Mead (euphonium)<\/span><\/td>\n<\/tr>\n<tr>\n<td rowspan=\"4\">\n<p><span style=\"color: #000000;\">19 jul 2009<\/span><\/p>\n<p><span style=\"color: #000000;\"><strong> Orquestra Sinf\u00f4nica Municipal de Campinas<\/strong> <\/span><\/p>\n<p><span style=\"color: #000000;\"> I Festival Internacional Carlos Gomes de Metais de Campinas<\/span><\/p>\n<p><span style=\"color: #000000;\"> Centro de Conviv\u00eancia Cultural Carlos Gomes, Campinas, Brasil\u00a0 20h<\/span><\/td>\n<td valign=\"top\" width=\"18%\"><span style=\"color: #000000;\">Grondahl, Launy<\/span><\/td>\n<td valign=\"top\" width=\"21%\"><span style=\"color: #000000;\">Concerto for trombone<\/span><\/td>\n<td valign=\"top\" width=\"21%\"><span style=\"color: #000000;\">Iain Hunter (trombone)<\/span><\/td>\n<\/tr>\n<tr>\n<td valign=\"top\" width=\"18%\"><span style=\"color: #000000;\">Tagliapetra, Jorge<\/span><\/td>\n<td valign=\"top\" width=\"21%\"><span style=\"color: #000000;\">Cuatro Intenciones for euphonium, tuba (*World Premiere)<\/span><\/td>\n<td valign=\"top\" width=\"21%\"><span style=\"color: #000000;\">Patricio Cosentino (euphonium, tuba)<\/span><\/td>\n<\/tr>\n<tr>\n<td valign=\"top\" width=\"18%\"><span style=\"color: #000000;\">Muniz, Demetrio<\/span><\/td>\n<td valign=\"top\" width=\"21%\"><span style=\"color: #000000;\">Danz\u00f3n Manzano for trumpet and orchestra (*World Premiere)<\/span><\/td>\n<td valign=\"top\" width=\"21%\"><span style=\"color: #000000;\">Yasek Manzano (trumpet)<\/span><\/td>\n<\/tr>\n<tr>\n<td valign=\"top\" width=\"18%\"><span style=\"color: #000000;\">Luz, C.P.de la, Morgan, F.D.<\/span><\/td>\n<td valign=\"top\" width=\"21%\"><span style=\"color: #000000;\">Contigo en la Distancia (*World Premiere)<\/span><\/td>\n<td valign=\"top\" width=\"21%\"><span style=\"color: #000000;\">Yasek Manzano (trumpet)<\/span><\/td>\n<\/tr>\n<tr>\n<td bgcolor=\"#95AABF\">\n<p><span style=\"color: #000000;\">29, 30 aug 2009<\/span><\/p>\n<p><span style=\"color: #000000;\"><strong> Orquestra Sinf\u00f4nica Municipal de Campinas<\/strong> <\/span><\/p>\n<p><span style=\"color: #000000;\"> Centro de Conviv\u00eancia Cultural Carlos Gomes, Campinas, Brasil\u00a0 29.08: 20h , 30.08: 11h<\/span><\/td>\n<td valign=\"top\" bgcolor=\"#95AABF\" width=\"18%\"><span style=\"color: #000000;\">Mahler, Gustav<\/span><\/td>\n<td valign=\"top\" bgcolor=\"#95AABF\" width=\"21%\"><span style=\"color: #000000;\">Symphony n.5, C-sharp minor<\/span><\/td>\n<td valign=\"top\" bgcolor=\"#95AABF\" width=\"21%\"><span style=\"color: #000000;\">\u00a0<\/span><\/td>\n<\/tr>\n<tr>\n<td>\n<p><span style=\"color: #000000;\">26, 27 sep 2009<\/span><\/p>\n<p><span style=\"color: #000000;\"><strong> Orquestra Sinf\u00f4nica Municipal de Campinas<\/strong> <\/span><\/p>\n<p><span style=\"color: #000000;\"> Centro de Conviv\u00eancia Cultural Carlos Gomes, Campinas, Brasil\u00a0 26.09: 20h , 27.09: 11h<\/span><\/td>\n<td valign=\"top\" width=\"18%\"><span style=\"color: #000000;\">Mozart, Wolfgang Amadeus<\/span><\/td>\n<td valign=\"top\" width=\"21%\"><span style=\"color: #000000;\">Great Mass in C minor, K.427<\/span><\/td>\n<td valign=\"top\" width=\"21%\">\n<p><span style=\"color: #000000;\">Fernanda Blue (S), Joyce Lima Martins (S), F\u00e1bio Bandeira (T), Clayton Dias (Bar)<\/span><\/p>\n<p><span style=\"color: #000000;\"> Collegium Vocale Campinas<\/span><\/p>\n<p><span style=\"color: #000000;\"> Conductor: Akira Kawamoto<\/span><\/td>\n<\/tr>\n<tr>\n<td rowspan=\"3\" bgcolor=\"#95AABF\">\n<p><span style=\"color: #000000;\">02 oct 2009<\/span><\/p>\n<p><strong><span style=\"color: #000000;\"> ORKIESTRA SYMFONICZNA FILHARMONII CZESTOCHOWSKIEJ<\/span><\/strong><\/p>\n<p><span style=\"color: #000000;\"> Filharmonia Czestochowska, Poland 19h<\/span><\/p>\n<p><span style=\"color: #000000;\"> International Music Day<\/span><\/td>\n<td valign=\"top\" bgcolor=\"#95AABF\" width=\"18%\"><span style=\"color: #000000;\">Falla, Manuel De<\/span><\/td>\n<td valign=\"top\" bgcolor=\"#95AABF\" width=\"21%\"><span style=\"color: #000000;\">El sombrero de tres picos &#8211; Suite n.2<\/span><\/td>\n<td valign=\"top\" bgcolor=\"#95AABF\" width=\"21%\"><span style=\"color: #000000;\">\u00a0<\/span><\/td>\n<\/tr>\n<tr>\n<td valign=\"top\" bgcolor=\"#95AABF\" width=\"18%\"><span style=\"color: #000000;\">Rodrigo, Joaqu\u00edn<\/span><\/td>\n<td valign=\"top\" bgcolor=\"#95AABF\" width=\"21%\"><span style=\"color: #000000;\">Concierto de Aranjuez for guitar and orchestra<\/span><\/td>\n<td valign=\"top\" bgcolor=\"#95AABF\" width=\"21%\"><span style=\"color: #000000;\">Krzysztof Pelech (guitar)<\/span><\/td>\n<\/tr>\n<tr>\n<td valign=\"top\" bgcolor=\"#95AABF\" width=\"18%\"><span style=\"color: #000000;\">Beethoven, Ludwig van<\/span><\/td>\n<td valign=\"top\" bgcolor=\"#95AABF\" width=\"21%\"><span style=\"color: #000000;\">Symphony n.7, op.92, A major<\/span><\/td>\n<td valign=\"top\" bgcolor=\"#95AABF\" width=\"21%\"><span style=\"color: #000000;\">\u00a0<\/span><\/td>\n<\/tr>\n<tr>\n<td rowspan=\"3\">\n<p><span style=\"color: #000000;\">07 nov 2009<\/span><\/p>\n<p><strong><span style=\"color: #000000;\"> ORQUESTA SINF\u00d3NICA DE LA UNIVERSIDAD NACIONAL DE CUYO<\/span><\/strong><\/p>\n<p><span style=\"color: #000000;\"> Teatro Universidad, Mendoza, Argentina 21:30h<\/span><\/td>\n<td valign=\"top\" width=\"18%\"><span style=\"color: #000000;\">Guarnieri, Camargo<\/span><\/td>\n<td valign=\"top\" width=\"21%\"><span style=\"color: #000000;\">Abertura concertante<\/span><\/td>\n<td valign=\"top\" width=\"21%\"><span style=\"color: #000000;\">\u00a0<\/span><\/td>\n<\/tr>\n<tr>\n<td valign=\"top\" width=\"18%\"><span style=\"color: #000000;\">Villa-Lobos, Heitor<\/span><\/td>\n<td valign=\"top\" width=\"21%\"><span style=\"color: #000000;\">Bachianas n.5 por soprano and 8 violoncelos<\/span><\/td>\n<td valign=\"top\" width=\"21%\"><span style=\"color: #000000;\">Marcela Carrizo (soprano)<\/span><\/td>\n<\/tr>\n<tr>\n<td valign=\"top\" width=\"18%\"><span style=\"color: #000000;\">Tchaikovsky, Piotr Ilyich<\/span><\/td>\n<td valign=\"top\" width=\"21%\"><span style=\"color: #000000;\">Symphony n.6, op.74, B minor \u201cPath\u00e9tique\u201d<\/span><\/td>\n<td valign=\"top\" width=\"21%\"><span style=\"color: #000000;\">\u00a0<\/span><\/td>\n<\/tr>\n<tr>\n<td rowspan=\"2\" bgcolor=\"#95AABF\">\n<p><span style=\"color: #000000;\">13, 15 nov 2009<\/span><\/p>\n<p><span style=\"color: #000000;\"><strong> Orquestra Sinf\u00f4nica Municipal de Campinas<\/strong> <\/span><\/p>\n<p><span style=\"color: #000000;\"> Centro de Conviv\u00eancia Cultural Carlos Gomes, Campinas, Brasil\u00a0 13.11: 20h , 15.09: 20h<\/span><\/td>\n<td valign=\"top\" bgcolor=\"#95AABF\" width=\"18%\"><span style=\"color: #000000;\">Mendelssohn, Felix<\/span><\/td>\n<td valign=\"top\" bgcolor=\"#95AABF\" width=\"21%\"><span style=\"color: #000000;\">Symphony n.4, op.90, A major \u201cItalian\u201d<\/span><\/td>\n<td valign=\"top\" bgcolor=\"#95AABF\" width=\"21%\"><span style=\"color: #000000;\">\u00a0<\/span><\/td>\n<\/tr>\n<tr>\n<td valign=\"top\" bgcolor=\"#95AABF\" width=\"18%\"><span style=\"color: #000000;\">Chopin, Fr\u00e9d\u00e9ric<\/span><\/td>\n<td valign=\"top\" bgcolor=\"#95AABF\" width=\"21%\"><span style=\"color: #000000;\">Concerto for piano and orchestra n.2, op.21, F minor<\/span><\/td>\n<td valign=\"top\" bgcolor=\"#95AABF\" width=\"21%\"><span style=\"color: #000000;\">Nelson Freire (piano)<\/span><\/td>\n<\/tr>\n<tr>\n<td>\n<p><span style=\"color: #000000;\">20 to 22 nov 2009<\/span><\/p>\n<p><span style=\"color: #000000;\"><strong> Orquestra Sinf\u00f4nica Municipal de Campinas<\/strong> <\/span><\/p>\n<p><span style=\"color: #000000;\"> Projeto Dan\u00e7a e Cidadania &#8211; Cia. de Dan\u00e7a de Campinas<\/span><\/p>\n<p><span style=\"color: #000000;\"> Gin\u00e1sio de Esportes do Taquaral, Campinas, Brasil<\/span><\/td>\n<td valign=\"top\" width=\"18%\"><span style=\"color: #000000;\">Tchaikovsky, Piotr Ilyich<\/span><\/td>\n<td valign=\"top\" width=\"21%\"><span style=\"color: #000000;\">Nutcracker, complete Ballet, op.71<\/span><\/td>\n<td valign=\"top\" width=\"21%\"><span style=\"color: #000000;\">\u00a0<\/span><\/td>\n<\/tr>\n<tr>\n<td rowspan=\"3\" bgcolor=\"#95AABF\">\n<p><span style=\"color: #000000;\">21 dec 2009 <\/span><\/p>\n<p><strong><span style=\"color: #000000;\"> ORQUESTRA SINF\u00d4NICA DA USP<\/span><\/strong><\/p>\n<p><span style=\"color: #000000;\"> Encontro de Gera\u00e7\u00f5es \u2013 First concert as chief conductor of OSUSP<\/span><\/p>\n<p><span style=\"color: #000000;\"> Sala S\u00e3o Paulo, Brasil, 21h<\/span><\/p>\n<p><span style=\"color: #000000;\">\u00a0<\/span><\/td>\n<td valign=\"top\" bgcolor=\"#95AABF\" width=\"18%\"><span style=\"color: #000000;\">Braga, Francisco<\/span><\/td>\n<td valign=\"top\" bgcolor=\"#95AABF\" width=\"21%\"><span style=\"color: #000000;\">Epis\u00f3dio Sinf\u00f4nico<\/span><\/td>\n<td valign=\"top\" bgcolor=\"#95AABF\" width=\"21%\"><span style=\"color: #000000;\">\u00a0<\/span><\/td>\n<\/tr>\n<tr>\n<td valign=\"top\" bgcolor=\"#95AABF\" width=\"18%\"><span style=\"color: #000000;\">Ravel, Maurice<\/span><\/td>\n<td valign=\"top\" bgcolor=\"#95AABF\" width=\"21%\"><span style=\"color: #000000;\">Concerto for piano and orchestra in G major<\/span><\/td>\n<td valign=\"top\" bgcolor=\"#95AABF\" width=\"21%\"><span style=\"color: #000000;\">Gilberto Tinetti (piano)<\/span><\/td>\n<\/tr>\n<tr>\n<td valign=\"top\" bgcolor=\"#95AABF\" width=\"18%\"><span style=\"color: #000000;\">Saint-Sa\u00ebns, Camille<\/span><\/td>\n<td valign=\"top\" bgcolor=\"#95AABF\" width=\"21%\"><span style=\"color: #000000;\">Symphony n.3, op.78, in C major \u2013 \u201cOrgan\u201d<\/span><\/td>\n<td valign=\"top\" bgcolor=\"#95AABF\" width=\"21%\"><span style=\"color: #000000;\">\u00a0<\/span><\/td>\n<\/tr>\n<\/tbody>\n<\/table>\n<p>[\/vc_column_text][\/vc_column][\/vc_row]<\/p>\n","protected":false},"excerpt":{"rendered":"<p>[vc_row section_bottom_margin=&#8221;nobottommargin&#8221;][vc_column][vc_custom_heading text=&#8221;- 2009 -&#8221; font_container=&#8221;tag:h2|text_align:center&#8221;][vc_column_text] 07, 08 mar 2009 Orquestra Sinf\u00f4nica Municipal [&hellip;]<\/p>\n","protected":false},"author":1,"featured_media":0,"parent":0,"menu_order":0,"comment_status":"open","ping_status":"open","template":"template\/template-landing-page-vc.php","meta":{"footnotes":""},"class_list":["post-1124","page","type-page","status-publish","hentry"],"_links":{"self":[{"href":"https:\/\/ligiaamadio.net\/a\/wp-json\/wp\/v2\/pages\/1124","targetHints":{"allow":["GET"]}}],"collection":[{"href":"https:\/\/ligiaamadio.net\/a\/wp-json\/wp\/v2\/pages"}],"about":[{"href":"https:\/\/ligiaamadio.net\/a\/wp-json\/wp\/v2\/types\/page"}],"author":[{"embeddable":true,"href":"https:\/\/ligiaamadio.net\/a\/wp-json\/wp\/v2\/users\/1"}],"replies":[{"embeddable":true,"href":"https:\/\/ligiaamadio.net\/a\/wp-json\/wp\/v2\/comments?post=1124"}],"version-history":[{"count":39,"href":"https:\/\/ligiaamadio.net\/a\/wp-json\/wp\/v2\/pages\/1124\/revisions"}],"predecessor-version":[{"id":1269,"href":"https:\/\/ligiaamadio.net\/a\/wp-json\/wp\/v2\/pages\/1124\/revisions\/1269"}],"wp:attachment":[{"href":"https:\/\/ligiaamadio.net\/a\/wp-json\/wp\/v2\/media?parent=1124"}],"curies":[{"name":"wp","href":"https:\/\/api.w.org\/{rel}","templated":true}]}}