{"id":1248,"date":"2015-08-28T14:16:23","date_gmt":"2015-08-28T14:16:23","guid":{"rendered":"http:\/\/ligiaamadio.net\/a\/?page_id=1248"},"modified":"2015-08-28T14:18:42","modified_gmt":"2015-08-28T14:18:42","slug":"2013-2","status":"publish","type":"page","link":"https:\/\/ligiaamadio.net\/a\/2013-2\/","title":{"rendered":"2013"},"content":{"rendered":"<p>[vc_row section_bottom_margin=&#8221;nobottommargin&#8221;][vc_column][vc_custom_heading text=&#8221;- 2013 -&#8221; font_container=&#8221;tag:h2|text_align:center&#8221;][vc_column_text]<\/p>\n<table border=\"0\" width=\"99%\" cellspacing=\"0\" cellpadding=\"0\">\n<tbody>\n<tr>\n<td rowspan=\"3\" valign=\"top\" bgcolor=\"#95aabf\" width=\"34%\">\n<p><span style=\"color: #000000;\">16, 17 feb 2013<\/span><\/p>\n<p><span style=\"color: #000000;\"><strong> Orquestra Sinf\u00f4nica do Theatro S\u00e3o Pedro<\/strong> <\/span><\/p>\n<p><span style=\"color: #000000;\"> Theatro S\u00e3o Pedro, S\u00e3o Paulo, Brasil 20 h<\/span><\/td>\n<td valign=\"top\" bgcolor=\"#95aabf\" width=\"18%\"><span style=\"color: #000000;\">Mozart, Wolfgang Amadeus<\/span><\/td>\n<td valign=\"top\" bgcolor=\"#95aabf\" width=\"21%\"><span style=\"color: #000000;\">Le Nozze di Figaro Overture, KV.492<\/span><\/td>\n<td valign=\"top\" bgcolor=\"#95aabf\" width=\"21%\"><span style=\"color: #000000;\">\u00a0<\/span><\/td>\n<\/tr>\n<tr>\n<td valign=\"top\" bgcolor=\"#95aabf\" width=\"18%\"><span style=\"color: #000000;\">Scgumann, Robert<\/span><\/td>\n<td valign=\"top\" bgcolor=\"#95aabf\" width=\"21%\"><span style=\"color: #000000;\">Concerto for piano and orchestra, op.54, A minor<\/span><\/td>\n<td valign=\"top\" bgcolor=\"#95aabf\" width=\"21%\"><span style=\"color: #000000;\">Sonia Rubinsky (piano)<\/span><\/td>\n<\/tr>\n<tr>\n<td valign=\"top\" bgcolor=\"#95aabf\" width=\"18%\"><span style=\"color: #000000;\">Beethoven, Ludwig van<\/span><\/td>\n<td valign=\"top\" bgcolor=\"#95aabf\" width=\"21%\"><span style=\"color: #000000;\">Symphony n.3, op.55, E-flat major<\/span><\/td>\n<td valign=\"top\" bgcolor=\"#95aabf\" width=\"21%\"><span style=\"color: #000000;\">\u00a0<\/span><\/td>\n<\/tr>\n<tr>\n<td valign=\"top\" width=\"34%\">\n<p><span style=\"color: #000000;\">24 feb 2013<\/span><\/p>\n<p><strong><span style=\"color: #000000;\"> ORQUESTA FILARM\u00d3NICA DE MENDOZA<\/span><\/strong><\/p>\n<p><span style=\"color: #000000;\"> Prado Gaucho, Mendoza, Argentina, 21:30h<\/span><\/p>\n<p><span style=\"color: #000000;\"> BENDICI\u00d3N DE LOS FRUTOS<\/span><\/td>\n<td valign=\"top\" width=\"18%\"><span style=\"color: #000000;\">Obras diversas acompa\u00f1ando el espect\u00e1culo y la liturgia de la ceremonia<\/span><\/td>\n<td valign=\"top\" width=\"21%\"><span style=\"color: #000000;\">\u00a0<\/span><\/td>\n<td valign=\"top\" width=\"21%\"><span style=\"color: #000000;\">\u00a0<\/span><\/td>\n<\/tr>\n<tr>\n<td rowspan=\"3\" valign=\"top\" bgcolor=\"#95AABF\" width=\"34%\">\n<p><span style=\"color: #000000;\">08 mar 2013<\/span><\/p>\n<p><strong><span style=\"color: #000000;\"> ORQUESTA FILARM\u00d3NICA DE MENDOZA<\/span><\/strong><\/p>\n<p><span style=\"color: #000000;\"> Teatro Independencia, Mendoza, Argentina, 21:30h<\/span><\/p>\n<p><span style=\"color: #000000;\"> D\u00eda Internacional de la Mujer \u2013 Concierto Inaugural del III Festival Internacional de M\u00fasica Acad\u00e9mica Latinoamericana de los Siglos VV y XXI<\/span><\/td>\n<td valign=\"top\" bgcolor=\"#95AABF\" width=\"18%\"><span style=\"color: #000000;\">Guarnieri, Camargo<\/span><\/td>\n<td valign=\"top\" bgcolor=\"#95AABF\" width=\"21%\"><span style=\"color: #000000;\">Cinco Poemas de Alice<\/span><\/td>\n<td valign=\"top\" bgcolor=\"#95AABF\" width=\"21%\"><span style=\"color: #000000;\">Martha Herr (soprano)<\/span><\/td>\n<\/tr>\n<tr>\n<td valign=\"top\" bgcolor=\"#95AABF\" width=\"18%\"><span style=\"color: #000000;\">Villa-Lobos, Heitor<\/span><\/td>\n<td valign=\"top\" bgcolor=\"#95AABF\" width=\"21%\"><span style=\"color: #000000;\">Concerto for guitar and chamber orchestra W.501<\/span><\/td>\n<td valign=\"top\" bgcolor=\"#95AABF\" width=\"21%\"><span style=\"color: #000000;\">Isabel Siewers (guitar)<\/span><\/td>\n<\/tr>\n<tr>\n<td valign=\"top\" bgcolor=\"#95AABF\" width=\"18%\"><span style=\"color: #000000;\">Mart\u00ed, Leopoldo<\/span><\/td>\n<td valign=\"top\" bgcolor=\"#95AABF\" width=\"21%\"><span style=\"color: #000000;\">Concierto para flauta y orquesta de cuerdas<\/span><\/td>\n<td valign=\"top\" bgcolor=\"#95AABF\" width=\"21%\"><span style=\"color: #000000;\">Beatriz Plana (flute)<\/span><\/td>\n<\/tr>\n<tr>\n<td valign=\"top\" width=\"34%\">\n<p><span style=\"color: #000000;\">23 mar 2013 <\/span><\/p>\n<p><strong><span style=\"color: #000000;\"> ORQUESTA FILARM\u00d3NICA DE MENDOZA<\/span><\/strong><\/p>\n<p><span style=\"color: #000000;\"> Teatro Independencia, Mendoza, Argentina 21:30h<\/span><\/p>\n<p><span style=\"color: #000000;\"> Concierto de apertura del Festival Internacional M\u00fasica Cl\u00e1sica por los caminos del Vino 2013<\/span><\/td>\n<td valign=\"top\" width=\"18%\"><span style=\"color: #000000;\">Mozart, Wolfgang Amadeus<\/span><\/td>\n<td valign=\"top\" width=\"21%\"><span style=\"color: #000000;\">Symphony n.41, KV.551, C major \u201cJupiter\u201d<\/span><\/td>\n<td valign=\"top\" width=\"21%\"><span style=\"color: #000000;\">\u00a0<\/span><\/td>\n<\/tr>\n<tr>\n<td rowspan=\"4\" bgcolor=\"#95AABF\">\n<p><span style=\"color: #000000;\">06 apr 2013 <\/span><\/p>\n<p><strong><span style=\"color: #000000;\"> ORQUESTA FILARM\u00d3NICA DE MENDOZA<\/span><\/strong><\/p>\n<p><span style=\"color: #000000;\"> Teatro Independencia, Mendoza, Argentina, 21:30h<\/span><\/p>\n<p><span style=\"color: #000000;\"> Concierto Apertura de la Temporada Oficial 2013 de la Orquesta Filarm\u00f3nica de Mendoza \u2013 Serie \u201cGrandes Solistas de la OFM\u201d<\/span><\/p>\n<p><span style=\"color: #000000;\"> Concierto a beneficio de CARITAS<\/span><\/td>\n<td valign=\"top\" bgcolor=\"#95AABF\" width=\"18%\"><span style=\"color: #000000;\">Beethoven, Ludwig van<\/span><\/td>\n<td valign=\"top\" bgcolor=\"#95AABF\" width=\"21%\"><span style=\"color: #000000;\">Coriolano Overture, op.62<\/span><\/td>\n<td valign=\"top\" bgcolor=\"#95AABF\" width=\"21%\"><span style=\"color: #000000;\">\u00a0<\/span><\/td>\n<\/tr>\n<tr>\n<td valign=\"top\" bgcolor=\"#95AABF\" width=\"18%\"><span style=\"color: #000000;\">Amato, Salvador<\/span><\/td>\n<td valign=\"top\" bgcolor=\"#95AABF\" width=\"21%\"><span style=\"color: #000000;\">Variaciones Raps\u00f3dicas\u00a0 para contrabajo y orquesta de cuerdas<\/span><\/td>\n<td valign=\"top\" bgcolor=\"#95AABF\" width=\"21%\"><span style=\"color: #000000;\">Omar Arancibia (Doublebass)<\/span><\/td>\n<\/tr>\n<tr>\n<td valign=\"top\" bgcolor=\"#95AABF\" width=\"18%\"><span style=\"color: #000000;\">Albinoni, Tomaso<\/span><\/td>\n<td valign=\"top\" bgcolor=\"#95AABF\" width=\"21%\"><span style=\"color: #000000;\">Concerto for Oboe and String Orchestra op.9 n.2 in D minor<\/span><\/td>\n<td valign=\"top\" bgcolor=\"#95AABF\" width=\"21%\"><span style=\"color: #000000;\">\u00a0<\/span><\/td>\n<\/tr>\n<tr>\n<td valign=\"top\" bgcolor=\"#95AABF\" width=\"18%\"><span style=\"color: #000000;\">Beethoven, Ludwig van<\/span><\/td>\n<td valign=\"top\" bgcolor=\"#95AABF\" width=\"21%\"><span style=\"color: #000000;\">Symphony No.2 in D major, op.36<\/span><\/td>\n<td valign=\"top\" bgcolor=\"#95AABF\" width=\"21%\"><span style=\"color: #000000;\">\u00a0<\/span><\/td>\n<\/tr>\n<tr>\n<td rowspan=\"3\">\n<p><span style=\"color: #000000;\">10 may 2013<\/span><\/p>\n<p><strong><span style=\"color: #000000;\"> ORQUESTA FILARM\u00d3NICA DE MENDOZA<\/span><\/strong><\/p>\n<p><span style=\"color: #000000;\"> Teatro Independencia, Mendoza, Argentina, 21:30h<\/span><\/p>\n<p><span style=\"color: #000000;\"> SERIE BEETHOVEN<\/span><\/td>\n<td valign=\"top\" width=\"18%\"><span style=\"color: #000000;\">Mozart, Wolfgang Amadeus<\/span><\/td>\n<td valign=\"top\" width=\"21%\"><span style=\"color: #000000;\">The magic flute Overture, K.620<\/span><\/td>\n<td valign=\"top\" width=\"21%\"><span style=\"color: #000000;\">\u00a0<\/span><\/td>\n<\/tr>\n<tr>\n<td valign=\"top\" width=\"18%\"><span style=\"color: #000000;\">Beethoven, Ludwig, van<\/span><\/td>\n<td valign=\"top\" width=\"21%\"><span style=\"color: #000000;\">Concerto for Piano and Orchestra No.4, op.58, G major<\/span><\/td>\n<td valign=\"top\" width=\"21%\"><span style=\"color: #000000;\">Alexander Panizza (piano)<\/span><\/td>\n<\/tr>\n<tr>\n<td valign=\"top\" width=\"18%\"><span style=\"color: #000000;\">Beethoven, Ludwig, van<\/span><\/td>\n<td valign=\"top\" width=\"21%\"><span style=\"color: #000000;\">Symphony No.1 in C major, op.21<\/span><\/td>\n<td valign=\"top\" width=\"21%\"><span style=\"color: #000000;\">\u00a0<\/span><\/td>\n<\/tr>\n<tr>\n<td rowspan=\"4\" bgcolor=\"#95AABF\">\n<p><span style=\"color: #000000;\">18 may 2013 <\/span><\/p>\n<p><strong><span style=\"color: #000000;\"> ORQUESTA FILARM\u00d3NICA DE MENDOZA<\/span><\/strong><\/p>\n<p><span style=\"color: #000000;\"> Teatro Independencia, Mendoza, Argentina, 21:30h<\/span><\/p>\n<p><span style=\"color: #000000;\"> Serie \u201cGrandes Solistas de la OFM\u201d<\/span><\/td>\n<td valign=\"top\" bgcolor=\"#95AABF\" width=\"18%\"><span style=\"color: #000000;\">Larsson, Lars-Erik<\/span><\/td>\n<td valign=\"top\" bgcolor=\"#95AABF\" width=\"21%\"><span style=\"color: #000000;\">Concertino for trombone and string orchestra, op.45, n.7\u00a0<\/span><\/td>\n<td valign=\"top\" bgcolor=\"#95AABF\" width=\"21%\"><span style=\"color: #000000;\">Juan Romero (trombone)<\/span><\/td>\n<\/tr>\n<tr>\n<td valign=\"top\" bgcolor=\"#95AABF\" width=\"18%\"><span style=\"color: #000000;\">Haydn, Joseph<\/span><\/td>\n<td valign=\"top\" bgcolor=\"#95AABF\" width=\"21%\"><span style=\"color: #000000;\">Concerto for trumpet and orchestra<\/span><\/td>\n<td valign=\"top\" bgcolor=\"#95AABF\" width=\"21%\"><span style=\"color: #000000;\">Zurab Tchrikishvili (trumpet)<\/span><\/td>\n<\/tr>\n<tr>\n<td valign=\"top\" bgcolor=\"#95AABF\" width=\"18%\"><span style=\"color: #000000;\">Mozart, Wolfgang Amadeus<\/span><\/td>\n<td valign=\"top\" bgcolor=\"#95AABF\" width=\"21%\"><span style=\"color: #000000;\">Concerto for french horn and orchestra n.2, K.417, E-flat major<\/span><\/td>\n<td valign=\"top\" bgcolor=\"#95AABF\" width=\"21%\"><span style=\"color: #000000;\">Mauro Rodriguez (French horn)<\/span><\/td>\n<\/tr>\n<tr>\n<td valign=\"top\" bgcolor=\"#95AABF\" width=\"18%\"><span style=\"color: #000000;\">Haydn, Joseph<\/span><\/td>\n<td valign=\"top\" bgcolor=\"#95AABF\" width=\"21%\"><span style=\"color: #000000;\">Symphony No.45 in F-sharp minor \u201cFarewell Symphony\u201d<\/span><\/td>\n<td valign=\"top\" bgcolor=\"#95AABF\" width=\"21%\"><span style=\"color: #000000;\">\u00a0<\/span><\/td>\n<\/tr>\n<tr>\n<td rowspan=\"4\">\n<p><span style=\"color: #000000;\">24 may 2013 <\/span><\/p>\n<p><strong><span style=\"color: #000000;\"> ORQUESTA FILARM\u00d3NICA DE MENDOZA<\/span><\/strong><\/p>\n<p><span style=\"color: #000000;\"> Capilla Nuestra Se\u00f1ora del Rosario, <\/span><\/p>\n<p><span style=\"color: #000000;\"> Villa Tulumaya Lavalle, Mendoza, Argentina 20h<\/span><\/p>\n<p><span style=\"color: #000000;\"> Velada de Gala<\/span><\/td>\n<td valign=\"top\" width=\"18%\"><span style=\"color: #000000;\">Alberdi, Juan Bautista; Esnaola, Juan Pedro; Alcorta, Amancio<\/span><\/td>\n<td valign=\"top\" width=\"21%\"><span style=\"color: #000000;\">Tres minu\u00e9s argentinos<\/span><\/td>\n<td valign=\"top\" width=\"21%\"><span style=\"color: #000000;\">\u00a0<\/span><\/td>\n<\/tr>\n<tr>\n<td valign=\"top\" width=\"18%\"><span style=\"color: #000000;\">Mozart, Wolfgang Amadeus<\/span><\/td>\n<td valign=\"top\" width=\"21%\"><span style=\"color: #000000;\">The Marriage of Figaro Overture, K.492<\/span><\/td>\n<td valign=\"top\" width=\"21%\"><span style=\"color: #000000;\">\u00a0<\/span><\/td>\n<\/tr>\n<tr>\n<td valign=\"top\" width=\"18%\"><span style=\"color: #000000;\">Haydn, Joseph<\/span><\/td>\n<td valign=\"top\" width=\"21%\"><span style=\"color: #000000;\">Concerto for trumpet and orchestra<\/span><\/td>\n<td valign=\"top\" width=\"21%\"><span style=\"color: #000000;\">Zurab Tchrikishvili (trumpet)<\/span><\/td>\n<\/tr>\n<tr>\n<td valign=\"top\" width=\"18%\"><span style=\"color: #000000;\">Beethoven, Ludwig, van<\/span><\/td>\n<td valign=\"top\" width=\"21%\"><span style=\"color: #000000;\">Symphony No.1 in C major, op.21<\/span><\/td>\n<td valign=\"top\" width=\"21%\"><span style=\"color: #000000;\">\u00a0<\/span><\/td>\n<\/tr>\n<tr>\n<td rowspan=\"2\" bgcolor=\"#95AABF\">\n<p><span style=\"color: #000000;\">06 jul 2013 <\/span><\/p>\n<p><strong><span style=\"color: #000000;\"> ORQUESTA FILARM\u00d3NICA DE MENDOZA<\/span><\/strong><\/p>\n<p><span style=\"color: #000000;\"> Teatro Independencia, Mendoza, Argentina, 21:30h<\/span><\/p>\n<p><span style=\"color: #000000;\"> SERIE BEETHOVEN<\/span><\/td>\n<td valign=\"top\" bgcolor=\"#95AABF\" width=\"18%\"><span style=\"color: #000000;\">Beethoven, Ludwig, van<\/span><\/td>\n<td valign=\"top\" bgcolor=\"#95AABF\" width=\"21%\"><span style=\"color: #000000;\">Concerto for Piano and Orchestra No.3 in C minor, op.37<\/span><\/td>\n<td valign=\"top\" bgcolor=\"#95AABF\" width=\"21%\"><span style=\"color: #000000;\">Bruno Gelber (piano)<\/span><\/td>\n<\/tr>\n<tr>\n<td valign=\"top\" bgcolor=\"#95AABF\" width=\"18%\"><span style=\"color: #000000;\">Beethoven, Ludwig, van<\/span><\/td>\n<td valign=\"top\" bgcolor=\"#95AABF\" width=\"21%\"><span style=\"color: #000000;\">Symphony No.5 in C minor, op.67<\/span><\/td>\n<td valign=\"top\" bgcolor=\"#95AABF\" width=\"21%\"><span style=\"color: #000000;\">\u00a0<\/span><\/td>\n<\/tr>\n<tr>\n<td rowspan=\"8\">\n<p><span style=\"color: #000000;\">06 sep 2013<\/span><\/p>\n<p><span style=\"color: #000000;\"><strong> ORQUESTA FILARM\u00d3NICA DE MENDOZA<\/strong> <\/span><\/p>\n<p><span style=\"color: #000000;\"> Teatro Independencia, Mendoza, Argentina, 21:30h<\/span><\/p>\n<p><span style=\"color: #000000;\">Concierto de Gala en conmemoraci\u00f3n al<\/span><\/p>\n<p><span style=\"color: #000000;\"> 190\u00ba. Aniversario de la Independencia de Brasil<\/span><\/td>\n<td valign=\"top\" width=\"18%\"><span style=\"color: #000000;\">Villa-Lobos, Heitor<\/span><\/td>\n<td valign=\"top\" width=\"21%\"><span style=\"color: #000000;\">Bachianas Brasileiras n.5 for soprano and 8 violoncellos<\/span><\/td>\n<td valign=\"top\" width=\"21%\"><span style=\"color: #000000;\">Edna D`Oliveira (soprano)<\/span><\/td>\n<\/tr>\n<tr>\n<td valign=\"top\" width=\"18%\"><span style=\"color: #000000;\">Villa-Lobos, Heitor<\/span><\/td>\n<td valign=\"top\" width=\"21%\"><span style=\"color: #000000;\">Choros n.6<\/span><\/td>\n<td valign=\"top\" width=\"21%\"><span style=\"color: #000000;\">\u00a0<\/span><\/td>\n<\/tr>\n<tr>\n<td valign=\"top\" width=\"18%\"><span style=\"color: #000000;\">Gomes, Ant\u00f4nio Carlos<\/span><\/td>\n<td valign=\"top\" width=\"21%\">\n<p><span style=\"color: #000000;\">FOSCA<\/span><\/p>\n<p><span style=\"color: #000000;\"> . Obertura de Fosca <\/span><\/p>\n<p><span style=\"color: #000000;\"> . \u201cIntenditi com Dio\u2026 Ah! Se tu sei fra gli angeli\u201d<\/span><\/td>\n<td rowspan=\"5\" valign=\"top\" width=\"21%\">\n<p><span style=\"color: #000000;\">Edna D`Oliveira (soprano) <\/span><\/p>\n<p><span style=\"color: #000000;\"> Rubens Medina (Tenor) <\/span><\/p>\n<p><span style=\"color: #000000;\"> Eduardo Janho-Abumrad (Basso)<\/span><\/p>\n<p><span style=\"color: #000000;\">CORO DE CAMARA DE LA UNCUYO Conductor: Fernando Ballesteros<\/span><\/p>\n<p><span style=\"color: #000000;\"> ENSAMBLE VOCAL ETHOS <\/span><\/p>\n<p><span style=\"color: #000000;\"> Conductor: Mariano Peralta<\/span><\/td>\n<\/tr>\n<tr>\n<td valign=\"top\" width=\"18%\"><span style=\"color: #000000;\">Gomes, Ant\u00f4nio Carlos<\/span><\/td>\n<td valign=\"top\" width=\"21%\">\n<p><span style=\"color: #000000;\">SALVADOR ROSA<\/span><\/p>\n<p><span style=\"color: #000000;\"> \u201cDi sposo&#8230;.di padre\u201d<\/span><\/td>\n<\/tr>\n<tr>\n<td valign=\"top\" width=\"18%\"><span style=\"color: #000000;\">Gomes, Ant\u00f4nio Carlos<\/span><\/td>\n<td valign=\"top\" width=\"21%\">\n<p><span style=\"color: #000000;\">IL GUARANY<\/span><\/p>\n<p><span style=\"color: #000000;\"> . Coro dei cacciatori: Scorre il cacciator<\/span><\/p>\n<p><span style=\"color: #000000;\"> . \u201cSento una forza indomita\u201d<\/span><\/p>\n<p><span style=\"color: #000000;\"> . C\u2019era una volta um principe<\/span><\/p>\n<p><span style=\"color: #000000;\"> . No traditori<\/span><\/p>\n<p><span style=\"color: #000000;\"> . Aspra crudel, terribile<\/span><\/p>\n<p><span style=\"color: #000000;\"> . \u201cGiovinetta, nello sguardo\u201d<\/span><\/td>\n<\/tr>\n<tr>\n<td valign=\"top\" width=\"18%\"><span style=\"color: #000000;\">Gomes, Ant\u00f4nio Carlos<\/span><\/td>\n<td valign=\"top\" width=\"21%\"><span style=\"color: #000000;\">iL GUARANY Protofonia<\/span><\/td>\n<\/tr>\n<tr>\n<td valign=\"top\" width=\"18%\"><span style=\"color: #000000;\">Gomes, Ant\u00f4nio Carlos<\/span><\/td>\n<td valign=\"top\" width=\"21%\"><span style=\"color: #000000;\">iL GUARANY Invocazione \u2013 \u201cO Dio degli Aymor\u00e8&#8221;<\/span><\/td>\n<\/tr>\n<tr>\n<td valign=\"top\" width=\"18%\"><span style=\"color: #000000;\">Silva, Francisco Manuel da<\/span><\/td>\n<td valign=\"top\" width=\"21%\"><span style=\"color: #000000;\">Hino Nacional Brasileiro<\/span><\/td>\n<td valign=\"top\" width=\"21%\"><span style=\"color: #000000;\">\u00a0<\/span><\/td>\n<\/tr>\n<tr>\n<td rowspan=\"2\" bgcolor=\"#95AABF\">\n<p><span style=\"color: #000000;\">13, 14 sep 2013<\/span><\/p>\n<p><strong><span style=\"color: #000000;\"> ORQUESTA FILARM\u00d3NICA DE BOGOT\u00c1<\/span><\/strong><\/p>\n<p><span style=\"color: #000000;\"> 13: Teatro Mayor Julio Mario Santo Domingo, Bogot\u00e1, Colombia, 20h<\/span><\/p>\n<p><span style=\"color: #000000;\"> 14: Teatro Jorge Eli\u00e9cer Gait\u00e1n, Bogot\u00e1, Colombia, 20h<\/span><\/td>\n<td valign=\"top\" bgcolor=\"#95AABF\" width=\"18%\"><span style=\"color: #000000;\">Newman, Thomas<\/span><\/td>\n<td valign=\"top\" bgcolor=\"#95AABF\" width=\"21%\"><span style=\"color: #000000;\">It got dark, for string quartet and orchestra<\/span><\/td>\n<td valign=\"top\" bgcolor=\"#95AABF\" width=\"21%\"><span style=\"color: #000000;\">Kronos Quartet (string quartet)<\/span><\/td>\n<\/tr>\n<tr>\n<td valign=\"top\" bgcolor=\"#95AABF\" width=\"18%\"><span style=\"color: #000000;\">Shostakovich, Dmitri<\/span><\/td>\n<td valign=\"top\" bgcolor=\"#95AABF\" width=\"21%\"><span style=\"color: #000000;\">Symphony No.5 in D minor, op.47<\/span><\/td>\n<td valign=\"top\" bgcolor=\"#95AABF\" width=\"21%\"><span style=\"color: #000000;\">\u00a0<\/span><\/td>\n<\/tr>\n<tr>\n<td>\n<p><span style=\"color: #000000;\">21 sep 2013<\/span><\/p>\n<p><strong><span style=\"color: #000000;\"> ORQUESTA FILARM\u00d3NICA DE MENDOZA<\/span><\/strong><\/p>\n<p><span style=\"color: #000000;\"> Teatro Independencia, Mendoza, Argentina, 21:30h<\/span><\/p>\n<p><span style=\"color: #000000;\"> CONCIERTO POR LA PAZ<\/span><br \/>\n<span style=\"color: #000000;\"> \u00a0<\/span><\/td>\n<td valign=\"top\" width=\"18%\"><span style=\"color: #000000;\">Verdi, Giuseppe<\/span><\/td>\n<td valign=\"top\" width=\"21%\"><span style=\"color: #000000;\">Messa da Requiem<\/span><\/td>\n<td valign=\"top\" width=\"21%\">\n<p><span style=\"color: #000000;\">Marcela Carrizo (S), Edineia de Oliveira (MS), Marcelo Zelada (T), Eduardo Janho-Abumrad (B)<\/span><\/p>\n<p><span style=\"color: #000000;\"> CORO UNIVERSITARIO DE SAN JUAN &#8211; UNSJ. Conductor: Jes\u00fas Ramiro Chinetti<\/span><\/p>\n<p><span style=\"color: #000000;\"> CORO DE LA CIUDAD DE MENDOZA \u00a0Conductor: Ricardo Portillo<\/span><\/td>\n<\/tr>\n<tr>\n<td bgcolor=\"#95AABF\">\n<p><span style=\"color: #000000;\">05 oct 2013<\/span><\/p>\n<p><strong><span style=\"color: #000000;\"> ORQUESTA FILARM\u00d3NICA DE MENDOZA<\/span><\/strong><\/p>\n<p><span style=\"color: #000000;\"> Teatro Independencia, Mendoza, Argentina, 21:30h<\/span><br \/>\n<span style=\"color: #000000;\"> \u00a0<\/span><\/td>\n<td valign=\"top\" bgcolor=\"#95AABF\" width=\"18%\"><span style=\"color: #000000;\">Orff, Carl<\/span><\/td>\n<td valign=\"top\" bgcolor=\"#95AABF\" width=\"21%\"><span style=\"color: #000000;\">Carmina Burana<\/span><\/td>\n<td valign=\"top\" bgcolor=\"#95AABF\" width=\"21%\">\n<p><span style=\"color: #000000;\">Laura Rizzo (Soprano), Carlos Ull\u00e1n (Tenor), Patricio Sabat\u00e9 (Bar\u00edtono)<\/span><\/p>\n<p><span style=\"color: #000000;\"> CORO UNIVERSITARIO DE MENDOZA UNCUYO, CORO DE ESTUDIANTES DE LA UNCUYO Conductors: Silvana Vallesi, Luc\u00eda Vallesi<\/span><\/p>\n<p><span style=\"color: #000000;\"> CORO DE NI\u00d1OS CANTORES DE MENDOZA <\/span><\/p>\n<p><span style=\"color: #000000;\"> Conductors: Juana Mauro, Maria Eleonora Fernandez<\/span><\/td>\n<\/tr>\n<tr>\n<td rowspan=\"4\">\n<p><span style=\"color: #000000;\">12 oct 2013 <\/span><\/p>\n<p><strong><span style=\"color: #000000;\"> ORQUESTA FILARM\u00d3NICA DE MENDOZA<\/span><\/strong><\/p>\n<p><span style=\"color: #000000;\"> Teatro Independencia, Mendoza, Argentina, 21:30h<\/span><\/p>\n<p><span style=\"color: #000000;\"> SERIE BEETHOVEN<\/span><br \/>\n<span style=\"color: #000000;\"> \u00a0<\/span><\/td>\n<td valign=\"top\" width=\"18%\"><span style=\"color: #000000;\">Vivaldi, Antonio<\/span><\/td>\n<td valign=\"top\" width=\"21%\"><span style=\"color: #000000;\">Concerto for violoncello and strings, RV 424<\/span><\/td>\n<td rowspan=\"3\" valign=\"top\" width=\"21%\"><span style=\"color: #000000;\">Davide Amadio (Violoncello)<\/span><\/td>\n<\/tr>\n<tr>\n<td valign=\"top\" width=\"18%\"><span style=\"color: #000000;\">Tartini, Giuseppe<\/span><\/td>\n<td valign=\"top\" width=\"21%\"><span style=\"color: #000000;\">Concerto for violoncello and strings, in D major<\/span><\/td>\n<\/tr>\n<tr>\n<td valign=\"top\" width=\"18%\"><span style=\"color: #000000;\">Paganini, Niccol\u00f2<\/span><\/td>\n<td valign=\"top\" width=\"21%\"><span style=\"color: #000000;\">Variazioni di bravura sul tema del Mos\u00e8 di G. Rossini<\/span><\/td>\n<\/tr>\n<tr>\n<td valign=\"top\" width=\"18%\"><span style=\"color: #000000;\">Beethoven, Ludwig, van<\/span><\/td>\n<td valign=\"top\" width=\"21%\"><span style=\"color: #000000;\">Symphony No.3 in E-flat major, op. 55, &#8220;Eroica&#8221;<\/span><\/td>\n<td valign=\"top\" width=\"21%\"><span style=\"color: #000000;\">\u00a0<\/span><\/td>\n<\/tr>\n<tr>\n<td rowspan=\"3\" bgcolor=\"#95AABF\">\n<p><span style=\"color: #000000;\">22 nov 2013<\/span><\/p>\n<p><strong><span style=\"color: #000000;\"> ORQUESTA FILARM\u00d3NICA DE MENDOZA<\/span><\/strong><\/p>\n<p><span style=\"color: #000000;\"> Teatro Independencia, Mendoza, Argentina 21:30h<\/span><\/td>\n<td valign=\"top\" bgcolor=\"#95AABF\" width=\"18%\"><span style=\"color: #000000;\">Khachaturian, Aram<\/span><\/td>\n<td valign=\"top\" bgcolor=\"#95AABF\" width=\"21%\"><span style=\"color: #000000;\">Spartacus: Adagio of Spartacus and Phrygia<\/span><\/td>\n<td valign=\"top\" bgcolor=\"#95AABF\" width=\"21%\"><span style=\"color: #000000;\">\u00a0<\/span><\/td>\n<\/tr>\n<tr>\n<td valign=\"top\" bgcolor=\"#95AABF\" width=\"18%\"><span style=\"color: #000000;\">Liszt, Franz<\/span><\/td>\n<td valign=\"top\" bgcolor=\"#95AABF\" width=\"21%\"><span style=\"color: #000000;\">Concerto for Piano and Orchestra No.2 in A major<\/span><\/td>\n<td valign=\"top\" bgcolor=\"#95AABF\" width=\"21%\"><span style=\"color: #000000;\">Luiz Carlos de Moura Castro (piano)<\/span><\/td>\n<\/tr>\n<tr>\n<td valign=\"top\" bgcolor=\"#95AABF\" width=\"18%\"><span style=\"color: #000000;\">Stravinsky, Igor<\/span><\/td>\n<td valign=\"top\" bgcolor=\"#95AABF\" width=\"21%\"><span style=\"color: #000000;\">L&#8217;Oiseau de feu: Suite (1919 version)<\/span><\/td>\n<td valign=\"top\" bgcolor=\"#95AABF\" width=\"21%\"><span style=\"color: #000000;\">\u00a0<\/span><\/td>\n<\/tr>\n<\/tbody>\n<\/table>\n<p>[\/vc_column_text][\/vc_column][\/vc_row]<\/p>\n","protected":false},"excerpt":{"rendered":"<p>[vc_row section_bottom_margin=&#8221;nobottommargin&#8221;][vc_column][vc_custom_heading text=&#8221;- 2013 -&#8221; font_container=&#8221;tag:h2|text_align:center&#8221;][vc_column_text] 16, 17 feb 2013 Orquestra Sinf\u00f4nica do [&hellip;]<\/p>\n","protected":false},"author":1,"featured_media":0,"parent":0,"menu_order":0,"comment_status":"open","ping_status":"open","template":"template\/template-landing-page-vc.php","meta":{"footnotes":""},"class_list":["post-1248","page","type-page","status-publish","hentry"],"_links":{"self":[{"href":"https:\/\/ligiaamadio.net\/a\/wp-json\/wp\/v2\/pages\/1248","targetHints":{"allow":["GET"]}}],"collection":[{"href":"https:\/\/ligiaamadio.net\/a\/wp-json\/wp\/v2\/pages"}],"about":[{"href":"https:\/\/ligiaamadio.net\/a\/wp-json\/wp\/v2\/types\/page"}],"author":[{"embeddable":true,"href":"https:\/\/ligiaamadio.net\/a\/wp-json\/wp\/v2\/users\/1"}],"replies":[{"embeddable":true,"href":"https:\/\/ligiaamadio.net\/a\/wp-json\/wp\/v2\/comments?post=1248"}],"version-history":[{"count":3,"href":"https:\/\/ligiaamadio.net\/a\/wp-json\/wp\/v2\/pages\/1248\/revisions"}],"predecessor-version":[{"id":1251,"href":"https:\/\/ligiaamadio.net\/a\/wp-json\/wp\/v2\/pages\/1248\/revisions\/1251"}],"wp:attachment":[{"href":"https:\/\/ligiaamadio.net\/a\/wp-json\/wp\/v2\/media?parent=1248"}],"curies":[{"name":"wp","href":"https:\/\/api.w.org\/{rel}","templated":true}]}}