{"id":1252,"date":"2015-08-28T14:21:55","date_gmt":"2015-08-28T14:21:55","guid":{"rendered":"http:\/\/ligiaamadio.net\/a\/?page_id=1252"},"modified":"2015-08-28T14:24:11","modified_gmt":"2015-08-28T14:24:11","slug":"2012-2","status":"publish","type":"page","link":"https:\/\/ligiaamadio.net\/a\/2012-2\/","title":{"rendered":"2012"},"content":{"rendered":"<p>[vc_row section_bottom_margin=&#8221;nobottommargin&#8221;][vc_column][vc_custom_heading text=&#8221;- 2012 -&#8221; font_container=&#8221;tag:h2|text_align:center&#8221;][vc_column_text]<\/p>\n<table border=\"0\" width=\"99%\" cellspacing=\"0\" cellpadding=\"0\">\n<tbody>\n<tr>\n<td rowspan=\"8\" valign=\"top\" bgcolor=\"#95aabf\" width=\"34%\">\n<p><span style=\"color: #000000;\">24 feb 2012 <\/span><\/p>\n<p><span style=\"color: #000000;\"><strong> Lebanese Philharmonic Orchestra<\/strong> <\/span><\/p>\n<p><span style=\"color: #000000;\"> Al Bustan Festival, Beirut, Lebanon<\/span><\/td>\n<td valign=\"top\" bgcolor=\"#95aabf\" width=\"18%\"><span style=\"color: #000000;\">Donizetti, Gaetano<\/span><\/td>\n<td valign=\"top\" bgcolor=\"#95aabf\" width=\"19%\">\n<p><span style=\"color: #000000;\">Anna Bolena Ouverture <\/span><\/p>\n<p><span style=\"color: #000000;\"> Donizetti Anna Bolena . Ah dolce guidami<\/span><\/td>\n<td valign=\"top\" bgcolor=\"#95aabf\" width=\"22%\"><span style=\"color: #000000;\">Eglise Gutierrez (soprano)<\/span><\/td>\n<\/tr>\n<tr>\n<td valign=\"top\" bgcolor=\"#95aabf\" width=\"18%\"><span style=\"color: #000000;\">Bellini, Vincenzo<\/span><\/td>\n<td valign=\"top\" bgcolor=\"#95aabf\" width=\"19%\">\n<p><span style=\"color: #000000;\">Norma Ouverture <\/span><\/p>\n<p><span style=\"color: #000000;\"> Norma \u201cCasta Diva\u201d<\/span><\/td>\n<td valign=\"top\" bgcolor=\"#95aabf\" width=\"22%\"><span style=\"color: #000000;\">\u00a0<\/span><\/td>\n<\/tr>\n<tr>\n<td valign=\"top\" bgcolor=\"#95aabf\" width=\"18%\"><span style=\"color: #000000;\">Verdi, Giuseppe<\/span><\/td>\n<td valign=\"top\" bgcolor=\"#95aabf\" width=\"19%\"><span style=\"color: #000000;\">Les Vespres siciliennes Ouverture<\/span><\/td>\n<td valign=\"top\" bgcolor=\"#95aabf\" width=\"22%\"><span style=\"color: #000000;\">\u00a0<\/span><\/td>\n<\/tr>\n<tr>\n<td valign=\"top\" bgcolor=\"#95aabf\" width=\"18%\"><span style=\"color: #000000;\">Charpentier, Gustave<\/span><\/td>\n<td valign=\"top\" bgcolor=\"#95aabf\" width=\"19%\"><span style=\"color: #000000;\">Louise \u201cDepuis le jour\u201d<\/span><\/td>\n<td valign=\"top\" bgcolor=\"#95aabf\" width=\"22%\"><span style=\"color: #000000;\">\u00a0<\/span><\/td>\n<\/tr>\n<tr>\n<td valign=\"top\" bgcolor=\"#95aabf\" width=\"18%\"><span style=\"color: #000000;\">Jim\u00e9nez, Ger\u00f3nimo<\/span><\/td>\n<td valign=\"top\" bgcolor=\"#95aabf\" width=\"19%\"><span style=\"color: #000000;\">La boda de Luiz Alonso<\/span><\/td>\n<td valign=\"top\" bgcolor=\"#95aabf\" width=\"22%\"><span style=\"color: #000000;\">\u00a0<\/span><\/td>\n<\/tr>\n<tr>\n<td valign=\"top\" bgcolor=\"#95aabf\" width=\"18%\"><span style=\"color: #000000;\">Jim\u00e9nez, Ger\u00f3nimo &amp; Nieto, Miguel<\/span><\/td>\n<td valign=\"top\" bgcolor=\"#95aabf\" width=\"19%\"><span style=\"color: #000000;\">Zarzuela El Barbero de Sevilla \u201cMe llaman La primorosa \u201c<\/span><\/td>\n<td valign=\"top\" bgcolor=\"#95aabf\" width=\"22%\"><span style=\"color: #000000;\">\u00a0<\/span><\/td>\n<\/tr>\n<tr>\n<td valign=\"top\" bgcolor=\"#95aabf\" width=\"18%\"><span style=\"color: #000000;\">Saint-Sa\u00ebns, Camille<\/span><\/td>\n<td valign=\"top\" bgcolor=\"#95aabf\" width=\"19%\"><span style=\"color: #000000;\">Bacchanale from Samson et Dalila<\/span><\/td>\n<td valign=\"top\" bgcolor=\"#95aabf\" width=\"22%\"><span style=\"color: #000000;\">\u00a0<\/span><\/td>\n<\/tr>\n<tr>\n<td valign=\"top\" bgcolor=\"#95aabf\" width=\"18%\"><span style=\"color: #000000;\">Gonoud, Charles<\/span><\/td>\n<td valign=\"top\" bgcolor=\"#95aabf\" width=\"19%\"><span style=\"color: #000000;\">Rom\u00e9o et Juliett \u201cJe veux vivre\u201d<\/span><\/td>\n<td valign=\"top\" bgcolor=\"#95aabf\" width=\"22%\"><span style=\"color: #000000;\">\u00a0<\/span><\/td>\n<\/tr>\n<tr>\n<td rowspan=\"6\" valign=\"top\" width=\"34%\">\n<p><span style=\"color: #000000;\">29 feb 2012<\/span><\/p>\n<p><strong><span style=\"color: #000000;\"> Concierto por la Fiesta de la Cosecha<\/span><\/strong><\/p>\n<p><span style=\"color: #000000;\"> Orquesta Filarm\u00f3nica de Mendoza <\/span><\/p>\n<p><span style=\"color: #000000;\"> Serie OFM en la Vendimia<\/span><\/p>\n<p><span style=\"color: #000000;\"> Aeropuerto de Mendoza, Mendoza, Argentina<\/span><\/td>\n<td valign=\"top\" width=\"18%\"><span style=\"color: #000000;\">Alcaraz, Sebasti\u00e1n<\/span><\/td>\n<td valign=\"top\" width=\"19%\"><span style=\"color: #000000;\">Condor Dorado (arr. Leopoldo Mart\u00ed)<\/span><\/td>\n<td rowspan=\"2\" valign=\"top\" width=\"22%\">\n<p><span style=\"color: #000000;\">Mariela Contreras, Sandra Amaya, Patricia Cangemi, Jose Quiroga (singers) <\/span><\/p>\n<p><span style=\"color: #000000;\"> Tr\u00edo \u00d6esch-Melchiori-Alcaraz, Gustavo Meli (bater\u00eda), Juan Sebasti\u00e1n Rivas (guitarra el\u00e9ctrica), Esteban Calder\u00f3n (bandone\u00f3n)<\/span><\/td>\n<\/tr>\n<tr>\n<td valign=\"top\" width=\"18%\"><span style=\"color: #000000;\">Mart\u00ed, Polo<\/span><\/td>\n<td valign=\"top\" width=\"19%\"><span style=\"color: #000000;\">Tonada M\u00e1gica y Ritual Siglo XXI<\/span><\/td>\n<\/tr>\n<tr>\n<td valign=\"top\" width=\"18%\"><span style=\"color: #000000;\">Gardini, Leandro<\/span><\/td>\n<td valign=\"top\" width=\"19%\"><span style=\"color: #000000;\">Bai\u00e3o Loco<\/span><\/td>\n<td valign=\"top\" width=\"22%\"><span style=\"color: #000000;\">\u00a0<\/span><\/td>\n<\/tr>\n<tr>\n<td valign=\"top\" width=\"18%\"><span style=\"color: #000000;\">Santoro, Claudio<\/span><\/td>\n<td valign=\"top\" width=\"19%\"><span style=\"color: #000000;\">Frevo<\/span><\/td>\n<td valign=\"top\" width=\"22%\"><span style=\"color: #000000;\">\u00a0<\/span><\/td>\n<\/tr>\n<tr>\n<td valign=\"top\" width=\"18%\"><span style=\"color: #000000;\">Marquez, Arturo<\/span><\/td>\n<td valign=\"top\" width=\"19%\"><span style=\"color: #000000;\">Danz\u00f3n Cubano n.2<\/span><\/td>\n<td valign=\"top\" width=\"22%\"><span style=\"color: #000000;\">\u00a0<\/span><\/td>\n<\/tr>\n<tr>\n<td valign=\"top\" width=\"18%\"><span style=\"color: #000000;\">Dvor\u00e1k, Anton\u00edn<\/span><\/td>\n<td valign=\"top\" width=\"19%\"><span style=\"color: #000000;\">Sinfonia n.9, op.95, en mi menor \u2013 IV Movement<\/span><\/td>\n<td valign=\"top\" width=\"22%\"><span style=\"color: #000000;\">\u00a0<\/span><\/td>\n<\/tr>\n<tr>\n<td rowspan=\"6\" valign=\"top\" bgcolor=\"#95AABF\" width=\"34%\">\n<p><span style=\"color: #000000;\">08 mar 2012<\/span><\/p>\n<p><strong><span style=\"color: #000000;\"> Orquesta Filarm\u00f3nica de Mendoza<\/span><\/strong><\/p>\n<p><span style=\"color: #000000;\"> Auditorio \u00c1ngel Bustelo, Mendoza, Argentina, 19h<\/span><\/p>\n<p><span style=\"color: #000000;\"> Concierto de abertura del Americanto &#8211; D\u00eda de la mujer\u00a0 &#8211;<\/span><\/td>\n<td valign=\"top\" bgcolor=\"#95AABF\" width=\"18%\"><span style=\"color: #000000;\">Robles, Daniel Alom\u00eda<\/span><\/td>\n<td valign=\"top\" bgcolor=\"#95AABF\" width=\"19%\"><span style=\"color: #000000;\">Himno al Sol\u00a0<\/span><\/td>\n<td valign=\"top\" bgcolor=\"#95AABF\" width=\"22%\"><span style=\"color: #000000;\">\u00a0<\/span><\/td>\n<\/tr>\n<tr>\n<td valign=\"top\" bgcolor=\"#95AABF\" width=\"18%\"><span style=\"color: #000000;\">Martines, Jorge<\/span><\/td>\n<td valign=\"top\" bgcolor=\"#95AABF\" width=\"19%\"><span style=\"color: #000000;\">La Rosa y el Clavel &#8211; orquestaci\u00f3n de Vicente Bianchi Alarc\u00f3n<\/span><\/td>\n<td valign=\"top\" bgcolor=\"#95AABF\" width=\"22%\"><span style=\"color: #000000;\">\u00a0<\/span><\/td>\n<\/tr>\n<tr>\n<td valign=\"top\" bgcolor=\"#95AABF\" width=\"18%\"><span style=\"color: #000000;\">Santoro, Claudio<\/span><\/td>\n<td valign=\"top\" bgcolor=\"#95AABF\" width=\"19%\"><span style=\"color: #000000;\">Frevo<\/span><\/td>\n<td valign=\"top\" bgcolor=\"#95AABF\" width=\"22%\"><span style=\"color: #000000;\">\u00a0<\/span><\/td>\n<\/tr>\n<tr>\n<td valign=\"top\" bgcolor=\"#95AABF\" width=\"18%\"><span style=\"color: #000000;\">Pereira, Cyro<\/span><\/td>\n<td valign=\"top\" bgcolor=\"#95AABF\" width=\"19%\"><span style=\"color: #000000;\">Acuarela de sambas<\/span><\/td>\n<td valign=\"top\" bgcolor=\"#95AABF\" width=\"22%\"><span style=\"color: #000000;\">\u00a0<\/span><\/td>\n<\/tr>\n<tr>\n<td valign=\"top\" bgcolor=\"#95AABF\" width=\"18%\"><span style=\"color: #000000;\">Zavata y Palorma, F.D.<\/span><\/td>\n<td valign=\"top\" bgcolor=\"#95AABF\" width=\"19%\"><span style=\"color: #000000;\">Calle Angosta y Pongale por las Hileras (arr. Polo Marti)<\/span><\/td>\n<td valign=\"top\" bgcolor=\"#95AABF\" width=\"22%\"><span style=\"color: #000000;\">Juanita Vera (singer)<\/span><\/td>\n<\/tr>\n<tr>\n<td valign=\"top\" bgcolor=\"#95AABF\" width=\"18%\"><span style=\"color: #000000;\">Marquez, Arturo<\/span><\/td>\n<td valign=\"top\" bgcolor=\"#95AABF\" width=\"19%\"><span style=\"color: #000000;\">Danz\u00f3n Cubano n.2<\/span><\/td>\n<td valign=\"top\" bgcolor=\"#95AABF\" width=\"22%\"><span style=\"color: #000000;\">\u00a0<\/span><\/td>\n<\/tr>\n<tr>\n<td rowspan=\"5\" valign=\"top\" width=\"34%\">\n<p><span style=\"color: #000000;\">15 apr 2012<\/span><\/p>\n<p><span style=\"color: #000000;\"><strong> Orquestra Sinf\u00f4nica da USP, Sala S\u00e3o Paulo, S\u00e3o Paulo, Brasil<\/strong> <\/span><\/p>\n<p><span style=\"color: #000000;\"> Programa Latino e Americano<\/span><\/td>\n<td valign=\"top\" width=\"18%\"><span style=\"color: #000000;\">Santoro, Claudio<\/span><\/td>\n<td valign=\"top\" width=\"19%\"><span style=\"color: #000000;\">Frevo<\/span><\/td>\n<td valign=\"top\" width=\"22%\"><span style=\"color: #000000;\">\u00a0<\/span><\/td>\n<\/tr>\n<tr>\n<td valign=\"top\" width=\"18%\"><span style=\"color: #000000;\">Engebretson, Mark<\/span><\/td>\n<td valign=\"top\" width=\"19%\"><span style=\"color: #000000;\">Concerto for saxophone soprano and orchestra (*World Premiere)<\/span><\/td>\n<td valign=\"top\" width=\"22%\"><span style=\"color: #000000;\">Susan Fancher (sax)<\/span><\/td>\n<\/tr>\n<tr>\n<td valign=\"top\" width=\"18%\"><span style=\"color: #000000;\">Ginastera, Alberto<\/span><\/td>\n<td valign=\"top\" width=\"19%\"><span style=\"color: #000000;\">Estancia Suite<\/span><\/td>\n<td valign=\"top\" width=\"22%\"><span style=\"color: #000000;\">\u00a0<\/span><\/td>\n<\/tr>\n<tr>\n<td valign=\"top\" width=\"18%\"><span style=\"color: #000000;\">Bernstein, Leonard<\/span><\/td>\n<td valign=\"top\" width=\"19%\"><span style=\"color: #000000;\">West Side Story: Symphonic Dances<\/span><\/td>\n<td valign=\"top\" width=\"22%\"><span style=\"color: #000000;\">\u00a0<\/span><\/td>\n<\/tr>\n<tr>\n<td valign=\"top\" width=\"18%\"><span style=\"color: #000000;\">Pereira, Cyro<\/span><\/td>\n<td valign=\"top\" width=\"19%\"><span style=\"color: #000000;\">Aquarela de Sambas<\/span><\/td>\n<td valign=\"top\" width=\"22%\"><span style=\"color: #000000;\">\u00a0<\/span><\/td>\n<\/tr>\n<tr>\n<td rowspan=\"2\" bgcolor=\"#95AABF\">\n<p><span style=\"color: #000000;\">21 apr 2012 <\/span><\/p>\n<p><strong><span style=\"color: #000000;\"> Orquesta Filarm\u00f3nica de Mendoza <\/span><\/strong><\/p>\n<p><span style=\"color: #000000;\"> Teatro Independencia, Mendoza, Argentina<\/span><\/td>\n<td valign=\"top\" bgcolor=\"#95AABF\" width=\"18%\"><span style=\"color: #000000;\">Rachmaninoff, Sergei<\/span><\/td>\n<td valign=\"top\" bgcolor=\"#95AABF\" width=\"19%\"><span style=\"color: #000000;\">Concerto for piano and orchestra n.2, op.18, C minor<\/span><\/td>\n<td valign=\"top\" bgcolor=\"#95AABF\" width=\"22%\"><span style=\"color: #000000;\">Alexander Panizza (piano)<\/span><\/td>\n<\/tr>\n<tr>\n<td valign=\"top\" bgcolor=\"#95AABF\" width=\"18%\"><span style=\"color: #000000;\">Sibelius, Jean<\/span><\/td>\n<td valign=\"top\" bgcolor=\"#95AABF\" width=\"19%\"><span style=\"color: #000000;\">Symphony n.1, op.39, E minor<\/span><\/td>\n<td valign=\"top\" bgcolor=\"#95AABF\" width=\"22%\"><span style=\"color: #000000;\">\u00a0<\/span><\/td>\n<\/tr>\n<tr>\n<td>\n<p><span style=\"color: #000000;\">24, 26, 28, 30 may 2012<\/span><\/p>\n<p><strong><span style=\"color: #000000;\"> Orquesta Filarm\u00f3nica de Mendoza <\/span><\/strong><\/p>\n<p><span style=\"color: #000000;\"> Teatro Independencia, Mendoza, Argentina<\/span><\/p>\n<p><span style=\"color: #000000;\"> Direcci\u00f3n Musical: Ligia Amadio<\/span><\/p>\n<p><span style=\"color: #000000;\"> Direcci\u00f3n de Escena: Rodolfo Ya\u00f1ez y Jimena Semiz<\/span><\/p>\n<p><span style=\"color: #000000;\">\u00a0<\/span><\/td>\n<td valign=\"top\" width=\"18%\"><span style=\"color: #000000;\">Panizza, H\u00e9ctor<\/span><\/td>\n<td valign=\"top\" width=\"19%\"><span style=\"color: #000000;\">\u00d3pera Aurora<\/span><\/td>\n<td valign=\"top\" width=\"22%\">\n<p><span style=\"color: #000000;\">Aurora: Alejandra Herrera V\u00e1squez Mariano: Rodrigo Ortiz <\/span><\/p>\n<p><span style=\"color: #000000;\"> Don Ignacio: Fernando Javier Lazari <\/span><\/p>\n<p><span style=\"color: #000000;\"> Lucas: Rub\u00e9n Caparotta <\/span><\/p>\n<p><span style=\"color: #000000;\"> Lavin: Javier Iba\u00f1ez<\/span><\/p>\n<p><span style=\"color: #000000;\"> Bonif\u00e1cio: Cristian Ojeda Raymundo: Marcelo Da Cort\u00e1 <\/span><\/p>\n<p><span style=\"color: #000000;\"> CORO DE CAMARA DE LA UNCUYO<\/span><\/p>\n<p><span style=\"color: #000000;\"> Conductor: Fernando Ballesteros<\/span><\/p>\n<p><span style=\"color: #000000;\"> CORO DEL CLUB MENDOZA REGATAS Conductor: Liliana S\u00e1nchez<\/span><\/td>\n<\/tr>\n<tr>\n<td rowspan=\"4\" bgcolor=\"#95AABF\">\n<p><span style=\"color: #000000;\">07 may 2012<\/span><\/p>\n<p><strong><span style=\"color: #000000;\"> Orquesta Filarm\u00f3nica de Quer\u00e9taro<\/span><\/strong><\/p>\n<p><span style=\"color: #000000;\"> Teatro de la Rep\u00fablica, Quer\u00e9taro, M\u00e9xico\u00a0<\/span><\/td>\n<td valign=\"top\" bgcolor=\"#95AABF\" width=\"18%\"><span style=\"color: #000000;\">Santoro, Claudio<\/span><\/td>\n<td valign=\"top\" bgcolor=\"#95AABF\" width=\"19%\"><span style=\"color: #000000;\">Brasiliana<\/span><\/td>\n<td valign=\"top\" bgcolor=\"#95AABF\" width=\"22%\"><span style=\"color: #000000;\">\u00a0<\/span><\/td>\n<\/tr>\n<tr>\n<td valign=\"top\" bgcolor=\"#95AABF\" width=\"18%\"><span style=\"color: #000000;\">Guilmant, Alexandre<\/span><\/td>\n<td valign=\"top\" bgcolor=\"#95AABF\" width=\"19%\"><span style=\"color: #000000;\">Morceau Symphonique<\/span><\/td>\n<td rowspan=\"2\" valign=\"top\" bgcolor=\"#95AABF\" width=\"22%\"><span style=\"color: #000000;\">Iain Hunter (trombone)<\/span><\/td>\n<\/tr>\n<tr>\n<td valign=\"top\" bgcolor=\"#95AABF\" width=\"18%\"><span style=\"color: #000000;\">Martin, Frank<\/span><\/td>\n<td valign=\"top\" bgcolor=\"#95AABF\" width=\"19%\"><span style=\"color: #000000;\">Ballade pour trombone et orchestre<\/span><\/td>\n<\/tr>\n<tr>\n<td valign=\"top\" bgcolor=\"#95AABF\" width=\"18%\"><span style=\"color: #000000;\">Rachmaninoff, Sergei<\/span><\/td>\n<td valign=\"top\" bgcolor=\"#95AABF\" width=\"19%\"><span style=\"color: #000000;\">Symphony n.1, op.13, D minor<\/span><\/td>\n<td valign=\"top\" bgcolor=\"#95AABF\" width=\"22%\"><span style=\"color: #000000;\">\u00a0<\/span><\/td>\n<\/tr>\n<tr>\n<td rowspan=\"3\">\n<p><span style=\"color: #000000;\">08 jul 2012<\/span><\/p>\n<p><span style=\"color: #000000;\"> Orquesta Filarm\u00f3nica de Mendoza<\/span><\/p>\n<p><span style=\"color: #000000;\"> Velada de Gala<\/span><\/p>\n<p><span style=\"color: #000000;\"> Teatro Independencia, Mendoza, Argentina 21:30h<\/span><\/td>\n<td valign=\"top\" width=\"18%\"><span style=\"color: #000000;\">Aguirre, Juli\u00e1n<\/span><\/td>\n<td valign=\"top\" width=\"19%\"><span style=\"color: #000000;\">Huella y Gato<\/span><\/td>\n<td valign=\"top\" width=\"22%\"><span style=\"color: #000000;\">\u00a0<\/span><\/td>\n<\/tr>\n<tr>\n<td valign=\"top\" width=\"18%\"><span style=\"color: #000000;\">Prokofiev, Serge<\/span><\/td>\n<td valign=\"top\" width=\"19%\"><span style=\"color: #000000;\">Concerto for piano and orchestra n.1, op.10, D-flat mayor<\/span><\/td>\n<td valign=\"top\" width=\"22%\"><span style=\"color: #000000;\">Linda Bustani (piano)<\/span><\/td>\n<\/tr>\n<tr>\n<td valign=\"top\" width=\"18%\"><span style=\"color: #000000;\">Shostakovich, Dmitri<\/span><\/td>\n<td valign=\"top\" width=\"19%\"><span style=\"color: #000000;\">Symphony n.5, op.47, D minor<\/span><\/td>\n<td valign=\"top\" width=\"22%\"><span style=\"color: #000000;\">\u00a0<\/span><\/td>\n<\/tr>\n<tr>\n<td rowspan=\"4\" bgcolor=\"#95AABF\">\n<p><span style=\"color: #000000;\">28 jul 2012 <\/span><\/p>\n<p><strong><span style=\"color: #000000;\"> Orquesta Filarm\u00f3nica de Mendoza<\/span><\/strong><\/p>\n<p><span style=\"color: #000000;\"> 150 a\u00f1os de nascimiento de Debussy y 75 a\u00f1os de muerte de Ravel<\/span><\/p>\n<p><span style=\"color: #000000;\"> Teatro Independencia, Mendoza, Argentina<\/span><\/td>\n<td valign=\"top\" bgcolor=\"#95AABF\" width=\"18%\"><span style=\"color: #000000;\">Debussy, Claude<\/span><\/td>\n<td valign=\"top\" bgcolor=\"#95AABF\" width=\"19%\"><span style=\"color: #000000;\">Pr\u00e9lude \u00e0 L\u2019Apr\u00e8s-midi d\u2019un Faune<\/span><\/td>\n<td valign=\"top\" bgcolor=\"#95AABF\" width=\"22%\"><span style=\"color: #000000;\">\u00a0<\/span><\/td>\n<\/tr>\n<tr>\n<td valign=\"top\" bgcolor=\"#95AABF\" width=\"18%\"><span style=\"color: #000000;\">Ravel, Maurice<\/span><\/td>\n<td valign=\"top\" bgcolor=\"#95AABF\" width=\"19%\"><span style=\"color: #000000;\">Pavane pour une infante d\u00e9funte<\/span><\/td>\n<td valign=\"top\" bgcolor=\"#95AABF\" width=\"22%\"><span style=\"color: #000000;\">\u00a0<\/span><\/td>\n<\/tr>\n<tr>\n<td valign=\"top\" bgcolor=\"#95AABF\" width=\"18%\"><span style=\"color: #000000;\">Ravel, Maurice<\/span><\/td>\n<td valign=\"top\" bgcolor=\"#95AABF\" width=\"19%\"><span style=\"color: #000000;\">Bolero<\/span><\/td>\n<td valign=\"top\" bgcolor=\"#95AABF\" width=\"22%\"><span style=\"color: #000000;\">\u00a0<\/span><\/td>\n<\/tr>\n<tr>\n<td valign=\"top\" bgcolor=\"#95AABF\" width=\"18%\"><span style=\"color: #000000;\">Ravel, Maurice<\/span><\/td>\n<td valign=\"top\" bgcolor=\"#95AABF\" width=\"19%\"><span style=\"color: #000000;\">Daphnis et Chlo\u00e9: Suite n.2<\/span><\/td>\n<td valign=\"top\" bgcolor=\"#95AABF\" width=\"22%\"><span style=\"color: #000000;\">\u00a0<\/span><\/td>\n<\/tr>\n<tr>\n<td>\n<p><span style=\"color: #000000;\">11 aug 2012<\/span><\/p>\n<p><strong><span style=\"color: #000000;\"> CORO y ORQUESTA SINF\u00d3NICA DEL SODRE<\/span><\/strong><\/p>\n<p><span style=\"color: #000000;\"> Auditorio Nacional Adelia Reta, SODRE, Montevideo, Uruguay<\/span><\/td>\n<td valign=\"top\" width=\"18%\"><span style=\"color: #000000;\">Rossini, Gioacchino<\/span><\/td>\n<td valign=\"top\" width=\"19%\"><span style=\"color: #000000;\">Stabat Mater, for soloists, choir and orchestra<\/span><\/td>\n<td valign=\"top\" width=\"22%\">\n<p><span style=\"color: #000000;\">Paulina Gonz\u00e1lez (S) Adriana Mastr\u00e1ngelo (MS) <\/span><\/p>\n<p><span style=\"color: #000000;\"> Jos\u00e9 Luis Sola (T)\u00a0 <\/span><\/p>\n<p><span style=\"color: #000000;\"> Fernando Rad\u00f3 (B) <\/span><\/p>\n<p><span style=\"color: #000000;\"> (Choir conductor:\u00a0 Esteban Louise)<\/span><\/td>\n<\/tr>\n<tr>\n<td rowspan=\"4\" bgcolor=\"#95AABF\">\n<p><span style=\"color: #000000;\">19 aug 2012 <\/span><\/p>\n<p><span style=\"color: #000000;\"><strong> Orquestra Sinf\u00f4nica da Universidade de S\u00e3o Paulo<\/strong> <\/span><\/p>\n<p><span style=\"color: #000000;\"> Concerto em homenagem aos 50 anos de carreira do violoncelista <\/span><\/p>\n<p><span style=\"color: #000000;\"> Antonio Del Claro &#8211; 150o Anivers\u00e1rio do Nascimento de Claude Debussy<\/span><\/td>\n<td valign=\"top\" bgcolor=\"#95AABF\" width=\"18%\"><span style=\"color: #000000;\">\u00a0<\/span><\/td>\n<td valign=\"top\" bgcolor=\"#95AABF\" width=\"19%\"><span style=\"color: #000000;\">Pr\u00e9lude \u00e0 L\u2019Apr\u00e8s-midi d\u2019un Faune<\/span><\/td>\n<td valign=\"top\" bgcolor=\"#95AABF\" width=\"22%\"><span style=\"color: #000000;\">\u00a0<\/span><\/td>\n<\/tr>\n<tr>\n<td valign=\"top\" bgcolor=\"#95AABF\" width=\"18%\"><span style=\"color: #000000;\">Rota, Nino<\/span><\/td>\n<td valign=\"top\" bgcolor=\"#95AABF\" width=\"19%\"><span style=\"color: #000000;\">Concerto for violoncelo and orchestra n.1<\/span><\/td>\n<td valign=\"top\" bgcolor=\"#95AABF\" width=\"22%\"><span style=\"color: #000000;\">Antonio Del Claro (violoncelo)<\/span><\/td>\n<\/tr>\n<tr>\n<td valign=\"top\" bgcolor=\"#95AABF\" width=\"18%\"><span style=\"color: #000000;\">Debussy, Claude<\/span><\/td>\n<td valign=\"top\" bgcolor=\"#95AABF\" width=\"19%\"><span style=\"color: #000000;\">La Mer<\/span><\/td>\n<td valign=\"top\" bgcolor=\"#95AABF\" width=\"22%\"><span style=\"color: #000000;\">\u00a0<\/span><\/td>\n<\/tr>\n<tr>\n<td valign=\"top\" bgcolor=\"#95AABF\" width=\"18%\"><span style=\"color: #000000;\">Ravel, Maurice<\/span><\/td>\n<td valign=\"top\" bgcolor=\"#95AABF\" width=\"19%\"><span style=\"color: #000000;\">Daphnis et Chlo\u00e9: Suite n.2<\/span><\/td>\n<td valign=\"top\" bgcolor=\"#95AABF\" width=\"22%\"><span style=\"color: #000000;\">\u00a0<\/span><\/td>\n<\/tr>\n<tr>\n<td rowspan=\"3\">\n<p><span style=\"color: #000000;\">01 sep 2012<\/span><\/p>\n<p><strong><span style=\"color: #000000;\"> Orquesta Filarm\u00f3nica de Mendoza<\/span><\/strong><\/p>\n<p><span style=\"color: #000000;\"> Teatro Independencia, Mendoza, Argentina 21:30h<\/span><\/td>\n<td valign=\"top\" width=\"18%\"><span style=\"color: #000000;\">Tchaikovsky, Piotr Ilyich<\/span><\/td>\n<td valign=\"top\" width=\"19%\"><span style=\"color: #000000;\">Concierto n.1 para piano y orquesta, en si bemol menor, op.23<\/span><\/td>\n<td valign=\"top\" width=\"22%\"><span style=\"color: #000000;\">Bruno Gelber (piano)<\/span><\/td>\n<\/tr>\n<tr>\n<td valign=\"top\" width=\"18%\"><span style=\"color: #000000;\">Tchaikovsky, Piotr Ilyich<\/span><\/td>\n<td valign=\"top\" width=\"19%\"><span style=\"color: #000000;\">Romeo y Julieta: Abertura-Fantas\u00eda<\/span><\/td>\n<td rowspan=\"2\" valign=\"top\" width=\"22%\"><span style=\"color: #000000;\">\u00a0<\/span><\/td>\n<\/tr>\n<tr>\n<td valign=\"top\" width=\"18%\"><span style=\"color: #000000;\">Wagner, Richard<\/span><\/td>\n<td valign=\"top\" width=\"19%\"><span style=\"color: #000000;\">Tristan y Isolda: Prelude y Liebestod<\/span><\/td>\n<\/tr>\n<tr>\n<td rowspan=\"3\" bgcolor=\"#95AABF\">\n<p><span style=\"color: #000000;\">28 oct 2012<\/span><\/p>\n<p><strong><span style=\"color: #000000;\"> Orquesta Filarm\u00f3nica de Mendoza<\/span><\/strong><\/p>\n<p><span style=\"color: #000000;\"> Serie \u201cEn Viena, tras las huellas de los maestros\u201d: BEETHOVEN \u2013 200 A\u00d1OS DE CREACI\u00d3N DE LA 7\u00aa. SINFONIA (1812)<\/span><\/p>\n<p><span style=\"color: #000000;\"> Teatro Independencia, Mendoza, Argentina 21:30h<\/span><\/td>\n<td valign=\"top\" bgcolor=\"#95AABF\" width=\"18%\"><span style=\"color: #000000;\">Beethoven, Ludwig van<\/span><\/td>\n<td valign=\"top\" bgcolor=\"#95AABF\" width=\"19%\"><span style=\"color: #000000;\">Fidelio Overture, op.72, E major<\/span><\/td>\n<td valign=\"top\" bgcolor=\"#95AABF\" width=\"22%\"><span style=\"color: #000000;\">\u00a0<\/span><\/td>\n<\/tr>\n<tr>\n<td valign=\"top\" bgcolor=\"#95AABF\" width=\"18%\"><span style=\"color: #000000;\">Beethoven, Ludwig van<\/span><\/td>\n<td valign=\"top\" bgcolor=\"#95AABF\" width=\"19%\"><span style=\"color: #000000;\">Romanza n.1 for violin and orchestra, op.40, G major<\/span><\/td>\n<td valign=\"top\" bgcolor=\"#95AABF\" width=\"22%\"><span style=\"color: #000000;\">Miguel Angel Cotignola (violin)<\/span><\/td>\n<\/tr>\n<tr>\n<td valign=\"top\" bgcolor=\"#95AABF\" width=\"18%\"><span style=\"color: #000000;\">Beethoven, Ludwig van<\/span><\/td>\n<td valign=\"top\" bgcolor=\"#95AABF\" width=\"19%\"><span style=\"color: #000000;\">Symphony n.7, op.92, A major<\/span><\/td>\n<td valign=\"top\" bgcolor=\"#95AABF\" width=\"22%\"><span style=\"color: #000000;\">\u00a0<\/span><\/td>\n<\/tr>\n<tr>\n<td rowspan=\"3\">\n<p><span style=\"color: #000000;\">17 nov 2012<\/span><\/p>\n<p><strong><span style=\"color: #000000;\"> Orquesta Filarm\u00f3nica de Mendoza<\/span><\/strong><\/p>\n<p><span style=\"color: #000000;\"> Serie \u201cEn Viena, tras las huellas de los maestros\u201d: BRAHMS \u2013 150 A\u00d1OS DE CREACI\u00d3N DE LA 1\u00aa. SINFONIA (1862 \u2013 1876)<\/span><\/p>\n<p><span style=\"color: #000000;\"> Teatro Independencia, Mendoza, Argentina 21:30h<\/span><\/td>\n<td valign=\"top\" width=\"18%\"><span style=\"color: #000000;\">Brahms, Johannes<\/span><\/td>\n<td valign=\"top\" width=\"19%\"><span style=\"color: #000000;\">Tragic Overture, op.81<\/span><\/td>\n<td valign=\"top\" width=\"22%\"><span style=\"color: #000000;\">\u00a0<\/span><\/td>\n<\/tr>\n<tr>\n<td valign=\"top\" width=\"18%\"><span style=\"color: #000000;\">Schumann, Robert<\/span><\/td>\n<td valign=\"top\" width=\"19%\"><span style=\"color: #000000;\">Concerto for Piano and Orchestra in A minor, op.54<\/span><\/td>\n<td valign=\"top\" width=\"22%\"><span style=\"color: #000000;\">Alexander Panizza (piano)<\/span><\/td>\n<\/tr>\n<tr>\n<td valign=\"top\" width=\"18%\"><span style=\"color: #000000;\">Brahms, Johannes<\/span><\/td>\n<td valign=\"top\" width=\"19%\"><span style=\"color: #000000;\">Symphony No.1 in C minor, op.68<\/span><\/td>\n<td valign=\"top\" width=\"22%\"><span style=\"color: #000000;\">\u00a0<\/span><\/td>\n<\/tr>\n<tr>\n<td rowspan=\"3\" bgcolor=\"#95AABF\">\n<p><span style=\"color: #000000;\">25 nov 2012 to 08 dec 2012<\/span><\/p>\n<p><strong><span style=\"color: #000000;\"> III Concurso Internacional BNDES de Piano do Rio de Janeiro<\/span><\/strong><\/p>\n<p><span style=\"color: #000000;\"> J\u00fari: Jean-Philippe Collard, Antonio Pompa-Baldi, Francesco Libetta, Frank L\u00e9vy, Gabriel Tacchino, Ligia Amadio, Mikhail Voskresensky, Piotr Paleczny, Sergio Tiempo<\/span><\/p>\n<p><span style=\"color: #000000;\"> 08 dec 2012<\/span><\/p>\n<p><span style=\"color: #000000;\"> Orquestra Sinf\u00f4nica Brasileira<\/span><\/p>\n<p><span style=\"color: #000000;\"> Theatro Municipal do Rio de Janeiro, Rio de Janeiro Brasil<\/span><\/p>\n<p><span style=\"color: #000000;\"> Prova Final do Concurso 20h<\/span><\/td>\n<td valign=\"top\" bgcolor=\"#95AABF\" width=\"18%\"><span style=\"color: #000000;\">Prokofiev, Serge<\/span><\/td>\n<td valign=\"top\" bgcolor=\"#95AABF\" width=\"19%\"><span style=\"color: #000000;\">Concerto n.3 for piano and orchestra, op.26, C major<\/span><\/td>\n<td valign=\"top\" bgcolor=\"#95AABF\" width=\"22%\"><span style=\"color: #000000;\">Mikhail Berestnev<\/span><\/td>\n<\/tr>\n<tr>\n<td valign=\"top\" bgcolor=\"#95AABF\" width=\"18%\"><span style=\"color: #000000;\">Beethoven, Ludwig van<\/span><\/td>\n<td valign=\"top\" bgcolor=\"#95AABF\" width=\"19%\"><span style=\"color: #000000;\">Concerto for Piano and Orchestra No.3, op.37, C minor<\/span><\/td>\n<td valign=\"top\" bgcolor=\"#95AABF\" width=\"22%\"><span style=\"color: #000000;\">Nino Brakadze<\/span><\/td>\n<\/tr>\n<tr>\n<td valign=\"top\" bgcolor=\"#95AABF\" width=\"18%\"><span style=\"color: #000000;\">Liszt, Franz<\/span><\/td>\n<td valign=\"top\" bgcolor=\"#95AABF\" width=\"19%\"><span style=\"color: #000000;\">Concerto for piano and orchestra n.1 in E-flat major<\/span><\/td>\n<td valign=\"top\" bgcolor=\"#95AABF\" width=\"22%\"><span style=\"color: #000000;\">Tamila Salimdjanova<\/span><\/td>\n<\/tr>\n<tr>\n<td rowspan=\"7\">\n<p><span style=\"color: #000000;\">19 dec 2012 <\/span><\/p>\n<p><strong><span style=\"color: #000000;\"> Orquesta Filarm\u00f3nica de Mendoza, Concierto de Navidad<\/span><\/strong><\/p>\n<p><span style=\"color: #000000;\"> Explanada de la Casa de Gobierno de Mendoza, Mendoza, Argentina<\/span><\/p>\n<p><span style=\"color: #000000;\"> Estrellita, canci\u00f3n infantil<\/span><\/p>\n<p><span style=\"color: #000000;\"> ORQUESTA DE NI\u00d1OS ESPECIALES DE MENDOZA (ONEMEN)<\/span><\/p>\n<p><span style=\"color: #000000;\"> Directora: Maria Eugenia El\u00edas<\/span><\/td>\n<td valign=\"top\" width=\"18%\"><span style=\"color: #000000;\">Elberdin, Josu<\/span><\/td>\n<td valign=\"top\" width=\"19%\">\n<p><span style=\"color: #000000;\">Magnificat \u2013 Estreno Americano<\/span><\/p>\n<p><span style=\"color: #000000;\"> COROS: Coro de Ni\u00f1os Cantores de Mendoza &#8211; Directora: Juana Mauro, Coro de Ni\u00f1os del Colegio Los Olivos, Coro de Ni\u00f1as del Colegio Portezuelo, Formaci\u00f3n Femenina del Coro de Estudiantes de la Universidad de Mendoza &#8211; Directora: Silvana Vallesi<\/span><\/p>\n<p><span style=\"color: #000000;\"> Coro de Ni\u00f1os de la Escuela Italiana &#8211; Directora: Lucia Vallesi<\/span><\/td>\n<td valign=\"top\" width=\"22%\"><span style=\"color: #000000;\">Solistas: Amalia Villalba (soprano), Carla P\u00e9rez Torres (mezzo-soprano), No\u00e9 Fernandez y Agust\u00edn Alonso (Txalaparta), Alex Garate (Triquitixa), Gaspar\u00a0Jaurena (Alboka)<\/span><\/td>\n<\/tr>\n<tr>\n<td valign=\"top\" width=\"18%\"><span style=\"color: #000000;\">Haendel, George Friederich<\/span><\/td>\n<td valign=\"top\" width=\"19%\"><span style=\"color: #000000;\">Messiah, HWV 56 &#8211; Hallelujah<\/span><\/td>\n<td valign=\"top\" width=\"22%\">\n<p><span style=\"color: #000000;\">CORO DE\u00a0 A.M.I.C.A.N.A.\u00a0 Directora: Monica Pacheco <\/span><\/p>\n<p><span style=\"color: #000000;\"> CORO DE J\u00d3VENES UNCUYO Directora: Angela Burgoa <\/span><\/p>\n<p><span style=\"color: #000000;\"> CORO DE REGATAS Directora: Liliana S\u00e1nchez <\/span><\/p>\n<p><span style=\"color: #000000;\"> CORAL NUEVAS VOCES Director: Ricardo Mansilla ESTUDIO VOCAL UNIVERSITARIO Director: Guido Vacca ENSAMBLE VOCAL Y CORO JUVENIL ETHOS Director: Mariano Peralta<\/span><\/td>\n<\/tr>\n<tr>\n<td valign=\"top\" width=\"18%\"><span style=\"color: #000000;\">Elgar, Edward<\/span><\/td>\n<td valign=\"top\" width=\"19%\"><span style=\"color: #000000;\">Pomp and Circumstance No.1in D major, op.39<\/span><\/td>\n<td valign=\"top\" width=\"22%\"><span style=\"color: #000000;\">\u00a0<\/span><\/td>\n<\/tr>\n<tr>\n<td valign=\"top\" width=\"18%\"><span style=\"color: #000000;\">Strauss, Johann<\/span><\/td>\n<td valign=\"top\" width=\"19%\"><span style=\"color: #000000;\">Die Fledermaus: Overture, Op.36<\/span><\/td>\n<td valign=\"top\" width=\"22%\"><span style=\"color: #000000;\">\u00a0<\/span><\/td>\n<\/tr>\n<tr>\n<td valign=\"top\" width=\"18%\"><span style=\"color: #000000;\">Dvor\u00e1k, Anton\u00edn<\/span><\/td>\n<td valign=\"top\" width=\"19%\"><span style=\"color: #000000;\">Rusalka: Lied an den Mond<\/span><\/td>\n<td rowspan=\"3\" valign=\"top\" width=\"22%\"><span style=\"color: #000000;\">Mariana Rodriguez Rial (Soprano)<\/span><\/td>\n<\/tr>\n<tr>\n<td valign=\"top\" width=\"18%\"><span style=\"color: #000000;\">Puccini, Giacomo<\/span><\/td>\n<td valign=\"top\" width=\"19%\"><span style=\"color: #000000;\">La Boh\u00e8me: Aria &#8220;Si mi chiamano Mimi<\/span><\/td>\n<\/tr>\n<tr>\n<td valign=\"top\" width=\"18%\"><span style=\"color: #000000;\">Schubert, Franz<\/span><\/td>\n<td valign=\"top\" width=\"19%\"><span style=\"color: #000000;\">Ave Maria<\/span><\/td>\n<\/tr>\n<\/tbody>\n<\/table>\n<p>[\/vc_column_text][\/vc_column][\/vc_row]<\/p>\n","protected":false},"excerpt":{"rendered":"<p>[vc_row section_bottom_margin=&#8221;nobottommargin&#8221;][vc_column][vc_custom_heading text=&#8221;- 2012 -&#8221; font_container=&#8221;tag:h2|text_align:center&#8221;][vc_column_text] 24 feb 2012 Lebanese Philharmonic Orchestra Al [&hellip;]<\/p>\n","protected":false},"author":1,"featured_media":0,"parent":0,"menu_order":0,"comment_status":"open","ping_status":"open","template":"template\/template-landing-page-vc.php","meta":{"footnotes":""},"class_list":["post-1252","page","type-page","status-publish","hentry"],"_links":{"self":[{"href":"https:\/\/ligiaamadio.net\/a\/wp-json\/wp\/v2\/pages\/1252","targetHints":{"allow":["GET"]}}],"collection":[{"href":"https:\/\/ligiaamadio.net\/a\/wp-json\/wp\/v2\/pages"}],"about":[{"href":"https:\/\/ligiaamadio.net\/a\/wp-json\/wp\/v2\/types\/page"}],"author":[{"embeddable":true,"href":"https:\/\/ligiaamadio.net\/a\/wp-json\/wp\/v2\/users\/1"}],"replies":[{"embeddable":true,"href":"https:\/\/ligiaamadio.net\/a\/wp-json\/wp\/v2\/comments?post=1252"}],"version-history":[{"count":3,"href":"https:\/\/ligiaamadio.net\/a\/wp-json\/wp\/v2\/pages\/1252\/revisions"}],"predecessor-version":[{"id":1255,"href":"https:\/\/ligiaamadio.net\/a\/wp-json\/wp\/v2\/pages\/1252\/revisions\/1255"}],"wp:attachment":[{"href":"https:\/\/ligiaamadio.net\/a\/wp-json\/wp\/v2\/media?parent=1252"}],"curies":[{"name":"wp","href":"https:\/\/api.w.org\/{rel}","templated":true}]}}