{"id":1260,"date":"2015-08-28T14:33:33","date_gmt":"2015-08-28T14:33:33","guid":{"rendered":"http:\/\/ligiaamadio.net\/a\/?page_id=1260"},"modified":"2015-08-28T14:36:48","modified_gmt":"2015-08-28T14:36:48","slug":"2010-2","status":"publish","type":"page","link":"https:\/\/ligiaamadio.net\/a\/2010-2\/","title":{"rendered":"2010"},"content":{"rendered":"<p>[vc_row section_bottom_margin=&#8221;nobottommargin&#8221;][vc_column][vc_custom_heading text=&#8221;- 2010 -&#8221; font_container=&#8221;tag:h2|text_align:center&#8221;][vc_column_text]<\/p>\n<table border=\"0\" width=\"99%\" cellspacing=\"0\" cellpadding=\"0\">\n<tbody>\n<tr>\n<td rowspan=\"3\" valign=\"top\" bgcolor=\"#95aabf\" width=\"34%\">\n<p><span style=\"color: #000000;\">25 jan 2010<\/span><\/p>\n<p><strong><span style=\"color: #000000;\"> ORQUESTRA SINF\u00d4NICA DA USP<\/span><\/strong><\/p>\n<p><span style=\"color: #000000;\"> Sala S\u00e3o Paulo, S\u00e3o Paulo, Brasil 16h<\/span><\/p>\n<p><span style=\"color: #000000;\"> Cerim\u00f4nia de Posse do Reitor da Universidade de S\u00e3o Paulo<\/span><\/td>\n<td valign=\"top\" bgcolor=\"#95aabf\" width=\"18%\"><span style=\"color: #000000;\">Wagner, Richard<\/span><\/td>\n<td valign=\"top\" bgcolor=\"#95aabf\" width=\"21%\"><span style=\"color: #000000;\">Die Meistersinger: Prelude<\/span><\/td>\n<td valign=\"top\" bgcolor=\"#95aabf\" width=\"21%\"><span style=\"color: #000000;\">\u00a0<\/span><\/td>\n<\/tr>\n<tr>\n<td valign=\"top\" bgcolor=\"#95aabf\" width=\"18%\"><span style=\"color: #000000;\">Verdi, Giuseppe<\/span><\/td>\n<td valign=\"top\" bgcolor=\"#95aabf\" width=\"21%\"><span style=\"color: #000000;\">Nabucco, \u201cVa pensiero\u201d<\/span><\/td>\n<td rowspan=\"2\" valign=\"top\" bgcolor=\"#95aabf\" width=\"21%\">\n<p><span style=\"color: #000000;\">CORAL L\u00cdRICO DO THEATRO MUNICIPAL DE S\u00c3O PALO<\/span><\/p>\n<p><span style=\"color: #000000;\"> Conductor: Mario Zaccaro<\/span><\/td>\n<\/tr>\n<tr>\n<td valign=\"top\" bgcolor=\"#95aabf\" width=\"18%\"><span style=\"color: #000000;\">Villa-Lobos, Heitor<\/span><\/td>\n<td valign=\"top\" bgcolor=\"#95aabf\" width=\"21%\"><span style=\"color: #000000;\">Choros n.10<\/span><\/td>\n<\/tr>\n<tr>\n<td rowspan=\"3\" valign=\"top\" width=\"34%\">\n<p><span style=\"color: #000000;\">12, 14 mar 2010<\/span><\/p>\n<p><strong><span style=\"color: #000000;\"> ORQUESTRA SINF\u00d4NICA DA USP<\/span><\/strong><\/p>\n<p><span style=\"color: #000000;\"> 12.03 \u2013 Anfiteatro Camargo Guarnieri, 12h, S\u00e3o Paulo, Brasil<\/span><\/p>\n<p><span style=\"color: #000000;\"> 14.03 &#8211; Sala S\u00e3o Paulo, 17h, S\u00e3o Paulo, Brasil<\/span><br \/>\n<span style=\"color: #000000;\"> \u00a0<\/span><\/p>\n<p><span style=\"color: #000000;\">\u00a0<\/span><\/td>\n<td valign=\"top\" width=\"18%\"><span style=\"color: #000000;\">Strauss, Richard<\/span><\/td>\n<td valign=\"top\" width=\"21%\">\n<p><span style=\"color: #000000;\">. Morgen, op.27 n.4<\/span><\/p>\n<p><span style=\"color: #000000;\"> . Ich trage meine Minne, op.32 n.1<\/span><\/p>\n<p><span style=\"color: #000000;\"> . Allerseelen, op.10 n.8<\/span><\/p>\n<p><span style=\"color: #000000;\"> . Heimliche Aufforderung, op.27 n.3<\/span><\/p>\n<p><span style=\"color: #000000;\"> . Zueignung, op.10 n.1<\/span><\/td>\n<td valign=\"top\" width=\"21%\"><span style=\"color: #000000;\">\u00a0Szabolcs Brickner (Tenor)<\/span><\/td>\n<\/tr>\n<tr>\n<td valign=\"top\" width=\"18%\"><span style=\"color: #000000;\">Bruch, Max<\/span><\/td>\n<td valign=\"top\" width=\"21%\"><span style=\"color: #000000;\">Concerto n.1 for violin, op.26, G minor<\/span><\/td>\n<td valign=\"top\" width=\"21%\"><span style=\"color: #000000;\">\u00a0Ray Chen (violin)<\/span><\/td>\n<\/tr>\n<tr>\n<td valign=\"top\" width=\"18%\"><span style=\"color: #000000;\">Franck, C\u00e9sar<\/span><\/td>\n<td valign=\"top\" width=\"21%\"><span style=\"color: #000000;\">Symphony, op.48, D minor<\/span><\/td>\n<td valign=\"top\" width=\"21%\"><span style=\"color: #000000;\">\u00a0<\/span><\/td>\n<\/tr>\n<tr>\n<td valign=\"top\" bgcolor=\"#95AABF\" width=\"34%\">\n<p><span style=\"color: #000000;\">03 apr 2010 <\/span><\/p>\n<p><strong><span style=\"color: #000000;\"> ORQUESTRA SINF\u00d4NICA DA USP<\/span><\/strong><\/p>\n<p><span style=\"color: #000000;\"> S\u00e3o Luis do Paraitinga, Brasil 17h<\/span><\/p>\n<p><span style=\"color: #000000;\"> Concerto Did\u00e1tico<\/span><\/td>\n<td valign=\"top\" bgcolor=\"#95AABF\" width=\"18%\"><span style=\"color: #000000;\">\u00a0<\/span><\/td>\n<td valign=\"top\" bgcolor=\"#95AABF\" width=\"21%\"><span style=\"color: #000000;\">\u00a0<\/span><\/td>\n<td valign=\"top\" bgcolor=\"#95AABF\" width=\"21%\"><span style=\"color: #000000;\">CORALUSP<\/span><\/td>\n<\/tr>\n<tr>\n<td rowspan=\"3\" valign=\"top\" width=\"34%\">\n<p><span style=\"color: #000000;\">16 apr 2010<\/span><\/p>\n<p><strong><span style=\"color: #000000;\"> ORQUESTA FILARM\u00d3NICA DE MENDOZA<\/span><\/strong><\/p>\n<p><span style=\"color: #000000;\"> Teatro Independencia, Mendoza, Argentina 21h<\/span><\/p>\n<p><span style=\"color: #000000;\"> First concert of Ligia Amadio as chief conductor of the OFM<\/span><\/td>\n<td valign=\"top\" width=\"18%\"><span style=\"color: #000000;\">Gilardi, Gilardo<\/span><\/td>\n<td valign=\"top\" width=\"21%\"><span style=\"color: #000000;\">El gaucho con botas nuevas<\/span><\/td>\n<td valign=\"top\" width=\"21%\"><span style=\"color: #000000;\">\u00a0<\/span><\/td>\n<\/tr>\n<tr>\n<td valign=\"top\" width=\"18%\"><span style=\"color: #000000;\">Tchaikovsky, Piotr Ilyich<\/span><\/td>\n<td valign=\"top\" width=\"21%\"><span style=\"color: #000000;\">Concerto n.1 for piano and orchestra, op.23, B-flat major<\/span><\/td>\n<td valign=\"top\" width=\"21%\"><span style=\"color: #000000;\">Linda Bustani (Piano)<\/span><\/td>\n<\/tr>\n<tr>\n<td valign=\"top\" width=\"18%\"><span style=\"color: #000000;\">Franck, C\u00e9sar<\/span><\/td>\n<td valign=\"top\" width=\"21%\"><span style=\"color: #000000;\">Symphony, op.48, D minor<\/span><\/td>\n<td valign=\"top\" width=\"21%\"><span style=\"color: #000000;\">\u00a0<\/span><\/td>\n<\/tr>\n<tr>\n<td bgcolor=\"#95AABF\">\n<p><span style=\"color: #000000;\">29 apr 2010, 02, 04, 06, 08 may 2010\u00a0 <\/span><\/p>\n<p><strong><span style=\"color: #000000;\"> ORQUESTRA SINF\u00d4NICA DA USP<\/span><\/strong><\/p>\n<p><span style=\"color: #000000;\"> Theatro S\u00e3o Pedro, S\u00e3o Paulo, Brasil<\/span><\/p>\n<p><span style=\"color: #000000;\"> 29.04, 04.05, 06.05 \u2013 20:30h; 02.05, 08.05 \u2013 17h<\/span><\/p>\n<p><span style=\"color: #000000;\"> Dire\u00e7\u00e3o musical e reg\u00eancia: Ligia Amadio<\/span><\/p>\n<p><span style=\"color: #000000;\"> Dire\u00e7\u00e3o c\u00eanica: Fernando Bicudo<\/span><\/td>\n<td valign=\"top\" bgcolor=\"#95AABF\" width=\"18%\"><span style=\"color: #000000;\">Puccini, Giacomo<\/span><\/td>\n<td valign=\"top\" bgcolor=\"#95AABF\" width=\"21%\"><span style=\"color: #000000;\">Tosca, opera in three acts<\/span><\/td>\n<td valign=\"top\" bgcolor=\"#95AABF\" width=\"21%\">\n<p><span style=\"color: #000000;\">Tosca: Ana Paula Brunkov<\/span><\/p>\n<p><span style=\"color: #000000;\"> Cavaradossi: Rubens Medina<\/span><\/p>\n<p><span style=\"color: #000000;\"> Scarpia: Rodrigo Esteves<\/span><\/p>\n<p><span style=\"color: #000000;\"> Sacrist\u00e3o: Saulo Javan<\/span><\/p>\n<p><span style=\"color: #000000;\"> Angelotti: Eduardo Janho-Abumrad<\/span><\/p>\n<p><span style=\"color: #000000;\"> Sciarrone \/ carcereiro: Jairo Costa<\/span><\/p>\n<p><span style=\"color: #000000;\"> Spoletta: Luciano Veruzi<\/span><\/p>\n<p><span style=\"color: #000000;\"> Pastor: Priscila Zamlutti<\/span><\/td>\n<\/tr>\n<tr>\n<td rowspan=\"3\">\n<p><span style=\"color: #000000;\">14, 15 may 2010<\/span><\/p>\n<p><strong><span style=\"color: #000000;\"> ORQUESTRA SINF\u00d4NICA DA USP<\/span><\/strong><\/p>\n<p><span style=\"color: #000000;\"> 14.05 \u2013 Anfiteatro Camargo Guarnieri, S\u00e3o Paulo, Brasil 12h<\/span><\/p>\n<p><span style=\"color: #000000;\"> 15.05 &#8211; Sala S\u00e3o Paulo, S\u00e3o Paulo, Brasil 21h<\/span><\/td>\n<td valign=\"top\" width=\"18%\"><span style=\"color: #000000;\">Ferraz, Silvio<\/span><\/td>\n<td valign=\"top\" width=\"21%\"><span style=\"color: #000000;\">Itiner\u00e1rios do Curvelo<\/span><\/td>\n<td valign=\"top\" width=\"21%\"><span style=\"color: #000000;\">\u00a0<\/span><\/td>\n<\/tr>\n<tr>\n<td valign=\"top\" width=\"18%\"><span style=\"color: #000000;\">Rachmaninoff, Sergei<\/span><\/td>\n<td valign=\"top\" width=\"21%\"><span style=\"color: #000000;\">Concerto n. 2 for piano and orchestra, op.18, C minor<\/span><\/td>\n<td valign=\"top\" width=\"21%\"><span style=\"color: #000000;\">Vanessa P\u00e9rez (piano)<\/span><\/td>\n<\/tr>\n<tr>\n<td valign=\"top\" width=\"18%\"><span style=\"color: #000000;\">Schumann, Robert<\/span><\/td>\n<td valign=\"top\" width=\"21%\"><span style=\"color: #000000;\">Symphony n.4, op.120, D minor<\/span><\/td>\n<td valign=\"top\" width=\"21%\"><span style=\"color: #000000;\">\u00a0<\/span><\/td>\n<\/tr>\n<tr>\n<td bgcolor=\"#95AABF\">\n<p><span style=\"color: #000000;\">24, 25, 26, 27 may 2010 <\/span><\/p>\n<p><strong><span style=\"color: #000000;\"> ORQUESTA FILARM\u00d3NICA DE MENDOZA<\/span><\/strong><\/p>\n<p><span style=\"color: #000000;\"> Teatro Independencia, Mendoza, Argentina 21:30h<\/span><\/td>\n<td valign=\"top\" bgcolor=\"#95AABF\" width=\"18%\"><span style=\"color: #000000;\">Ginastera, Alberto<\/span><\/td>\n<td valign=\"top\" bgcolor=\"#95AABF\" width=\"21%\"><span style=\"color: #000000;\">Estancia (Ballet)<\/span><\/td>\n<td valign=\"top\" bgcolor=\"#95AABF\" width=\"21%\"><span style=\"color: #000000;\">\u00a0<\/span><\/td>\n<\/tr>\n<tr>\n<td rowspan=\"4\">\n<p><span style=\"color: #000000;\">05 jun 2010<\/span><\/p>\n<p><strong><span style=\"color: #000000;\"> ORQUESTA ESTABLE DEL TEATRO ARGENTINO DE LA PLATA<\/span><\/strong><\/p>\n<p><span style=\"color: #000000;\"> Sala Alberto Ginastera, Teatro Argentino de la Plata, Argentina 19h<\/span><\/td>\n<td valign=\"top\" width=\"18%\"><span style=\"color: #000000;\">Purcell, Henry<\/span><\/td>\n<td valign=\"top\" width=\"21%\"><span style=\"color: #000000;\">Arthur King Suite<\/span><\/td>\n<td valign=\"top\" width=\"21%\"><span style=\"color: #000000;\">\u00a0<\/span><\/td>\n<\/tr>\n<tr>\n<td valign=\"top\" width=\"18%\"><span style=\"color: #000000;\">Martinu, Bohuslav<\/span><\/td>\n<td valign=\"top\" width=\"21%\"><span style=\"color: #000000;\">Chamber Concerto for violin, piano, strings and percussi\u00f3n, H.285<\/span><\/td>\n<td valign=\"top\" width=\"21%\"><span style=\"color: #000000;\">Jos\u00e9 Bondar (violin), Eduviges Picone (piano)<\/span><\/td>\n<\/tr>\n<tr>\n<td valign=\"top\" width=\"18%\"><span style=\"color: #000000;\">Gilardi, Gilardo<\/span><\/td>\n<td valign=\"top\" width=\"21%\"><span style=\"color: #000000;\">El gaucho con botas nuevas<\/span><\/td>\n<td valign=\"top\" width=\"21%\"><span style=\"color: #000000;\">\u00a0<\/span><\/td>\n<\/tr>\n<tr>\n<td valign=\"top\" width=\"18%\"><span style=\"color: #000000;\">Haydn, Joseph<\/span><\/td>\n<td valign=\"top\" width=\"21%\"><span style=\"color: #000000;\">Symphony n.100, Hob I:100, G major \u201cMilitar\u201d<\/span><\/td>\n<td valign=\"top\" width=\"21%\"><span style=\"color: #000000;\">\u00a0<\/span><\/td>\n<\/tr>\n<tr>\n<td rowspan=\"3\" bgcolor=\"#95AABF\">\n<p><span style=\"color: #000000;\">12 jun 2010<\/span><\/p>\n<p><strong><span style=\"color: #000000;\"> ORQUESTA FILARM\u00d3NICA DE MENDOZA<\/span><\/strong><\/p>\n<p><span style=\"color: #000000;\"> Teatro Independencia, Mendoza, Argentina 21:30h<\/span><\/td>\n<td valign=\"top\" bgcolor=\"#95AABF\" width=\"18%\"><span style=\"color: #000000;\">Rodr\u00edguez, Julio C\u00e9sar<\/span><\/td>\n<td valign=\"top\" bgcolor=\"#95AABF\" width=\"21%\"><span style=\"color: #000000;\">Paisaje Andino for viola and string orchestra<\/span><\/td>\n<td valign=\"top\" bgcolor=\"#95AABF\" width=\"21%\"><span style=\"color: #000000;\">Fernando Giunta (viola)<\/span><\/td>\n<\/tr>\n<tr>\n<td valign=\"top\" bgcolor=\"#95AABF\" width=\"18%\"><span style=\"color: #000000;\">Roux, Patrick<\/span><\/td>\n<td valign=\"top\" bgcolor=\"#95AABF\" width=\"21%\"><span style=\"color: #000000;\">Concerto \u00e9pisodique para 4 guitarras y orquesta<\/span><\/td>\n<td valign=\"top\" bgcolor=\"#95AABF\" width=\"21%\"><span style=\"color: #000000;\">Cuarteto de Guitarras ECO (guitars)<\/span><\/td>\n<\/tr>\n<tr>\n<td valign=\"top\" bgcolor=\"#95AABF\" width=\"18%\"><span style=\"color: #000000;\">Schumann, Robert<\/span><\/td>\n<td valign=\"top\" bgcolor=\"#95AABF\" width=\"21%\"><span style=\"color: #000000;\">Symphony n.4, op.120, D minor<\/span><\/td>\n<td valign=\"top\" bgcolor=\"#95AABF\" width=\"21%\"><span style=\"color: #000000;\">\u00a0<\/span><\/td>\n<\/tr>\n<tr>\n<td rowspan=\"5\">\n<p><span style=\"color: #000000;\">30 jun 2010<\/span><\/p>\n<p><strong><span style=\"color: #000000;\"> ORQUESTRA SINF\u00d4NICA DA USP<\/span><\/strong><\/p>\n<p><span style=\"color: #000000;\"> Sala S\u00e3o Paulo, 20h, S\u00e3o Paulo, Brasil<\/span><\/p>\n<p><span style=\"color: #000000;\"> Centen\u00e1rio do Dante Alighieri<\/span><\/p>\n<p><span style=\"color: #000000;\"> Soloist:, Rosana Lamosa (Soprano), Rubens Medina (Tenor)<\/span><br \/>\n<span style=\"color: #000000;\"> \u00a0<\/span><\/td>\n<td valign=\"top\" width=\"18%\"><span style=\"color: #000000;\">Silva, Francisco Manuel da<\/span><\/td>\n<td valign=\"top\" width=\"21%\"><span style=\"color: #000000;\">Hino Nacional Brasileiro<\/span><\/td>\n<td valign=\"top\" width=\"21%\"><span style=\"color: #000000;\">\u00a0<\/span><\/td>\n<\/tr>\n<tr>\n<td valign=\"top\" width=\"18%\"><span style=\"color: #000000;\">Rachmaninoff, Sergei<\/span><\/td>\n<td valign=\"top\" width=\"21%\"><span style=\"color: #000000;\">Concerto n\u00ba 2 for piano and orchestra, op.18, C minor<\/span><\/td>\n<td valign=\"top\" width=\"21%\"><span style=\"color: #000000;\">Caio Pagano (piano)<\/span><\/td>\n<\/tr>\n<tr>\n<td valign=\"top\" width=\"18%\"><span style=\"color: #000000;\">Puccini, Giacomo<\/span><\/td>\n<td valign=\"top\" width=\"21%\">\n<p><span style=\"color: #000000;\">. Gianni Schicchi &#8211;\u00a0 \u201cO mio babbino caro\u201d<\/span><\/p>\n<p><span style=\"color: #000000;\"> . Tosca &#8211; \u201cE lucevan le stelle\u201d<\/span><\/p>\n<p><span style=\"color: #000000;\"> . La Rondine\u00a0 &#8211; \u201cCh`il bel sogno di Doretta\u201d <\/span><\/p>\n<p><span style=\"color: #000000;\"> . La Boh\u00e8me &#8211; Valsa di Musetta &#8211; &#8220;Quando m&#8217;en vo&#8221; <\/span><\/p>\n<p><span style=\"color: #000000;\"> . Turandot &#8211;\u00a0 \u201cNessun dorma\u201d<\/span><\/td>\n<td rowspan=\"3\" valign=\"top\" width=\"21%\"><span style=\"color: #000000;\">Rosana Lamosa (Soprano), Rubens Medina (Tenor)<\/span><\/td>\n<\/tr>\n<tr>\n<td valign=\"top\" width=\"18%\"><span style=\"color: #000000;\">Verdi, Giuseppe<\/span><\/td>\n<td valign=\"top\" width=\"21%\">\n<p><span style=\"color: #000000;\">La Traviata :<\/span><\/p>\n<p><span style=\"color: #000000;\"> . \u201cLunge da Lei\u201d <\/span><\/p>\n<p><span style=\"color: #000000;\"> . Preludio <\/span><\/p>\n<p><span style=\"color: #000000;\"> . Brindisi\u00a0<\/span><\/td>\n<\/tr>\n<tr>\n<td valign=\"top\" width=\"18%\"><span style=\"color: #000000;\">Gomes, Ant\u00f4nio Carlos<\/span><\/td>\n<td valign=\"top\" width=\"21%\"><span style=\"color: #000000;\">Il Guarany &#8211; \u201cSento una forza ind\u00f3mita\u201d<\/span><\/td>\n<\/tr>\n<tr>\n<td rowspan=\"3\" bgcolor=\"#95AABF\">\n<p><span style=\"color: #000000;\">09, 10 jul 2010<\/span><\/p>\n<p><strong><span style=\"color: #000000;\"> THAILAND PHILHARMONIC ORCHESTRA<\/span><\/strong><\/p>\n<p><span style=\"color: #000000;\"> Music Auditorium Mahidol University Salaya, 9th 19h, 10th 16h<\/span><\/p>\n<p><span style=\"color: #000000;\"> Bangkok, Thailand<\/span><\/td>\n<td valign=\"top\" bgcolor=\"#95AABF\" width=\"18%\"><span style=\"color: #000000;\">\u00a0<\/span><\/td>\n<td valign=\"top\" bgcolor=\"#95AABF\" width=\"21%\"><span style=\"color: #000000;\">Thai Traditional Music<\/span><\/td>\n<td valign=\"top\" bgcolor=\"#95AABF\" width=\"21%\"><span style=\"color: #000000;\">\u00a0<\/span><\/td>\n<\/tr>\n<tr>\n<td valign=\"top\" bgcolor=\"#95AABF\" width=\"18%\"><span style=\"color: #000000;\">Gli\u00e8re, Reinhold<\/span><\/td>\n<td valign=\"top\" bgcolor=\"#95AABF\" width=\"21%\"><span style=\"color: #000000;\">Concerto for Horn, op.91, B-flat major<\/span><\/td>\n<td valign=\"top\" bgcolor=\"#95AABF\" width=\"21%\"><span style=\"color: #000000;\">Christoph Ess (French horn)<\/span><\/td>\n<\/tr>\n<tr>\n<td valign=\"top\" bgcolor=\"#95AABF\" width=\"18%\"><span style=\"color: #000000;\">Berlioz, Hector<\/span><\/td>\n<td valign=\"top\" bgcolor=\"#95AABF\" width=\"21%\"><span style=\"color: #000000;\">Symphony Fantastique, op.14<\/span><\/td>\n<td valign=\"top\" bgcolor=\"#95AABF\" width=\"21%\"><span style=\"color: #000000;\">\u00a0<\/span><\/td>\n<\/tr>\n<tr>\n<td rowspan=\"3\">\n<p><span style=\"color: #000000;\">28, 29 jul 2010<\/span><\/p>\n<p><strong><span style=\"color: #000000;\"> ORQUESTRA SINF\u00d4NICA DA USP<\/span><\/strong><\/p>\n<p><span style=\"color: #000000;\"> 28.07 &#8211; Sala S\u00e3o Paulo, Brasil 21h<\/span><\/p>\n<p><span style=\"color: #000000;\"> 29.07 \u2013 Audit\u00f3rio Claudio Santoro, Campos de Jord\u00e3o, Brasil 21h<\/span><\/td>\n<td valign=\"top\" width=\"18%\"><span style=\"color: #000000;\">Schumann, Robert<\/span><\/td>\n<td valign=\"top\" width=\"21%\"><span style=\"color: #000000;\">Genoveva Overture, op.81<\/span><\/td>\n<td valign=\"top\" width=\"21%\"><span style=\"color: #000000;\">\u00a0<\/span><\/td>\n<\/tr>\n<tr>\n<td valign=\"top\" width=\"18%\"><span style=\"color: #000000;\">Liszt, Franz<\/span><\/td>\n<td valign=\"top\" width=\"21%\"><span style=\"color: #000000;\">Concerto n.2 for piano and orchestra<\/span><\/td>\n<td valign=\"top\" width=\"21%\"><span style=\"color: #000000;\">Arnaldo Cohen (piano)<\/span><\/td>\n<\/tr>\n<tr>\n<td valign=\"top\" width=\"18%\"><span style=\"color: #000000;\">Schumann, Robert<\/span><\/td>\n<td valign=\"top\" width=\"21%\"><span style=\"color: #000000;\">Symphony n.2, op.61, C major<\/span><\/td>\n<td valign=\"top\" width=\"21%\"><span style=\"color: #000000;\">\u00a0<\/span><\/td>\n<\/tr>\n<tr>\n<td rowspan=\"2\" bgcolor=\"#95AABF\">\n<p><span style=\"color: #000000;\">06 aug 2010<\/span><\/p>\n<p><strong><span style=\"color: #000000;\"> ORQUESTA FILARM\u00d3NICA DE MENDOZA<\/span><\/strong><\/p>\n<p><span style=\"color: #000000;\"> Teatro Independencia, Mendoza, Argentina 21:30h<\/span><\/td>\n<td valign=\"top\" bgcolor=\"#95AABF\" width=\"18%\"><span style=\"color: #000000;\">Ravel, Maurice<\/span><\/td>\n<td valign=\"top\" bgcolor=\"#95AABF\" width=\"21%\"><span style=\"color: #000000;\">Concerto for piano and orchestra<\/span><\/td>\n<td valign=\"top\" bgcolor=\"#95AABF\" width=\"21%\"><span style=\"color: #000000;\">Lorena Eckell (piano)<\/span><\/td>\n<\/tr>\n<tr>\n<td valign=\"top\" bgcolor=\"#95AABF\" width=\"18%\"><span style=\"color: #000000;\">Berlioz, Hector<\/span><\/td>\n<td valign=\"top\" bgcolor=\"#95AABF\" width=\"21%\"><span style=\"color: #000000;\">Symphony Fantastique, op.14<\/span><\/td>\n<td valign=\"top\" bgcolor=\"#95AABF\" width=\"21%\"><span style=\"color: #000000;\">\u00a0<\/span><\/td>\n<\/tr>\n<tr>\n<td rowspan=\"2\">\n<p><span style=\"color: #000000;\">28 aug 2010<\/span><\/p>\n<p><strong><span style=\"color: #000000;\"> ORQUESTA FILARM\u00d3NICA DE MENDOZA<\/span><\/strong><\/p>\n<p><span style=\"color: #000000;\"> Teatro Independencia, Mendoza, Argentina\u00a0 21:30h<\/span><\/p>\n<p><span style=\"color: #000000;\"> 200 ANOS DE NASCIMENTO DE CHOPIN Y DE SCHUMANN<\/span><\/td>\n<td valign=\"top\" width=\"18%\"><span style=\"color: #000000;\">Chopin, Fr\u00e9d\u00e9ric<\/span><\/td>\n<td valign=\"top\" width=\"21%\"><span style=\"color: #000000;\">Concerto n.1 for piano and orchestra, op.11, B minor<\/span><\/td>\n<td valign=\"top\" width=\"21%\"><span style=\"color: #000000;\">Bruno Leonardo Gelber (piano)<\/span><\/td>\n<\/tr>\n<tr>\n<td valign=\"top\" width=\"18%\"><span style=\"color: #000000;\">Schumann, Robert<\/span><\/td>\n<td valign=\"top\" width=\"21%\"><span style=\"color: #000000;\">Symphony n.3, op.97, E-flat mayor \u201cRhenish\u201d<\/span><\/td>\n<td valign=\"top\" width=\"21%\"><span style=\"color: #000000;\">\u00a0<\/span><\/td>\n<\/tr>\n<tr>\n<td rowspan=\"3\" bgcolor=\"#95AABF\">\n<p><span style=\"color: #000000;\">03, 05 sep 2010 <\/span><\/p>\n<p><strong><span style=\"color: #000000;\"> ORQUESTA SINF\u00d3NICA DEL ESTADO DE M\u00c9XICO<\/span><\/strong><\/p>\n<p><span style=\"color: #000000;\"> 03.09: Sala Felipe Villanueva, Toluca, M\u00e9xico 20h<\/span><\/p>\n<p><span style=\"color: #000000;\"> 05.09: Teatro San Benito Abad, Cuautitl\u00e1n, Izcalli, M\u00e9xico 12:30h<\/span><\/td>\n<td valign=\"top\" bgcolor=\"#95AABF\" width=\"18%\"><span style=\"color: #000000;\">Wagner, Richard<\/span><\/td>\n<td valign=\"top\" bgcolor=\"#95AABF\" width=\"21%\"><span style=\"color: #000000;\">Die Meistersinger: Prelude<\/span><\/td>\n<td valign=\"top\" bgcolor=\"#95AABF\" width=\"21%\"><span style=\"color: #000000;\">\u00a0<\/span><\/td>\n<\/tr>\n<tr>\n<td valign=\"top\" bgcolor=\"#95AABF\" width=\"18%\"><span style=\"color: #000000;\">Strauss, Richard<\/span><\/td>\n<td valign=\"top\" bgcolor=\"#95AABF\" width=\"21%\"><span style=\"color: #000000;\">Till Eulenspiegel, op.28<\/span><\/td>\n<td valign=\"top\" bgcolor=\"#95AABF\" width=\"21%\"><span style=\"color: #000000;\">\u00a0<\/span><\/td>\n<\/tr>\n<tr>\n<td valign=\"top\" bgcolor=\"#95AABF\" width=\"18%\"><span style=\"color: #000000;\">Sibelius, Jean<\/span><\/td>\n<td valign=\"top\" bgcolor=\"#95AABF\" width=\"21%\"><span style=\"color: #000000;\">Symphony n.1, op.39, E minor<\/span><\/td>\n<td valign=\"top\" bgcolor=\"#95AABF\" width=\"21%\"><span style=\"color: #000000;\">\u00a0<\/span><\/td>\n<\/tr>\n<tr>\n<td rowspan=\"5\">\n<p><span style=\"color: #000000;\">10, 11 sep 2010<\/span><\/p>\n<p><strong><span style=\"color: #000000;\"> ORQUESTRA SINF\u00d4NICA DA USP<\/span><\/strong><\/p>\n<p><span style=\"color: #000000;\"> CONCERTO PELA PAZ<\/span><\/p>\n<p><span style=\"color: #000000;\"> 10.09 \u2013 Anfiteatro Camargo Guarniei, 12h, S\u00e3o Paulo, Brasil<\/span><\/p>\n<p><span style=\"color: #000000;\"> 11.09 &#8211; Sala S\u00e3o Paulo, 21h, S\u00e3o Paulo, Brasil<\/span><\/td>\n<td valign=\"top\" width=\"18%\"><span style=\"color: #000000;\">Barber, Samuel<\/span><\/td>\n<td valign=\"top\" width=\"21%\"><span style=\"color: #000000;\">Adagio for string orchestra<\/span><\/td>\n<td valign=\"top\" width=\"21%\"><span style=\"color: #000000;\">\u00a0<\/span><\/td>\n<\/tr>\n<tr>\n<td valign=\"top\" width=\"18%\"><span style=\"color: #000000;\">Barber, Samuel<\/span><\/td>\n<td valign=\"top\" width=\"21%\"><span style=\"color: #000000;\">Prayers of Kierkegaard, op.30, for mixed choir and soprano solo<\/span><\/td>\n<td valign=\"top\" width=\"21%\">\n<p><span style=\"color: #000000;\">Edna de Oliveira (soprano)<\/span><\/p>\n<p><span style=\"color: #000000;\"> CORAL PAULISTANO Conductor: Tiago Pinheiro<\/span><\/td>\n<\/tr>\n<tr>\n<td valign=\"top\" width=\"18%\"><span style=\"color: #000000;\">Barber, Samuel<\/span><\/td>\n<td valign=\"top\" width=\"21%\"><span style=\"color: #000000;\">Knoxville: Summer of 1915, op.24<\/span><\/td>\n<td valign=\"top\" width=\"21%\"><span style=\"color: #000000;\">Ad\u00e9lia Issa (MS)<\/span><\/td>\n<\/tr>\n<tr>\n<td valign=\"top\" width=\"18%\"><span style=\"color: #000000;\">Gershwin, George<\/span><\/td>\n<td valign=\"top\" width=\"21%\"><span style=\"color: #000000;\">Rhapsody in Blue for piano and orchestra<\/span><\/td>\n<td valign=\"top\" width=\"21%\"><span style=\"color: #000000;\">Fany Solter (piano)<\/span><\/td>\n<\/tr>\n<tr>\n<td valign=\"top\" width=\"18%\"><span style=\"color: #000000;\">Gershwin, George<\/span><\/td>\n<td valign=\"top\" width=\"21%\"><span style=\"color: #000000;\">An American in Paris<\/span><\/td>\n<td valign=\"top\" width=\"21%\"><span style=\"color: #000000;\">\u00a0<\/span><\/td>\n<\/tr>\n<tr>\n<td bgcolor=\"#95AABF\">\n<p><span style=\"color: #000000;\">16, 18 sep 2010<\/span><\/p>\n<p><strong><span style=\"color: #000000;\"> ORQUESTA FILARM\u00d3NICA DE MENDOZA<\/span><\/strong><\/p>\n<p><span style=\"color: #000000;\"> Conciertos Departamentales<\/span><\/p>\n<p><span style=\"color: #000000;\"> 16.09: El Challao (Las Heras), Mendoza, Argentina<\/span><\/p>\n<p><span style=\"color: #000000;\"> 18.09: Barrio Judicial de Godoy Cruz, Mendoza, Argentina<\/span><\/td>\n<td valign=\"top\" bgcolor=\"#95AABF\" width=\"18%\"><span style=\"color: #000000;\">\u00a0<\/span><\/td>\n<td valign=\"top\" bgcolor=\"#95AABF\" width=\"21%\"><span style=\"color: #000000;\">\u00a0<\/span><\/td>\n<td valign=\"top\" bgcolor=\"#95AABF\" width=\"21%\"><span style=\"color: #000000;\">\u00a0<\/span><\/td>\n<\/tr>\n<tr>\n<td rowspan=\"5\">\n<p><span style=\"color: #000000;\">24 sep 2010<\/span><\/p>\n<p><strong><span style=\"color: #000000;\"> ORQUESTA FILARM\u00d3NICA DE MENDOZA<\/span><\/strong><\/p>\n<p><span style=\"color: #000000;\"> Teatro Independencia, Mendoza, Argentina 21:30h<\/span><\/p>\n<p><span style=\"color: #000000;\"> FESTIVAL DE TANGOS<\/span><\/p>\n<p><span style=\"color: #000000;\">\u00a0<\/span><\/td>\n<td valign=\"top\" width=\"18%\"><span style=\"color: #000000;\">Figueroa, Adriana<\/span><\/td>\n<td valign=\"top\" width=\"21%\"><span style=\"color: #000000;\">Noche y Bandoneon, para bandoneon, timbale y cuerdas<\/span><\/td>\n<td rowspan=\"5\" valign=\"top\" width=\"21%\"><span style=\"color: #000000;\">Daniel Binelli (Bandone\u00f3n)<\/span><\/td>\n<\/tr>\n<tr>\n<td valign=\"top\" width=\"18%\"><span style=\"color: #000000;\">Villoldo, Angel<\/span><\/td>\n<td valign=\"top\" width=\"21%\"><span style=\"color: #000000;\">El choclo<\/span><\/td>\n<\/tr>\n<tr>\n<td valign=\"top\" width=\"18%\"><span style=\"color: #000000;\">Binelli, Daniel<\/span><\/td>\n<td valign=\"top\" width=\"21%\">\n<p><span style=\"color: #000000;\">. 3 Movimientos concertantes para bandone\u00f3n y orquestra<\/span><\/p>\n<p><span style=\"color: #000000;\"> . Metropolis<\/span><\/td>\n<\/tr>\n<tr>\n<td valign=\"top\" width=\"18%\"><span style=\"color: #000000;\">Piazzolla, Astor<\/span><\/td>\n<td valign=\"top\" width=\"21%\">\n<p><span style=\"color: #000000;\">. 5 Tangos Sensations<\/span><\/p>\n<p><span style=\"color: #000000;\"> . Fracanapa<\/span><\/p>\n<p><span style=\"color: #000000;\"> . Libertango<\/span><\/td>\n<\/tr>\n<tr>\n<td valign=\"top\" width=\"18%\"><span style=\"color: #000000;\">Rodriguez, Matos<\/span><\/td>\n<td valign=\"top\" width=\"21%\"><span style=\"color: #000000;\">La Cumparsita<\/span><\/td>\n<\/tr>\n<tr>\n<td rowspan=\"2\" bgcolor=\"#95AABF\">\n<p><span style=\"color: #000000;\">09, 10 oct 2010 <\/span><\/p>\n<p><span style=\"color: #000000;\"><strong> ORQUESTA FILARM\u00d3NICA DE MENDOZA<\/strong> <\/span><\/p>\n<p><span style=\"color: #000000;\"> Gira al Sur<\/span><\/p>\n<p><span style=\"color: #000000;\"> Ran Raphael, Argentina<\/span><\/p>\n<p><span style=\"color: #000000;\"> Malargue, Argentina<\/span><\/td>\n<td valign=\"top\" bgcolor=\"#95AABF\" width=\"18%\"><span style=\"color: #000000;\">Weber, Carl Maria von<\/span><\/td>\n<td valign=\"top\" bgcolor=\"#95AABF\" width=\"21%\"><span style=\"color: #000000;\">Concerto for clarinete and orchestra n.1, op.73, F minor<\/span><\/td>\n<td valign=\"top\" bgcolor=\"#95AABF\" width=\"21%\"><span style=\"color: #000000;\">\u00a0<\/span><\/td>\n<\/tr>\n<tr>\n<td valign=\"top\" bgcolor=\"#95AABF\" width=\"18%\"><span style=\"color: #000000;\">\u00a0<\/span><\/td>\n<td valign=\"top\" bgcolor=\"#95AABF\" width=\"21%\"><span style=\"color: #000000;\">\u00a0<\/span><\/td>\n<td valign=\"top\" bgcolor=\"#95AABF\" width=\"21%\"><span style=\"color: #000000;\">\u00a0<\/span><\/td>\n<\/tr>\n<tr>\n<td rowspan=\"4\">\n<p><span style=\"color: #000000;\">15, 16, 17 oct 2010<\/span><\/p>\n<p><strong><span style=\"color: #000000;\"> BADEN-BADENER PHILHARMONIE<\/span><\/strong><\/p>\n<p><span style=\"color: #000000;\"> 15.10, 20h, Kulturhalle Remchingen<\/span><\/p>\n<p><span style=\"color: #000000;\"> 16.10, 20h, Stadthalle Nagold<\/span><\/p>\n<p><span style=\"color: #000000;\"> 17.10, 17h, Weinbrennersaal Baden-Baden<\/span><\/p>\n<p><span style=\"color: #000000;\"> Baden-Baden, Germany<\/span><\/p>\n<p><span style=\"color: #000000;\"> LUDWIG VAN BEETHOVEN<\/span><\/p>\n<p><span style=\"color: #000000;\">\u00a0<\/span><\/td>\n<td valign=\"top\" width=\"18%\"><span style=\"color: #000000;\">Mendelssohn, Felix<\/span><\/td>\n<td valign=\"top\" width=\"21%\"><span style=\"color: #000000;\">The hebrides, op. 26 (Fingal`s Cave)<\/span><\/td>\n<td valign=\"top\" width=\"21%\"><span style=\"color: #000000;\">\u00a0<\/span><\/td>\n<\/tr>\n<tr>\n<td valign=\"top\" width=\"18%\"><span style=\"color: #000000;\">Rachmaninoff, Sergei<\/span><\/td>\n<td valign=\"top\" width=\"21%\"><span style=\"color: #000000;\">Concerto for piano and orchestra n.2, C minor<\/span><\/td>\n<td valign=\"top\" width=\"21%\"><span style=\"color: #000000;\">Gloria Campaner (piano)<\/span><\/td>\n<\/tr>\n<tr>\n<td valign=\"top\" width=\"18%\"><span style=\"color: #000000;\">Sibelius, Jean<\/span><\/td>\n<td valign=\"top\" width=\"21%\"><span style=\"color: #000000;\">Concerto for violin and orchestra, op.47, D minor<\/span><\/td>\n<td valign=\"top\" width=\"21%\"><span style=\"color: #000000;\">Jason Keramidis (violin)<\/span><\/td>\n<\/tr>\n<tr>\n<td valign=\"top\" width=\"18%\"><span style=\"color: #000000;\">Beethoven, Ludwig, van<\/span><\/td>\n<td valign=\"top\" width=\"21%\"><span style=\"color: #000000;\">Symphony n.4, op.60, Bb mayor<\/span><\/td>\n<td valign=\"top\" width=\"21%\"><span style=\"color: #000000;\">\u00a0<\/span><\/td>\n<\/tr>\n<tr>\n<td rowspan=\"3\" bgcolor=\"#95AABF\">\n<p><span style=\"color: #000000;\">05, 07 nov 2010 <\/span><\/p>\n<p><strong><span style=\"color: #000000;\"> ORQUESTRA SINF\u00d4NICA DA USP<\/span><\/strong><\/p>\n<p><span style=\"color: #000000;\"> 05.11 \u2013 Anfiteatro Camargo Guarniei, S\u00e3o Paulo, Brasil 12h<\/span><\/p>\n<p><span style=\"color: #000000;\"> 07.11 &#8211; Sala S\u00e3o Paulo, S\u00e3o Paulo, Brasil 17h<\/span><\/td>\n<td valign=\"top\" bgcolor=\"#95AABF\" width=\"18%\"><span style=\"color: #000000;\">Almeida Prado, Jos\u00e9 Rezende de<\/span><\/td>\n<td valign=\"top\" bgcolor=\"#95AABF\" width=\"21%\"><span style=\"color: #000000;\">Amen<\/span><\/td>\n<td valign=\"top\" bgcolor=\"#95AABF\" width=\"21%\"><span style=\"color: #000000;\">\u00a0<\/span><\/td>\n<\/tr>\n<tr>\n<td valign=\"top\" bgcolor=\"#95AABF\" width=\"18%\"><span style=\"color: #000000;\">Mozart, Wolfgang Amadeus<\/span><\/td>\n<td valign=\"top\" bgcolor=\"#95AABF\" width=\"21%\"><span style=\"color: #000000;\">Concerto for 2 pianos, K.365, Eb major<\/span><\/td>\n<td valign=\"top\" bgcolor=\"#95AABF\" width=\"21%\"><span style=\"color: #000000;\">Marco Schiavo (piano), S\u00e9rgio Marchegiani (piano)<\/span><\/td>\n<\/tr>\n<tr>\n<td valign=\"top\" bgcolor=\"#95AABF\" width=\"18%\"><span style=\"color: #000000;\">Shostakovich, Dmitri<\/span><\/td>\n<td valign=\"top\" bgcolor=\"#95AABF\" width=\"21%\"><span style=\"color: #000000;\">Symphony n.5, op.47, D minor<\/span><\/td>\n<td valign=\"top\" bgcolor=\"#95AABF\" width=\"21%\"><span style=\"color: #000000;\">\u00a0<\/span><\/td>\n<\/tr>\n<tr>\n<td rowspan=\"3\">\n<p><span style=\"color: #000000;\">10 nov 2010<\/span><\/p>\n<p><strong><span style=\"color: #000000;\"> ORQUESTRA SINF\u00d4NICA DA USP<\/span><\/strong><\/p>\n<p><span style=\"color: #000000;\"> Sala S\u00e3o Paulo, S\u00e3o Paulo, Brasil 21h<\/span><\/p>\n<p><span style=\"color: #000000;\"> S\u00e9ire Tucca de Concertos \u2013 M\u00fasica pela Cura 2010<\/span><\/td>\n<td valign=\"top\" width=\"18%\"><span style=\"color: #000000;\">Rodrigo, Joaqu\u00edn<\/span><\/td>\n<td valign=\"top\" width=\"21%\"><span style=\"color: #000000;\">Concierto de Aranjuez<\/span><\/td>\n<td valign=\"top\" width=\"21%\"><span style=\"color: #000000;\">Pepe Romero (guitar)<\/span><\/td>\n<\/tr>\n<tr>\n<td valign=\"top\" width=\"18%\"><span style=\"color: #000000;\">Ravel, Maurice<\/span><\/td>\n<td valign=\"top\" width=\"21%\"><span style=\"color: #000000;\">La Valse<\/span><\/td>\n<td valign=\"top\" width=\"21%\"><span style=\"color: #000000;\">\u00a0<\/span><\/td>\n<\/tr>\n<tr>\n<td valign=\"top\" width=\"18%\"><span style=\"color: #000000;\">Ravel, Maurice<\/span><\/td>\n<td valign=\"top\" width=\"21%\"><span style=\"color: #000000;\">Bolero<\/span><\/td>\n<td valign=\"top\" width=\"21%\"><span style=\"color: #000000;\">\u00a0<\/span><\/td>\n<\/tr>\n<tr>\n<td rowspan=\"4\" bgcolor=\"#95AABF\">\n<p><span style=\"color: #000000;\">16 nov 2010<\/span><\/p>\n<p><strong><span style=\"color: #000000;\"> ORQUESTRA SINF\u00d4NICA DA USP<\/span><\/strong><\/p>\n<p><span style=\"color: #000000;\"> Sala S\u00e3o Paulo, S\u00e3o Paulo, Brasil 21h<\/span><\/p>\n<p><span style=\"color: #000000;\"> Encontro de Gera\u00e7\u00f5es<\/span><\/td>\n<td valign=\"top\" bgcolor=\"#95AABF\" width=\"18%\"><span style=\"color: #000000;\">Guarnieri, Camargo<\/span><\/td>\n<td valign=\"top\" bgcolor=\"#95AABF\" width=\"21%\"><span style=\"color: #000000;\">Toada \u00e0 moda paulista<\/span><\/td>\n<td valign=\"top\" bgcolor=\"#95AABF\" width=\"21%\"><span style=\"color: #000000;\">\u00a0<\/span><\/td>\n<\/tr>\n<tr>\n<td valign=\"top\" bgcolor=\"#95AABF\" width=\"18%\"><span style=\"color: #000000;\">Beethoven, Ludwig van<\/span><\/td>\n<td valign=\"top\" bgcolor=\"#95AABF\" width=\"21%\"><span style=\"color: #000000;\">Concerto n.3 for piano and orchestra, op.37, C minor<\/span><\/td>\n<td valign=\"top\" bgcolor=\"#95AABF\" width=\"21%\"><span style=\"color: #000000;\">Jos\u00e9 Mauricio Bustani (piano)<\/span><\/td>\n<\/tr>\n<tr>\n<td valign=\"top\" bgcolor=\"#95AABF\" width=\"18%\"><span style=\"color: #000000;\">Ravel, Maurice<\/span><\/td>\n<td valign=\"top\" bgcolor=\"#95AABF\" width=\"21%\"><span style=\"color: #000000;\">La Valse<\/span><\/td>\n<td valign=\"top\" bgcolor=\"#95AABF\" width=\"21%\"><span style=\"color: #000000;\">\u00a0<\/span><\/td>\n<\/tr>\n<tr>\n<td valign=\"top\" bgcolor=\"#95AABF\" width=\"18%\"><span style=\"color: #000000;\">Ravel, Maurice<\/span><\/td>\n<td valign=\"top\" bgcolor=\"#95AABF\" width=\"21%\"><span style=\"color: #000000;\">Bolero<\/span><\/td>\n<td valign=\"top\" bgcolor=\"#95AABF\" width=\"21%\"><span style=\"color: #000000;\">\u00a0<\/span><\/td>\n<\/tr>\n<tr>\n<td rowspan=\"3\">\n<p><span style=\"color: #000000;\">03, 04 dec 2010<\/span><\/p>\n<p><strong><span style=\"color: #000000;\"> ORQUESTRA SINF\u00d4NICA DA USP<\/span><\/strong><\/p>\n<p><span style=\"color: #000000;\"> 03.12 \u2013 Anfiteatro Camargo Guarniei, S\u00e3o Paulo, Brasil 12h<\/span><\/p>\n<p><span style=\"color: #000000;\"> 04.12 &#8211; Sala S\u00e3o Paulo, S\u00e3o Paulo, Brasil 21h<\/span><\/td>\n<td valign=\"top\" width=\"18%\"><span style=\"color: #000000;\">Rezende Marisa<\/span><\/td>\n<td valign=\"top\" width=\"21%\"><span style=\"color: #000000;\">Vereda<\/span><\/td>\n<td valign=\"top\" width=\"21%\"><span style=\"color: #000000;\">\u00a0<\/span><\/td>\n<\/tr>\n<tr>\n<td valign=\"top\" width=\"18%\"><span style=\"color: #000000;\">Schumann, Robert<\/span><\/td>\n<td valign=\"top\" width=\"21%\"><span style=\"color: #000000;\">Concerto for piano and orchestra, op.54, A minor<\/span><\/td>\n<td valign=\"top\" width=\"21%\"><span style=\"color: #000000;\">Linda Bustani (piano)<\/span><\/td>\n<\/tr>\n<tr>\n<td valign=\"top\" width=\"18%\"><span style=\"color: #000000;\">Scriabin, Alexander<\/span><\/td>\n<td valign=\"top\" width=\"21%\"><span style=\"color: #000000;\">Symphony n.2, op.29, C minor<\/span><\/td>\n<td valign=\"top\" width=\"21%\"><span style=\"color: #000000;\">\u00a0<\/span><\/td>\n<\/tr>\n<tr>\n<td rowspan=\"5\" bgcolor=\"#95AABF\">\n<p><span style=\"color: #000000;\">15 dec 2010<\/span><\/p>\n<p><strong><span style=\"color: #000000;\"> JERUSALEM SYMPHONY ORCHESTRA<\/span><\/strong><\/p>\n<p><span style=\"color: #000000;\"> Henry Crown Hall, Jerusalem, Israel<\/span><\/td>\n<td valign=\"top\" bgcolor=\"#95AABF\" width=\"18%\"><span style=\"color: #000000;\">Krieger, Edino<\/span><\/td>\n<td valign=\"top\" bgcolor=\"#95AABF\" width=\"21%\"><span style=\"color: #000000;\">Passacalha para o novo mil\u00eanio<\/span><\/td>\n<td valign=\"top\" bgcolor=\"#95AABF\" width=\"21%\"><span style=\"color: #000000;\">\u00a0<\/span><\/td>\n<\/tr>\n<tr>\n<td valign=\"top\" bgcolor=\"#95AABF\" width=\"18%\"><span style=\"color: #000000;\">Rezende Marisa<\/span><\/td>\n<td valign=\"top\" bgcolor=\"#95AABF\" width=\"21%\"><span style=\"color: #000000;\">Vereda<\/span><\/td>\n<td valign=\"top\" bgcolor=\"#95AABF\" width=\"21%\"><span style=\"color: #000000;\">\u00a0<\/span><\/td>\n<\/tr>\n<tr>\n<td valign=\"top\" bgcolor=\"#95AABF\" width=\"18%\"><span style=\"color: #000000;\">Guarnieri, Camargo<\/span><\/td>\n<td valign=\"top\" bgcolor=\"#95AABF\" width=\"21%\"><span style=\"color: #000000;\">Concerto n.1 para violino e orquestra<\/span><\/td>\n<td valign=\"top\" bgcolor=\"#95AABF\" width=\"21%\"><span style=\"color: #000000;\">Luis Filipe Coelho (violin)<\/span><\/td>\n<\/tr>\n<tr>\n<td valign=\"top\" bgcolor=\"#95AABF\" width=\"18%\"><span style=\"color: #000000;\">Villa-Lobos, Heitor<\/span><\/td>\n<td valign=\"top\" bgcolor=\"#95AABF\" width=\"21%\"><span style=\"color: #000000;\">Bachianas Brasileiras n.5<\/span><\/td>\n<td valign=\"top\" bgcolor=\"#95AABF\" width=\"21%\"><span style=\"color: #000000;\">Sivan Rotem (Soprano)<\/span><\/td>\n<\/tr>\n<tr>\n<td valign=\"top\" bgcolor=\"#95AABF\" width=\"18%\"><span style=\"color: #000000;\">Villa-Lobos, Heitor<\/span><\/td>\n<td valign=\"top\" bgcolor=\"#95AABF\" width=\"21%\"><span style=\"color: #000000;\">Bachianas Brasileiras n.7<\/span><\/td>\n<td valign=\"top\" bgcolor=\"#95AABF\" width=\"21%\"><span style=\"color: #000000;\">\u00a0<\/span><\/td>\n<\/tr>\n<tr>\n<td rowspan=\"4\">\n<p><span style=\"color: #000000;\">28 dec 2010<\/span><\/p>\n<p><strong><span style=\"color: #000000;\"> ISRAEL CHAMBER ORCHESTRA<\/span><\/strong><\/p>\n<p><span style=\"color: #000000;\"> Tel Aviv Museum of Art, Tel Aviv, Israel 20h<\/span><\/p>\n<p><span style=\"color: #000000;\"> Classic Mix Series<\/span><\/td>\n<td valign=\"top\" width=\"18%\"><span style=\"color: #000000;\">Guarnieri, Camargo<\/span><\/td>\n<td valign=\"top\" width=\"21%\"><span style=\"color: #000000;\">Abertura concertante<\/span><\/td>\n<td valign=\"top\" width=\"21%\"><span style=\"color: #000000;\">\u00a0<\/span><\/td>\n<\/tr>\n<tr>\n<td valign=\"top\" width=\"18%\"><span style=\"color: #000000;\">Gnatalli, Radam\u00e9s<\/span><\/td>\n<td valign=\"top\" width=\"21%\"><span style=\"color: #000000;\">Concerto for guitar and orchestra n.4 \u201cA Brasileira\u201d<\/span><\/td>\n<td rowspan=\"2\" valign=\"top\" width=\"21%\"><span style=\"color: #000000;\">FabioZanon (guitar)<\/span><\/td>\n<\/tr>\n<tr>\n<td valign=\"top\" width=\"18%\"><span style=\"color: #000000;\">Villa-Lobos, Heitor<\/span><\/td>\n<td valign=\"top\" width=\"21%\"><span style=\"color: #000000;\">Concerto for guitar and orquestra<\/span><\/td>\n<\/tr>\n<tr>\n<td valign=\"top\" width=\"18%\"><span style=\"color: #000000;\">Villa-Lobos, Heitor<\/span><\/td>\n<td valign=\"top\" width=\"21%\"><span style=\"color: #000000;\">Sinfonietta n.1 for small orchestra<\/span><\/td>\n<td valign=\"top\" width=\"21%\"><span style=\"color: #000000;\">\u00a0<\/span><\/td>\n<\/tr>\n<\/tbody>\n<\/table>\n<p>[\/vc_column_text][\/vc_column][\/vc_row]<\/p>\n","protected":false},"excerpt":{"rendered":"<p>[vc_row section_bottom_margin=&#8221;nobottommargin&#8221;][vc_column][vc_custom_heading text=&#8221;- 2010 -&#8221; font_container=&#8221;tag:h2|text_align:center&#8221;][vc_column_text] 25 jan 2010 ORQUESTRA SINF\u00d4NICA DA USP [&hellip;]<\/p>\n","protected":false},"author":1,"featured_media":0,"parent":0,"menu_order":0,"comment_status":"open","ping_status":"open","template":"template\/template-landing-page-vc.php","meta":{"footnotes":""},"class_list":["post-1260","page","type-page","status-publish","hentry"],"_links":{"self":[{"href":"https:\/\/ligiaamadio.net\/a\/wp-json\/wp\/v2\/pages\/1260","targetHints":{"allow":["GET"]}}],"collection":[{"href":"https:\/\/ligiaamadio.net\/a\/wp-json\/wp\/v2\/pages"}],"about":[{"href":"https:\/\/ligiaamadio.net\/a\/wp-json\/wp\/v2\/types\/page"}],"author":[{"embeddable":true,"href":"https:\/\/ligiaamadio.net\/a\/wp-json\/wp\/v2\/users\/1"}],"replies":[{"embeddable":true,"href":"https:\/\/ligiaamadio.net\/a\/wp-json\/wp\/v2\/comments?post=1260"}],"version-history":[{"count":3,"href":"https:\/\/ligiaamadio.net\/a\/wp-json\/wp\/v2\/pages\/1260\/revisions"}],"predecessor-version":[{"id":1263,"href":"https:\/\/ligiaamadio.net\/a\/wp-json\/wp\/v2\/pages\/1260\/revisions\/1263"}],"wp:attachment":[{"href":"https:\/\/ligiaamadio.net\/a\/wp-json\/wp\/v2\/media?parent=1260"}],"curies":[{"name":"wp","href":"https:\/\/api.w.org\/{rel}","templated":true}]}}