{"id":127,"date":"2014-08-28T20:24:38","date_gmt":"2014-08-28T20:24:38","guid":{"rendered":"http:\/\/50.62.188.111\/~ligiaamadio\/?page_id=127"},"modified":"2015-08-28T17:35:49","modified_gmt":"2015-08-28T17:35:49","slug":"2005-2","status":"publish","type":"page","link":"https:\/\/ligiaamadio.net\/a\/2005-2\/","title":{"rendered":"2005"},"content":{"rendered":"<p>[vc_row section_bottom_margin=&#8221;nobottommargin&#8221;][vc_column][vc_custom_heading text=&#8221;- 2005 -&#8221; font_container=&#8221;tag:h2|text_align:center&#8221;][vc_column_text]<\/p>\n<table border=\"0\" width=\"629\" cellspacing=\"0\" cellpadding=\"0\">\n<tbody>\n<tr>\n<td rowspan=\"3\" valign=\"top\" bgcolor=\"#95aabf\" width=\"249\">\n<p><span style=\"color: #000000;\">13\/03\/05<\/span><\/p>\n<p><span style=\"color: #000000;\"><strong> Orquestra Sinf\u00f4nica Nacional &#8211; UFF<\/strong><\/span><\/p>\n<p><span style=\"color: #000000;\"> Centro de Artes UFF, Niter\u00f3i, Rio de Janeiro, Brasil<\/span><\/p>\n<p><span style=\"color: #000000;\"> Concerto de Abertura temporada 2005 OSN-UFF<\/span><\/p>\n<p><span style=\"color: #000000;\"> S\u00e9rie &#8220;Nacionalistas e outros bravos&#8221;<\/span><\/td>\n<td valign=\"top\" bgcolor=\"#95aabf\" width=\"134\"><span lang=\"EN-US\" style=\"color: #000000;\">Glinka, Mikhail<\/span><\/td>\n<td valign=\"top\" bgcolor=\"#95aabf\" width=\"154\"><span lang=\"EN-US\" style=\"color: #000000;\">Russlan and Ludmilla: Overture<\/span><\/td>\n<td valign=\"top\" bgcolor=\"#95aabf\" width=\"92\"><span style=\"color: #000000;\">\u00a0<\/span><\/td>\n<\/tr>\n<tr>\n<td valign=\"top\" bgcolor=\"#95aabf\" width=\"134\"><span lang=\"EN-US\" style=\"color: #000000;\">Sibelius, Jean<\/span><\/td>\n<td valign=\"top\" bgcolor=\"#95aabf\" width=\"154\"><span lang=\"EN-US\" style=\"color: #000000;\">Concerto for Violin, op.47, in D minor<\/span><\/td>\n<td valign=\"top\" bgcolor=\"#95aabf\" width=\"92\"><span lang=\"EN-US\" style=\"color: #000000;\">Daniel Guedes<\/span><\/td>\n<\/tr>\n<tr>\n<td valign=\"top\" bgcolor=\"#95aabf\" width=\"134\"><span lang=\"EN-US\" style=\"color: #000000;\">Tchaikovsky, Piotr Ilyich<\/span><\/td>\n<td valign=\"top\" bgcolor=\"#95aabf\" width=\"154\"><span lang=\"EN-US\" style=\"color: #000000;\">Symphony No.2, op.17, C minor<\/span><\/td>\n<td valign=\"top\" bgcolor=\"#95aabf\" width=\"92\"><span style=\"color: #000000;\">\u00a0<\/span><\/td>\n<\/tr>\n<tr>\n<td rowspan=\"3\" valign=\"top\" width=\"249\">\n<p><span style=\"color: #000000;\">02\/04\/05<\/span><\/p>\n<p><span style=\"color: #000000;\"><strong> Orquestra Sinf\u00f4nica Nacional &#8211; UFF<\/strong><\/span><\/p>\n<p><span style=\"color: #000000;\"> Sala Cec\u00edlia Meireles, Rio de Janeiro, Brasil<\/span><\/p>\n<p><span style=\"color: #000000;\"> Concerto de Encerramento do I Encontro Internacional de Percuss\u00e3o &#8211; OSN-UFF<\/span><\/p>\n<p><span style=\"color: #000000;\">03\/04\/05<\/span><\/p>\n<p><span style=\"color: #000000;\"> Centro de Artes UFF, Niter\u00f3i, Rio de Janeiro, Brasil<\/span><br \/>\n<span style=\"color: #000000;\"> \u00a0<\/span><\/td>\n<td valign=\"top\" width=\"134\"><span style=\"color: #000000;\">Almeida Prado<\/span><\/td>\n<td valign=\"top\" width=\"154\"><span style=\"color: #000000;\">Concerto da descoberta do Brasil for piano and percussion<\/span><\/td>\n<td valign=\"top\" width=\"92\"><span style=\"color: #000000;\">Luiz Carlos de Moura Castro<\/span><\/td>\n<\/tr>\n<tr>\n<td valign=\"top\" width=\"134\"><span lang=\"EN-US\" style=\"color: #000000;\">Lipner, Arthur and\u00a0Wendelboe, Jens<\/span><\/td>\n<td valign=\"top\" width=\"154\"><span lang=\"EN-US\" style=\"color: #000000;\">Hybridisation, for vibraphone and orchestra<\/span><\/td>\n<td valign=\"top\" width=\"92\"><span style=\"color: #000000;\">Arthur Lipner<\/span><\/td>\n<\/tr>\n<tr>\n<td valign=\"top\" width=\"134\"><span lang=\"ES-TRAD\" style=\"color: #000000;\">Jarrell, Michael<\/span><\/td>\n<td valign=\"top\" width=\"154\"><span lang=\"ES-TRAD\" style=\"color: #000000;\">Un long fracas somptueux de rapide celeste<\/span><\/td>\n<td valign=\"top\" width=\"92\"><span style=\"color: #000000;\">Mircea Ardeleanu<\/span><\/td>\n<\/tr>\n<tr>\n<td rowspan=\"3\" valign=\"top\" bgcolor=\"#95AABF\" width=\"249\">\n<p><span style=\"color: #000000;\"><span lang=\"ES\">09\/04\/05<\/span><\/span><\/p>\n<p><span lang=\"ES\" style=\"color: #000000;\"><strong>Orquesta Sinf\u00f3nica Universidad de Concepci\u00f3n<\/strong><\/span><\/p>\n<p><span style=\"color: #000000;\"><span lang=\"ES\">Teatro<\/span><span lang=\"ES\">\u00a0Universidad de Concepci\u00f3n, Chile<\/span><\/span><\/p>\n<p><span lang=\"ES\" style=\"color: #000000;\">Temporada de Oto\u00f1o &#8211; S\u00e9rie Grandes Conciertos para Viol\u00edn<\/span><\/td>\n<td valign=\"top\" bgcolor=\"#95AABF\" width=\"134\"><span lang=\"ES-TRAD\" style=\"color: #000000;\">Beethoven, Ludwig van<\/span><\/td>\n<td valign=\"top\" bgcolor=\"#95AABF\" width=\"154\"><span lang=\"EN-US\" style=\"color: #000000;\">Leonore Overture No.3<\/span><\/td>\n<td valign=\"top\" bgcolor=\"#95AABF\" width=\"92\"><span style=\"color: #000000;\">\u00a0<\/span><\/td>\n<\/tr>\n<tr>\n<td valign=\"top\" bgcolor=\"#95AABF\" width=\"134\"><span lang=\"EN-US\" style=\"color: #000000;\">Sibelius, Jean<\/span><\/td>\n<td valign=\"top\" bgcolor=\"#95AABF\" width=\"154\"><span lang=\"EN-US\" style=\"color: #000000;\">Concerto for Violin, op.47, in D minor<\/span><\/td>\n<td valign=\"top\" bgcolor=\"#95AABF\" width=\"92\"><span lang=\"EN-US\" style=\"color: #000000;\">Luc\u00eda Luque<\/span><\/td>\n<\/tr>\n<tr>\n<td valign=\"top\" bgcolor=\"#95AABF\" width=\"134\"><span lang=\"EN-US\" style=\"color: #000000;\">Tchaikovsky, Piotr Ilyich<\/span><\/td>\n<td valign=\"top\" bgcolor=\"#95AABF\" width=\"154\"><span lang=\"EN-US\" style=\"color: #000000;\">Symphony No.2, op.17, C minor<\/span><\/td>\n<td valign=\"top\" bgcolor=\"#95AABF\" width=\"92\"><span style=\"color: #000000;\">\u00a0<\/span><\/td>\n<\/tr>\n<tr>\n<td rowspan=\"4\" valign=\"top\" width=\"249\">\n<p><span style=\"color: #000000;\">28\/04\/05<\/span><\/p>\n<p><span style=\"color: #000000;\"><strong> Filarm\u00f4nica Del Valle<\/strong><\/span><\/p>\n<p><span style=\"color: #000000;\"> Teatro Minicipal Enrique Buenaventura, Cali, Colombia<\/span><\/td>\n<td valign=\"top\" width=\"134\"><span style=\"color: #000000;\">Gomes, Ant\u00f4nio Carlos<\/span><\/td>\n<td valign=\"top\" width=\"154\"><span style=\"color: #000000;\">Sonata em R\u00e9 Maior para Orquestra de Cordas\u00a0<span lang=\"ES\">Valse triste (Kuolema)<\/span><\/span><\/td>\n<td valign=\"top\" width=\"92\"><span style=\"color: #000000;\">\u00a0<\/span><\/td>\n<\/tr>\n<tr>\n<td valign=\"top\" width=\"134\"><span lang=\"EN-US\" style=\"color: #000000;\">Fran\u00e7aix, Jean<\/span><\/td>\n<td valign=\"top\" width=\"154\"><span lang=\"EN-US\" style=\"color: #000000;\">Concerto for bassoon and strings<\/span><\/td>\n<td valign=\"top\" width=\"92\"><span style=\"color: #000000;\">Leonardo De\u00e1n<\/span><\/td>\n<\/tr>\n<tr>\n<td valign=\"top\" width=\"134\"><span style=\"color: #000000;\">Stravinsky, Igor\u00a0\u00a0<\/span><\/td>\n<td valign=\"top\" width=\"154\"><span style=\"color: #000000;\">Danses concertantes<\/span><\/td>\n<td valign=\"top\" width=\"92\"><span style=\"color: #000000;\">\u00a0<\/span><\/td>\n<\/tr>\n<tr>\n<td valign=\"top\" width=\"134\"><span style=\"color: #000000;\">Villa-Lobos, Heitor<\/span><\/td>\n<td valign=\"top\" width=\"154\"><span style=\"color: #000000;\">Sinfonietta n\u00ba 1 (in Memoriam Mozart)\u00a0\u00a0<\/span><\/td>\n<td valign=\"top\" width=\"92\"><span style=\"color: #000000;\">\u00a0<\/span><\/td>\n<\/tr>\n<tr>\n<td rowspan=\"4\" valign=\"top\" bgcolor=\"#95AABF\" width=\"249\">\n<p><span style=\"color: #000000;\">14\/05\/05<\/span><\/p>\n<p><span style=\"color: #000000;\"><strong> Orquestra Sinf\u00f4nica Nacional &#8211; UFF<\/strong><\/span><\/p>\n<p><span style=\"color: #000000;\"> Centro de Artes UFF, Niter\u00f3i, Rio de Janeiro, Brasil<\/span><\/p>\n<p><span style=\"color: #000000;\"> S\u00e9rie &#8220;Nacionalistas e outros bravos&#8221;\u00a0<\/span><br \/>\n<span style=\"color: #000000;\"> \u00a0<\/span><\/td>\n<td valign=\"top\" bgcolor=\"#95AABF\" width=\"134\"><span lang=\"ES\" style=\"color: #000000;\">Sibelius, Jean<\/span><\/td>\n<td valign=\"top\" bgcolor=\"#95AABF\" width=\"154\"><span lang=\"ES\" style=\"color: #000000;\">Valse triste (Kuolema)<\/span><\/td>\n<td valign=\"top\" bgcolor=\"#95AABF\" width=\"92\"><span style=\"color: #000000;\">\u00a0<\/span><\/td>\n<\/tr>\n<tr>\n<td valign=\"top\" bgcolor=\"#95AABF\" width=\"134\"><span lang=\"EN-US\" style=\"color: #000000;\">Strauss, Richard<\/span><\/td>\n<td valign=\"top\" bgcolor=\"#95AABF\" width=\"154\"><span lang=\"EN-US\" style=\"color: #000000;\"><span lang=\"EN-US\">Vier letzte Lieder (Four last songs)<\/span><\/span><\/td>\n<td valign=\"top\" bgcolor=\"#95AABF\" width=\"92\"><span lang=\"ES\" style=\"color: #000000;\">Cl\u00e1udia Riccitelli<\/span><\/td>\n<\/tr>\n<tr>\n<td valign=\"top\" bgcolor=\"#95AABF\" width=\"134\"><span lang=\"ES\" style=\"color: #000000;\">Guarnieri, Mozart Camargo<\/span><\/td>\n<td valign=\"top\" bgcolor=\"#95AABF\" width=\"154\"><span style=\"color: #000000;\">Danses concertantes<\/span><\/td>\n<td valign=\"top\" bgcolor=\"#95AABF\" width=\"92\"><span style=\"color: #000000;\">\u00a0<\/span><\/td>\n<\/tr>\n<tr>\n<td valign=\"top\" bgcolor=\"#95AABF\" width=\"134\"><span style=\"color: #000000;\">Stravinsky, Igor<\/span><\/td>\n<td valign=\"top\" bgcolor=\"#95AABF\" width=\"154\"><span style=\"color: #000000;\">L&#8217;Oiseau de feu (Firebird): Suite (1919 Version)<\/span><\/td>\n<td valign=\"top\" bgcolor=\"#95AABF\" width=\"92\"><span style=\"color: #000000;\">\u00a0<\/span><\/td>\n<\/tr>\n<tr>\n<td rowspan=\"3\" valign=\"top\" width=\"249\">\n<p><span style=\"color: #000000;\">19\/06\/05<\/span><\/p>\n<p><span style=\"color: #000000;\"><strong> Orquestra Sinf\u00f4nica Nacional &#8211; UFF<\/strong><\/span><\/p>\n<p><span style=\"color: #000000;\"> Centro de Artes UFF, Niter\u00f3i, Rio de Janeiro, Brasil<\/span><\/p>\n<p><span style=\"color: #000000;\"> S\u00e9rie &#8220;Nacionalistas e outros bravos&#8221;<\/span><\/td>\n<td valign=\"top\" width=\"134\"><span lang=\"EN-US\" style=\"color: #000000;\">Tchaikovsky, Piotr Ilyich<\/span><\/td>\n<td valign=\"top\" width=\"154\"><span lang=\"EN-US\" style=\"color: #000000;\">Romeo and Juliet overture-phantasy (final version 1880)<\/span><\/td>\n<td valign=\"top\" width=\"92\"><span style=\"color: #000000;\">\u00a0<\/span><\/td>\n<\/tr>\n<tr>\n<td valign=\"top\" width=\"134\"><span lang=\"EN-US\" style=\"color: #000000;\">Grieg, Edvar<\/span><\/td>\n<td valign=\"top\" width=\"154\"><span lang=\"EN-US\" style=\"color: #000000;\">Concerto for piano and orchestra in A minor, op.16<\/span><\/td>\n<td valign=\"top\" width=\"92\"><span style=\"color: #000000;\">Jos\u00e9 Maur\u00edcio Bustani<\/span><\/td>\n<\/tr>\n<tr>\n<td valign=\"top\" width=\"134\"><span lang=\"EN-US\" style=\"color: #000000;\">Prokofiev, Serge<\/span><\/td>\n<td valign=\"top\" width=\"154\"><span lang=\"EN-US\" style=\"color: #000000;\">Concerto for piano and orchestra No.3 in C major, op.26<\/span><\/td>\n<td valign=\"top\" width=\"92\"><span style=\"color: #000000;\">Linda Bustani<\/span><\/td>\n<\/tr>\n<tr>\n<td rowspan=\"3\" valign=\"top\" bgcolor=\"#95AABF\" width=\"249\">\n<p><span style=\"color: #000000;\">21\/06\/05<\/span><\/p>\n<p><span style=\"color: #000000;\"><strong> Orquestra Sinf\u00f4nica Nacional &#8211; UFF<\/strong><\/span><\/p>\n<p><span style=\"color: #000000;\"> Sala Cec\u00edlia Meireles, Rio de Janeiro, Brasil<\/span><\/p>\n<p><span style=\"color: #000000;\"> S\u00e9rie &#8220;Nacionalistas e outros bravos&#8221;<\/span><\/td>\n<td valign=\"top\" bgcolor=\"#95AABF\" width=\"134\"><span lang=\"EN-US\" style=\"color: #000000;\">Tchaikovsky, Piotr Ilyich<\/span><\/td>\n<td valign=\"top\" bgcolor=\"#95AABF\" width=\"154\"><span lang=\"EN-US\" style=\"color: #000000;\">Romeo and Juliet overture-phantasy (final version 1880)<\/span><\/td>\n<td valign=\"top\" bgcolor=\"#95AABF\" width=\"92\"><span style=\"color: #000000;\">\u00a0<\/span><\/td>\n<\/tr>\n<tr>\n<td valign=\"top\" bgcolor=\"#95AABF\" width=\"134\"><span lang=\"EN-US\" style=\"color: #000000;\">Grieg, Edvar<\/span><\/td>\n<td valign=\"top\" bgcolor=\"#95AABF\" width=\"154\"><span lang=\"EN-US\" style=\"color: #000000;\">Concerto for piano and orchestra in A minor, op.16<\/span><\/td>\n<td valign=\"top\" bgcolor=\"#95AABF\" width=\"92\"><span style=\"color: #000000;\">Jos\u00e9 Maur\u00edcio Bustani<\/span><\/td>\n<\/tr>\n<tr>\n<td valign=\"top\" bgcolor=\"#95AABF\" width=\"134\"><span lang=\"EN-US\" style=\"color: #000000;\">Prokofiev, Serge<\/span><\/td>\n<td valign=\"top\" bgcolor=\"#95AABF\" width=\"154\"><span lang=\"EN-US\" style=\"color: #000000;\">Concerto for piano and orchestra No.3 in C major, op.26<\/span><\/td>\n<td valign=\"top\" bgcolor=\"#95AABF\" width=\"92\"><span style=\"color: #000000;\">Linda Bustani<\/span><\/td>\n<\/tr>\n<\/tbody>\n<\/table>\n<table border=\"0\" cellspacing=\"0\" cellpadding=\"0\">\n<tbody>\n<tr>\n<td rowspan=\"4\" valign=\"top\" width=\"268\" height=\"110\">\n<p><span style=\"color: #000000;\"><span lang=\"ES\">11 a 15\/07\/05<\/span><\/span><\/p>\n<p><span lang=\"ES-AR\" style=\"color: #000000;\"><strong>Orquestra Sinf\u00f4nica Nacional &#8211; UFF<\/strong><\/span><\/p>\n<p><span style=\"color: #000000;\">Est\u00fadio da R\u00e1dio MEC, Rio de Janeiro \u2013 CD Recording: \u201cAurora Luminosa\u201d<\/span><\/p>\n<p><span style=\"color: #000000;\">\u00a0<\/span><\/td>\n<td valign=\"top\" width=\"142\" height=\"110\"><span lang=\"ES-TRAD\" style=\"color: #000000;\">Miguez, Leopoldo<\/span><\/td>\n<td valign=\"top\" width=\"160\" height=\"110\"><span style=\"color: #000000;\">Ave, libertas<\/span><\/td>\n<td valign=\"top\" width=\"97\" height=\"110\"><span style=\"color: #000000;\">\u00a0<\/span><\/td>\n<\/tr>\n<tr>\n<td valign=\"top\" width=\"142\" height=\"26\"><span lang=\"ES-TRAD\" style=\"color: #000000;\">Nepomuceno, Alberto<\/span><\/td>\n<td valign=\"top\" width=\"160\" height=\"26\"><span style=\"color: #000000;\">S\u00e9rie Brasileira<\/span><\/td>\n<td valign=\"top\" width=\"97\" height=\"26\"><span style=\"color: #000000;\">\u00a0<\/span><\/td>\n<\/tr>\n<tr>\n<td valign=\"top\" width=\"142\" height=\"26\"><span lang=\"ES-TRAD\" style=\"color: #000000;\">Levy, Alexandre<\/span><\/td>\n<td valign=\"top\" width=\"160\" height=\"26\"><span style=\"color: #000000;\">Werther<\/span><\/td>\n<td valign=\"top\" width=\"97\" height=\"26\"><span style=\"color: #000000;\">\u00a0<\/span><\/td>\n<\/tr>\n<tr>\n<td valign=\"top\" width=\"142\" height=\"26\"><span lang=\"ES-TRAD\" style=\"color: #000000;\">Gomes, Ant\u00f4nio Carlos<\/span><\/td>\n<td valign=\"top\" width=\"160\" height=\"26\"><span style=\"color: #000000;\">Alvorada (\u00d3pera \u201cLo schiavo\u201d)<\/span><\/td>\n<td valign=\"top\" width=\"97\" height=\"26\"><span style=\"color: #000000;\">\u00a0<\/span><\/td>\n<\/tr>\n<tr>\n<td rowspan=\"3\" valign=\"top\" bgcolor=\"#95AABF\" width=\"268\" height=\"147\">\n<p><span style=\"color: #000000;\"><span lang=\"ES\">26\/07\/05<\/span><\/span><\/p>\n<p><span lang=\"ES-AR\" style=\"color: #000000;\"><strong>Orquesta Filarm\u00f3nica de Buenos Aires<\/strong><\/span><\/p>\n<p><span style=\"color: #000000;\">Teatro Col\u00f3n, Argentina \u2013 Festivales Musicales de Buenos Aires \u2013 Festival 2005: Las tres \u201cB\u201d\u00a0(Bach \u2013 Beethoven \u2013 Brahms)<\/span><\/p>\n<p><span style=\"color: #000000;\"><span lang=\"ES\">28\/07\/05<\/span><\/span><\/p>\n<p><span lang=\"ES-AR\" style=\"color: #000000;\">Orquesta Filarm\u00f3nica de Buenos Aires<\/span><\/p>\n<p><span style=\"color: #000000;\">Teatro Col\u00f3n, Argentina \u2013 XLVII Temporada de Conciertos de la Orquesta Filarm\u00f3nica de Buenos Aires<\/span><\/td>\n<td rowspan=\"3\" valign=\"top\" bgcolor=\"#95AABF\" width=\"142\" height=\"147\">\n<p><span lang=\"ES-TRAD\" style=\"color: #000000;\">Beethoven, Ludwig van<\/span><\/p>\n<p><span style=\"color: #000000;\">\u00a0<\/span><\/td>\n<td valign=\"top\" bgcolor=\"#95AABF\" width=\"160\" height=\"147\"><span lang=\"EN-US\" style=\"color: #000000;\">Concerto for piano and orchestra No.1, op.15, C major<\/span><\/td>\n<td valign=\"top\" bgcolor=\"#95AABF\" width=\"97\" height=\"147\"><span style=\"color: #000000;\">Bruno Leonardo Gelber\u00a0<\/span><\/td>\n<\/tr>\n<tr>\n<td valign=\"top\" bgcolor=\"#95AABF\" width=\"160\" height=\"48\"><span lang=\"EN-US\" style=\"color: #000000;\">Concerto for piano and orchestra No.2, op.19, B-flat major<\/span><\/td>\n<td valign=\"top\" bgcolor=\"#95AABF\" width=\"97\" height=\"48\"><span style=\"color: #000000;\">Bruno Leonardo Gelber\u00a0<\/span><\/td>\n<\/tr>\n<tr>\n<td valign=\"top\" bgcolor=\"#95AABF\" width=\"160\" height=\"47\"><span lang=\"EN-US\" style=\"color: #000000;\">Concerto for piano and orchestra No.4, op.58, G major<\/span><\/td>\n<td valign=\"top\" bgcolor=\"#95AABF\" width=\"97\" height=\"47\"><span style=\"color: #000000;\">Bruno Leonardo Gelber\u00a0<\/span><\/td>\n<\/tr>\n<tr>\n<td rowspan=\"3\" valign=\"top\" width=\"268\" height=\"118\">\n<p><span style=\"color: #000000;\">07\/08\/05<\/span><\/p>\n<p><span style=\"color: #000000;\"><strong> Orquestra Sinf\u00f4nica Nacional &#8211; UFF<\/strong><\/span><\/p>\n<p><span style=\"color: #000000;\"> Centro de Artes UFF, Niter\u00f3i, Rio de Janeiro, Brasil \u2013 Temporada Internacional \u2013 Em comemora\u00e7\u00e3o aos 200 anos da morte de Boccherini<\/span><\/td>\n<td valign=\"top\" width=\"142\" height=\"118\"><span lang=\"EN-US\" style=\"color: #000000;\">Ravel, Maurice<\/span><\/td>\n<td valign=\"top\" width=\"160\" height=\"118\"><span lang=\"EN-US\" style=\"color: #000000;\">Tzigane, for violin and orchestra\u00a0<\/span><\/td>\n<td valign=\"top\" width=\"97\" height=\"118\"><span lang=\"EN-US\" style=\"color: #000000;\">Rosnei Tuon\u00a0<\/span><\/td>\n<\/tr>\n<tr>\n<td valign=\"top\" width=\"142\" height=\"58\"><span lang=\"EN-US\" style=\"color: #000000;\">Boccherini, Luigi<\/span><\/td>\n<td valign=\"top\" width=\"160\" height=\"58\"><span lang=\"EN-US\" style=\"color: #000000;\">Concerto for violoncello\u00a0\u00a0and orchestra, G.482, B-flat major<\/span><\/td>\n<td valign=\"top\" width=\"97\" height=\"58\"><span style=\"color: #000000;\">Richard Markson<\/span><\/td>\n<\/tr>\n<tr>\n<td valign=\"top\" width=\"142\" height=\"28\"><span style=\"color: #000000;\">Mendelssohn \u2013 Bartholdy, F\u00e9lix<\/span><\/td>\n<td valign=\"top\" width=\"160\" height=\"28\"><span lang=\"EN-US\" style=\"color: #000000;\">Symphony No.4, op.90, A major (Italian)<\/span><\/td>\n<td valign=\"top\" width=\"97\" height=\"28\"><span lang=\"EN-US\" style=\"color: #000000;\">\u00a0<\/span><\/td>\n<\/tr>\n<\/tbody>\n<\/table>\n<table border=\"0\" width=\"651\" cellspacing=\"0\" cellpadding=\"0\">\n<tbody>\n<tr>\n<td rowspan=\"3\" valign=\"top\" bgcolor=\"#95AABF\" width=\"255\">\n<p><span style=\"color: #000000;\">21\/08\/05<\/span><\/p>\n<p><span style=\"color: #000000;\"><strong> Orquestra Sinf\u00f4nica Nacional &#8211; UFF<\/strong><\/span><\/p>\n<p><span style=\"color: #000000;\"> Centro de Artes UFF, Niter\u00f3i, Rio de Janeiro, Brasil \u2013 Temporada Internacional \u2013 Em comemora\u00e7\u00e3o ao D\u00e9cimo Anivers\u00e1rio do Primeiro Concerto de Ligia Amadio coma Orquestra Sinf\u00f4nica Nacional<\/span><\/td>\n<td valign=\"top\" bgcolor=\"#95AABF\" width=\"137\"><span lang=\"ES-TRAD\" style=\"color: #000000;\">Rodrigo, Joaqu\u00edn<\/span><\/td>\n<td valign=\"top\" bgcolor=\"#95AABF\" width=\"142\"><span lang=\"EN-US\" style=\"color: #000000;\">Concerto for guitar, \u201cAranjuez\u201d<\/span><\/td>\n<td valign=\"top\" bgcolor=\"#95AABF\" width=\"97\"><span style=\"color: #000000;\">Pablo Sainz Villegas<\/span><\/td>\n<\/tr>\n<tr>\n<td valign=\"top\" bgcolor=\"#95AABF\" width=\"137\"><span lang=\"ES-TRAD\" style=\"color: #000000;\">Gershwin, George<\/span><\/td>\n<td valign=\"top\" bgcolor=\"#95AABF\" width=\"142\"><span lang=\"EN-US\" style=\"color: #000000;\">Raphsody in Blur for piano and orchestra<\/span><\/td>\n<td valign=\"top\" bgcolor=\"#95AABF\" width=\"97\"><span style=\"color: #000000;\">Marina Spoladore<\/span><\/td>\n<\/tr>\n<tr>\n<td valign=\"top\" bgcolor=\"#95AABF\" width=\"137\"><span lang=\"ES-TRAD\" style=\"color: #000000;\">Franck, C\u00e9sar<\/span><\/td>\n<td valign=\"top\" bgcolor=\"#95AABF\" width=\"152\"><span lang=\"EN-US\" style=\"color: #000000;\">Symphony in D minor<\/span><\/td>\n<td valign=\"top\" bgcolor=\"#95AABF\" width=\"97\"><span style=\"color: #000000;\">\u00a0<\/span><\/td>\n<\/tr>\n<tr>\n<td rowspan=\"2\" valign=\"top\" width=\"255\">\n<p><span style=\"color: #000000;\">27, 28\/08\/05<\/span><\/p>\n<p><span style=\"color: #000000;\"><strong> Orquesta Sinf\u00f3nica de Neuquen<\/strong><\/span><\/p>\n<p><span style=\"color: #000000;\"> Cine Teatro Espa\u00f1ol, Neuqu\u00e9n, Argentina<\/span><\/td>\n<td valign=\"top\" width=\"137\">\n<p><span lang=\"ES-TRAD\" style=\"color: #000000;\">Beethoven, Ludwig van<\/span><\/p>\n<p><span style=\"color: #000000;\">\u00a0<\/span><\/td>\n<td valign=\"top\" width=\"152\"><span style=\"color: #000000;\"><span lang=\"EN-US\">Concerto for piano and orchestra No.5,\u00a0<\/span><span lang=\"EN-US\">op.73, E-flat major (Emperor)<\/span><\/span><\/td>\n<td valign=\"top\" width=\"97\"><span style=\"color: #000000;\">Bruno Leonardo Gelber\u00a0<\/span><\/td>\n<\/tr>\n<tr>\n<td valign=\"top\" width=\"137\"><span lang=\"ES-TRAD\" style=\"color: #000000;\">Mozart, Wolfganf Amadeus<\/span><\/td>\n<td valign=\"top\" width=\"152\"><span lang=\"EN-US\" style=\"color: #000000;\">Symphony No.41 \u201cJupiter\u201d<\/span><\/td>\n<td valign=\"top\" width=\"97\"><span style=\"color: #000000;\">\u00a0<\/span><\/td>\n<\/tr>\n<tr>\n<td rowspan=\"3\" valign=\"top\" bgcolor=\"#95AABF\" width=\"255\">\n<p><span style=\"color: #000000;\"><span lang=\"ES\">31\/08\/05<\/span><\/span><\/p>\n<p><span lang=\"ES-AR\" style=\"color: #000000;\"><strong>Orquesta Filarm\u00f3nica de Buenos Aires<\/strong><\/span><\/p>\n<p><span style=\"color: #000000;\">Teatro Col\u00f3n, Argentina \u2013 Festivales Musicales de Buenos Aires \u2013 Festival 2005: Las tres \u201cB\u201d\u00a0(Bach \u2013 Beethoven \u2013 Brahms)<\/span><\/p>\n<p><span style=\"color: #000000;\">01\/09\/05<\/span><\/p>\n<p><span lang=\"ES-AR\" style=\"color: #000000;\"><strong>Orquesta Filarm\u00f3nica de Buenos Aires<\/strong><\/span><\/p>\n<p><span style=\"color: #000000;\">Teatro Col\u00f3n, Argentina \u2013 XLVII Temporada de Conciertos de la Orquesta Filarm\u00f3nica de Buenos Aires<\/span><\/td>\n<td rowspan=\"3\" valign=\"top\" bgcolor=\"#95AABF\" width=\"137\"><span lang=\"ES-TRAD\" style=\"color: #000000;\">Beethoven, Ludwig van<\/span><\/td>\n<td valign=\"top\" bgcolor=\"#95AABF\" width=\"152\"><span lang=\"EN-US\" style=\"color: #000000;\">Concerto for piano and orchestra No.3, op.37, C major<\/span><\/td>\n<td valign=\"top\" bgcolor=\"#95AABF\" width=\"97\"><span style=\"color: #000000;\">Bruno Leonardo Gelber\u00a0<\/span><\/td>\n<\/tr>\n<tr>\n<td valign=\"top\" bgcolor=\"#95AABF\" width=\"152\"><span style=\"color: #000000;\"><span lang=\"EN-US\">Concerto for piano and orchestra No.5,\u00a0<\/span><span lang=\"EN-US\">op.73, E-flat major (Emperor)<\/span><\/span><\/td>\n<td valign=\"top\" bgcolor=\"#95AABF\" width=\"97\"><span style=\"color: #000000;\">Bruno Leonardo Gelber\u00a0<\/span><\/td>\n<\/tr>\n<tr>\n<td valign=\"top\" bgcolor=\"#95AABF\" width=\"152\"><span lang=\"EN-US\" style=\"color: #000000;\">Leonore Overture No.3<\/span><\/td>\n<td valign=\"top\" bgcolor=\"#95AABF\" width=\"97\"><span style=\"color: #000000;\">\u00a0<\/span><\/td>\n<\/tr>\n<tr>\n<td rowspan=\"4\" valign=\"top\" width=\"255\">\n<p><span style=\"color: #000000;\">12\/09\/05<\/span><\/p>\n<p><span style=\"color: #000000;\"><strong> Orquesta de la Ciudad de Buenos Aires<\/strong><\/span><\/p>\n<p><span style=\"color: #000000;\"> Teatro Col\u00f3n, Cerrito 618, Buenos Aires &#8211; 20:30<\/span><\/p>\n<p><span style=\"color: #000000;\"> Concierto en comemoraci\u00f3n al 183o. Aniversario de la Independencia del Brasil\u00a0<\/span><\/td>\n<td valign=\"top\" width=\"137\"><span lang=\"EN-US\" style=\"color: #000000;\">Villa-Lobos, Heitor<\/span><\/td>\n<td valign=\"top\" width=\"152\"><span lang=\"EN-US\" style=\"color: #000000;\">Bachianas No.3 for piano and Orchestra\u00a0<\/span><\/td>\n<td valign=\"top\" width=\"97\"><span style=\"color: #000000;\">Linda Bustani<\/span><\/td>\n<\/tr>\n<tr>\n<td valign=\"top\" width=\"137\"><span lang=\"EN-US\" style=\"color: #000000;\">Lorenzo Fernandez, Oscar<\/span><\/td>\n<td valign=\"top\" width=\"152\"><span lang=\"EN-US\" style=\"color: #000000;\">Batuque<\/span><\/td>\n<td valign=\"top\" width=\"97\"><span style=\"color: #000000;\">\u00a0<\/span><\/td>\n<\/tr>\n<tr>\n<td valign=\"top\" width=\"137\"><span style=\"color: #000000;\">Carmargo guarnieri, Mozart<\/span><\/td>\n<td valign=\"top\" width=\"152\"><span lang=\"EN-US\" style=\"color: #000000;\">Dansa Brasileira<\/span><\/td>\n<td valign=\"top\" width=\"97\"><span lang=\"EN-US\" style=\"color: #000000;\">\u00a0<\/span><\/td>\n<\/tr>\n<tr>\n<td valign=\"top\" width=\"137\"><span style=\"color: #000000;\">Ginastera, Alberto<\/span><\/td>\n<td valign=\"top\" width=\"152\"><span lang=\"EN-US\" style=\"color: #000000;\">Suite Estancia<\/span><\/td>\n<td valign=\"top\" width=\"97\"><span style=\"color: #000000;\">\u00a0<\/span><\/td>\n<\/tr>\n<\/tbody>\n<\/table>\n<table border=\"0\" width=\"642\" cellspacing=\"0\" cellpadding=\"0\">\n<tbody>\n<tr>\n<td rowspan=\"4\" valign=\"top\" bgcolor=\"#95AABF\" width=\"253\">\n<p><span style=\"color: #000000;\"><span lang=\"ES\">17 e 18\/09\/05<\/span><\/span><\/p>\n<p><span lang=\"ES-AR\" style=\"color: #000000;\"><strong>Orquestra Sinf\u00f4nica Nacional &#8211; UFF<\/strong><\/span><\/p>\n<p><span style=\"color: #000000;\">Arquivo Nacional, Rio de Janeiro \u2013 DVD Recording: \u201cAurora Luminosa\u201d<\/span><\/td>\n<td valign=\"top\" bgcolor=\"#95AABF\" width=\"135\"><span lang=\"ES-TRAD\" style=\"color: #000000;\">Miguez, Leopoldo<\/span><\/td>\n<td valign=\"top\" bgcolor=\"#95AABF\" width=\"143\"><span style=\"color: #000000;\">Ave, libertas<\/span><\/td>\n<td valign=\"top\" bgcolor=\"#95AABF\" width=\"101\"><span style=\"color: #000000;\">\u00a0<\/span><\/td>\n<\/tr>\n<tr>\n<td valign=\"top\" bgcolor=\"#95AABF\" width=\"135\"><span lang=\"ES-TRAD\" style=\"color: #000000;\">Nepomuceno, Alberto<\/span><\/td>\n<td valign=\"top\" bgcolor=\"#95AABF\" width=\"143\"><span style=\"color: #000000;\">S\u00e9rie Brasileira<\/span><\/td>\n<td valign=\"top\" bgcolor=\"#95AABF\" width=\"101\"><span style=\"color: #000000;\">\u00a0<\/span><\/td>\n<\/tr>\n<tr>\n<td valign=\"top\" bgcolor=\"#95AABF\" width=\"135\"><span lang=\"ES-TRAD\" style=\"color: #000000;\">Levy, Alexandre<\/span><\/td>\n<td valign=\"top\" bgcolor=\"#95AABF\" width=\"143\"><span style=\"color: #000000;\">Werther<\/span><\/td>\n<td valign=\"top\" bgcolor=\"#95AABF\" width=\"101\"><span style=\"color: #000000;\">\u00a0<\/span><\/td>\n<\/tr>\n<tr>\n<td valign=\"top\" bgcolor=\"#95AABF\" width=\"135\"><span lang=\"ES-TRAD\" style=\"color: #000000;\">Gomes, Ant\u00f4nio Carlos<\/span><\/td>\n<td valign=\"top\" bgcolor=\"#95AABF\" width=\"143\"><span style=\"color: #000000;\">Alvorada (\u00d3pera \u201cLo schiavo\u201d)<\/span><\/td>\n<td valign=\"top\" bgcolor=\"#95AABF\" width=\"101\"><span style=\"color: #000000;\">\u00a0<\/span><\/td>\n<\/tr>\n<\/tbody>\n<\/table>\n<table border=\"0\" width=\"663\" cellspacing=\"0\" cellpadding=\"0\">\n<tbody>\n<tr>\n<td rowspan=\"2\" valign=\"top\" width=\"264\">\n<p><span style=\"color: #000000;\">25\/09\/05<\/span><\/p>\n<p><span style=\"color: #000000;\"><strong> Orquestra Sinf\u00f4nica Municipal de S\u00e3o Paulo e Coral Paulistano<\/strong><\/span><\/p>\n<p><span style=\"color: #000000;\"> Teatro Municipal de S\u00e3o Paulo<\/span><\/td>\n<td valign=\"top\" width=\"140\"><span lang=\"EN-US\" style=\"color: #000000;\">Mozart, W.A.<\/span><\/td>\n<td valign=\"top\" width=\"155\"><span style=\"color: #000000;\">Requiem<\/span><\/td>\n<td valign=\"top\" width=\"94\"><span style=\"color: #000000;\">Marivone Caetano, Keila de Moraes, Walter Felipe Fawcet, Carlos Eduardo Marcos<\/span><\/td>\n<\/tr>\n<tr>\n<td valign=\"top\" width=\"140\"><span lang=\"EN-US\" style=\"color: #000000;\">Ravel, Maurice<\/span><\/td>\n<td valign=\"top\" width=\"155\"><span lang=\"EN-US\" style=\"color: #000000;\">Pavane pour une infante d\u00e9funte<\/span><\/td>\n<td valign=\"top\" width=\"94\"><span style=\"color: #000000;\">\u00a0<\/span><\/td>\n<\/tr>\n<\/tbody>\n<\/table>\n<table border=\"0\" width=\"663\" cellspacing=\"0\" cellpadding=\"0\">\n<tbody>\n<tr>\n<td rowspan=\"4\" valign=\"top\" bgcolor=\"#95AABF\" width=\"264\">\n<p><span style=\"color: #000000;\"><span lang=\"ES-TRAD\">09\/10\/05<\/span><\/span><\/p>\n<p><span style=\"color: #000000;\"><strong>Orquesta Sinf\u00f3nica Nacional de Peru<\/strong><\/span><\/p>\n<p><span style=\"color: #000000;\">Auditorio Los Inkas del Museo de la Naci\u00f3n, Lima, Peru<\/span><\/p>\n<p><span style=\"color: #000000;\">D\u00e9cimo Sexto Concierto \u2013 Temporada Internacional 2005<\/span><\/td>\n<td valign=\"top\" bgcolor=\"#95AABF\" width=\"140\"><span style=\"color: #000000;\">Gomes, Ant\u00f4nio Carlos<\/span><\/td>\n<td valign=\"top\" bgcolor=\"#95AABF\" width=\"139\"><span style=\"color: #000000;\">Alvorada (\u00d3pera \u201cLo schiavo\u201d)<\/span><\/td>\n<td valign=\"top\" bgcolor=\"#95AABF\" width=\"94\"><span style=\"color: #000000;\">\u00a0<\/span><\/td>\n<\/tr>\n<tr>\n<td valign=\"top\" bgcolor=\"#95AABF\" width=\"140\"><span style=\"color: #000000;\">Sibelius, Jean<\/span><\/td>\n<td valign=\"top\" bgcolor=\"#95AABF\" width=\"139\"><span style=\"color: #000000;\">Concerto for Violin, op.47, in D minor<\/span><\/td>\n<td valign=\"top\" bgcolor=\"#95AABF\" width=\"94\"><span style=\"color: #000000;\">Hugo Arias<\/span><\/td>\n<\/tr>\n<tr>\n<td valign=\"top\" bgcolor=\"#95AABF\" width=\"140\"><span style=\"color: #000000;\">Ravel, Maurice<\/span><\/td>\n<td valign=\"top\" bgcolor=\"#95AABF\" width=\"139\"><span style=\"color: #000000;\">Pavane pour une infante d\u00e9funte<\/span><\/td>\n<td valign=\"top\" bgcolor=\"#95AABF\" width=\"94\"><span style=\"color: #000000;\">\u00a0<\/span><\/td>\n<\/tr>\n<tr>\n<td valign=\"top\" bgcolor=\"#95AABF\" width=\"140\"><span lang=\"EN-US\" style=\"color: #000000;\">Ravel, Maurice<\/span><\/td>\n<td valign=\"top\" bgcolor=\"#95AABF\" width=\"139\"><span lang=\"EN-US\" style=\"color: #000000;\">Daphnis et Chlo\u00e9, Suite No.2<\/span><\/td>\n<td valign=\"top\" bgcolor=\"#95AABF\" width=\"94\"><span style=\"color: #000000;\">\u00a0<\/span><\/td>\n<\/tr>\n<tr>\n<td rowspan=\"3\" width=\"253\">\n<p><span style=\"color: #000000;\"><span lang=\"ES-TRAD\">16\/10\/05<\/span><\/span><\/p>\n<p><span style=\"color: #000000;\"><strong>Orquesta Sinf\u00f3nica Nacional de Peru<\/strong><\/span><\/p>\n<p><span style=\"color: #000000;\">Auditorio Los Inkas del Museo de la Naci\u00f3n, Lima, Peru<\/span><\/p>\n<p><span style=\"color: #000000;\">D\u00e9cimo S\u00e9ptimo Concierto \u2013 Temporada Internacional 2005<\/span><\/p>\n<p><span lang=\"ES-TRAD\" style=\"color: #000000;\">\u00a0<\/span><\/td>\n<td valign=\"top\" width=\"140\"><span style=\"color: #000000;\">Guarnieri, Mozart Camargo<\/span><\/td>\n<td valign=\"top\" width=\"155\"><span style=\"color: #000000;\">Abertura festiva<\/span><\/td>\n<td valign=\"top\" width=\"94\"><span style=\"color: #000000;\">\u00a0<\/span><\/td>\n<\/tr>\n<tr>\n<td valign=\"top\" width=\"140\"><span style=\"color: #000000;\">Bart\u00f3k, B\u00e9la<\/span><\/td>\n<td valign=\"top\" width=\"139\"><span style=\"color: #000000;\">Concerto for viola, op. posth.<\/span><\/td>\n<td valign=\"top\" width=\"94\"><span lang=\"ES-TRAD\" style=\"color: #000000;\">Joen V\u00e1squez<\/span><\/td>\n<\/tr>\n<tr>\n<td valign=\"top\" width=\"140\"><span lang=\"ES-TRAD\" style=\"color: #000000;\">Sibelius, Jean<\/span><\/td>\n<td valign=\"top\" width=\"139\"><span lang=\"EN-US\" style=\"color: #000000;\">Symphony No.1, in E minor, op.39<\/span><\/td>\n<td valign=\"top\" width=\"94\"><span lang=\"EN-US\" style=\"color: #000000;\">\u00a0<\/span><\/td>\n<\/tr>\n<\/tbody>\n<\/table>\n<table border=\"0\" width=\"598\" cellspacing=\"0\" cellpadding=\"0\">\n<tbody>\n<tr>\n<td rowspan=\"3\" bgcolor=\"#95AABF\" width=\"237\">\n<p><span style=\"color: #000000;\">22 &amp; 23\/11<\/span><\/p>\n<p><span style=\"color: #000000;\"><strong> Orquestra Sinf\u00f4nica da Bahia<\/strong><\/span><\/p>\n<p><span style=\"color: #000000;\"> Teatro Castro Alves, Salvador, Bahia, Brasil<\/span><\/td>\n<td valign=\"top\" bgcolor=\"#95AABF\" width=\"127\"><span lang=\"EN-US\" style=\"color: #000000;\">P.I.Tchaikovsky<\/span><\/td>\n<td valign=\"top\" bgcolor=\"#95AABF\" width=\"139\"><span lang=\"EN-US\" style=\"color: #000000;\">Romeo and Juliet Overture-fantasy<\/span><\/td>\n<td valign=\"top\" bgcolor=\"#95AABF\" width=\"85\"><span lang=\"EN-US\" style=\"color: #000000;\">\u00a0<\/span><\/td>\n<\/tr>\n<tr>\n<td valign=\"top\" bgcolor=\"#95AABF\" width=\"127\"><span lang=\"EN-US\" style=\"color: #000000;\">S.Rachmaninoff<\/span><\/td>\n<td valign=\"top\" bgcolor=\"#95AABF\" width=\"139\"><span lang=\"EN-US\" style=\"color: #000000;\">Rhapsody on a Theme of Paganini, op.43<\/span><\/td>\n<td valign=\"top\" bgcolor=\"#95AABF\" width=\"85\"><span lang=\"ES-TRAD\" style=\"color: #000000;\">Pablo Rossi<\/span><\/td>\n<\/tr>\n<tr>\n<td valign=\"top\" bgcolor=\"#95AABF\" width=\"127\"><span style=\"color: #000000;\">I. Stravinsky<\/span><\/td>\n<td valign=\"top\" bgcolor=\"#95AABF\" width=\"139\"><span style=\"color: #000000;\">L\u2019Oiseau de feu: Su\u00edte 1919<\/span><\/td>\n<td valign=\"top\" bgcolor=\"#95AABF\" width=\"85\"><span style=\"color: #000000;\">\u00a0<\/span><\/td>\n<\/tr>\n<\/tbody>\n<\/table>\n<p>[\/vc_column_text][\/vc_column][\/vc_row]<\/p>\n","protected":false},"excerpt":{"rendered":"<p>[vc_row section_bottom_margin=&#8221;nobottommargin&#8221;][vc_column][vc_custom_heading text=&#8221;- 2005 -&#8221; font_container=&#8221;tag:h2|text_align:center&#8221;][vc_column_text] 13\/03\/05 Orquestra Sinf\u00f4nica Nacional &#8211; UFF Centro [&hellip;]<\/p>\n","protected":false},"author":1,"featured_media":0,"parent":0,"menu_order":0,"comment_status":"open","ping_status":"closed","template":"template\/template-landing-page-vc.php","meta":{"footnotes":""},"class_list":["post-127","page","type-page","status-publish","hentry"],"_links":{"self":[{"href":"https:\/\/ligiaamadio.net\/a\/wp-json\/wp\/v2\/pages\/127","targetHints":{"allow":["GET"]}}],"collection":[{"href":"https:\/\/ligiaamadio.net\/a\/wp-json\/wp\/v2\/pages"}],"about":[{"href":"https:\/\/ligiaamadio.net\/a\/wp-json\/wp\/v2\/types\/page"}],"author":[{"embeddable":true,"href":"https:\/\/ligiaamadio.net\/a\/wp-json\/wp\/v2\/users\/1"}],"replies":[{"embeddable":true,"href":"https:\/\/ligiaamadio.net\/a\/wp-json\/wp\/v2\/comments?post=127"}],"version-history":[{"count":7,"href":"https:\/\/ligiaamadio.net\/a\/wp-json\/wp\/v2\/pages\/127\/revisions"}],"predecessor-version":[{"id":1276,"href":"https:\/\/ligiaamadio.net\/a\/wp-json\/wp\/v2\/pages\/127\/revisions\/1276"}],"wp:attachment":[{"href":"https:\/\/ligiaamadio.net\/a\/wp-json\/wp\/v2\/media?parent=127"}],"curies":[{"name":"wp","href":"https:\/\/api.w.org\/{rel}","templated":true}]}}