{"id":131,"date":"2014-08-28T20:35:27","date_gmt":"2014-08-28T20:35:27","guid":{"rendered":"http:\/\/50.62.188.111\/~ligiaamadio\/?page_id=131"},"modified":"2015-08-28T18:14:54","modified_gmt":"2015-08-28T18:14:54","slug":"2003-2","status":"publish","type":"page","link":"https:\/\/ligiaamadio.net\/a\/2003-2\/","title":{"rendered":"2003"},"content":{"rendered":"<p>[vc_row section_bottom_margin=&#8221;nobottommargin&#8221;][vc_column][vc_custom_heading text=&#8221;- 2003 -&#8221; font_container=&#8221;tag:h2|text_align:center&#8221;][vc_column_text]<\/p>\n<table border=\"0\" cellspacing=\"0\" cellpadding=\"0\">\n<tbody>\n<tr>\n<td rowspan=\"4\" valign=\"top\" bgcolor=\"#95aabf\" width=\"216\" height=\"102\">\n<p><span lang=\"ES-AR\" style=\"color: #000000;\">01 mar 03<\/span><\/p>\n<p><span style=\"color: #000000;\"><strong>Orquestra Sinf\u00f3nica UNCuyo<\/strong><\/span><\/p>\n<p><span style=\"color: #000000;\">Teatro Universidad, Mendoza, Argentina<\/span><\/p>\n<p><span style=\"color: #000000;\">OSUNCuyo 2003 &#8211; Ciclo J\u00f3venes Talentos<\/span><\/td>\n<td valign=\"top\" bgcolor=\"#95aabf\" width=\"192\" height=\"102\"><span lang=\"ES-AR\" style=\"color: #000000;\">Amato, Salvador<\/span><\/td>\n<td valign=\"top\" bgcolor=\"#95aabf\" width=\"216\" height=\"102\"><span lang=\"ES-AR\" style=\"color: #000000;\">Fantas\u00eda Concertante for Contrabass and Orchestra<\/span><\/td>\n<td valign=\"top\" bgcolor=\"#95aabf\" width=\"146\" height=\"102\"><span lang=\"ES-AR\" style=\"color: #000000;\">Ariel Ojeda<\/span><\/td>\n<\/tr>\n<tr>\n<td valign=\"top\" bgcolor=\"#95aabf\" width=\"192\" height=\"24\"><span lang=\"EN-US\" style=\"color: #000000;\">Mozart, Wolfgang Amadeus<\/span><\/td>\n<td valign=\"top\" bgcolor=\"#95aabf\" width=\"216\" height=\"24\"><span lang=\"EN-US\" style=\"color: #000000;\">The marriage of Figaro Overture, K.492<\/span><\/td>\n<td valign=\"top\" bgcolor=\"#95aabf\" width=\"146\" height=\"24\"><span style=\"color: #000000;\">\u00a0<\/span><\/td>\n<\/tr>\n<tr>\n<td valign=\"top\" bgcolor=\"#95aabf\" width=\"192\" height=\"24\"><span lang=\"ES-AR\" style=\"color: #000000;\">Dinerstein, Gustavo D.<\/span><\/td>\n<td valign=\"top\" bgcolor=\"#95aabf\" width=\"216\" height=\"24\"><span lang=\"EN-US\" style=\"color: #000000;\">Mandinga, Concerto for Flute and Orchestra<\/span><\/td>\n<td valign=\"top\" bgcolor=\"#95aabf\" width=\"146\" height=\"24\"><span lang=\"EN-US\" style=\"color: #000000;\">Irina Grushka<\/span><\/td>\n<\/tr>\n<tr>\n<td valign=\"top\" bgcolor=\"#95aabf\" width=\"192\" height=\"24\"><span lang=\"EN-US\" style=\"color: #000000;\">Gershwin, George<\/span><\/td>\n<td valign=\"top\" bgcolor=\"#95aabf\" width=\"216\" height=\"24\"><span lang=\"EN-US\" style=\"color: #000000;\">Rhapsody in Blue, for Piano and Orchestra<\/span><\/td>\n<td valign=\"top\" bgcolor=\"#95aabf\" width=\"146\" height=\"24\"><span style=\"color: #000000;\">Alejandra Saez<\/span><\/td>\n<\/tr>\n<tr>\n<td rowspan=\"2\" valign=\"top\" width=\"216\" height=\"89\">\n<p><span style=\"color: #000000;\">16 mar 03<\/span><\/p>\n<p><span style=\"color: #000000;\"><strong> Orquestra Sinf\u00f4nica Nacional\u00a0 UFF<\/strong><\/span><\/p>\n<p><span style=\"color: #000000;\"> Centro de Artes UFF, Niter\u00f3i, Rio de Janeiro, Brasil\u00a0\u00a0<\/span><\/p>\n<p><span lang=\"EN-US\" style=\"color: #000000;\"> Concerto de Abertura Temporada 2003 OSN-UFF<\/span><\/td>\n<td rowspan=\"2\" valign=\"top\" width=\"192\" height=\"89\"><span lang=\"EN-US\" style=\"color: #000000;\">Schumann, Robert<\/span><\/td>\n<td valign=\"top\" width=\"216\" height=\"89\"><span lang=\"EN-US\" style=\"color: #000000;\">Concerto for Piano and Orchestra in A minor, op.54<\/span><\/td>\n<td valign=\"top\" width=\"146\" height=\"89\"><span lang=\"EN-US\" style=\"color: #000000;\">Fany Solter<\/span><\/td>\n<\/tr>\n<tr>\n<td valign=\"top\" width=\"216\" height=\"43\"><span lang=\"EN-US\" style=\"color: #000000;\">Symphony No.2 in C major, op.61<\/span><\/td>\n<td valign=\"top\" width=\"146\" height=\"43\"><span style=\"color: #000000;\">\u00a0<\/span><\/td>\n<\/tr>\n<tr>\n<td rowspan=\"2\" valign=\"top\" bgcolor=\"#95aabf\" width=\"216\" height=\"76\">\n<p><span style=\"color: #000000;\">23 mar 03<\/span><\/p>\n<p><span style=\"color: #000000;\"><strong> Orquestra Sinf\u00f4nica Nacional\u00a0 UFF\u00a0<\/strong><\/span><\/p>\n<p><span style=\"color: #000000;\"> Centro de Artes UFF, Niter\u00f3i, Rio de Janeiro, Brasil<\/span><\/p>\n<p><span lang=\"EN-US\" style=\"color: #000000;\"> S\u00e9rie Beethoven<\/span><\/td>\n<td rowspan=\"2\" valign=\"top\" bgcolor=\"#95aabf\" width=\"192\" height=\"76\"><span lang=\"EN-US\" style=\"color: #000000;\">Beethoven, Ludwig van<\/span><\/td>\n<td valign=\"top\" bgcolor=\"#95aabf\" width=\"216\" height=\"76\"><span lang=\"EN-US\" style=\"color: #000000;\">Concerto for Piano and Orchestra No.4\u00a0\u00a0in G major, op.58<\/span><\/td>\n<td valign=\"top\" bgcolor=\"#95aabf\" width=\"146\" height=\"76\"><span lang=\"EN-US\" style=\"color: #000000;\">Daniel Burlet<\/span><\/td>\n<\/tr>\n<tr>\n<td valign=\"top\" bgcolor=\"#95aabf\" width=\"216\" height=\"29\"><span lang=\"EN-US\" style=\"color: #000000;\">Simphony No.1 in C major, op.21<\/span><\/td>\n<td valign=\"top\" bgcolor=\"#95aabf\" width=\"146\" height=\"29\"><span style=\"color: #000000;\">\u00a0<\/span><\/td>\n<\/tr>\n<tr>\n<td rowspan=\"4\" valign=\"top\" width=\"216\" height=\"102\">\n<p><span lang=\"ES-AR\" style=\"color: #000000;\">27 mar 03<\/span><\/p>\n<p><span style=\"color: #000000;\"><strong>Orquestra Sinf\u00f3nica UNCuyo<\/strong><\/span><\/p>\n<p><span style=\"color: #000000;\">Teatro Universidad, Mendoza, Argentina<\/span><\/p>\n<p><span style=\"color: #000000;\">OSUNCuyo 2003 &#8211; Ciclo J\u00f3venes Talentos<\/span><\/td>\n<td valign=\"top\" width=\"192\" height=\"102\"><span lang=\"ES-AR\" style=\"color: #000000;\">Borodin, Alexander<\/span><\/td>\n<td valign=\"top\" width=\"216\" height=\"102\"><span lang=\"ES-AR\" style=\"color: #000000;\">Prince Igor Overture<\/span><\/td>\n<td valign=\"top\" width=\"146\" height=\"102\"><span style=\"color: #000000;\">\u00a0<\/span><\/td>\n<\/tr>\n<tr>\n<td valign=\"top\" width=\"192\" height=\"24\"><span lang=\"ES-AR\" style=\"color: #000000;\">Marcello, Alesandro<\/span><\/td>\n<td valign=\"top\" width=\"216\" height=\"24\"><span lang=\"ES-AR\" style=\"color: #000000;\">Concerto for Oboe and Orchestra No.2 in D minor\u00a0<\/span><\/td>\n<td valign=\"top\" width=\"146\" height=\"24\"><span lang=\"ES-AR\" style=\"color: #000000;\">Paula Daffra<\/span><\/td>\n<\/tr>\n<tr>\n<td valign=\"top\" width=\"192\" height=\"24\"><span style=\"color: #000000;\">Weber, Carl Maria von<\/span><\/td>\n<td valign=\"top\" width=\"216\" height=\"24\"><span lang=\"ES-AR\" style=\"color: #000000;\">Andante y rond\u00f3 alla h\u00fangara for Bassoon<\/span><\/td>\n<td valign=\"top\" width=\"146\" height=\"24\"><span lang=\"EN-US\" style=\"color: #000000;\">Florencia Fogliati<\/span><\/td>\n<\/tr>\n<tr>\n<td valign=\"top\" width=\"192\" height=\"37\"><span lang=\"EN-US\" style=\"color: #000000;\">Prokofiev, Serge<\/span><\/td>\n<td valign=\"top\" width=\"216\" height=\"37\"><span lang=\"EN-US\" style=\"color: #000000;\">Concerto for Piano and Orchestra No.3 in C major, op.26<\/span><\/td>\n<td valign=\"top\" width=\"146\" height=\"37\"><span lang=\"EN-US\" style=\"color: #000000;\">Angel Fernando Mart\u00ednez<\/span><\/td>\n<\/tr>\n<tr>\n<td rowspan=\"4\" valign=\"top\" bgcolor=\"#95aabf\" width=\"216\" height=\"89\">\n<p><span style=\"color: #000000;\"><span lang=\"EN-US\">03 apr 03<\/span><\/span><\/p>\n<p><span style=\"color: #000000;\"><strong>Orquestra Filarm\u00f3nica de Buenos Aires<\/strong><\/span><\/p>\n<p><span style=\"color: #000000;\"><span lang=\"EN-US\">Teatro Col\u00f3n<\/span><span lang=\"EN-US\">, Argentina<\/span><\/span><\/p>\n<p><span style=\"color: #000000;\">Abertura de la Temporada Oficial da OFBA<\/span><\/p>\n<p><span style=\"color: #000000;\">\u00a0<\/span><\/td>\n<td valign=\"top\" bgcolor=\"#95aabf\" width=\"192\" height=\"89\"><span lang=\"EN-US\" style=\"color: #000000;\">Borodin, Alexander<\/span><\/td>\n<td valign=\"top\" bgcolor=\"#95aabf\" width=\"216\" height=\"89\"><span lang=\"EN-US\" style=\"color: #000000;\">Prince Igor Overture<\/span><\/td>\n<td valign=\"top\" bgcolor=\"#95aabf\" width=\"146\" height=\"89\"><span style=\"color: #000000;\">\u00a0<\/span><\/td>\n<\/tr>\n<tr>\n<td valign=\"top\" bgcolor=\"#95aabf\" width=\"192\" height=\"34\"><span lang=\"EN-US\" style=\"color: #000000;\">Wieniawski, Henri<\/span><\/td>\n<td valign=\"top\" bgcolor=\"#95aabf\" width=\"216\" height=\"34\"><span lang=\"EN-US\" style=\"color: #000000;\">Concerto No.2 for Violin and Orchestra in D minor, op.22<\/span><\/td>\n<td valign=\"top\" bgcolor=\"#95aabf\" width=\"146\" height=\"34\"><span lang=\"ES-AR\" style=\"color: #000000;\">Patrycja Piekutowska<\/span><\/td>\n<\/tr>\n<tr>\n<td valign=\"top\" bgcolor=\"#95aabf\" width=\"192\" height=\"16\"><span lang=\"ES-AR\" style=\"color: #000000;\">Villa-Lobos, Heitor<\/span><\/td>\n<td valign=\"top\" bgcolor=\"#95aabf\" width=\"216\" height=\"16\"><span style=\"color: #000000;\">Bachianas Brasileiras No.4<\/span><\/td>\n<td valign=\"top\" bgcolor=\"#95aabf\" width=\"146\" height=\"16\"><span style=\"color: #000000;\">\u00a0<\/span><\/td>\n<\/tr>\n<tr>\n<td valign=\"top\" bgcolor=\"#95aabf\" width=\"192\" height=\"16\"><span style=\"color: #000000;\">Ravel, Maurice<\/span><\/td>\n<td valign=\"top\" bgcolor=\"#95aabf\" width=\"216\" height=\"16\"><span style=\"color: #000000;\">Daphnis et Chlo\u00e9 \u2013 Suite No.2<\/span><\/td>\n<td valign=\"top\" bgcolor=\"#95aabf\" width=\"146\" height=\"16\"><span style=\"color: #000000;\">\u00a0<\/span><\/td>\n<\/tr>\n<tr>\n<td rowspan=\"2\" valign=\"top\" width=\"216\" height=\"76\">\n<p><span style=\"color: #000000;\">12 apr 03<\/span><\/p>\n<p><span style=\"color: #000000;\"> <span lang=\"ES-AR\"><strong>Orquestra Sinf\u00f3nica UNCuyo<\/strong><\/span><\/span><\/p>\n<p><span style=\"color: #000000;\">Teatro Universidad, Mendoza, Argentina<\/span><\/p>\n<p><span style=\"color: #000000;\">OSUNCuyo Temporada 2003\u00a0 Programa I<\/span><\/td>\n<td rowspan=\"2\" valign=\"top\" width=\"192\" height=\"76\"><span lang=\"EN-US\" style=\"color: #000000;\">Dvor\u00e1k, Antonin<\/span><\/td>\n<td valign=\"top\" width=\"216\" height=\"76\"><span lang=\"EN-US\" style=\"color: #000000;\">Concerto for Violoncello and Orchestra in B minor, op.104\u00a0<\/span><\/td>\n<td valign=\"top\" width=\"146\" height=\"76\"><span lang=\"EN-US\" style=\"color: #000000;\">Natalie Clein<\/span><\/td>\n<\/tr>\n<tr>\n<td valign=\"top\" width=\"216\" height=\"37\"><span lang=\"EN-US\" style=\"color: #000000;\">Symphony No.7 in D minor, op.70<\/span><\/td>\n<td valign=\"top\" width=\"146\" height=\"37\"><span style=\"color: #000000;\">\u00a0<\/span><\/td>\n<\/tr>\n<tr>\n<td valign=\"top\" bgcolor=\"#95aabf\" width=\"216\" height=\"180\">\n<p><span style=\"color: #000000;\">26 apr 03, 29 apr 03, 01 may 03<\/span><\/p>\n<p><span style=\"color: #000000;\"><strong> Amazonas Filarm\u00f4nica<\/strong><\/span><\/p>\n<p><span style=\"color: #000000;\"> Studio 5 Festival Mall, Manaus, Amazonas, Brasil<\/span><\/p>\n<p><span style=\"color: #000000;\"> VII Festival Amazonas de \u00d3pera<\/span><\/td>\n<td valign=\"top\" bgcolor=\"#95aabf\" width=\"192\" height=\"180\"><span lang=\"ES-AR\" style=\"color: #000000;\">Villa-Lobos, Heitor<\/span><\/td>\n<td valign=\"top\" bgcolor=\"#95aabf\" width=\"216\" height=\"180\"><span style=\"color: #000000;\">Magdalena<\/span><\/td>\n<td valign=\"top\" bgcolor=\"#95aabf\" width=\"146\" height=\"180\"><span style=\"color: #000000;\">Rosana Lamosa, Fernando Portari, Magda Painno, In\u00e1cio de Nonno, Homero Velho, Murilo Neves, Cl\u00e1udio Galvan, David Assayag \/ Coral do Amazonas\/ Coral Infantil do Centro Cultural Cl\u00e1udio Santoro \/ Companhia de Dan\u00e7a do Amazonas<\/span><\/td>\n<\/tr>\n<tr>\n<td rowspan=\"2\" valign=\"top\" width=\"216\" height=\"76\">\n<p><span style=\"color: #000000;\">10 may 03<\/span><\/p>\n<p><span style=\"color: #000000;\"><strong> Orquestra Sinf\u00f4nica Nacional\u00a0 UFF<\/strong><\/span><\/p>\n<p><span style=\"color: #000000;\"> Sala Cec\u00edlia Meireles, Rio de Janeiro, Brasil<\/span><\/p>\n<p><span lang=\"EN-US\" style=\"color: #000000;\"> S\u00e9rie Beethoven<\/span><\/td>\n<td rowspan=\"2\" valign=\"top\" width=\"192\" height=\"76\"><span lang=\"EN-US\" style=\"color: #000000;\">Beethoven, Ludwig van<\/span><\/td>\n<td valign=\"top\" width=\"216\" height=\"76\"><span lang=\"EN-US\" style=\"color: #000000;\">Concerto for Piano and Orchestra No.3 in C minor, op.37<\/span><\/td>\n<td valign=\"top\" width=\"146\" height=\"76\"><span style=\"color: #000000;\">S\u00e9rgio Monteiro<\/span><\/td>\n<\/tr>\n<tr>\n<td valign=\"top\" width=\"216\" height=\"29\"><span lang=\"EN-US\" style=\"color: #000000;\">Symphony No.3 in E-flat major, op.55 &#8220;Eroica&#8221;<\/span><\/td>\n<td valign=\"top\" width=\"146\" height=\"29\"><span style=\"color: #000000;\">\u00a0<\/span><\/td>\n<\/tr>\n<tr>\n<td rowspan=\"2\" valign=\"top\" bgcolor=\"#95aabf\" width=\"216\" height=\"76\">\n<p><span style=\"color: #000000;\">11 may 03<\/span><\/p>\n<p><span style=\"color: #000000;\"><strong> Orquestra Sinf\u00f4nica Nacional\u00a0 UFF<\/strong><\/span><\/p>\n<p><span style=\"color: #000000;\"> Sala Cec\u00edlia Meireles, Rio de Janeiro, Brasil<\/span><\/p>\n<p><span lang=\"EN-US\" style=\"color: #000000;\"> S\u00e9rie Beethoven<\/span><\/td>\n<td rowspan=\"2\" valign=\"top\" bgcolor=\"#95aabf\" width=\"192\" height=\"76\"><span lang=\"EN-US\" style=\"color: #000000;\">Beethoven, Ludwig van<\/span><\/td>\n<td valign=\"top\" bgcolor=\"#95aabf\" width=\"216\" height=\"76\"><span lang=\"EN-US\" style=\"color: #000000;\">Concerto for Piano and Orchestra No.3 in C minor, op.37<\/span><\/td>\n<td valign=\"top\" bgcolor=\"#95aabf\" width=\"146\" height=\"76\"><span style=\"color: #000000;\">S\u00e9rgio Monteiro<\/span><\/td>\n<\/tr>\n<tr>\n<td valign=\"top\" bgcolor=\"#95aabf\" width=\"216\" height=\"29\"><span style=\"color: #000000;\">Symphony No.3 in E-flat major, op.55 &#8220;Eroica&#8221;<\/span><\/td>\n<td valign=\"top\" bgcolor=\"#95aabf\" width=\"146\" height=\"29\"><span style=\"color: #000000;\">\u00a0<\/span><\/td>\n<\/tr>\n<tr>\n<td rowspan=\"2\" valign=\"top\" width=\"216\" height=\"80\">\n<p><span style=\"color: #000000;\">17 may 03<\/span><\/p>\n<p><span style=\"color: #000000;\"><strong> Orquestra Sinf\u00f3nica UNCuyo<\/strong><\/span><\/p>\n<p><span lang=\"ES-AR\" style=\"color: #000000;\"> Teatro Universidad, Mendoza, Argentina<\/span><\/p>\n<p><span style=\"color: #000000;\">55o. Aniversario de la OSUNCuyo<\/span><\/td>\n<td valign=\"top\" width=\"192\" height=\"80\"><span lang=\"ES-AR\" style=\"color: #000000;\">Perceval, Julio<\/span><\/td>\n<td valign=\"top\" width=\"216\" height=\"80\"><span lang=\"ES-AR\" style=\"color: #000000;\">Poema Criollo for Piano and Orchestra<\/span><\/td>\n<td valign=\"top\" width=\"146\" height=\"80\"><span lang=\"ES-AR\" style=\"color: #000000;\">Dora de Marinis<\/span><\/td>\n<\/tr>\n<tr>\n<td valign=\"top\" width=\"192\" height=\"39\"><span lang=\"ES-AR\" style=\"color: #000000;\">Tchaikovsky, Piotr Ilyich<\/span><\/td>\n<td valign=\"top\" width=\"216\" height=\"39\"><span lang=\"ES-AR\" style=\"color: #000000;\">Symphony No.6 in B minor, op.74<\/span><\/td>\n<td valign=\"top\" width=\"146\" height=\"39\"><span style=\"color: #000000;\">\u00a0<\/span><\/td>\n<\/tr>\n<tr>\n<td rowspan=\"6\" valign=\"top\" bgcolor=\"#95aabf\" width=\"216\" height=\"128\">\n<p><span style=\"color: #000000;\"><span lang=\"EN-US\">24 may 03 a 27 may 03<\/span><\/span><\/p>\n<p><span lang=\"EN-US\" style=\"color: #000000;\"><strong>Arpeggione Orchestra: St\u00e4dtisches Kammerorchester Hohenems, Austria<\/strong><\/span><\/p>\n<p><span style=\"color: #000000;\">Rittersaal-Palast Hohenems, Austria<\/span><\/p>\n<p><span style=\"color: #000000;\">Arpeggione 3. konzert &#8211; &#8220;Con fuoco &#8211; mit feuer&#8221;<\/span><\/p>\n<p><span style=\"color: #000000;\">\u00a0<\/span><\/td>\n<td valign=\"top\" bgcolor=\"#95aabf\" width=\"192\" height=\"42\"><span lang=\"EN-US\" style=\"color: #000000;\">Elgar, Edward<\/span><\/td>\n<td valign=\"top\" bgcolor=\"#95aabf\" width=\"216\" height=\"42\"><span lang=\"EN-US\" style=\"color: #000000;\">Serenade for String Orchestra in E minor, op.20<\/span><\/td>\n<td valign=\"top\" bgcolor=\"#95aabf\" width=\"146\" height=\"42\"><span style=\"color: #000000;\">\u00a0<\/span><\/td>\n<\/tr>\n<tr>\n<td valign=\"top\" bgcolor=\"#95aabf\" width=\"192\" height=\"11\"><span lang=\"ES-AR\" style=\"color: #000000;\">Villa-Lobos, Heitor<\/span><\/td>\n<td valign=\"top\" bgcolor=\"#95aabf\" width=\"216\" height=\"11\"><span style=\"color: #000000;\">Bachianas No.4 (Pr\u00e9lude)<\/span><\/td>\n<td valign=\"top\" bgcolor=\"#95aabf\" width=\"146\" height=\"11\"><span style=\"color: #000000;\">\u00a0<\/span><\/td>\n<\/tr>\n<tr>\n<td valign=\"top\" bgcolor=\"#95aabf\" width=\"192\" height=\"24\"><span lang=\"ES-AR\" style=\"color: #000000;\">Cordero, Ernesto<\/span><\/td>\n<td valign=\"top\" bgcolor=\"#95aabf\" width=\"216\" height=\"24\"><span lang=\"ES-AR\" style=\"color: #000000;\">Concierto Antillano for guitar and Orchestra<\/span><\/td>\n<td valign=\"top\" bgcolor=\"#95aabf\" width=\"146\" height=\"24\"><span lang=\"ES-AR\" style=\"color: #000000;\">Alexander Swete<\/span><\/td>\n<\/tr>\n<tr>\n<td valign=\"top\" bgcolor=\"#95aabf\" width=\"192\" height=\"11\"><span lang=\"ES-AR\" style=\"color: #000000;\">Turina, Joaqu\u00edn<\/span><\/td>\n<td valign=\"top\" bgcolor=\"#95aabf\" width=\"216\" height=\"11\"><span lang=\"ES-AR\" style=\"color: #000000;\">La Oraci\u00f3n del Torero<\/span><\/td>\n<td valign=\"top\" bgcolor=\"#95aabf\" width=\"146\" height=\"11\"><span style=\"color: #000000;\">\u00a0<\/span><\/td>\n<\/tr>\n<tr>\n<td valign=\"top\" bgcolor=\"#95aabf\" width=\"192\" height=\"24\"><span lang=\"EN-US\" style=\"color: #000000;\">Sarasate, Pablo de<\/span><\/td>\n<td valign=\"top\" bgcolor=\"#95aabf\" width=\"216\" height=\"24\"><span lang=\"EN-US\" style=\"color: #000000;\">Carmen-Phantasy for Violin and String Orchestra<\/span><\/td>\n<td valign=\"top\" bgcolor=\"#95aabf\" width=\"146\" height=\"24\"><span style=\"color: #000000;\">Alexandra Soumm<\/span><\/td>\n<\/tr>\n<tr>\n<td valign=\"top\" bgcolor=\"#95aabf\" width=\"192\" height=\"24\"><span style=\"color: #000000;\">Gomes, Carlos<\/span><\/td>\n<td valign=\"top\" bgcolor=\"#95aabf\" width=\"216\" height=\"24\"><span lang=\"EN-US\" style=\"color: #000000;\">Sonata in D major for String Orchestra<\/span><\/td>\n<td valign=\"top\" bgcolor=\"#95aabf\" width=\"146\" height=\"24\"><span style=\"color: #000000;\">\u00a0<\/span><\/td>\n<\/tr>\n<tr>\n<td rowspan=\"5\" valign=\"top\" width=\"216\" height=\"154\">\n<p><span style=\"color: #000000;\">06 jun 03<\/span><\/p>\n<p><span style=\"color: #000000;\"><strong> Orquestra Sinf\u00f4nica Nacional\u00a0 UFF<\/strong><\/span><\/p>\n<p><span style=\"color: #000000;\"> Sala Cec\u00edlia Meireles, Rio de Janeiro, Brasil<\/span><\/p>\n<p><span lang=\"EN-US\" style=\"color: #000000;\"> Mozart in Concert<\/span><\/p>\n<p><span style=\"color: #000000;\">\u00a0<\/span><\/td>\n<td rowspan=\"5\" valign=\"top\" width=\"192\" height=\"154\"><span lang=\"EN-US\" style=\"color: #000000;\">Mozart, Wolfgang Amadeus<\/span><\/td>\n<td valign=\"top\" width=\"216\" height=\"36\"><span lang=\"EN-US\" style=\"color: #000000;\">Concerto for Clarinet and Orchestra in A major, K.622<\/span><\/td>\n<td valign=\"top\" width=\"146\" height=\"36\"><span lang=\"EN-US\" style=\"color: #000000;\">Mariano Rey<\/span><\/td>\n<\/tr>\n<tr>\n<td valign=\"top\" width=\"216\" height=\"24\"><span lang=\"EN-US\" style=\"color: #000000;\">The marriage of Figaro Overture, K.492<\/span><\/td>\n<td valign=\"top\" width=\"146\" height=\"24\"><span style=\"color: #000000;\">\u00a0<\/span><\/td>\n<\/tr>\n<tr>\n<td valign=\"top\" width=\"216\" height=\"11\"><span lang=\"EN-US\" style=\"color: #000000;\">Don Giovanni Overture, K.527<\/span><\/td>\n<td valign=\"top\" width=\"146\" height=\"11\"><span style=\"color: #000000;\">\u00a0<\/span><\/td>\n<\/tr>\n<tr>\n<td valign=\"top\" width=\"216\" height=\"37\"><span lang=\"EN-US\" style=\"color: #000000;\">Concerto for Flute and Orchestra No.2 in D major, K.314<\/span><\/td>\n<td valign=\"top\" width=\"146\" height=\"37\"><span style=\"color: #000000;\">Cl\u00e1udio Barille<\/span><\/td>\n<\/tr>\n<tr>\n<td valign=\"top\" width=\"216\" height=\"50\"><span style=\"color: #000000;\">Concerto No.10 in E-flat major for 2 Pianos, K.365<\/span><\/td>\n<td valign=\"top\" width=\"146\" height=\"50\">\n<p><span style=\"color: #000000;\">Linda Bustani<\/span><\/p>\n<p><span style=\"color: #000000;\">Jos\u00e9 Maur\u00edcio Bustani<\/span><\/td>\n<\/tr>\n<tr>\n<td rowspan=\"5\" valign=\"top\" bgcolor=\"#95aabf\" width=\"216\" height=\"160\">\n<p><span style=\"color: #000000;\">08 jun 03<\/span><\/p>\n<p><span style=\"color: #000000;\"><strong> Orquestra Sinf\u00f4nica Nacional\u00a0 UFF<\/strong><\/span><\/p>\n<p><span style=\"color: #000000;\"> Centro de Artes UFF, Niter\u00f3i, Rio de Janeiro, Brasil<\/span><\/p>\n<p><span lang=\"EN-US\" style=\"color: #000000;\"> Mozart in Concert<\/span><\/td>\n<td rowspan=\"5\" valign=\"top\" bgcolor=\"#95aabf\" width=\"192\" height=\"160\"><span lang=\"EN-US\" style=\"color: #000000;\">Mozart, Wolfgang Amadeus<\/span><\/td>\n<td valign=\"top\" bgcolor=\"#95aabf\" width=\"216\" height=\"51\"><span lang=\"EN-US\" style=\"color: #000000;\">Concerto for Clarinet and Orchestra in A major, K.622<\/span><\/td>\n<td valign=\"top\" bgcolor=\"#95aabf\" width=\"146\" height=\"51\"><span lang=\"EN-US\" style=\"color: #000000;\">Mariano Rey<\/span><\/td>\n<\/tr>\n<tr>\n<td valign=\"top\" bgcolor=\"#95aabf\" width=\"216\" height=\"24\"><span lang=\"EN-US\" style=\"color: #000000;\">The marriage of Figaro Overture, K.492<\/span><\/td>\n<td valign=\"top\" bgcolor=\"#95aabf\" width=\"146\" height=\"24\"><span style=\"color: #000000;\">\u00a0<\/span><\/td>\n<\/tr>\n<tr>\n<td valign=\"top\" bgcolor=\"#95aabf\" width=\"216\" height=\"11\"><span lang=\"EN-US\" style=\"color: #000000;\">Don Giovanni Overture, K.527<\/span><\/td>\n<td valign=\"top\" bgcolor=\"#95aabf\" width=\"146\" height=\"11\"><span style=\"color: #000000;\">\u00a0<\/span><\/td>\n<\/tr>\n<tr>\n<td valign=\"top\" bgcolor=\"#95aabf\" width=\"216\" height=\"37\"><span lang=\"EN-US\" style=\"color: #000000;\">Concerto for Flute and Orchestra No.2 in D major, K.314<\/span><\/td>\n<td valign=\"top\" bgcolor=\"#95aabf\" width=\"146\" height=\"37\"><span style=\"color: #000000;\">Cl\u00e1udio Barille<\/span><\/td>\n<\/tr>\n<tr>\n<td valign=\"top\" bgcolor=\"#95aabf\" width=\"216\" height=\"56\"><span style=\"color: #000000;\">Concerto No.10 in E-flat major for 2 Pianos, K.365<\/span><\/td>\n<td valign=\"top\" bgcolor=\"#95aabf\" width=\"146\" height=\"56\">\n<p><span style=\"color: #000000;\">Linda Bustani<\/span><\/p>\n<p><span style=\"color: #000000;\">Jos\u00e9 Maur\u00edcio Bustani<\/span><\/td>\n<\/tr>\n<tr>\n<td rowspan=\"2\" valign=\"top\" width=\"216\" height=\"76\">\n<p><span style=\"color: #000000;\"><span lang=\"ES-AR\">13 jun 03<\/span><\/span><\/p>\n<p><span lang=\"ES-TRAD\" style=\"color: #000000;\"><strong>Orquestra Sinf\u00f3nica UNCuyo<\/strong><\/span><\/p>\n<p><span lang=\"ES-AR\" style=\"color: #000000;\">Teatro Universidad, Mendoza, Argentina<\/span><\/p>\n<p><span style=\"color: #000000;\">OSUNCuyo Temporada 2003\u00a0 Programa VI<\/span><\/td>\n<td valign=\"top\" width=\"192\" height=\"76\"><span lang=\"ES-AR\" style=\"color: #000000;\">Beethoven, Ludwig van<\/span><\/td>\n<td valign=\"top\" width=\"216\" height=\"76\"><span lang=\"EN-US\" style=\"color: #000000;\">Concerto for Piano and Orchestra No.5 in E-flat major, op.73 &#8220;Emperor&#8221;<\/span><\/td>\n<td valign=\"top\" width=\"146\" height=\"76\"><span lang=\"EN-US\" style=\"color: #000000;\">Luiz Carlos de Moura Castro<\/span><\/td>\n<\/tr>\n<tr>\n<td valign=\"top\" width=\"192\" height=\"29\"><span lang=\"EN-US\" style=\"color: #000000;\">Schumann, Robert<\/span><\/td>\n<td valign=\"top\" width=\"216\" height=\"29\"><span lang=\"EN-US\" style=\"color: #000000;\">Symphony No.2 in C major, op.61<\/span><\/td>\n<td valign=\"top\" width=\"146\" height=\"29\"><span style=\"color: #000000;\">\u00a0<\/span><\/td>\n<\/tr>\n<tr>\n<td rowspan=\"4\" valign=\"top\" bgcolor=\"#95aabf\" width=\"216\" height=\"141\">\n<p><span style=\"color: #000000;\"><span lang=\"EN-US\">20 jun 03<\/span><\/span><\/p>\n<p><span style=\"color: #000000;\"><strong>Baden-Badener Philharmonie, Baden-Baden, Germany<\/strong><\/span><\/p>\n<p><span style=\"color: #000000;\">Auditorium San Barnaba, Brescia, It\u00e1lia<\/span><\/p>\n<p><span style=\"color: #000000;\"> Festa Internazionale della M\u00fasica<\/span><\/td>\n<td rowspan=\"2\" valign=\"top\" bgcolor=\"#95aabf\" width=\"192\" height=\"141\"><span style=\"color: #000000;\">Mozart, Wolfgang Amadeus<\/span><\/td>\n<td valign=\"top\" bgcolor=\"#95aabf\" width=\"216\" height=\"36\"><span lang=\"EN-US\" style=\"color: #000000;\">The marriage of Figaro Overture, K.492<\/span><\/td>\n<td valign=\"top\" bgcolor=\"#95aabf\" width=\"146\" height=\"36\"><span style=\"color: #000000;\">\u00a0<\/span><\/td>\n<\/tr>\n<tr>\n<td valign=\"top\" bgcolor=\"#95aabf\" width=\"216\" height=\"37\"><span lang=\"EN-US\" style=\"color: #000000;\">Concerto for Flute and Orchestra No.1 in G major, K.313<\/span><\/td>\n<td valign=\"top\" bgcolor=\"#95aabf\" width=\"146\" height=\"37\"><span style=\"color: #000000;\">Massimo Mercelli<\/span><\/td>\n<\/tr>\n<tr>\n<td valign=\"top\" bgcolor=\"#95aabf\" width=\"192\" height=\"37\"><span style=\"color: #000000;\">Weber, Carl Maria von<\/span><\/td>\n<td valign=\"top\" bgcolor=\"#95aabf\" width=\"216\" height=\"37\"><span lang=\"EN-US\" style=\"color: #000000;\">Concerto for Clarinet and Orchestra No.1 in F minor, op.73<\/span><\/td>\n<td valign=\"top\" bgcolor=\"#95aabf\" width=\"146\" height=\"37\"><span lang=\"ES-AR\" style=\"color: #000000;\">Fabio Fur\u00eca<\/span><\/td>\n<\/tr>\n<tr>\n<td valign=\"top\" bgcolor=\"#95aabf\" width=\"192\" height=\"37\"><span lang=\"ES-AR\" style=\"color: #000000;\">Haydn, Franz Joseph<\/span><\/td>\n<td valign=\"top\" bgcolor=\"#95aabf\" width=\"216\" height=\"37\"><span lang=\"EN-US\" style=\"color: #000000;\">Concerto for Piano and Orchestra in D major, Hob. XVIII:11<\/span><\/td>\n<td valign=\"top\" bgcolor=\"#95aabf\" width=\"146\" height=\"37\"><span lang=\"EN-US\" style=\"color: #000000;\">Michel Bourdoncle<\/span><\/td>\n<\/tr>\n<tr>\n<td rowspan=\"3\" valign=\"top\" width=\"216\" height=\"76\">\n<p><span style=\"color: #000000;\"><span lang=\"EN-US\">21 jun 03<\/span><\/span><\/p>\n<p><span style=\"color: #000000;\"><strong>Baden-Badener Philharmonie.<\/strong><span lang=\"ES-AR\"><strong>Baden-Baden, Germany<\/strong><\/span><\/span><\/p>\n<p><span style=\"color: #000000;\">Teatro Sociale, Brescia, It\u00e1lia<\/span><\/p>\n<p><span style=\"color: #000000;\">Festa Internazionale della M\u00fasica<\/span><\/td>\n<td valign=\"top\" width=\"192\" height=\"22\"><span lang=\"ES-AR\" style=\"color: #000000;\">Beethoven, Ludwig van<\/span><\/td>\n<td valign=\"top\" width=\"216\" height=\"22\"><span lang=\"EN-US\" style=\"color: #000000;\">Coriolan Overture, Op.62<\/span><\/td>\n<td valign=\"top\" width=\"146\" height=\"22\"><span style=\"color: #000000;\">\u00a0<\/span><\/td>\n<\/tr>\n<tr>\n<td valign=\"top\" width=\"192\" height=\"37\"><span lang=\"EN-US\" style=\"color: #000000;\">Prokofiev, Serge<\/span><\/td>\n<td valign=\"top\" width=\"216\" height=\"37\"><span lang=\"EN-US\" style=\"color: #000000;\">Concerto for Violin and Orchestra No.2 in G minor, op.63<\/span><\/td>\n<td valign=\"top\" width=\"146\" height=\"37\"><span lang=\"EN-US\" style=\"color: #000000;\">Pierre Hommage<\/span><\/td>\n<\/tr>\n<tr>\n<td valign=\"top\" width=\"192\" height=\"24\"><span lang=\"EN-US\" style=\"color: #000000;\">Rubinstein, Anton<\/span><\/td>\n<td valign=\"top\" width=\"216\" height=\"24\"><span lang=\"EN-US\" style=\"color: #000000;\">Concerto for Piano and Orchestra No.4 in D minor\u00a0<\/span><\/td>\n<td valign=\"top\" width=\"146\" height=\"24\"><span style=\"color: #000000;\">Joseph Banowetz<\/span><\/td>\n<\/tr>\n<tr>\n<td rowspan=\"2\" valign=\"top\" bgcolor=\"#95aabf\" width=\"216\" height=\"166\">\n<p><span style=\"color: #000000;\">28 jun 03<\/span><\/p>\n<p><span style=\"color: #000000;\"><strong> Orquestra Sinf\u00f4nica Nacional\u00a0 UFF<\/strong><\/span><\/p>\n<p><span style=\"color: #000000;\"> Sala Cec\u00edlia Meireles, Rio de Janeiro, Brasil\u00a0\u00a0<\/span><\/p>\n<p><span style=\"color: #000000;\">29 jun 03<\/span><\/p>\n<p><span style=\"color: #000000;\"> Centro de Artes UFF, Niter\u00f3i, Rio de Janeiro, Brasil<\/span><\/p>\n<p><span lang=\"EN-US\" style=\"color: #000000;\"> S\u00e9rie Beethoven<\/span><\/td>\n<td rowspan=\"2\" valign=\"top\" bgcolor=\"#95aabf\" width=\"192\" height=\"166\"><span lang=\"EN-US\" style=\"color: #000000;\">Beethoven, Ludwig van<\/span><\/td>\n<td valign=\"top\" bgcolor=\"#95aabf\" width=\"216\" height=\"32\"><span lang=\"EN-US\" style=\"color: #000000;\">Symphony No.5 in C minor, op.67<\/span><\/td>\n<td valign=\"top\" bgcolor=\"#95aabf\" width=\"146\" height=\"32\"><span style=\"color: #000000;\">\u00a0<\/span><\/td>\n<\/tr>\n<tr>\n<td valign=\"top\" bgcolor=\"#95aabf\" width=\"216\" height=\"44\"><span lang=\"EN-US\" style=\"color: #000000;\">Concerto for Violin and Orchestra in D major, op. 61<\/span><\/td>\n<td valign=\"top\" bgcolor=\"#95aabf\" width=\"146\" height=\"44\"><span style=\"color: #000000;\">Cl\u00e1udio Cruz<\/span><\/td>\n<\/tr>\n<tr>\n<td rowspan=\"6\" valign=\"top\" width=\"216\" height=\"204\">\n<p><span style=\"color: #000000;\">06 jul 03<\/span><\/p>\n<p><span style=\"color: #000000;\"><strong> Orquestra Sinf\u00f4nica Nacional\u00a0 UFF<\/strong><\/span><\/p>\n<p><span style=\"color: #000000;\"> Centro de Artes UFF, Niter\u00f3i, Rio de Janeiro, Brasil<\/span><\/p>\n<p><span lang=\"EN-US\" style=\"color: #000000;\"> Concerto Barroco<\/span><\/td>\n<td rowspan=\"2\" valign=\"top\" width=\"192\" height=\"204\"><span lang=\"EN-US\" style=\"color: #000000;\">Bach, Johann Sebastian<\/span><\/td>\n<td valign=\"top\" width=\"216\" height=\"50\"><span lang=\"EN-US\" style=\"color: #000000;\">Concerto for Violin and orchestra in E major, BWV 1042<\/span><\/td>\n<td valign=\"top\" width=\"146\" height=\"50\"><span lang=\"EN-US\" style=\"color: #000000;\">Mariuccia Jacovino<\/span><\/td>\n<\/tr>\n<tr>\n<td valign=\"top\" width=\"216\" height=\"24\"><span lang=\"EN-US\" style=\"color: #000000;\">Concerto for Harpsichord No.5 in F minor, BWV 1056<\/span><\/td>\n<td valign=\"top\" width=\"146\" height=\"24\"><span lang=\"EN-US\" style=\"color: #000000;\">Rosana Lancelotte<\/span><\/td>\n<\/tr>\n<tr>\n<td rowspan=\"4\" valign=\"top\" width=\"192\" height=\"139\"><span lang=\"EN-US\" style=\"color: #000000;\">Telemann, Georg Philipp<\/span><\/td>\n<td valign=\"top\" width=\"216\" height=\"46\"><span lang=\"EN-US\" style=\"color: #000000;\">Suite for 2 Horns, 2 Violines and basso continuo in F major<\/span><\/td>\n<td valign=\"top\" width=\"146\" height=\"46\"><span style=\"color: #000000;\">Eduardo Prado, Eliezer Conrado<\/span><\/td>\n<\/tr>\n<tr>\n<td valign=\"top\" width=\"216\" height=\"37\"><span lang=\"EN-US\" style=\"color: #000000;\">Concerto for Recorder, Gamba, String Orchestra and Basso continuo in A minor<\/span><\/td>\n<td valign=\"top\" width=\"146\" height=\"37\"><span style=\"color: #000000;\">David Castelo, Kristina Augustin<\/span><\/td>\n<\/tr>\n<tr>\n<td valign=\"top\" width=\"216\" height=\"37\"><span lang=\"EN-US\" style=\"color: #000000;\">Concerto for Recorder, String Orchestra and Basso continuo in C major\u00a0\u00a0<\/span><\/td>\n<td valign=\"top\" width=\"146\" height=\"37\"><span lang=\"EN-US\" style=\"color: #000000;\">David Castelo<\/span><\/td>\n<\/tr>\n<tr>\n<td valign=\"top\" width=\"216\" height=\"35\"><span lang=\"EN-US\" style=\"color: #000000;\">Symphony for Recorder, Gamba, String Orchestra and Basso continuo in F major\u00a0\u00a0<\/span><\/td>\n<td valign=\"top\" width=\"146\" height=\"35\"><span style=\"color: #000000;\">David Castelo, Kristina Augustin<\/span><\/td>\n<\/tr>\n<tr>\n<td rowspan=\"3\" valign=\"top\" bgcolor=\"#95aabf\" width=\"216\" height=\"128\">\n<p><span lang=\"ES-TRAD\" style=\"color: #000000;\">11 jul 03<\/span><\/p>\n<p><span style=\"color: #000000;\"><strong>Orquestra Sinf\u00f3nica UNCuyo<\/strong><\/span><\/p>\n<p><span style=\"color: #000000;\">Teatro Universidad, Mendoza, Argentina<\/span><\/p>\n<p><span style=\"color: #000000;\">\u00a0<\/span><\/td>\n<td valign=\"top\" bgcolor=\"#95aabf\" width=\"192\" height=\"54\"><span lang=\"ES-TRAD\" style=\"color: #000000;\">Ginastera, Alberto<\/span><\/td>\n<td valign=\"top\" bgcolor=\"#95aabf\" width=\"216\" height=\"54\"><span lang=\"ES-TRAD\" style=\"color: #000000;\">Concierto &#8220;Argentino&#8221; for Piano and Orchestra (Argentinian premi\u00e8re)<\/span><\/td>\n<td valign=\"top\" bgcolor=\"#95aabf\" width=\"146\" height=\"54\"><span lang=\"ES-TRAD\" style=\"color: #000000;\">Dora de Marinis<\/span><\/td>\n<\/tr>\n<tr>\n<td valign=\"top\" bgcolor=\"#95aabf\" width=\"192\" height=\"37\"><span lang=\"ES-TRAD\" style=\"color: #000000;\">Castro, Juan Jos\u00e9<\/span><\/td>\n<td valign=\"top\" bgcolor=\"#95aabf\" width=\"216\" height=\"37\"><span lang=\"ES-TRAD\" style=\"color: #000000;\">Concerto for Piano and Orchestra (Premi\u00e8re in Mendoza)<\/span><\/td>\n<td valign=\"top\" bgcolor=\"#95aabf\" width=\"146\" height=\"37\"><span lang=\"EN-US\" style=\"color: #000000;\">Elena Dabul<\/span><\/td>\n<\/tr>\n<tr>\n<td valign=\"top\" bgcolor=\"#95aabf\" width=\"192\" height=\"50\"><span lang=\"EN-US\" style=\"color: #000000;\">Mart\u00ed, Leopoldo<\/span><\/td>\n<td valign=\"top\" bgcolor=\"#95aabf\" width=\"216\" height=\"50\"><span lang=\"EN-US\" style=\"color: #000000;\">Canto a Guayasam\u00edn for Sicur\u00eds&#8217;Band, Erke, Percussi\u00f3n and Orchestra<\/span><\/td>\n<td valign=\"top\" bgcolor=\"#95aabf\" width=\"146\" height=\"50\"><span lang=\"ES-AR\" style=\"color: #000000;\">Juan Alberto Avalos (Erke) \/ Banda de sicuris &#8220;Diablitos del desierto&#8221;<\/span><\/td>\n<\/tr>\n<tr>\n<td rowspan=\"2\" valign=\"top\" width=\"216\" height=\"63\">\n<p><span style=\"color: #000000;\"><span lang=\"ES-AR\">09 ago 03<\/span><\/span><\/p>\n<p><span lang=\"ES-TRAD\" style=\"color: #000000;\"><strong>Orquestra Sinf\u00f3nica UNCuyo<\/strong><\/span><\/p>\n<p><span lang=\"ES-AR\" style=\"color: #000000;\">Teatro Universidad, Mendoza, Argentina<\/span><\/p>\n<p><span style=\"color: #000000;\">\u00a0<\/span><\/td>\n<td valign=\"top\" width=\"192\" height=\"36\"><span lang=\"ES-AR\" style=\"color: #000000;\">Beethoven, Ludwig van<\/span><\/td>\n<td valign=\"top\" width=\"216\" height=\"36\"><span lang=\"EN-US\" style=\"color: #000000;\">Concerto for Piano and Orchestra No.3 in C minor, op.37<\/span><\/td>\n<td valign=\"top\" width=\"146\" height=\"36\"><span lang=\"EN-US\" style=\"color: #000000;\">Peter Donohoe<\/span><\/td>\n<\/tr>\n<tr>\n<td valign=\"top\" width=\"192\" height=\"24\"><span lang=\"EN-US\" style=\"color: #000000;\">Mozart, Wolfgang Amadeus<\/span><\/td>\n<td valign=\"top\" width=\"216\" height=\"24\"><span lang=\"EN-US\" style=\"color: #000000;\">Symphony No.41 in C major, K.551 \u201cJ\u00fapiter\u201d<\/span><\/td>\n<td valign=\"top\" width=\"146\" height=\"24\"><span style=\"color: #000000;\">\u00a0<\/span><\/td>\n<\/tr>\n<tr>\n<td rowspan=\"2\" valign=\"top\" bgcolor=\"#95aabf\" width=\"216\" height=\"115\">\n<p><span style=\"color: #000000;\"><span lang=\"ES-AR\">15 ago 03<\/span><\/span><\/p>\n<p><span lang=\"ES-TRAD\" style=\"color: #000000;\"><strong>Orquestra Sinf\u00f3nica UNCuyo<\/strong><\/span><\/p>\n<p><span lang=\"ES-AR\" style=\"color: #000000;\">Teatro Universidad, Mendoza, Argentina<\/span><\/p>\n<p><span style=\"color: #000000;\">OSUNCuyo Temporada 2003\u00a0 Programa XII<\/span><\/p>\n<p><span style=\"color: #000000;\">64\u00ba. Aniversario de la UNCuyo y 60\u00ba. Aniversario del Teatro Gran Rex<\/span><\/td>\n<td rowspan=\"2\" valign=\"top\" bgcolor=\"#95aabf\" width=\"192\" height=\"115\"><span lang=\"ES-AR\" style=\"color: #000000;\">Beethoven, Ludwig van<\/span><\/td>\n<td valign=\"top\" bgcolor=\"#95aabf\" width=\"216\" height=\"50\"><span lang=\"EN-US\" style=\"color: #000000;\">Concerto for Piano and Orchestra No.4 in G major, op.58<\/span><\/td>\n<td valign=\"top\" bgcolor=\"#95aabf\" width=\"146\" height=\"50\"><span lang=\"EN-US\" style=\"color: #000000;\">Bruno Guelber<\/span><\/td>\n<\/tr>\n<tr>\n<td valign=\"top\" bgcolor=\"#95aabf\" width=\"216\" height=\"18\"><span lang=\"EN-US\" style=\"color: #000000;\">Symphony No.5 in C minor, op.67<\/span><\/td>\n<td valign=\"top\" bgcolor=\"#95aabf\" width=\"146\" height=\"18\"><span style=\"color: #000000;\">\u00a0<\/span><\/td>\n<\/tr>\n<tr>\n<td rowspan=\"3\" valign=\"top\" width=\"216\" height=\"102\">\n<p><span style=\"color: #000000;\"><span lang=\"EN-US\">31 ago 03<\/span><\/span><\/p>\n<p><span style=\"color: #000000;\"><strong>Orquestra Filarm\u00f3nica de Buenos Aires\u00a0<\/strong><\/span><\/p>\n<p><span style=\"color: #000000;\"><span lang=\"EN-US\">Teatro Col\u00f3n,\u00a0<\/span><span lang=\"EN-US\">Argentina<\/span><\/span><\/p>\n<p><span lang=\"EN-US\" style=\"color: #000000;\">2o. Concurso Internacional Martha Argerich<\/span><\/td>\n<td valign=\"top\" width=\"192\" height=\"44\"><span lang=\"EN-US\" style=\"color: #000000;\">Rachmaninoff, Sergei<\/span><\/td>\n<td valign=\"top\" width=\"216\" height=\"44\"><span lang=\"EN-US\" style=\"color: #000000;\">Concerto for Piano and Orchestra No.2 in C minor, op.18<\/span><\/td>\n<td valign=\"top\" width=\"146\" height=\"44\"><span lang=\"EN-US\" style=\"color: #000000;\">Oxana Mikhailoff<\/span><\/td>\n<\/tr>\n<tr>\n<td valign=\"top\" width=\"192\" height=\"24\"><span lang=\"EN-US\" style=\"color: #000000;\">Bart\u00f3k, B\u00e9la<\/span><\/td>\n<td valign=\"top\" width=\"216\" height=\"24\"><span lang=\"EN-US\" style=\"color: #000000;\">Concerto for Piano and Orchestra No.3, SZ 119<\/span><\/td>\n<td valign=\"top\" width=\"146\" height=\"24\"><span lang=\"EN-US\" style=\"color: #000000;\">S\u00e9rgio Monteiro<\/span><\/td>\n<\/tr>\n<tr>\n<td valign=\"top\" width=\"192\" height=\"37\"><span lang=\"EN-US\" style=\"color: #000000;\">Beethoven, Ludwig van<\/span><\/td>\n<td valign=\"top\" width=\"216\" height=\"37\"><span lang=\"EN-US\" style=\"color: #000000;\">Concerto for Piano and Orchestra No.5 in E-flat major, op.73 &#8220;Emperor&#8221;<\/span><\/td>\n<td valign=\"top\" width=\"146\" height=\"37\"><span lang=\"ES-TRAD\" style=\"color: #000000;\">Alexandre Dossin<\/span><\/td>\n<\/tr>\n<tr>\n<td rowspan=\"3\" valign=\"top\" bgcolor=\"#95aabf\" width=\"216\" height=\"102\">\n<p><span style=\"color: #000000;\"><span lang=\"ES-TRAD\">12 sep 03<\/span><\/span><\/p>\n<p><span style=\"color: #000000;\"><strong>Orquestra Sinf\u00f3nica UNCuyo<\/strong><\/span><\/p>\n<p><span lang=\"ES-AR\" style=\"color: #000000;\">Teatro Gran Rex, Mendoza, Argentina<\/span><\/p>\n<p><span style=\"color: #000000;\">OSUNCuyo Temporada 2003\u00a0 Programa XIV &#8211; Martha Argerich en Mendoza<\/span><\/td>\n<td valign=\"top\" bgcolor=\"#95aabf\" width=\"192\" height=\"36\"><span lang=\"EN-US\" style=\"color: #000000;\">Schumann, Robert<\/span><\/td>\n<td valign=\"top\" bgcolor=\"#95aabf\" width=\"216\" height=\"36\"><span lang=\"EN-US\" style=\"color: #000000;\">Concerto for Piano and Orchestra in A minor, op.54<\/span><\/td>\n<td valign=\"top\" bgcolor=\"#95aabf\" width=\"146\" height=\"36\"><span lang=\"ES-AR\" style=\"color: #000000;\">Alexandre Dossin<\/span><\/td>\n<\/tr>\n<tr>\n<td valign=\"top\" bgcolor=\"#95aabf\" width=\"192\" height=\"37\"><span lang=\"ES-AR\" style=\"color: #000000;\">Falla, Manuel de<\/span><\/td>\n<td valign=\"top\" bgcolor=\"#95aabf\" width=\"216\" height=\"37\"><span lang=\"ES-AR\" style=\"color: #000000;\">Noches en los jard\u00ednes de Espa\u00f1a for Piano and Orchestra<\/span><\/td>\n<td valign=\"top\" bgcolor=\"#95aabf\" width=\"146\" height=\"37\"><span lang=\"EN-US\" style=\"color: #000000;\">Eduardo Hubert<\/span><\/td>\n<\/tr>\n<tr>\n<td valign=\"top\" bgcolor=\"#95aabf\" width=\"192\" height=\"37\"><span lang=\"EN-US\" style=\"color: #000000;\">Prokofiev, Serge<\/span><\/td>\n<td valign=\"top\" bgcolor=\"#95aabf\" width=\"216\" height=\"37\"><span lang=\"EN-US\" style=\"color: #000000;\">Concerto for Piano and Orchestra No.3 in C major, op.26<\/span><\/td>\n<td valign=\"top\" bgcolor=\"#95aabf\" width=\"146\" height=\"37\"><span style=\"color: #000000;\">Martha Argerich<\/span><\/td>\n<\/tr>\n<tr>\n<td valign=\"top\" width=\"216\" height=\"76\">\n<p><span style=\"color: #000000;\">21 sep 03\u00a0\u00a0<\/span><\/p>\n<p><span style=\"color: #000000;\"><strong> Orquestra Sinf\u00f4nica Nacional\u00a0 UFF\u00a0<\/strong><\/span><\/p>\n<p><span style=\"color: #000000;\"> Centro de Artes UFF, Niter\u00f3i, Rio de Janeiro, Brasil\u00a0\u00a0<\/span><\/p>\n<p><span style=\"color: #000000;\"> 35 anos do Cine Arte UFF<\/span><\/td>\n<td valign=\"top\" width=\"192\" height=\"76\"><span style=\"color: #000000;\">Compositores diversos<\/span><\/td>\n<td valign=\"top\" width=\"216\" height=\"76\"><span style=\"color: #000000;\">Trilhas sonoras de filmes<\/span><\/td>\n<td valign=\"top\" width=\"146\" height=\"76\"><span style=\"color: #000000;\">\u00a0<\/span><\/td>\n<\/tr>\n<tr>\n<td rowspan=\"3\" valign=\"top\" bgcolor=\"#95aabf\" width=\"216\" height=\"154\">\n<p><span style=\"color: #000000;\">16 oct 03\u00a0\u00a0<\/span><\/p>\n<p><span style=\"color: #000000;\"><strong> Orquestra Filarm\u00f3nica de Buenos Aires\u00a0<\/strong>\u00a0<\/span><\/p>\n<p><span style=\"color: #000000;\"> Teatro Col\u00f3n,\u00a0Argentina\u00a0\u00a0<\/span><\/p>\n<p><span style=\"color: #000000;\"> 4\u00aa. Funci\u00f3n del Ciclo de Abono de la DAIA\u00a0(Delega\u00e7\u00e3o de Associa\u00e7\u00f5es Israelitas Argentinas)<\/span><\/td>\n<td rowspan=\"3\" valign=\"top\" bgcolor=\"#95aabf\" width=\"192\" height=\"154\"><span lang=\"ES-AR\" style=\"color: #000000;\">Beethoven, Ludwig van<\/span><\/td>\n<td valign=\"top\" bgcolor=\"#95aabf\" width=\"216\" height=\"111\"><span lang=\"EN-US\" style=\"color: #000000;\">Symphony No.9 in D minor, op.125, &#8220;Choral&#8221;<\/span><\/td>\n<td valign=\"top\" bgcolor=\"#95aabf\" width=\"146\" height=\"111\"><span lang=\"ES-AR\" style=\"color: #000000;\">M\u00f3nica Philibert, Alejandra Malvino, Carlos Bengolea, Ricardo Yost\/ Coro Estable del Teatro Col\u00f3n<\/span><\/td>\n<\/tr>\n<tr>\n<td valign=\"top\" bgcolor=\"#95aabf\" width=\"216\" height=\"37\"><span lang=\"EN-US\" style=\"color: #000000;\">Romanza for Violin and Orchestra No.1 in G major, op.40<\/span><\/td>\n<td valign=\"top\" bgcolor=\"#95aabf\" width=\"146\" height=\"37\"><span lang=\"EN-US\" style=\"color: #000000;\">Pablo Sarav\u00ed<\/span><\/td>\n<\/tr>\n<tr>\n<td valign=\"top\" bgcolor=\"#95aabf\" width=\"216\" height=\"37\"><span lang=\"EN-US\" style=\"color: #000000;\">Romanza for Violin and Orchestra No.2 in F major, op.50\u00a0\u00a0<\/span><\/td>\n<td valign=\"top\" bgcolor=\"#95aabf\" width=\"146\" height=\"37\"><span style=\"color: #000000;\">Pablo Sarav\u00ed<\/span><\/td>\n<\/tr>\n<tr>\n<td rowspan=\"3\" valign=\"top\" width=\"216\" height=\"147\">\n<p><span style=\"color: #000000;\">26 oct 03\u00a0\u00a0<\/span><\/p>\n<p><span style=\"color: #000000;\"><strong> Orquestra Sinf\u00f4nica Nacional\u00a0 UFF\u00a0<\/strong><\/span><\/p>\n<p><span style=\"color: #000000;\"> Centro de Artes UFF, Niter\u00f3i, Rio de Janeiro, Brasil\u00a0\u00a0<\/span><\/p>\n<p><span style=\"color: #000000;\"> I Simp\u00f3sio Internacional de M\u00fasica Brasil &#8211; Alemanha e S\u00e9rie Beethoven<\/span><\/td>\n<td valign=\"top\" width=\"192\" height=\"73\"><span style=\"color: #000000;\">Rodrigo, Joaqu\u00edn<\/span><\/td>\n<td valign=\"top\" width=\"216\" height=\"73\"><span style=\"color: #000000;\">Concierto de Aranjuez for Guitar and Orchestra\u00a0<\/span><\/td>\n<td valign=\"top\" width=\"146\" height=\"73\"><span style=\"color: #000000;\">Aniello Desiderio<\/span><\/td>\n<\/tr>\n<tr>\n<td valign=\"top\" width=\"192\" height=\"24\"><span style=\"color: #000000;\">Villa-Lobos, Heitor<\/span><\/td>\n<td valign=\"top\" width=\"216\" height=\"24\"><span style=\"color: #000000;\">Concerto para harm\u00f4nica de boca e orquestra<\/span><\/td>\n<td valign=\"top\" width=\"146\" height=\"24\"><span lang=\"ES-AR\" style=\"color: #000000;\">Rildo Hora<\/span><\/td>\n<\/tr>\n<tr>\n<td valign=\"top\" width=\"192\" height=\"63\"><span lang=\"ES-AR\" style=\"color: #000000;\">Beethoven, Ludwig van<\/span><\/td>\n<td valign=\"top\" width=\"216\" height=\"63\"><span lang=\"EN-US\" style=\"color: #000000;\">Choral Phantasy, for Piano, Chorus and Orchestra, op.80<\/span><\/td>\n<td valign=\"top\" width=\"146\" height=\"63\"><span style=\"color: #000000;\">Andr\u00e9 Kakowiczis \/ Coral da UFF e Associa\u00e7\u00e3o de Canto Coral\/ N\u00facleo de \u00d3pera Villa-Lobos<\/span><\/td>\n<\/tr>\n<tr>\n<td rowspan=\"2\" valign=\"top\" bgcolor=\"#95aabf\" width=\"216\" height=\"63\">\n<p><span style=\"color: #000000;\"><span lang=\"ES-AR\">01 nov 03<\/span><\/span><\/p>\n<p><span style=\"color: #000000;\"><strong><span lang=\"ES-TRAD\">Orquestra Sinf\u00f3nica UNCuyo<\/span><\/strong><span lang=\"ES-AR\"><strong>\u00a0<\/strong><\/span><\/span><\/p>\n<p><span style=\"color: #000000;\">Teatro Universidad, Mendoza, Argentina<\/span><\/p>\n<p><span style=\"color: #000000;\">\u00a0<\/span><\/td>\n<td valign=\"top\" bgcolor=\"#95aabf\" width=\"192\" height=\"36\"><span lang=\"EN-US\" style=\"color: #000000;\">Rachmaninoff, Sergei<\/span><\/td>\n<td valign=\"top\" bgcolor=\"#95aabf\" width=\"216\" height=\"36\"><span lang=\"EN-US\" style=\"color: #000000;\">Concerto for Piano and Orchestra No.2 in C minor, op.18<\/span><\/td>\n<td valign=\"top\" bgcolor=\"#95aabf\" width=\"146\" height=\"36\"><span lang=\"EN-US\" style=\"color: #000000;\">Dario Ntaca<\/span><\/td>\n<\/tr>\n<tr>\n<td valign=\"top\" bgcolor=\"#95aabf\" width=\"192\" height=\"24\"><span lang=\"EN-US\" style=\"color: #000000;\">Tchaikovsky, Piotr Ilyich<\/span><\/td>\n<td valign=\"top\" bgcolor=\"#95aabf\" width=\"216\" height=\"24\"><span lang=\"EN-US\" style=\"color: #000000;\">Symphony No.5 in E minor, op.64<\/span><\/td>\n<td valign=\"top\" bgcolor=\"#95aabf\" width=\"146\" height=\"24\"><span style=\"color: #000000;\">\u00a0<\/span><\/td>\n<\/tr>\n<tr>\n<td valign=\"top\" width=\"216\" height=\"102\">\n<p><span style=\"color: #000000;\">06 nov 03\u00a0\u00a0<\/span><\/p>\n<p><span style=\"color: #000000;\"><strong> Orquestra Sinf\u00f4nica Nacional\u00a0 UFF\u00a0<\/strong><\/span><\/p>\n<p><span style=\"color: #000000;\"> Centro de Artes UFF, Niter\u00f3i, Rio de Janeiro, Brasil\u00a0\u00a0<\/span><\/p>\n<p><span style=\"color: #000000;\"> ARY BARROSO &#8211; 100 ANOS\u00a0 Cantando e contando Ary Barroso<\/span><\/td>\n<td valign=\"top\" width=\"192\" height=\"102\"><span style=\"color: #000000;\">Barroso, Ary<\/span><\/td>\n<td valign=\"top\" width=\"216\" height=\"102\"><span style=\"color: #000000;\">Brasil moreno; Faceira; Foi ela; morena boca de ouro; Ocultei; Pr\u00e1 machucar meu cora\u00e7\u00e3o; Folha morta; Isto aqui o que \u00e9?; Aquarela do Brasil<\/span><\/td>\n<td valign=\"top\" width=\"146\" height=\"102\"><span style=\"color: #000000;\">Nilze Carvalho (Bandolim), Elza Soares, Pepeu Gomes<\/span><\/td>\n<\/tr>\n<tr>\n<td valign=\"top\" bgcolor=\"#95aabf\" width=\"216\" height=\"167\">\n<p><span style=\"color: #000000;\">08 nov 03\u00a0\u00a0<\/span><\/p>\n<p><span style=\"color: #000000;\"><strong> Orquestra Sinf\u00f4nica Nacional\u00a0 UFF\u00a0<\/strong><\/span><\/p>\n<p><span style=\"color: #000000;\"> Ub\u00e1, Minas Gerais, Brasil\u00a0\u00a0<\/span><\/p>\n<p><span style=\"color: #000000;\"> ARY BARROSO &#8211; 100 ANOS<\/span><\/td>\n<td valign=\"top\" bgcolor=\"#95aabf\" width=\"192\" height=\"167\"><span style=\"color: #000000;\">Barroso, Ary<\/span><\/td>\n<td valign=\"top\" bgcolor=\"#95aabf\" width=\"216\" height=\"167\"><span style=\"color: #000000;\">Brasil moreno; Aquarela mineira: A tristeza dos sinos; No rancho fundo; Por causa desta caboca; Tributo ao Mestre; Ocultei; Pr\u00e1 machucar meu cora\u00e7\u00e3o; Morena boca de ouro; Folha morta; Aquarela do Brasil; Risque; No tabuleiro da baina\/ Os quindins de Ia-i\u00e1; Na baixa do sapateiro; Na batucada da vida; Camisa amarela; Como vais voc\u00ea? Eu dei, D\u00e1 nela, Grau 10<\/span><\/td>\n<td valign=\"top\" bgcolor=\"#95aabf\" width=\"146\" height=\"167\"><span style=\"color: #000000;\">Elza Soares, Mar\u00edlia Pera, C\u00e9lia &amp; Celma, C\u00e9lio &amp; Marcos<\/span><\/td>\n<\/tr>\n<tr>\n<td valign=\"top\" width=\"216\" height=\"115\">\n<p><span style=\"color: #000000;\"><span lang=\"ES-AR\">28 nov 03<\/span><\/span><\/p>\n<p><span style=\"color: #000000;\"><strong><span lang=\"ES-TRAD\">Orquestra Sinf\u00f3nica UNCuyo<\/span><\/strong><\/span><\/p>\n<p><span style=\"color: #000000;\">Teatro Gran Rex, Mendoza, Argentina<\/span><\/td>\n<td valign=\"top\" width=\"192\" height=\"115\"><span lang=\"ES-AR\" style=\"color: #000000;\">Orff, Carl<\/span><\/td>\n<td valign=\"top\" width=\"216\" height=\"115\">\n<p><span lang=\"ES-AR\" style=\"color: #000000;\">Carmina Burana (Direcci\u00f3n esc\u00e9nica de Vilma R\u00fapolo)<\/span><\/p>\n<p><span lang=\"ES-AR\" style=\"color: #000000;\">Ballet UNCuyo e Grupo Arb\u00f3l<\/span><\/td>\n<td valign=\"top\" width=\"146\" height=\"115\"><span lang=\"ES-AR\" style=\"color: #000000;\">Rosana Lamosa (S), Gabriel Renaud (T), Marcelo Lombardero (Bar) \/ Coro de C\u00e1mara UNCuyo, Coro Universitario de Mendoza, Coro de Ni\u00f1os y J\u00f3venes UNCuyo<\/span><\/td>\n<\/tr>\n<tr>\n<td valign=\"top\" bgcolor=\"#95aabf\" width=\"216\" height=\"102\">\n<p><span style=\"color: #000000;\">12 dec 03\u00a0\u00a0<\/span><\/p>\n<p><span style=\"color: #000000;\"><strong> Orquestra Sinf\u00f4nica Nacional\u00a0 UFF\u00a0<\/strong><\/span><\/p>\n<p><span style=\"color: #000000;\"> Sala Cec\u00edlia Meireles, Rio de Janeiro, Brasil\u00a0\u00a0<\/span><\/p>\n<p><span lang=\"EN-US\" style=\"color: #000000;\"> S\u00e9rie Beethoven<\/span><\/td>\n<td valign=\"top\" bgcolor=\"#95aabf\" width=\"192\" height=\"102\"><span lang=\"EN-US\" style=\"color: #000000;\">Beethoven, Ludwig van<\/span><\/td>\n<td valign=\"top\" bgcolor=\"#95aabf\" width=\"216\" height=\"102\"><span lang=\"EN-US\" style=\"color: #000000;\">Symphony No.9 in D minor, op.125, &#8220;Choral&#8221;<\/span><\/td>\n<td valign=\"top\" bgcolor=\"#95aabf\" width=\"146\" height=\"102\"><span style=\"color: #000000;\">Rosana Lamosa,\u00a0Regina Helena Mesquita, Fernando Portari, e In\u00e1cio de Nonno \/\u00a0Coral da UFF, Associa\u00e7\u00e3o de Canto Coral e Coral Rel\u00edquias<\/span><\/td>\n<\/tr>\n<tr>\n<td rowspan=\"13\" valign=\"top\" width=\"216\" height=\"388\">\n<p><span style=\"color: #000000;\">13 dec 03\u00a0\u00a0<\/span><\/p>\n<p><span style=\"color: #000000;\"><strong> Orquestra Sinf\u00f4nica Nacional\u00a0 UFF\u00a0<\/strong><\/span><\/p>\n<p><span style=\"color: #000000;\"> Praia de Icara\u00ed, Niter\u00f3i, Rio de Janeiro, Brasil\u00a0\u00a0<\/span><\/p>\n<p><span style=\"color: #000000;\"> S\u00e9rie \u00c1guas<\/span><\/td>\n<td rowspan=\"2\" valign=\"top\" width=\"192\" height=\"388\"><span style=\"color: #000000;\">Beethoven, Ludwig van<\/span><\/td>\n<td valign=\"top\" width=\"216\" height=\"89\"><span lang=\"EN-US\" style=\"color: #000000;\">Symphony No.9 in D minor, op.125, &#8220;Choral&#8221; \u2013 4thMouvement<\/span><\/td>\n<td valign=\"top\" width=\"146\" height=\"89\"><span style=\"color: #000000;\">Rosana Lamosa,\u00a0Regina Helena Mesquita, Fernando Portari, e In\u00e1cio de Nonno<\/span><\/td>\n<\/tr>\n<tr>\n<td valign=\"top\" width=\"216\" height=\"24\"><span style=\"color: #000000;\"><span lang=\"EN-US\">Symphony No.6 in F major, op.68 &#8220;Pastoral&#8221; \u2013 5th.\u00a0<\/span>Mouv.<\/span><\/td>\n<td valign=\"top\" width=\"146\" height=\"24\"><span style=\"color: #000000;\">\u00a0<\/span><\/td>\n<\/tr>\n<tr>\n<td valign=\"top\" width=\"192\" height=\"11\"><span style=\"color: #000000;\">Barroso, Ary<\/span><\/td>\n<td valign=\"top\" width=\"216\" height=\"11\"><span style=\"color: #000000;\">Aquarela do Brasil<\/span><\/td>\n<td valign=\"top\" width=\"146\" height=\"11\"><span style=\"color: #000000;\">\u00a0<\/span><\/td>\n<\/tr>\n<tr>\n<td valign=\"top\" width=\"192\" height=\"37\"><span lang=\"EN-US\" style=\"color: #000000;\">Strauss, Johann, Jr.<\/span><\/td>\n<td valign=\"top\" width=\"216\" height=\"37\"><span style=\"color: #000000;\"><span lang=\"EN-US\">An der sch\u00f6nen blauen Donau, op.314 (<\/span><span lang=\"EN-US\">On the beautiful blue Danube)<\/span><\/span><\/td>\n<td valign=\"top\" width=\"146\" height=\"37\"><span style=\"color: #000000;\">\u00a0<\/span><\/td>\n<\/tr>\n<tr>\n<td rowspan=\"2\" valign=\"top\" width=\"192\" height=\"50\">\n<p><span lang=\"EN-US\" style=\"color: #000000;\">Bizet, Georges<\/span><\/p>\n<p><span style=\"color: #000000;\">\u00a0<\/span><\/td>\n<td valign=\"top\" width=\"216\" height=\"50\"><span lang=\"EN-US\" style=\"color: #000000;\">Carmen (Les Tor\u00e9adors Pr\u00e9lude)<\/span><\/td>\n<td valign=\"top\" width=\"146\" height=\"50\"><span style=\"color: #000000;\">\u00a0<\/span><\/td>\n<\/tr>\n<tr>\n<td valign=\"top\" width=\"216\" height=\"24\"><span lang=\"EN-US\" style=\"color: #000000;\">Carmen (Habanera)<\/span><\/td>\n<td valign=\"top\" width=\"146\" height=\"24\"><span lang=\"EN-US\" style=\"color: #000000;\">Regina Helena Mesquita<\/span><\/td>\n<\/tr>\n<tr>\n<td rowspan=\"2\" valign=\"top\" width=\"192\" height=\"37\"><span lang=\"EN-US\" style=\"color: #000000;\">Rossini, Gioacchino<\/span><\/td>\n<td valign=\"top\" width=\"216\" height=\"37\"><span lang=\"EN-US\" style=\"color: #000000;\">Il Barbiere di Siviglia Overture<\/span><\/td>\n<td valign=\"top\" width=\"146\" height=\"37\"><span style=\"color: #000000;\">\u00a0<\/span><\/td>\n<\/tr>\n<tr>\n<td valign=\"top\" width=\"216\" height=\"24\"><span lang=\"EN-US\" style=\"color: #000000;\">Il Barbiere di Siviglia (Largo al factotum )<\/span><\/td>\n<td valign=\"top\" width=\"146\" height=\"24\"><span lang=\"EN-US\" style=\"color: #000000;\">In\u00e1cio de Nonno<\/span><\/td>\n<\/tr>\n<tr>\n<td valign=\"top\" width=\"192\" height=\"11\"><span style=\"color: #000000;\">Gomes, Carlos<\/span><\/td>\n<td valign=\"top\" width=\"216\" height=\"11\"><span style=\"color: #000000;\">Lo Schiavo (Alvorada)<\/span><\/td>\n<td valign=\"top\" width=\"146\" height=\"11\"><span style=\"color: #000000;\">\u00a0<\/span><\/td>\n<\/tr>\n<tr>\n<td rowspan=\"2\" valign=\"top\" width=\"192\" height=\"50\"><span style=\"color: #000000;\">Puccini, Giacomo<\/span><\/td>\n<td valign=\"top\" width=\"216\" height=\"50\"><span style=\"color: #000000;\">Gianni Schicchi ( Aria Lauretta: \u00a8O mio babbino caro\u00a8)<\/span><\/td>\n<td valign=\"top\" width=\"146\" height=\"50\"><span style=\"color: #000000;\">Rosana Lamosa<\/span><\/td>\n<\/tr>\n<tr>\n<td valign=\"top\" width=\"216\" height=\"11\"><span style=\"color: #000000;\">Turandot (Nessun dorma )<\/span><\/td>\n<td valign=\"top\" width=\"146\" height=\"11\"><span style=\"color: #000000;\">Fernando Portari<\/span><\/td>\n<\/tr>\n<tr>\n<td rowspan=\"2\" valign=\"top\" width=\"192\" height=\"89\"><span style=\"color: #000000;\">Verdi, Giuseppe<\/span><\/td>\n<td valign=\"top\" width=\"216\" height=\"47\"><span style=\"color: #000000;\">La Traviatta (Libiamo )<\/span><\/td>\n<td valign=\"top\" width=\"146\" height=\"47\"><span style=\"color: #000000;\">Rosana Lamosa, Fernando Portari<\/span><\/td>\n<\/tr>\n<tr>\n<td valign=\"top\" width=\"216\" height=\"63\"><span lang=\"ES-AR\" style=\"color: #000000;\">Rigoletto (Bella figlia dell&#8217;amore)<\/span><\/td>\n<td valign=\"top\" width=\"146\" height=\"63\"><span style=\"color: #000000;\">Rosana Lamosa, Regina Helena Mesquita, Fernando Portari, In\u00e1cio de Nonno<\/span><\/td>\n<\/tr>\n<\/tbody>\n<\/table>\n<p>[\/vc_column_text][\/vc_column][\/vc_row]<\/p>\n","protected":false},"excerpt":{"rendered":"<p>[vc_row section_bottom_margin=&#8221;nobottommargin&#8221;][vc_column][vc_custom_heading text=&#8221;- 2003 -&#8221; font_container=&#8221;tag:h2|text_align:center&#8221;][vc_column_text] 01 mar 03 Orquestra Sinf\u00f3nica UNCuyo Teatro [&hellip;]<\/p>\n","protected":false},"author":1,"featured_media":0,"parent":0,"menu_order":0,"comment_status":"open","ping_status":"closed","template":"template\/template-landing-page-vc.php","meta":{"footnotes":""},"class_list":["post-131","page","type-page","status-publish","hentry"],"_links":{"self":[{"href":"https:\/\/ligiaamadio.net\/a\/wp-json\/wp\/v2\/pages\/131","targetHints":{"allow":["GET"]}}],"collection":[{"href":"https:\/\/ligiaamadio.net\/a\/wp-json\/wp\/v2\/pages"}],"about":[{"href":"https:\/\/ligiaamadio.net\/a\/wp-json\/wp\/v2\/types\/page"}],"author":[{"embeddable":true,"href":"https:\/\/ligiaamadio.net\/a\/wp-json\/wp\/v2\/users\/1"}],"replies":[{"embeddable":true,"href":"https:\/\/ligiaamadio.net\/a\/wp-json\/wp\/v2\/comments?post=131"}],"version-history":[{"count":6,"href":"https:\/\/ligiaamadio.net\/a\/wp-json\/wp\/v2\/pages\/131\/revisions"}],"predecessor-version":[{"id":1284,"href":"https:\/\/ligiaamadio.net\/a\/wp-json\/wp\/v2\/pages\/131\/revisions\/1284"}],"wp:attachment":[{"href":"https:\/\/ligiaamadio.net\/a\/wp-json\/wp\/v2\/media?parent=131"}],"curies":[{"name":"wp","href":"https:\/\/api.w.org\/{rel}","templated":true}]}}