{"id":133,"date":"2014-08-28T20:40:29","date_gmt":"2014-08-28T20:40:29","guid":{"rendered":"http:\/\/50.62.188.111\/~ligiaamadio\/?page_id=133"},"modified":"2015-08-28T18:23:44","modified_gmt":"2015-08-28T18:23:44","slug":"2002-2","status":"publish","type":"page","link":"https:\/\/ligiaamadio.net\/a\/2002-2\/","title":{"rendered":"2002"},"content":{"rendered":"<p>[vc_row section_bottom_margin=&#8221;nobottommargin&#8221;][vc_column][vc_custom_heading text=&#8221;- 2002 -&#8221; font_container=&#8221;tag:h2|text_align:center&#8221;][vc_column_text]<\/p>\n<table border=\"0\" cellspacing=\"0\" cellpadding=\"0\">\n<tbody>\n<tr>\n<td rowspan=\"3\" valign=\"top\" bgcolor=\"#95aabf\" width=\"216\">\n<p><span style=\"color: #000000;\">01 mar 02<\/span><\/p>\n<p><strong><span style=\"color: #000000;\"> Orquestra Sinf\u00f3nica UNCuyo<\/span><\/strong><\/p>\n<p><span style=\"color: #000000;\"> Teatro Universidad, Mendoza, Argentina<\/span><\/p>\n<p><span style=\"color: #000000;\"> OSUNCuyo 2002 &#8211; Ciclo J\u00f3venes Talentos<\/span><\/td>\n<td valign=\"top\" bgcolor=\"#95aabf\" width=\"192\"><span lang=\"EN-US\" style=\"color: #000000;\">Khachaturian, Aram<\/span><\/td>\n<td valign=\"top\" bgcolor=\"#95aabf\" width=\"216\"><span lang=\"EN-US\" style=\"color: #000000;\">Concerto for Piano and Orchestra in D major<\/span><\/td>\n<td valign=\"top\" bgcolor=\"#95aabf\" width=\"146\"><span lang=\"EN-US\" style=\"color: #000000;\">Anal\u00eda Marigliano<\/span><\/td>\n<\/tr>\n<tr>\n<td rowspan=\"2\" valign=\"top\" bgcolor=\"#95aabf\" width=\"192\">\n<p><span lang=\"EN-US\" style=\"color: #000000;\">Ravel, Maurice<\/span><\/p>\n<p><span style=\"color: #000000;\">\u00a0<\/span><\/td>\n<td valign=\"top\" bgcolor=\"#95aabf\" width=\"216\"><span lang=\"EN-US\" style=\"color: #000000;\">Pavane pour une infante d\u00e9funte<\/span><\/td>\n<td valign=\"top\" bgcolor=\"#95aabf\" width=\"146\"><span style=\"color: #000000;\">\u00a0<\/span><\/td>\n<\/tr>\n<tr>\n<td valign=\"top\" bgcolor=\"#95aabf\" width=\"216\"><span lang=\"EN-US\" style=\"color: #000000;\">Concerto for Piano and Orchestra in G major\u00a0\u00a0<\/span><\/td>\n<td valign=\"top\" bgcolor=\"#95aabf\" width=\"146\"><span style=\"color: #000000;\">Tatiana Takhmanova<\/span><\/td>\n<\/tr>\n<tr>\n<td rowspan=\"5\" valign=\"top\" width=\"216\">\n<p><span style=\"color: #000000;\">08 mar 02<\/span><\/p>\n<p><strong><span style=\"color: #000000;\"> Orquesta Sinf\u00f3nica Femenina<\/span><\/strong><\/p>\n<p><span lang=\"ES-AR\" style=\"color: #000000;\"> Teatro Col\u00f3n, Argentina<\/span><\/p>\n<p>Todos al Colon &#8211; D\u00eda Internacional de la Mujer<\/td>\n<td valign=\"top\" width=\"192\"><span lang=\"ES-AR\" style=\"color: #000000;\">Beethoven, Ludwig van<\/span><\/td>\n<td valign=\"top\" width=\"216\"><span lang=\"EN-US\" style=\"color: #000000;\">Leonore Overture no.3<\/span><\/td>\n<td valign=\"top\" width=\"146\"><span style=\"color: #000000;\">\u00a0<\/span><\/td>\n<\/tr>\n<tr>\n<td rowspan=\"2\" valign=\"top\" width=\"192\"><span lang=\"EN-US\" style=\"color: #000000;\">Bizet, Georges<\/span><\/td>\n<td valign=\"top\" width=\"216\"><span lang=\"ES-AR\" style=\"color: #000000;\">Carmen (Habanera)<\/span><\/td>\n<td rowspan=\"2\" valign=\"top\" width=\"146\"><span lang=\"ES-AR\" style=\"color: #000000;\">Virginia Correa Dupuy<\/span><\/td>\n<\/tr>\n<tr>\n<td valign=\"top\" width=\"216\"><span lang=\"ES-AR\" style=\"color: #000000;\">Carmen (Seguidilla)<\/span><\/td>\n<\/tr>\n<tr>\n<td valign=\"top\" width=\"192\"><span lang=\"ES-AR\" style=\"color: #000000;\">Mendelssohn, Felix<\/span><\/td>\n<td valign=\"top\" width=\"216\"><span lang=\"EN-US\" style=\"color: #000000;\">Symphony No.4 in A major, op.90 &#8220;Italian&#8221;<\/span><\/td>\n<td valign=\"top\" width=\"146\"><span style=\"color: #000000;\">\u00a0<\/span><\/td>\n<\/tr>\n<tr>\n<td valign=\"top\" width=\"192\"><span lang=\"ES-AR\" style=\"color: #000000;\">Bl\u00e1zquez, Eladia<\/span><\/td>\n<td valign=\"top\" width=\"216\"><span lang=\"ES-AR\" style=\"color: #000000;\">Honrar la vida (arr. Lito Valle)\u00a0<\/span><\/td>\n<td valign=\"top\" width=\"146\"><span lang=\"ES-AR\" style=\"color: #000000;\">Victoria Correa Dupuy, Maria Gra\u00f1a, Estela Raval, Violeta Rivas, Julia Zenko, Valeria Lynch, Soledad, Los Nocheros<\/span><\/td>\n<\/tr>\n<tr>\n<td rowspan=\"3\" valign=\"top\" bgcolor=\"#95aabf\" width=\"216\">\n<p><span style=\"color: #000000;\">17 mar 02<\/span><\/p>\n<p><strong><span style=\"color: #000000;\"> Orquestra Sinf\u00f4nica Nacional &#8211; UFF<\/span><\/strong><\/p>\n<p><span style=\"color: #000000;\"> Centro de Artes UFF, Niter\u00f3i, Rio de Janeiro, Brasil<\/span><\/p>\n<p><span lang=\"EN-US\" style=\"color: #000000;\"> S\u00e9rie Pianistas<\/span><\/td>\n<td valign=\"top\" bgcolor=\"#95aabf\" width=\"192\"><span lang=\"EN-US\" style=\"color: #000000;\">Saint-Sa\u00ebns, Camille<\/span><\/td>\n<td valign=\"top\" bgcolor=\"#95aabf\" width=\"216\"><span lang=\"EN-US\" style=\"color: #000000;\">Concerto for Piano and Orchestra No.2 in G minor, op.22<\/span><\/td>\n<td valign=\"top\" bgcolor=\"#95aabf\" width=\"146\"><span lang=\"EN-US\" style=\"color: #000000;\">Sariel Maler<\/span><\/td>\n<\/tr>\n<tr>\n<td valign=\"top\" bgcolor=\"#95aabf\" width=\"192\"><span lang=\"EN-US\" style=\"color: #000000;\">Mendelssohn, Felix<\/span><\/td>\n<td valign=\"top\" bgcolor=\"#95aabf\" width=\"216\"><span lang=\"EN-US\" style=\"color: #000000;\">Symphony No.4 in A major, op.90 &#8220;Italian&#8221;<\/span><\/td>\n<td valign=\"top\" bgcolor=\"#95aabf\" width=\"146\"><span style=\"color: #000000;\">\u00a0<\/span><\/td>\n<\/tr>\n<tr>\n<td valign=\"top\" bgcolor=\"#95aabf\" width=\"192\"><span lang=\"EN-US\" style=\"color: #000000;\">Schumann, Robert<\/span><\/td>\n<td valign=\"top\" bgcolor=\"#95aabf\" width=\"216\"><span lang=\"EN-US\" style=\"color: #000000;\">Hermann und Dorothea Overture, op.136<\/span><\/td>\n<td valign=\"top\" bgcolor=\"#95aabf\" width=\"146\"><span style=\"color: #000000;\">\u00a0<\/span><\/td>\n<\/tr>\n<tr>\n<td rowspan=\"4\" valign=\"top\" width=\"216\">\n<p><span lang=\"EN-US\" style=\"color: #000000;\">24 mar 02<\/span><\/p>\n<p><strong>Baden-Badener Philharmonie. Baden-Baden, Germany<\/strong><\/p>\n<p>Theatre du Jeu de Paume, Aix-en-Provence, Fran\u00e7a<\/p>\n<p>X Festival International &#8211; Les Nuits Pianistiques<\/td>\n<td valign=\"top\" width=\"192\"><span lang=\"EN-US\" style=\"color: #000000;\">Schumann, Robert<\/span><\/td>\n<td valign=\"top\" width=\"216\"><span lang=\"EN-US\" style=\"color: #000000;\">Hermann und Dorothea Overture, op.136<\/span><\/td>\n<td valign=\"top\" width=\"146\"><span style=\"color: #000000;\">\u00a0<\/span><\/td>\n<\/tr>\n<tr>\n<td valign=\"top\" width=\"192\"><span lang=\"EN-US\" style=\"color: #000000;\">Wieck-Schumann, Clara<\/span><\/td>\n<td valign=\"top\" width=\"216\"><span lang=\"EN-US\" style=\"color: #000000;\">Concerto for Piano and Orchestra in A minor<\/span><\/td>\n<td valign=\"top\" width=\"146\"><span lang=\"ES-TRAD\" style=\"color: #000000;\">Erica Ciccarelli<\/span><\/td>\n<\/tr>\n<tr>\n<td valign=\"top\" width=\"192\"><span lang=\"ES-TRAD\" style=\"color: #000000;\">Chopin, Fr\u00e9d\u00e9ric<\/span><\/td>\n<td valign=\"top\" width=\"216\"><span lang=\"EN-US\" style=\"color: #000000;\">Andante Spianato et grande Polonaise brillante pour piano et Orchestre in E-flat major, op.22<\/span><\/td>\n<td rowspan=\"2\" valign=\"top\" width=\"146\"><span lang=\"EN-US\" style=\"color: #000000;\">Dang Thai Son<\/span><\/td>\n<\/tr>\n<tr>\n<td valign=\"top\" width=\"192\"><span lang=\"EN-US\" style=\"color: #000000;\">Saint-Sa\u00ebns, Camille<\/span><\/td>\n<td valign=\"top\" width=\"216\"><span lang=\"EN-US\" style=\"color: #000000;\">Concerto for Piano and Orchestra No.2 in G minor, op.22<\/span><\/td>\n<\/tr>\n<tr>\n<td rowspan=\"3\" valign=\"top\" bgcolor=\"#95aabf\" width=\"216\">\n<p><span lang=\"EN-US\" style=\"color: #000000;\">30 mar 02<\/span><\/p>\n<p><strong>Baden-Badener Philharmonie. Baden-Baden, Germany<\/strong><\/p>\n<p>Kurhaus B.Baden<\/td>\n<td valign=\"top\" bgcolor=\"#95aabf\" width=\"192\"><span lang=\"EN-US\" style=\"color: #000000;\">Chopin, Fr\u00e9d\u00e9ric<\/span><\/td>\n<td valign=\"top\" bgcolor=\"#95aabf\" width=\"216\"><span lang=\"EN-US\" style=\"color: #000000;\">Andante Spianato et grande Polonaise brillante pour piano et Orchestre in E-flat major, op.22<\/span><\/td>\n<td rowspan=\"2\" valign=\"top\" bgcolor=\"#95aabf\" width=\"146\">\n<p><span lang=\"EN-US\" style=\"color: #000000;\">Dang Thai Son<\/span><\/p>\n<p><span style=\"color: #000000;\">\u00a0<\/span><\/td>\n<\/tr>\n<tr>\n<td valign=\"top\" bgcolor=\"#95aabf\" width=\"192\"><span lang=\"EN-US\" style=\"color: #000000;\">Saint-Sa\u00ebns, Camille<\/span><\/td>\n<td valign=\"top\" bgcolor=\"#95aabf\" width=\"216\"><span lang=\"EN-US\" style=\"color: #000000;\">Concerto for Piano and Orchestra No.2 in G minor, op.22<\/span><\/td>\n<\/tr>\n<tr>\n<td valign=\"top\" bgcolor=\"#95aabf\" width=\"192\"><span lang=\"EN-US\" style=\"color: #000000;\">Mendelssohn, Felix<\/span><\/td>\n<td valign=\"top\" bgcolor=\"#95aabf\" width=\"216\"><span lang=\"EN-US\" style=\"color: #000000;\">Symphony No.4 in A major, op.90 &#8220;Italian&#8221;<\/span><\/td>\n<td valign=\"top\" bgcolor=\"#95aabf\" width=\"146\"><span style=\"color: #000000;\">\u00a0<\/span><\/td>\n<\/tr>\n<tr>\n<td rowspan=\"2\" valign=\"top\" width=\"216\">\n<p><span style=\"color: #000000;\"><span lang=\"ES-AR\">13 apr 02<\/span><\/span><\/p>\n<p><strong>Orquestra Sinf\u00f3nica UNCuyo<\/strong><\/p>\n<p>Teatro Universidad, Mendoza, Argentina<\/p>\n<p>OSUNCuyo Temporada 2002 &#8211; Programa I<\/td>\n<td valign=\"top\" width=\"192\"><span lang=\"EN-US\" style=\"color: #000000;\">Mozart, Wolfgang Amadeus<\/span><\/td>\n<td valign=\"top\" width=\"216\"><span lang=\"EN-US\" style=\"color: #000000;\">Concerto for Violin and Orchestra No.3 in G major,\u00a0\u00a0K.216<\/span><\/td>\n<td valign=\"top\" width=\"146\"><span lang=\"ES-TRAD\" style=\"color: #000000;\">Pablo Sarav\u00ed<\/span><\/td>\n<\/tr>\n<tr>\n<td valign=\"top\" width=\"192\"><span lang=\"ES-TRAD\" style=\"color: #000000;\">Brahms, Johannes<\/span><\/td>\n<td valign=\"top\" width=\"216\"><span lang=\"EN-US\" style=\"color: #000000;\">Symphony No.4 in E minor, op.98<\/span><\/td>\n<td valign=\"top\" width=\"146\"><span style=\"color: #000000;\">\u00a0<\/span><\/td>\n<\/tr>\n<tr>\n<td rowspan=\"6\" valign=\"top\" bgcolor=\"#95aabf\" width=\"216\">\n<p><span style=\"color: #000000;\">21 apr 02<\/span><\/p>\n<p><strong><span style=\"color: #000000;\"> Orquestra Sinf\u00f4nica Nacional &#8211; UFF<\/span><\/strong><\/p>\n<p><span style=\"color: #000000;\"> Centro de Artes UFF, Niter\u00f3i, Rio de Janeiro, Brasil<\/span><\/p>\n<p><span style=\"color: #000000;\"> Projeto Interculturalidades<\/span><\/td>\n<td rowspan=\"2\" valign=\"top\" bgcolor=\"#95aabf\" width=\"192\"><span style=\"color: #000000;\">Villa-Lobos, Heitor<\/span><\/td>\n<td valign=\"top\" bgcolor=\"#95aabf\" width=\"216\"><span style=\"color: #000000;\">Lundu da Marquesa de Santos<\/span><\/td>\n<td rowspan=\"2\" valign=\"top\" bgcolor=\"#95aabf\" width=\"146\"><span style=\"color: #000000;\">Joel Teles de Souza \/ Coro do N\u00facleo de \u00d3pera da Escola de M\u00fasica Villa-Lobos e Coral Sinf\u00f4nico da UFF<\/span><\/td>\n<\/tr>\n<tr>\n<td valign=\"top\" bgcolor=\"#95aabf\" width=\"216\"><span style=\"color: #000000;\">Invoca\u00e7\u00e3o em defesa da P\u00e1tria<\/span><\/td>\n<\/tr>\n<tr>\n<td rowspan=\"2\" valign=\"top\" bgcolor=\"#95aabf\" width=\"192\"><span style=\"color: #000000;\">Mignone, Francisco<\/span><\/td>\n<td valign=\"top\" bgcolor=\"#95aabf\" width=\"216\"><span style=\"color: #000000;\">Dan\u00e7a do Chico-Rei e da Rainha Ginga<\/span><\/td>\n<td valign=\"top\" bgcolor=\"#95aabf\" width=\"146\"><span style=\"color: #000000;\">Coro do N\u00facleo de \u00d3pera da Escola de M\u00fasica Villa-Lobos<\/span><\/td>\n<\/tr>\n<tr>\n<td valign=\"top\" bgcolor=\"#95aabf\" width=\"216\"><span style=\"color: #000000;\">Congada<\/span><\/td>\n<td valign=\"top\" bgcolor=\"#95aabf\" width=\"146\"><span style=\"color: #000000;\">\u00a0<\/span><\/td>\n<\/tr>\n<tr>\n<td valign=\"top\" bgcolor=\"#95aabf\" width=\"192\"><span style=\"color: #000000;\">Almeida Prado, Jos\u00e9 Ant\u00f4nio de, J.A.de<\/span><\/td>\n<td valign=\"top\" bgcolor=\"#95aabf\" width=\"216\"><span style=\"color: #000000;\">Sinfonia dos Orix\u00e1s<\/span><\/td>\n<td valign=\"top\" bgcolor=\"#95aabf\" width=\"146\"><span style=\"color: #000000;\">\u00a0<\/span><\/td>\n<\/tr>\n<tr>\n<td valign=\"top\" bgcolor=\"#95aabf\" width=\"192\"><span style=\"color: #000000;\">Fernandez, Lorenzo<\/span><\/td>\n<td valign=\"top\" bgcolor=\"#95aabf\" width=\"216\"><span style=\"color: #000000;\">Batuque &#8211; Dansa de Negros<\/span><\/td>\n<td valign=\"top\" bgcolor=\"#95aabf\" width=\"146\"><span style=\"color: #000000;\">\u00a0<\/span><\/td>\n<\/tr>\n<tr>\n<td rowspan=\"5\" valign=\"top\" width=\"216\">\n<p><span style=\"color: #000000;\">27 apr 02<\/span><\/p>\n<p><strong><span style=\"color: #000000;\"> Orquestra Sinf\u00f3nica UNCuyo<\/span><\/strong><\/p>\n<p><span style=\"color: #000000;\"> Teatro Universidad, Mendoza, Argentina<\/span><\/p>\n<p><span style=\"color: #000000;\"> OSUNCuyo Temporada 2002 &#8211; Programa II<\/span><\/td>\n<td valign=\"top\" width=\"192\"><span style=\"color: #000000;\">Copland, Aaron<\/span><\/td>\n<td valign=\"top\" width=\"216\"><span style=\"color: #000000;\">Fanfare for the common man<\/span><\/td>\n<td valign=\"top\" width=\"146\"><span style=\"color: #000000;\">\u00a0<\/span><\/td>\n<\/tr>\n<tr>\n<td valign=\"top\" width=\"192\"><span lang=\"ES-AR\" style=\"color: #000000;\">Dukas, Paul<\/span><\/td>\n<td valign=\"top\" width=\"216\"><span lang=\"ES-AR\" style=\"color: #000000;\">La P\u00e8ri Fanfare<\/span><\/td>\n<td valign=\"top\" width=\"146\"><span style=\"color: #000000;\">\u00a0<\/span><\/td>\n<\/tr>\n<tr>\n<td valign=\"top\" width=\"192\"><span lang=\"EN-US\" style=\"color: #000000;\">Grondhall, Launy<\/span><\/td>\n<td valign=\"top\" width=\"216\"><span lang=\"EN-US\" style=\"color: #000000;\">Concerto for Trombone<\/span><\/td>\n<td valign=\"top\" width=\"146\"><span lang=\"ES-AR\" style=\"color: #000000;\">Juan Romero<\/span><\/td>\n<\/tr>\n<tr>\n<td valign=\"top\" width=\"192\"><span lang=\"ES-AR\" style=\"color: #000000;\">Debussy, Claude<\/span><\/td>\n<td valign=\"top\" width=\"216\"><span lang=\"EN-US\" style=\"color: #000000;\">Rhapsody for Alto Saxophone and Orchestra<\/span><\/td>\n<td valign=\"top\" width=\"146\"><span lang=\"EN-US\" style=\"color: #000000;\">Pablo Salcedo<\/span><\/td>\n<\/tr>\n<tr>\n<td valign=\"top\" width=\"192\"><span lang=\"EN-US\" style=\"color: #000000;\">Gli\u00e8re, Reinhold<\/span><\/td>\n<td valign=\"top\" width=\"216\"><span lang=\"EN-US\" style=\"color: #000000;\">Concerto for Horn and Orchestra, op.91<\/span><\/td>\n<td valign=\"top\" width=\"146\"><span lang=\"ES-TRAD\" style=\"color: #000000;\">Alexander Takhmanov<\/span><\/td>\n<\/tr>\n<tr>\n<td rowspan=\"3\" valign=\"top\" bgcolor=\"#95aabf\" width=\"216\">\n<p><span lang=\"ES-TRAD\" style=\"color: #000000;\">04 may 02<\/span><\/p>\n<p><strong>Orquestra Sinf\u00f3nica UNCuyo<\/strong><\/p>\n<p>Teatro Universidad, Mendoza, Argentina<\/p>\n<p>OSUNCuyo Temporada 2002 &#8211; Programa III<\/td>\n<td valign=\"top\" bgcolor=\"#95aabf\" width=\"192\"><span lang=\"ES-TRAD\" style=\"color: #000000;\">Mozart, Wolfgang Amadeus<\/span><\/td>\n<td valign=\"top\" bgcolor=\"#95aabf\" width=\"216\"><span lang=\"ES-TRAD\" style=\"color: #000000;\">Concerto for Clarinet and Orchestra in A major, K.622\u00a0<\/span><\/td>\n<td valign=\"top\" bgcolor=\"#95aabf\" width=\"146\"><span lang=\"EN-US\" style=\"color: #000000;\">Sebasti\u00e1n Benenati<\/span><\/td>\n<\/tr>\n<tr>\n<td valign=\"top\" bgcolor=\"#95aabf\" width=\"192\"><span lang=\"EN-US\" style=\"color: #000000;\">Wagner, Richard<\/span><\/td>\n<td valign=\"top\" bgcolor=\"#95aabf\" width=\"216\"><span lang=\"EN-US\" style=\"color: #000000;\">Die Meistersinger Prelude<\/span><\/td>\n<td valign=\"top\" bgcolor=\"#95aabf\" width=\"146\"><span style=\"color: #000000;\">\u00a0<\/span><\/td>\n<\/tr>\n<tr>\n<td valign=\"top\" bgcolor=\"#95aabf\" width=\"192\"><span lang=\"ES-AR\" style=\"color: #000000;\">Liszt, Franz<\/span><\/td>\n<td valign=\"top\" bgcolor=\"#95aabf\" width=\"216\"><span lang=\"ES-AR\" style=\"color: #000000;\">Les Pr\u00e9ludes<\/span><\/td>\n<td valign=\"top\" bgcolor=\"#95aabf\" width=\"146\"><span style=\"color: #000000;\">\u00a0<\/span><\/td>\n<\/tr>\n<tr>\n<td valign=\"top\" width=\"216\">\n<p><span lang=\"ES-AR\" style=\"color: #000000;\">11 may 02<\/span><\/p>\n<p><strong>Orquestra Sinf\u00f3nica UNCuyo<\/strong><\/p>\n<p>Teatro Mendoza, mendoza, Argentina<\/p>\n<p>OSUNCuyo Temporada 2002 &#8211; Concierto 37o. Aniversario Coro Universitario de Mendoza<\/td>\n<td valign=\"top\" width=\"192\"><span lang=\"ES-AR\" style=\"color: #000000;\">Mozart, Wolfgang Amadeus<\/span><\/td>\n<td valign=\"top\" width=\"216\">\n<p><span lang=\"ES-AR\" style=\"color: #000000;\">Requiem K.626 for Soloists, Choir and Orchestra<\/span><\/p>\n<p><span style=\"color: #000000;\">\u00a0<\/span><\/td>\n<td valign=\"top\" width=\"146\"><span lang=\"ES-AR\" style=\"color: #000000;\">Fenicia Cangemi, Gloria L\u00f3pez, Marcelo Zelada, Marcelo Velazco \/ Coro Universitario de Mendoza<\/span><\/td>\n<\/tr>\n<tr>\n<td rowspan=\"3\" valign=\"top\" bgcolor=\"#95aabf\" width=\"216\">\n<p><span style=\"color: #000000;\">19 may 02<\/span><\/p>\n<p><strong><span style=\"color: #000000;\"> Orquestra Sinf\u00f4nica Nacional &#8211; UFF<\/span><\/strong><\/p>\n<p><span style=\"color: #000000;\"> Centro de Artes UFF, Niter\u00f3i, Rio de Janeiro, Brasil<\/span><\/p>\n<p><span lang=\"EN-US\" style=\"color: #000000;\"> S\u00e9rie Pianistas<\/span><\/td>\n<td valign=\"top\" bgcolor=\"#95aabf\" width=\"192\"><span lang=\"EN-US\" style=\"color: #000000;\">Rachmaninoff, Sergei<\/span><\/td>\n<td valign=\"top\" bgcolor=\"#95aabf\" width=\"216\"><span lang=\"EN-US\" style=\"color: #000000;\">Concerto for Piano and Orchestra No.2 in C minor, op.18<\/span><\/td>\n<td valign=\"top\" bgcolor=\"#95aabf\" width=\"146\"><span style=\"color: #000000;\">Luiz Carlos de Moura Castro<\/span><\/td>\n<\/tr>\n<tr>\n<td rowspan=\"2\" valign=\"top\" bgcolor=\"#95aabf\" width=\"192\"><span style=\"color: #000000;\">Weber, Carl Maria von<\/span><\/td>\n<td valign=\"top\" bgcolor=\"#95aabf\" width=\"216\"><span lang=\"EN-US\" style=\"color: #000000;\">Oberon Overture<\/span><\/td>\n<td valign=\"top\" bgcolor=\"#95aabf\" width=\"146\"><span style=\"color: #000000;\">\u00a0<\/span><\/td>\n<\/tr>\n<tr>\n<td valign=\"top\" bgcolor=\"#95aabf\" width=\"216\"><span lang=\"EN-US\" style=\"color: #000000;\">Concerto for Bassoon and Orchestra in F major, op.75<\/span><\/td>\n<td valign=\"top\" bgcolor=\"#95aabf\" width=\"146\"><span style=\"color: #000000;\">Andrea Merenzon<\/span><\/td>\n<\/tr>\n<tr>\n<td rowspan=\"3\" valign=\"top\" width=\"216\">\n<p><span style=\"color: #000000;\">26 may 02<\/span><\/p>\n<p><strong><span style=\"color: #000000;\"> Orquestra Sinf\u00f4nica Nacional &#8211; UFF<\/span><\/strong><\/p>\n<p><span style=\"color: #000000;\"> Centro de Artes UFF, Niter\u00f3i, Rio de Janeiro, Brasil<\/span><\/p>\n<p><span lang=\"ES-TRAD\" style=\"color: #000000;\"> S\u00e9rie Pianistas<\/span><\/td>\n<td valign=\"top\" width=\"192\"><span lang=\"ES-TRAD\" style=\"color: #000000;\">Falla, Manuel de<\/span><\/td>\n<td valign=\"top\" width=\"216\"><span lang=\"ES-TRAD\" style=\"color: #000000;\">Noches en los jard\u00ednes de Espa\u00f1a for Piano and Orchestra<\/span><\/td>\n<td valign=\"top\" width=\"146\"><span style=\"color: #000000;\">Eduardo Hubert<\/span><\/td>\n<\/tr>\n<tr>\n<td valign=\"top\" width=\"192\"><span style=\"color: #000000;\">Villa-Lobos, Heitor<\/span><\/td>\n<td valign=\"top\" width=\"216\"><span style=\"color: #000000;\">Bachianas No.4<\/span><\/td>\n<td valign=\"top\" width=\"146\"><span style=\"color: #000000;\">\u00a0<\/span><\/td>\n<\/tr>\n<tr>\n<td valign=\"top\" width=\"192\"><span style=\"color: #000000;\">Rimsky-Korsakov, Nikolai<\/span><\/td>\n<td valign=\"top\" width=\"216\"><span style=\"color: #000000;\">Capriccio Espagnol,\u00a0\u00a0op.34<\/span><\/td>\n<td valign=\"top\" width=\"146\"><span style=\"color: #000000;\">\u00a0<\/span><\/td>\n<\/tr>\n<tr>\n<td rowspan=\"5\" valign=\"top\" bgcolor=\"#95aabf\" width=\"216\">\n<p><span style=\"color: #000000;\">09 jun 02<\/span><\/p>\n<p><strong><span style=\"color: #000000;\"> Orquestra Sinf\u00f4nica Nacional &#8211; UFF<\/span><\/strong><\/p>\n<p><span style=\"color: #000000;\"> Centro de Artes UFF, Niter\u00f3i, Rio de Janeiro, Brasil<\/span><\/p>\n<p><span lang=\"ES-TRAD\" style=\"color: #000000;\"> Compositores americanos<\/span><\/td>\n<td rowspan=\"2\" valign=\"top\" bgcolor=\"#95aabf\" width=\"192\"><span lang=\"ES-TRAD\" style=\"color: #000000;\">Copland, Aaron<\/span><\/td>\n<td valign=\"top\" bgcolor=\"#95aabf\" width=\"216\"><span lang=\"EN-US\" style=\"color: #000000;\">Fanfare for the common man<\/span><\/td>\n<td valign=\"top\" bgcolor=\"#95aabf\" width=\"146\"><span style=\"color: #000000;\">\u00a0<\/span><\/td>\n<\/tr>\n<tr>\n<td valign=\"top\" bgcolor=\"#95aabf\" width=\"216\"><span lang=\"EN-US\" style=\"color: #000000;\">Appalachian Spring &#8211; Ballet for Martha<\/span><\/td>\n<td valign=\"top\" bgcolor=\"#95aabf\" width=\"146\"><span style=\"color: #000000;\">\u00a0<\/span><\/td>\n<\/tr>\n<tr>\n<td valign=\"top\" bgcolor=\"#95aabf\" width=\"192\"><span lang=\"EN-US\" style=\"color: #000000;\">Barber, Samuel<\/span><\/td>\n<td valign=\"top\" bgcolor=\"#95aabf\" width=\"216\"><span lang=\"EN-US\" style=\"color: #000000;\">Adagio for String Orchestra<\/span><\/td>\n<td valign=\"top\" bgcolor=\"#95aabf\" width=\"146\"><span style=\"color: #000000;\">\u00a0<\/span><\/td>\n<\/tr>\n<tr>\n<td valign=\"top\" bgcolor=\"#95aabf\" width=\"192\"><span lang=\"EN-US\" style=\"color: #000000;\">Bernstein<\/span><\/td>\n<td valign=\"top\" bgcolor=\"#95aabf\" width=\"216\"><span lang=\"EN-US\" style=\"color: #000000;\">Candide Overture<\/span><\/td>\n<td valign=\"top\" bgcolor=\"#95aabf\" width=\"146\"><span style=\"color: #000000;\">\u00a0<\/span><\/td>\n<\/tr>\n<tr>\n<td valign=\"top\" bgcolor=\"#95aabf\" width=\"192\"><span lang=\"EN-US\" style=\"color: #000000;\">Gershwin, George<\/span><\/td>\n<td valign=\"top\" bgcolor=\"#95aabf\" width=\"216\"><span lang=\"EN-US\" style=\"color: #000000;\">American in Paris<\/span><\/td>\n<td valign=\"top\" bgcolor=\"#95aabf\" width=\"146\"><span style=\"color: #000000;\">\u00a0<\/span><\/td>\n<\/tr>\n<tr>\n<td rowspan=\"6\" valign=\"top\" width=\"216\">\n<p><span style=\"color: #000000;\"><span lang=\"ES-TRAD\">22 jun 02<\/span><\/span><\/p>\n<p><strong>Orquestra Sinf\u00f3nica UNCuyo<\/strong><\/p>\n<p>Teatro Gran Rex, Mendoza, Argentina<\/p>\n<p><span lang=\"ES-AR\">Astor Piazzolla &#8211; A 10 a\u00f1os de su muerte<\/span><\/p>\n<p><span lang=\"ES-TRAD\" style=\"color: #000000;\">\u00a0<\/span><\/p>\n<p><span style=\"color: #000000;\">\u00a0<\/span><\/td>\n<td valign=\"top\" width=\"192\"><span lang=\"ES-TRAD\" style=\"color: #000000;\">Palmeri, Mart\u00edn<\/span><\/td>\n<td valign=\"top\" width=\"216\"><span lang=\"ES-TRAD\" style=\"color: #000000;\">Misatango a Buenos Aires<\/span><\/td>\n<td valign=\"top\" width=\"146\"><span lang=\"ES-TRAD\" style=\"color: #000000;\">Marcela Carrizo, soprano; Daniel Binelli, bandone\u00f3n; Gustavo Richter, piano \/ C. de C\u00e1mara UNCuyo; C. de AMICANA; Coro Juvenil Mart\u00edn Zapata<\/span><\/td>\n<\/tr>\n<tr>\n<td valign=\"top\" width=\"192\"><span lang=\"ES-AR\" style=\"color: #000000;\">Binelli, Daniel<\/span><\/td>\n<td valign=\"top\" width=\"216\"><span lang=\"ES-AR\" style=\"color: #000000;\">Preludio y Candombe<\/span><\/td>\n<td rowspan=\"5\" valign=\"top\" width=\"146\"><span lang=\"ES-AR\" style=\"color: #000000;\">Daniel Binelli<\/span><\/td>\n<\/tr>\n<tr>\n<td rowspan=\"4\" valign=\"top\" width=\"192\"><span lang=\"ES-AR\" style=\"color: #000000;\">Piazzolla, Astor<\/span><\/td>\n<td valign=\"top\" width=\"216\"><span lang=\"EN-US\" style=\"color: #000000;\">Concerto for Bandone\u00f3n, String Orchestra and Percussion<\/span><\/td>\n<\/tr>\n<tr>\n<td valign=\"top\" width=\"216\"><span lang=\"EN-US\" style=\"color: #000000;\">Oblivi\u00f3n for bandoneon and String Orchestra<\/span><\/td>\n<\/tr>\n<tr>\n<td valign=\"top\" width=\"216\"><span lang=\"ES-AR\" style=\"color: #000000;\">La muerte del Angel<\/span><\/td>\n<\/tr>\n<tr>\n<td valign=\"top\" width=\"216\"><span lang=\"ES-AR\" style=\"color: #000000;\">Milonga del Angel<\/span><\/td>\n<\/tr>\n<tr>\n<td rowspan=\"4\" valign=\"top\" bgcolor=\"#95aabf\" width=\"216\">\n<p><span lang=\"ES-AR\" style=\"color: #000000;\">29 jun 02<\/span><\/p>\n<p><strong>Orquestra Sinf\u00f3nica UNCuyo<\/strong><\/p>\n<p>Teatro Universidad, Mendoza, Argentina<\/p>\n<p>OSUNCuyo Temporada 2002 &#8211; Programa IX<\/p>\n<p>&nbsp;<\/td>\n<td valign=\"top\" bgcolor=\"#95aabf\" width=\"192\"><span lang=\"ES-AR\" style=\"color: #000000;\">Stravinsky, Igor<\/span><\/td>\n<td valign=\"top\" bgcolor=\"#95aabf\" width=\"216\"><span lang=\"ES-AR\" style=\"color: #000000;\">Suite No.1 for Small Orchestra\u00a0<\/span><\/td>\n<td valign=\"top\" bgcolor=\"#95aabf\" width=\"146\"><span style=\"color: #000000;\">\u00a0<\/span><\/td>\n<\/tr>\n<tr>\n<td valign=\"top\" bgcolor=\"#95aabf\" width=\"192\"><span lang=\"ES-AR\" style=\"color: #000000;\">Bartok, B\u00e9la<\/span><\/td>\n<td valign=\"top\" bgcolor=\"#95aabf\" width=\"216\"><span lang=\"ES-AR\" style=\"color: #000000;\">Concerto for Viola and Orchestra, op. posth.<\/span><\/td>\n<td valign=\"top\" bgcolor=\"#95aabf\" width=\"146\"><span lang=\"ES-AR\" style=\"color: #000000;\">Marcela Maggin<\/span><\/td>\n<\/tr>\n<tr>\n<td valign=\"top\" bgcolor=\"#95aabf\" width=\"192\"><span lang=\"ES-AR\" style=\"color: #000000;\">Pardo, Julio Cesar<\/span><\/td>\n<td valign=\"top\" bgcolor=\"#95aabf\" width=\"216\"><span lang=\"ES-AR\" style=\"color: #000000;\">Gran Tango for Bassoon and Orchestra in A minor\u00a0<\/span><\/td>\n<td valign=\"top\" bgcolor=\"#95aabf\" width=\"146\"><span lang=\"ES-AR\" style=\"color: #000000;\">Andrea Merenzon<\/span><\/td>\n<\/tr>\n<tr>\n<td valign=\"top\" bgcolor=\"#95aabf\" width=\"192\"><span lang=\"ES-AR\" style=\"color: #000000;\">Villa-Lobos, Heitor<\/span><\/td>\n<td valign=\"top\" bgcolor=\"#95aabf\" width=\"216\"><span lang=\"ES-AR\" style=\"color: #000000;\">Bachianas No.4<\/span><\/td>\n<td valign=\"top\" bgcolor=\"#95aabf\" width=\"146\"><span style=\"color: #000000;\">\u00a0<\/span><\/td>\n<\/tr>\n<tr>\n<td rowspan=\"4\" valign=\"top\" width=\"216\">\n<p><span style=\"color: #000000;\"><span lang=\"ES-AR\">06 jul 02<\/span><\/span><\/p>\n<p><strong>Orquestra Sinf\u00f3nica UNCuyo<\/strong><\/p>\n<p>Teatro Universidad, Mendoza, Argentina<\/p>\n<p><span lang=\"EN-US\">OSUNCuyo Temporada 2002\u00a0<\/span>&#8211;<span lang=\"EN-US\">Programa X<\/span><\/td>\n<td valign=\"top\" width=\"192\"><span lang=\"EN-US\" style=\"color: #000000;\">Bernstein, Leonard<\/span><\/td>\n<td valign=\"top\" width=\"216\"><span lang=\"EN-US\" style=\"color: #000000;\">Candide Overture<\/span><\/td>\n<td valign=\"top\" width=\"146\"><span style=\"color: #000000;\">\u00a0<\/span><\/td>\n<\/tr>\n<tr>\n<td valign=\"top\" width=\"192\"><span lang=\"EN-US\" style=\"color: #000000;\">Copland, Aaron<\/span><\/td>\n<td valign=\"top\" width=\"216\"><span lang=\"EN-US\" style=\"color: #000000;\">Appalachian Spring &#8211; Ballet for Martha<\/span><\/td>\n<td valign=\"top\" width=\"146\"><span style=\"color: #000000;\">\u00a0<\/span><\/td>\n<\/tr>\n<tr>\n<td valign=\"top\" width=\"192\"><span lang=\"EN-US\" style=\"color: #000000;\">Barber, Samuel<\/span><\/td>\n<td valign=\"top\" width=\"216\"><span lang=\"EN-US\" style=\"color: #000000;\">Adagio for String Orchestra<\/span><\/td>\n<td valign=\"top\" width=\"146\"><span style=\"color: #000000;\">\u00a0<\/span><\/td>\n<\/tr>\n<tr>\n<td valign=\"top\" width=\"192\"><span lang=\"EN-US\" style=\"color: #000000;\">Gershwin, George<\/span><\/td>\n<td valign=\"top\" width=\"216\"><span lang=\"EN-US\" style=\"color: #000000;\">American in Paris<\/span><\/td>\n<td valign=\"top\" width=\"146\"><span style=\"color: #000000;\">\u00a0<\/span><\/td>\n<\/tr>\n<tr>\n<td rowspan=\"4\" valign=\"top\" bgcolor=\"#95aabf\" width=\"216\">\n<p><span style=\"color: #000000;\">14 jul 02<\/span><\/p>\n<p><strong><span style=\"color: #000000;\"> Orquestra Filarm\u00f4nica Nacional da Mold\u00e1via<\/span><\/strong><\/p>\n<p><span style=\"color: #000000;\"> Teatro Acad\u00eamico Gil Vicente, Coimbra, Portugal<\/span><\/p>\n<p><span style=\"color: #000000;\"> X Festival Internacional de M\u00fasica de Coimbra<\/span><\/td>\n<td valign=\"top\" bgcolor=\"#95aabf\" width=\"192\"><span style=\"color: #000000;\">Freitas Branco, Lu\u00eds de<\/span><\/td>\n<td valign=\"top\" bgcolor=\"#95aabf\" width=\"216\"><span style=\"color: #000000;\">Su\u00edte Alentejana No.2<\/span><\/td>\n<td valign=\"top\" bgcolor=\"#95aabf\" width=\"146\"><span style=\"color: #000000;\">\u00a0<\/span><\/td>\n<\/tr>\n<tr>\n<td valign=\"top\" bgcolor=\"#95aabf\" width=\"192\"><span lang=\"EN-US\" style=\"color: #000000;\">Mozart, Wolfgang Amadeus<\/span><\/td>\n<td valign=\"top\" bgcolor=\"#95aabf\" width=\"216\"><span lang=\"EN-US\" style=\"color: #000000;\">Concerto for Clarinet and Orchestra in A major, K.622<\/span><\/td>\n<td valign=\"top\" bgcolor=\"#95aabf\" width=\"146\"><span lang=\"EN-US\" style=\"color: #000000;\">Darko Brlek<\/span><\/td>\n<\/tr>\n<tr>\n<td valign=\"top\" bgcolor=\"#95aabf\" width=\"192\"><span lang=\"EN-US\" style=\"color: #000000;\">Chopin, Fr\u00e9d\u00e9ric<\/span><\/td>\n<td valign=\"top\" bgcolor=\"#95aabf\" width=\"216\"><span lang=\"EN-US\" style=\"color: #000000;\">Concerto for Piano and Orchestra No.2 in F minor, op.21<\/span><\/td>\n<td valign=\"top\" bgcolor=\"#95aabf\" width=\"146\"><span style=\"color: #000000;\">Sandro de Palma<\/span><\/td>\n<\/tr>\n<tr>\n<td valign=\"top\" bgcolor=\"#95aabf\" width=\"192\"><span lang=\"ES-AR\" style=\"color: #000000;\">Liszt, Franz<\/span><\/td>\n<td valign=\"top\" bgcolor=\"#95aabf\" width=\"216\"><span lang=\"ES-AR\" style=\"color: #000000;\">Les Pr\u00e9ludes<\/span><\/td>\n<td valign=\"top\" bgcolor=\"#95aabf\" width=\"146\"><span style=\"color: #000000;\">\u00a0<\/span><\/td>\n<\/tr>\n<tr>\n<td rowspan=\"6\" valign=\"top\" width=\"216\">\n<p><span style=\"color: #000000;\">04 aug 02<\/span><\/p>\n<p><strong><span style=\"color: #000000;\"> Orquestra Sinf\u00f4nica Nacional &#8211; UFF<\/span><\/strong><\/p>\n<p><span style=\"color: #000000;\"> Sala Cec\u00edlia Meireles, Rio de Janeiro, Brasil<\/span><\/p>\n<p><span lang=\"EN-US\" style=\"color: #000000;\"> VIII International Cello Encounter<\/span><\/td>\n<td valign=\"top\" width=\"192\"><span lang=\"ES-AR\" style=\"color: #000000;\">Beethoven, Ludwig van<\/span><\/td>\n<td valign=\"top\" width=\"216\"><span lang=\"EN-US\" style=\"color: #000000;\">Concerto for Piano and Orchestra No.4 in G major, op.58<\/span><\/td>\n<td valign=\"top\" width=\"146\"><span lang=\"EN-US\" style=\"color: #000000;\">Gerald Robbins<\/span><\/td>\n<\/tr>\n<tr>\n<td valign=\"top\" width=\"192\"><span lang=\"EN-US\" style=\"color: #000000;\">Bruch, Max<\/span><\/td>\n<td valign=\"top\" width=\"216\"><span lang=\"EN-US\" style=\"color: #000000;\">Kol Nidrei, for Violoncello and Orchestra<\/span><\/td>\n<td valign=\"top\" width=\"146\"><span lang=\"EN-US\" style=\"color: #000000;\">F\u00e1bio Presgrave<\/span><\/td>\n<\/tr>\n<tr>\n<td valign=\"top\" width=\"192\"><span lang=\"EN-US\" style=\"color: #000000;\">Schumann, Robert<\/span><\/td>\n<td valign=\"top\" width=\"216\"><span lang=\"EN-US\" style=\"color: #000000;\">Concerto for Violoncello and Orchestra\u00a0\u00a0in A minor, op.129<\/span><\/td>\n<td valign=\"top\" width=\"146\"><span lang=\"EN-US\" style=\"color: #000000;\">Darrett Adkins<\/span><\/td>\n<\/tr>\n<tr>\n<td valign=\"top\" width=\"192\"><span lang=\"EN-US\" style=\"color: #000000;\">Ashbridge, David<\/span><\/td>\n<td valign=\"top\" width=\"216\"><span lang=\"EN-US\" style=\"color: #000000;\">Double Concerto for Violoncello and Soprano on poems by Rabinranath Tagore<\/span><\/td>\n<td valign=\"top\" width=\"146\"><span lang=\"EN-US\" style=\"color: #000000;\">Martha Herr; Anatoli Krastev<\/span><\/td>\n<\/tr>\n<tr>\n<td valign=\"top\" width=\"192\"><span lang=\"EN-US\" style=\"color: #000000;\">Tiso, Wagner<\/span><\/td>\n<td valign=\"top\" width=\"216\"><span style=\"color: #000000;\">Reflex\u00f5es sobre a ostra e o vento, p\/ cello<\/span><\/td>\n<td valign=\"top\" width=\"146\"><span style=\"color: #000000;\">Hugo Pilger<\/span><\/td>\n<\/tr>\n<tr>\n<td valign=\"top\" width=\"192\"><span style=\"color: #000000;\">Avellar, Lu\u00eds<\/span><\/td>\n<td valign=\"top\" width=\"216\"><span lang=\"EN-US\" style=\"color: #000000;\">Tangos for Violoncello, Piano and Orchestra\u00a0<\/span><\/td>\n<td valign=\"top\" width=\"146\"><span lang=\"ES-TRAD\" style=\"color: #000000;\">Iura Ranevsky; Luiz Avellar<\/span><\/td>\n<\/tr>\n<tr>\n<td rowspan=\"2\" valign=\"top\" bgcolor=\"#95aabf\" width=\"216\">\n<p><span lang=\"ES-TRAD\" style=\"color: #000000;\">09 aug 02<\/span><\/p>\n<p><strong>Orquestra Sinf\u00f3nica UNCuyo<\/strong><\/p>\n<p>Teatro Universidad, Mendoza, Argentina<\/p>\n<p>OSUNCuyo Temporada 2002 &#8211; Programa XII<\/td>\n<td valign=\"top\" bgcolor=\"#95aabf\" width=\"192\"><span lang=\"ES-AR\" style=\"color: #000000;\">Prokofiev, Serge<\/span><\/td>\n<td valign=\"top\" bgcolor=\"#95aabf\" width=\"216\"><span lang=\"ES-AR\" style=\"color: #000000;\">Concerto for Piano and Orchestra No.3 in C major, op.26<\/span><\/td>\n<td valign=\"top\" bgcolor=\"#95aabf\" width=\"146\"><span style=\"color: #000000;\">Cecilia Pillado<\/span><\/td>\n<\/tr>\n<tr>\n<td valign=\"top\" bgcolor=\"#95aabf\" width=\"192\"><span style=\"color: #000000;\">Mozart, Wolfgang Amadeus<\/span><\/td>\n<td valign=\"top\" bgcolor=\"#95aabf\" width=\"216\"><span lang=\"EN-US\" style=\"color: #000000;\">Symphony No.40 in G minor, K.550\u00a0<\/span><\/td>\n<td valign=\"top\" bgcolor=\"#95aabf\" width=\"146\"><span style=\"color: #000000;\">\u00a0<\/span><\/td>\n<\/tr>\n<tr>\n<td rowspan=\"3\" valign=\"top\" width=\"216\">\n<p><span lang=\"ES-AR\" style=\"color: #000000;\">15 aug 02<\/span><\/p>\n<p><strong>Orquestra Sinf\u00f3nica UNCuyo<\/strong><\/p>\n<p>Teatro Universidad, Mendoza, Argentina<\/p>\n<p>63o. Aniversario de la Universidad Nacional de Cuyo<\/td>\n<td valign=\"top\" width=\"192\"><span lang=\"EN-US\" style=\"color: #000000;\">Brahms, Johannes<\/span><\/td>\n<td valign=\"top\" width=\"216\"><span lang=\"EN-US\" style=\"color: #000000;\">Academic Festival Overture, op.80<\/span><\/td>\n<td valign=\"top\" width=\"146\"><span style=\"color: #000000;\">\u00a0<\/span><\/td>\n<\/tr>\n<tr>\n<td valign=\"top\" width=\"192\"><span lang=\"ES-AR\" style=\"color: #000000;\">Gutierrez del Barrio, Ram\u00f3n<\/span><\/td>\n<td valign=\"top\" width=\"216\"><span lang=\"ES-AR\" style=\"color: #000000;\">Yarav\u00ed<\/span><\/td>\n<td valign=\"top\" width=\"146\"><span style=\"color: #000000;\">\u00a0<\/span><\/td>\n<\/tr>\n<tr>\n<td valign=\"top\" width=\"192\"><span lang=\"ES-AR\" style=\"color: #000000;\">Perceval, Julio<\/span><\/td>\n<td valign=\"top\" width=\"216\"><span lang=\"EN-US\" style=\"color: #000000;\">Te Deum for Tenor, Choir and Orchestra<\/span><\/td>\n<td valign=\"top\" width=\"146\"><span lang=\"ES-AR\" style=\"color: #000000;\">Fenando Ballesteros \/ C.Universitario de Mendoza; C. de C\u00e1mara UNCuyo; C. de Ni\u00f1os de la UNCuyo<\/span><\/td>\n<\/tr>\n<tr>\n<td rowspan=\"2\" valign=\"top\" bgcolor=\"#95aabf\" width=\"216\">\n<p><span style=\"color: #000000;\">25 aug 02<\/span><\/p>\n<p><strong><span style=\"color: #000000;\"> OSN-UFF<\/span><\/strong><\/p>\n<p><span style=\"color: #000000;\"> Centro de Artes UFF, Niter\u00f3i, Rio de Janeiro, Brasil<\/span><\/p>\n<p><span lang=\"EN-US\" style=\"color: #000000;\"> S\u00e9rie Pianistas<\/span><\/td>\n<td valign=\"top\" bgcolor=\"#95aabf\" width=\"192\"><span lang=\"EN-US\" style=\"color: #000000;\">Grieg, Edvard<\/span><\/td>\n<td valign=\"top\" bgcolor=\"#95aabf\" width=\"216\"><span lang=\"EN-US\" style=\"color: #000000;\">Concerto for Piano and Orchestra\u00a0in A minor, op.16<\/span><\/td>\n<td valign=\"top\" bgcolor=\"#95aabf\" width=\"146\"><span lang=\"EN-US\" style=\"color: #000000;\">Anne Kaasa<\/span><\/td>\n<\/tr>\n<tr>\n<td valign=\"top\" bgcolor=\"#95aabf\" width=\"192\"><span lang=\"EN-US\" style=\"color: #000000;\">Dvor\u00e1k, Antonin<\/span><\/td>\n<td valign=\"top\" bgcolor=\"#95aabf\" width=\"216\"><span lang=\"EN-US\" style=\"color: #000000;\">Symphony No.9\u00a0\u00a0in E minor, op.95 &#8220;From the New World&#8221;<\/span><\/td>\n<td valign=\"top\" bgcolor=\"#95aabf\" width=\"146\"><span style=\"color: #000000;\">\u00a0<\/span><\/td>\n<\/tr>\n<tr>\n<td rowspan=\"2\" valign=\"top\" width=\"216\">\n<p><span lang=\"ES-AR\" style=\"color: #000000;\">31 aug 02<\/span><\/p>\n<p><strong>Orquestra Sinf\u00f3nica UNCuyo<\/strong><\/p>\n<p>Teatro\u00a0\u00a0Gran Rex, Mendoza, Argentina<\/p>\n<p>OSUNCuyo Temporada 2002 &#8211; Programa XIV<\/td>\n<td valign=\"top\" width=\"192\"><span lang=\"ES-AR\" style=\"color: #000000;\">Beethoven, Ludwig van<\/span><\/td>\n<td valign=\"top\" width=\"216\"><span lang=\"EN-US\" style=\"color: #000000;\">Concerto for Piano and Orchestra n.5 in E-flat major, op.73, &#8220;Emperor&#8221;<\/span><\/td>\n<td valign=\"top\" width=\"146\"><span lang=\"EN-US\" style=\"color: #000000;\">Bruno Gelber<\/span><\/td>\n<\/tr>\n<tr>\n<td valign=\"top\" width=\"192\"><span lang=\"EN-US\" style=\"color: #000000;\">Dvor\u00e1k, Antonin<\/span><\/td>\n<td valign=\"top\" width=\"216\"><span lang=\"EN-US\" style=\"color: #000000;\">Symphony No.9\u00a0\u00a0in E minor, op.95 &#8220;From the New World&#8221;<\/span><\/td>\n<td valign=\"top\" width=\"146\"><span style=\"color: #000000;\">\u00a0<\/span><\/td>\n<\/tr>\n<tr>\n<td rowspan=\"3\" valign=\"top\" bgcolor=\"#95aabf\" width=\"216\">\n<p><span lang=\"ES-AR\" style=\"color: #000000;\">07 sep 02<\/span><\/p>\n<p><strong>Orquestra Sinf\u00f3nica UNCuyo<\/strong><\/p>\n<p>Teatro Universidad, Mendoza, Argentina<\/p>\n<p>OSUNCuyo Temporada 2002 &#8211; Programa XV<\/td>\n<td valign=\"top\" bgcolor=\"#95aabf\" width=\"192\"><span lang=\"ES-AR\" style=\"color: #000000;\">Ginastera, Alberto<\/span><\/td>\n<td valign=\"top\" bgcolor=\"#95aabf\" width=\"216\"><span lang=\"ES-AR\" style=\"color: #000000;\">Impresiones de la Puna for Flute and String Orchestra<\/span><\/td>\n<td valign=\"top\" bgcolor=\"#95aabf\" width=\"146\"><span lang=\"EN-US\" style=\"color: #000000;\">Lars Nilsson<\/span><\/td>\n<\/tr>\n<tr>\n<td rowspan=\"2\" valign=\"top\" bgcolor=\"#95aabf\" width=\"192\"><span lang=\"EN-US\" style=\"color: #000000;\">Villa-Lobos, Heitor<\/span><\/td>\n<td valign=\"top\" bgcolor=\"#95aabf\" width=\"216\"><span lang=\"EN-US\" style=\"color: #000000;\">Concerto for Guitar and Orchestra<\/span><\/td>\n<td valign=\"top\" bgcolor=\"#95aabf\" width=\"146\"><span lang=\"EN-US\" style=\"color: #000000;\">Mar\u00eda Isabel Siewers<\/span><\/td>\n<\/tr>\n<tr>\n<td valign=\"top\" bgcolor=\"#95aabf\" width=\"216\"><span lang=\"EN-US\" style=\"color: #000000;\">Momo Precoce for Piano and Orchestra<\/span><\/td>\n<td valign=\"top\" bgcolor=\"#95aabf\" width=\"146\"><span lang=\"EN-US\" style=\"color: #000000;\">Luiz Carlos de Moura Castro<\/span><\/td>\n<\/tr>\n<tr>\n<td valign=\"top\" width=\"216\">\n<p><span lang=\"EN-US\" style=\"color: #000000;\">21 sep 02<\/span><\/p>\n<p><strong>Orquestra Sinf\u00f3nica UNCuyo<\/strong><\/p>\n<p>Teatro Universidad, Mendoza, Argentina<\/p>\n<p>OSUNCuyo Temporada 2002 &#8211; Programa XVI<\/td>\n<td valign=\"top\" width=\"192\"><span lang=\"EN-US\" style=\"color: #000000;\">Mahler, Gustav<\/span><\/td>\n<td valign=\"top\" width=\"216\"><span lang=\"EN-US\" style=\"color: #000000;\">Symphony No.1 in D major, &#8220;Titan&#8221;<\/span><\/td>\n<td valign=\"top\" width=\"146\"><span style=\"color: #000000;\">\u00a0<\/span><\/td>\n<\/tr>\n<tr>\n<td valign=\"top\" bgcolor=\"#95aabf\" width=\"216\">\n<p><span lang=\"ES-AR\" style=\"color: #000000;\">10 oct 02 a 13 oct 02<\/span><\/p>\n<p><strong>Orquestra Sinf\u00f3nica UNCuyo<\/strong><\/p>\n<p>Teatro\u00a0\u00a0Gran Rex, Mendoza, Argentina<\/p>\n<p>Nocheros en vivo<\/td>\n<td valign=\"top\" bgcolor=\"#95aabf\" width=\"192\"><span lang=\"ES-AR\" style=\"color: #000000;\">Casti\u00f1eira de Dios (Arr.)<\/span><\/td>\n<td valign=\"top\" bgcolor=\"#95aabf\" width=\"216\"><span lang=\"ES-AR\" style=\"color: #000000;\">Ausencia; Jam\u00e1s; Cosa peligrosa; Mucho m\u00e1s que piel; Ang\u00e9lica; Soy como soy; Entre la tierra y el cielo; La yapa; La tristeza de tu adi\u00f3s; Penas y alegr\u00edas del amor; Canci\u00f3n de adi\u00f3s; Chacarera del rancho; T\u00f3mame; No saber de t\u00ed; Resistiendo; Mam\u00e1, mam\u00e1; Vuela una l\u00e1grima; T\u00fa y yo; Materia pendiente; Se\u00f1al de amor<\/span><\/td>\n<td valign=\"top\" bgcolor=\"#95aabf\" width=\"146\"><span lang=\"ES-AR\" style=\"color: #000000;\">Los Nocheros (Kike Teruel, Mario Teruel, Rub\u00e9n Ehizaguirre, Jorge Rojas)<\/span><\/td>\n<\/tr>\n<tr>\n<td rowspan=\"4\" valign=\"top\" width=\"216\">\n<p><span style=\"color: #000000;\"><span lang=\"ES-AR\">18 oct 02 e 19 oct 02<\/span><\/span><\/p>\n<p><span lang=\"ES-TRAD\"><strong>Orquesta Sinf\u00f3nica de Chile<\/strong><\/span><\/p>\n<p><span lang=\"ES-AR\">Teatro Universidad, Santiago, Chile<\/span><\/p>\n<p>Festival de Primavera &#8211; &#8220;Homenaje a una vida profesional&#8221;<\/td>\n<td valign=\"top\" width=\"192\"><span style=\"color: #000000;\">Weber, Carl Maria von<\/span><\/td>\n<td valign=\"top\" width=\"216\"><span lang=\"EN-US\" style=\"color: #000000;\">Oberon Overture<\/span><\/td>\n<td valign=\"top\" width=\"146\"><span style=\"color: #000000;\">\u00a0<\/span><\/td>\n<\/tr>\n<tr>\n<td valign=\"top\" width=\"192\"><span lang=\"EN-US\" style=\"color: #000000;\">Schumann, Robert<\/span><\/td>\n<td valign=\"top\" width=\"216\"><span lang=\"EN-US\" style=\"color: #000000;\">Concerto for Violin and Orchestra in D minor<\/span><\/td>\n<td valign=\"top\" width=\"146\"><span style=\"color: #000000;\">Alberto Dourth\u00e9 Abb\u00e9<\/span><\/td>\n<\/tr>\n<tr>\n<td valign=\"top\" width=\"192\"><span lang=\"EN-US\" style=\"color: #000000;\">Pardo, Julio Cesar<\/span><\/td>\n<td valign=\"top\" width=\"216\"><span lang=\"EN-US\" style=\"color: #000000;\">Gran Tango for Bassoon and Orchestra in A minor<\/span><\/td>\n<td valign=\"top\" width=\"146\"><span style=\"color: #000000;\">Em\u00edlio Donatucci<\/span><\/td>\n<\/tr>\n<tr>\n<td valign=\"top\" width=\"192\"><span style=\"color: #000000;\">Villa-Lobos, Heitor<\/span><\/td>\n<td valign=\"top\" width=\"216\"><span style=\"color: #000000;\">Bachianas Brasileiras No.4<\/span><\/td>\n<td valign=\"top\" width=\"146\"><span style=\"color: #000000;\">\u00a0<\/span><\/td>\n<\/tr>\n<tr>\n<td valign=\"top\" bgcolor=\"#95aabf\" width=\"216\">\n<p><span style=\"color: #000000;\">26 oct 02\u00a0<\/span><\/p>\n<p><strong><span style=\"color: #000000;\"> Orquestas Juveniles<\/span><\/strong><\/p>\n<p><span style=\"color: #000000;\"> Teatro Col\u00f3n, Argentina<\/span><\/p>\n<p><span style=\"color: #000000;\"> 2\u00ba Encuentro Internacional de Orquestas Juveniles<\/span><\/td>\n<td valign=\"top\" bgcolor=\"#95aabf\" width=\"192\"><span style=\"color: #000000;\">Brahms, Johanes<\/span><\/td>\n<td valign=\"top\" bgcolor=\"#95aabf\" width=\"216\"><span style=\"color: #000000;\">Hungarian Dances<\/span><\/td>\n<td valign=\"top\" bgcolor=\"#95aabf\" width=\"146\"><span style=\"color: #000000;\">\u00a0<\/span><\/td>\n<\/tr>\n<tr>\n<td rowspan=\"9\" valign=\"top\" width=\"216\">\n<p><span style=\"color: #000000;\">28 oct 02<\/span><\/p>\n<p><strong><span style=\"color: #000000;\"> Orquestra Filarm\u00f3nica de Buenos Aires<\/span><\/strong><\/p>\n<p><span style=\"color: #000000;\"> Teatro Col\u00f3n,\u00a0Argentina<\/span><\/p>\n<p><span style=\"color: #000000;\"> Temporada de Abonos de la DAIA\u00a0(Delega\u00e7\u00e3o de Associa\u00e7\u00f5es Israelitas Argentinas)<\/span><\/td>\n<td valign=\"top\" width=\"192\"><span lang=\"EN-US\" style=\"color: #000000;\">Dvor\u00e1k, Antonin<\/span><\/td>\n<td valign=\"top\" width=\"216\"><span lang=\"EN-US\" style=\"color: #000000;\">Symphony No.9\u00a0\u00a0in E minor, op.95 &#8220;From the New World&#8221;<\/span><\/td>\n<td valign=\"top\" width=\"146\"><span style=\"color: #000000;\">\u00a0<\/span><\/td>\n<\/tr>\n<tr>\n<td valign=\"top\" width=\"192\"><span lang=\"EN-US\" style=\"color: #000000;\">Bloch, Ernst<\/span><\/td>\n<td valign=\"top\" width=\"216\"><span lang=\"EN-US\" style=\"color: #000000;\">Schelomo for Viocello and Orchestra<\/span><\/td>\n<td valign=\"top\" width=\"146\"><span lang=\"ES-AR\" style=\"color: #000000;\">Carlos Nozzi<\/span><\/td>\n<\/tr>\n<tr>\n<td valign=\"top\" width=\"192\"><span lang=\"ES-AR\" style=\"color: #000000;\">Berlioz, Hector<\/span><\/td>\n<td valign=\"top\" width=\"216\"><span lang=\"ES-AR\" style=\"color: #000000;\">Le spectre de la rose (Les nuits d&#8217;\u00e9t\u00e9)<\/span><\/td>\n<td valign=\"top\" width=\"146\"><span style=\"color: #000000;\">Vera Cirkovic (Mezzo-soprano)<\/span><\/td>\n<\/tr>\n<tr>\n<td valign=\"top\" width=\"192\"><span lang=\"ES-AR\" style=\"color: #000000;\">Puccini, Giacomo<\/span><\/td>\n<td valign=\"top\" width=\"216\"><span lang=\"ES-AR\" style=\"color: #000000;\">Manon Lescaut (Pazzo son, guardate&#8230; )<\/span><\/td>\n<td valign=\"top\" width=\"146\"><span style=\"color: #000000;\">Dario Volont\u00e9 (Tenor)<\/span><\/td>\n<\/tr>\n<tr>\n<td valign=\"top\" width=\"192\"><span style=\"color: #000000;\">Cilea, Francesco<\/span><\/td>\n<td valign=\"top\" width=\"216\"><span style=\"color: #000000;\">Acerba volutt\u00e1 (Adriana Lecouvreur)<\/span><\/td>\n<td valign=\"top\" width=\"146\"><span style=\"color: #000000;\">Vera Cirkovic (Mezzo-soprano)<\/span><\/td>\n<\/tr>\n<tr>\n<td valign=\"top\" width=\"192\"><span style=\"color: #000000;\">Verdi, Giuseppe<\/span><\/td>\n<td valign=\"top\" width=\"216\"><span style=\"color: #000000;\">Celeste Aida (Aida)<\/span><\/td>\n<td valign=\"top\" width=\"146\"><span style=\"color: #000000;\">Dario Volont\u00e9 (Tenor)<\/span><\/td>\n<\/tr>\n<tr>\n<td valign=\"top\" width=\"192\"><span lang=\"EN-US\" style=\"color: #000000;\">Saint-Sa\u00ebns, Camille<\/span><\/td>\n<td valign=\"top\" width=\"216\"><span style=\"color: #000000;\">Samson y Dalila (Aria Dalila: \u00a8Mon coeur s\u00b4ouvre a ta voix\u00a8)<\/span><\/td>\n<td valign=\"top\" width=\"146\"><span style=\"color: #000000;\">Vera Cirkovic (Mezzo-soprano)<\/span><\/td>\n<\/tr>\n<tr>\n<td valign=\"top\" width=\"192\"><span style=\"color: #000000;\">Puccini, Giacomo<\/span><\/td>\n<td valign=\"top\" width=\"216\"><span style=\"color: #000000;\">Turandot (Nessun dorma )<\/span><\/td>\n<td valign=\"top\" width=\"146\"><span style=\"color: #000000;\">Dario Volont\u00e9 (Tenor)<\/span><\/td>\n<\/tr>\n<tr>\n<td valign=\"top\" width=\"192\"><span style=\"color: #000000;\">Boito, Arrigo<\/span><\/td>\n<td valign=\"top\" width=\"216\"><span style=\"color: #000000;\">Mefistofele (Lontano, lontano, lontano)<\/span><\/td>\n<td valign=\"top\" width=\"146\"><span style=\"color: #000000;\">Vera Cirkovic (Mezzo-soprano)\/ Dario Volont\u00e9<\/span><\/td>\n<\/tr>\n<tr>\n<td rowspan=\"7\" valign=\"top\" bgcolor=\"#95aabf\" width=\"216\">\n<p><span style=\"color: #000000;\">19 nov 02<\/span><\/p>\n<p><strong><span style=\"color: #000000;\"> Orquestra Sinf\u00f4nica Nacional &#8211; UFF<\/span><\/strong><\/p>\n<p><span style=\"color: #000000;\"> Centro de Artes UFF, Niter\u00f3i, Rio de Janeiro, Brasil<\/span><\/p>\n<p><span style=\"color: #000000;\"> Recondu\u00e7\u00e3o do Reitor da UFF<\/span><\/td>\n<td valign=\"top\" bgcolor=\"#95aabf\" width=\"192\"><span style=\"color: #000000;\">Donizetti, Gaetano<\/span><\/td>\n<td valign=\"top\" bgcolor=\"#95aabf\" width=\"216\"><span style=\"color: #000000;\">Cavatina di Norina (Don Pasquale)<\/span><\/td>\n<td valign=\"top\" bgcolor=\"#95aabf\" width=\"146\"><span style=\"color: #000000;\">Patr\u00edcia Vilches<\/span><\/td>\n<\/tr>\n<tr>\n<td valign=\"top\" bgcolor=\"#95aabf\" width=\"192\"><span style=\"color: #000000;\">Beethoven, Ludwig van<\/span><\/td>\n<td valign=\"top\" bgcolor=\"#95aabf\" width=\"216\"><span style=\"color: #000000;\">Prometheus (Die Gesch\u00f6pfe des Prometheus) Overture<\/span><\/td>\n<td valign=\"top\" bgcolor=\"#95aabf\" width=\"146\"><span style=\"color: #000000;\">\u00a0<\/span><\/td>\n<\/tr>\n<tr>\n<td valign=\"top\" bgcolor=\"#95aabf\" width=\"192\"><span style=\"color: #000000;\">Leclair, Jean Marie<\/span><\/td>\n<td valign=\"top\" bgcolor=\"#95aabf\" width=\"216\"><span lang=\"EN-US\" style=\"color: #000000;\">Concerto for Obo\u00e9 and String Orchestra in C major, op.VII.3<\/span><\/td>\n<td valign=\"top\" bgcolor=\"#95aabf\" width=\"146\"><span style=\"color: #000000;\">Mois\u00e9s \u00c1vila Maciel<\/span><\/td>\n<\/tr>\n<tr>\n<td valign=\"top\" bgcolor=\"#95aabf\" width=\"192\"><span lang=\"EN-US\" style=\"color: #000000;\">Rossini, Gioacchino<\/span><\/td>\n<td valign=\"top\" bgcolor=\"#95aabf\" width=\"216\"><span lang=\"EN-US\" style=\"color: #000000;\">La Cenerentola Overture<\/span><\/td>\n<td valign=\"top\" bgcolor=\"#95aabf\" width=\"146\"><span style=\"color: #000000;\">\u00a0<\/span><\/td>\n<\/tr>\n<tr>\n<td rowspan=\"2\" valign=\"top\" bgcolor=\"#95aabf\" width=\"192\"><span lang=\"EN-US\" style=\"color: #000000;\">Mozart, Wolfgang Amadeus<\/span><\/td>\n<td valign=\"top\" bgcolor=\"#95aabf\" width=\"216\"><span lang=\"EN-US\" style=\"color: #000000;\">Symphony No.35 in D major, K.385 &#8220;Haffner&#8221;<\/span><\/td>\n<td valign=\"top\" bgcolor=\"#95aabf\" width=\"146\"><span style=\"color: #000000;\">\u00a0<\/span><\/td>\n<\/tr>\n<tr>\n<td valign=\"top\" bgcolor=\"#95aabf\" width=\"216\"><span lang=\"EN-US\" style=\"color: #000000;\">Cos\u00ed fan tutte Overture<\/span><\/td>\n<td valign=\"top\" bgcolor=\"#95aabf\" width=\"146\"><span style=\"color: #000000;\">\u00a0<\/span><\/td>\n<\/tr>\n<tr>\n<td valign=\"top\" bgcolor=\"#95aabf\" width=\"192\"><span lang=\"ES-AR\" style=\"color: #000000;\">Puccini, Giacomo<\/span><\/td>\n<td valign=\"top\" bgcolor=\"#95aabf\" width=\"216\"><span lang=\"ES-AR\" style=\"color: #000000;\">Gianni Schicchi ( Aria Lauretta: \u00a8O mio babbino caro\u00a8)<\/span><\/td>\n<td valign=\"top\" bgcolor=\"#95aabf\" width=\"146\"><span lang=\"ES-AR\" style=\"color: #000000;\">Patr\u00edcia Vilches<\/span><\/td>\n<\/tr>\n<tr>\n<td valign=\"top\" width=\"216\">\n<p><span lang=\"ES-AR\" style=\"color: #000000;\">30 nov 02<\/span><\/p>\n<p><strong>Orquestra Sinf\u00f3nica UNCuyo<\/strong><\/p>\n<p>Teatro Gran Rex, Mendoza, Argentina<\/p>\n<p>Concierto clausura de la Temporada 2002<\/td>\n<td valign=\"top\" width=\"192\"><span lang=\"EN-US\" style=\"color: #000000;\">Mendelssohn, Felix<\/span><\/td>\n<td valign=\"top\" width=\"216\"><span lang=\"EN-US\" style=\"color: #000000;\">Midsummernight&#8217;s dream, op.21 &amp; 61\u00a0\u00a0for 2 solo sopranos, women&#8217;s chorus and Orchestra<\/span><\/td>\n<td valign=\"top\" width=\"146\"><span lang=\"ES-AR\" style=\"color: #000000;\">Sandra Pionetti, Carina Paez (sopranos) \/ Ballet UNCuyo; Coro de C\u00e1mara UNCuyo; Coro de Ni\u00f1os de la UNCuyo; Elenco de Teatro UNCuyo<\/span><\/td>\n<\/tr>\n<tr>\n<td valign=\"top\" bgcolor=\"#95aabf\" width=\"216\">\n<p><span lang=\"ES-AR\" style=\"color: #000000;\">07 dec 02<\/span><\/p>\n<p><strong>Orquestra Sinf\u00f3nica UNCuyo<\/strong><\/p>\n<p>C\u00f3rdoba<\/p>\n<p>Nocheros en vivo<\/td>\n<td valign=\"top\" bgcolor=\"#95aabf\" width=\"192\"><span lang=\"ES-AR\" style=\"color: #000000;\">Casti\u00f1eira de Dios (Arr.)<\/span><\/td>\n<td valign=\"top\" bgcolor=\"#95aabf\" width=\"216\"><span lang=\"ES-AR\" style=\"color: #000000;\">Ausencia; Jam\u00e1s; Cosa peligrosa; Mucho m\u00e1s que piel; Ang\u00e9lica; Soy como soy; Entre la tierra y el cielo; La yapa; La tristeza de tu adi\u00f3s; Penas y alegr\u00edas del amor; Canci\u00f3n de adi\u00f3s; Chacarera del rancho; T\u00f3mame; No saber de t\u00ed; Resistiendo; Mam\u00e1, mam\u00e1; Vuela una l\u00e1grima; T\u00fa y yo; Materia pendiente; Se\u00f1al de amor<\/span><\/td>\n<td valign=\"top\" bgcolor=\"#95aabf\" width=\"146\"><span lang=\"ES-AR\" style=\"color: #000000;\">Los Nocheros (Kike Teruel, Mario Teruel, Rub\u00e9n Ehizaguirre, Jorge Rojas)<\/span><\/td>\n<\/tr>\n<tr>\n<td valign=\"top\" width=\"216\">\n<p><span style=\"color: #000000;\">20 dec 02<\/span><\/p>\n<p><strong><span style=\"color: #000000;\"> OSN-UFF\u00a0<\/span><\/strong><\/p>\n<p><span style=\"color: #000000;\"> Centro de Artes UFF, Niter\u00f3i, Rio de Janeiro, Brasil<\/span><\/p>\n<p><span style=\"color: #000000;\"> Espet\u00e1culo de lan\u00e7amento das comemora\u00e7\u00f5es do Centen\u00e1rio de nascimento de Ary Barroso<\/span><\/td>\n<td valign=\"top\" width=\"192\"><span style=\"color: #000000;\">Barroso, Ary<\/span><\/td>\n<td valign=\"top\" width=\"216\"><span style=\"color: #000000;\">Brasil moreno; Aquarela mineira; Terra seca; No rancho fundo; Sobe meu bal\u00e3o; Rio de Janeiro; Faixa de cetim; Na Baixa do Sapateiro; No tabuleiro da baiana\/ Os quindins de Iai\u00e1; Maria; Camisa amarela; Isto aqui o que \u00e9?; Risque; Folha morta; Aquarela do Brasil<\/span><\/td>\n<td valign=\"top\" width=\"146\"><span style=\"color: #000000;\">Jamel\u00e3o; Ademilde Fonseca; Mazinho Quevedo e Adriano Quevedo; \u00c1urea Martins; C\u00e9lia e Celma; C\u00e9lio e Marcos; Paulo Marquez; Violeta Cavalcante; Teresa Cristina; Narra\u00e7\u00e3o: Mauro Mendon\u00e7a<\/span><\/td>\n<\/tr>\n<\/tbody>\n<\/table>\n<p>[\/vc_column_text][\/vc_column][\/vc_row]<\/p>\n","protected":false},"excerpt":{"rendered":"<p>[vc_row section_bottom_margin=&#8221;nobottommargin&#8221;][vc_column][vc_custom_heading text=&#8221;- 2002 -&#8221; font_container=&#8221;tag:h2|text_align:center&#8221;][vc_column_text] 01 mar 02 Orquestra Sinf\u00f3nica UNCuyo Teatro [&hellip;]<\/p>\n","protected":false},"author":1,"featured_media":0,"parent":0,"menu_order":0,"comment_status":"open","ping_status":"closed","template":"template\/template-landing-page-vc.php","meta":{"footnotes":""},"class_list":["post-133","page","type-page","status-publish","hentry"],"_links":{"self":[{"href":"https:\/\/ligiaamadio.net\/a\/wp-json\/wp\/v2\/pages\/133","targetHints":{"allow":["GET"]}}],"collection":[{"href":"https:\/\/ligiaamadio.net\/a\/wp-json\/wp\/v2\/pages"}],"about":[{"href":"https:\/\/ligiaamadio.net\/a\/wp-json\/wp\/v2\/types\/page"}],"author":[{"embeddable":true,"href":"https:\/\/ligiaamadio.net\/a\/wp-json\/wp\/v2\/users\/1"}],"replies":[{"embeddable":true,"href":"https:\/\/ligiaamadio.net\/a\/wp-json\/wp\/v2\/comments?post=133"}],"version-history":[{"count":6,"href":"https:\/\/ligiaamadio.net\/a\/wp-json\/wp\/v2\/pages\/133\/revisions"}],"predecessor-version":[{"id":1286,"href":"https:\/\/ligiaamadio.net\/a\/wp-json\/wp\/v2\/pages\/133\/revisions\/1286"}],"wp:attachment":[{"href":"https:\/\/ligiaamadio.net\/a\/wp-json\/wp\/v2\/media?parent=133"}],"curies":[{"name":"wp","href":"https:\/\/api.w.org\/{rel}","templated":true}]}}