{"id":2,"date":"2014-08-28T15:24:13","date_gmt":"2014-08-28T15:24:13","guid":{"rendered":"http:\/\/50.62.188.111\/~ligiaamadio\/?page_id=2"},"modified":"2015-08-28T17:26:15","modified_gmt":"2015-08-28T17:26:15","slug":"2006-2","status":"publish","type":"page","link":"https:\/\/ligiaamadio.net\/a\/2006-2\/","title":{"rendered":"2006"},"content":{"rendered":"<p>[vc_row section_bottom_margin=&#8221;nobottommargin&#8221;][vc_column][vc_custom_heading text=&#8221;- 2006 -&#8221; font_container=&#8221;tag:h2|text_align:center&#8221;][vc_column_text]<\/p>\n<table border=\"0\" cellspacing=\"0\" cellpadding=\"0\">\n<tbody>\n<tr>\n<td rowspan=\"4\" valign=\"top\" bgcolor=\"#95aabf\" width=\"34%\">\n<p><span style=\"color: #000000;\">16\/03\/2006<\/span><\/p>\n<p><strong><span style=\"color: #000000;\">Orquestra Sinf\u00f4nica Nacional &#8211; UFF<\/span><\/strong><\/p>\n<p><span style=\"color: #000000;\">Sala Cec\u00edlia Meireles, Rio de Janeiro, Brasil<\/span><\/p>\n<p><span style=\"color: #000000;\">Concerto de Lan\u00e7amento do CD e DVD Aurora Luminosa<\/span><\/td>\n<td valign=\"top\" bgcolor=\"#95aabf\" width=\"18%\"><span style=\"color: #000000;\">Gomes, Ant\u00f4nio Carlos<\/span><\/td>\n<td valign=\"top\" bgcolor=\"#95aabf\" width=\"21%\"><span style=\"color: #000000;\">Alvorada<\/span><\/td>\n<td valign=\"top\" bgcolor=\"#95aabf\" width=\"21%\"><span style=\"color: #000000;\">\u00a0<\/span><\/td>\n<\/tr>\n<tr>\n<td valign=\"top\" bgcolor=\"#95aabf\" width=\"18%\"><span style=\"color: #000000;\">Alberto Nepomuceno<\/span><\/td>\n<td valign=\"top\" bgcolor=\"#95aabf\" width=\"21%\"><span style=\"color: #000000;\">S\u00e9rie Brasileira<\/span><\/td>\n<td valign=\"top\" bgcolor=\"#95aabf\" width=\"21%\"><span style=\"color: #000000;\">\u00a0<\/span><\/td>\n<\/tr>\n<tr>\n<td valign=\"top\" bgcolor=\"#95aabf\" width=\"18%\"><span lang=\"EN-US\" style=\"color: #000000;\">Alexandre Levy<\/span><\/td>\n<td valign=\"top\" bgcolor=\"#95aabf\" width=\"21%\"><span lang=\"EN-US\" style=\"color: #000000;\">Werther<\/span><\/td>\n<td valign=\"top\" bgcolor=\"#95aabf\" width=\"21%\"><span style=\"color: #000000;\">\u00a0<\/span><\/td>\n<\/tr>\n<tr>\n<td valign=\"top\" bgcolor=\"#95aabf\" width=\"18%\"><span style=\"color: #000000;\">Leopoldo Miguez<\/span><\/td>\n<td valign=\"top\" bgcolor=\"#95aabf\" width=\"21%\"><span style=\"color: #000000;\">Ave, Libertas!<\/span><\/td>\n<td valign=\"top\" bgcolor=\"#95aabf\" width=\"21%\"><span style=\"color: #000000;\">\u00a0<\/span><\/td>\n<\/tr>\n<tr>\n<td rowspan=\"4\" valign=\"top\" width=\"34%\">\n<p><span style=\"color: #000000;\">19\/03\/2006<\/span><\/p>\n<p><strong><span style=\"color: #000000;\">Orquestra Sinf\u00f4nica Nacional &#8211; UFF<\/span><\/strong><\/p>\n<p><span style=\"color: #000000;\">Centro de Artes UFF, Niter\u00f3i, Rio de Janeiro, Brasil\u00a0Concerto de Lan\u00e7amento do CD e DVD Aurora Luminosa<\/span><\/td>\n<td valign=\"top\" width=\"18%\"><span style=\"color: #000000;\">Gomes, Ant\u00f4nio Carlos<\/span><\/td>\n<td valign=\"top\" width=\"21%\"><span lang=\"EN-US\" style=\"color: #000000;\">Alvorada<\/span><\/td>\n<td valign=\"top\" width=\"21%\"><span style=\"color: #000000;\">\u00a0<\/span><\/td>\n<\/tr>\n<tr>\n<td valign=\"top\" width=\"18%\"><span style=\"color: #000000;\">Alberto Nepomuceno<\/span><\/td>\n<td valign=\"top\" width=\"21%\"><span style=\"color: #000000;\">S\u00e9rie Brasileira<\/span><\/td>\n<td valign=\"top\" width=\"21%\"><span style=\"color: #000000;\">\u00a0<\/span><\/td>\n<\/tr>\n<tr>\n<td valign=\"top\" width=\"18%\"><span lang=\"EN-US\" style=\"color: #000000;\">Alexandre Levy<\/span><\/td>\n<td valign=\"top\" width=\"21%\"><span lang=\"EN-US\" style=\"color: #000000;\">Werther<\/span><\/td>\n<td valign=\"top\" width=\"21%\"><span style=\"color: #000000;\">\u00a0<\/span><\/td>\n<\/tr>\n<tr>\n<td valign=\"top\" width=\"18%\"><span style=\"color: #000000;\">Leopoldo Miguez<\/span><\/td>\n<td valign=\"top\" width=\"21%\"><span style=\"color: #000000;\">Ave, Libertas!<\/span><\/td>\n<td valign=\"top\" width=\"21%\"><span style=\"color: #000000;\">\u00a0<\/span><\/td>\n<\/tr>\n<tr>\n<td rowspan=\"4\" valign=\"top\" bgcolor=\"#95AABF\" width=\"34%\">\n<p><span style=\"color: #000000;\">09\/04\/2006<\/span><\/p>\n<p><strong><span style=\"color: #000000;\">Orquestra Sinf\u00f4nica Nacional &#8211; UFF<\/span><\/strong><\/p>\n<p><span style=\"color: #000000;\">Centro de Artes UFF, Niter\u00f3i, Rio de Janeiro, Brasil<\/span><\/p>\n<p><span style=\"color: #000000;\">II Encontro Internacional de Percuss\u00e3o<\/span><\/p>\n<p><span style=\"color: #000000;\">(II International Meeting of Percussion)<\/span><\/p>\n<p><span style=\"color: #000000;\">\u00a0<\/span><\/td>\n<td valign=\"top\" bgcolor=\"#95AABF\" width=\"18%\"><span style=\"color: #000000;\">Bart\u00f3k, B\u00e9la<\/span><\/td>\n<td valign=\"top\" bgcolor=\"#95AABF\" width=\"21%\"><span lang=\"EN-US\" style=\"color: #000000;\">Concerto for two pianos, percussion and orchestra<\/span><\/td>\n<td valign=\"top\" bgcolor=\"#95AABF\" width=\"21%\"><span lang=\"ES-AR\" style=\"color: #000000;\">Olga Kiun, Anna Yarovaya, Arturo Vergara, Ang\u00e9l Frette<\/span><\/td>\n<\/tr>\n<tr>\n<td valign=\"top\" bgcolor=\"#95AABF\" width=\"18%\"><span lang=\"ES-AR\" style=\"color: #000000;\">Ginastera, Alberto<\/span><\/td>\n<td valign=\"top\" bgcolor=\"#95AABF\" width=\"21%\"><span lang=\"ES-AR\" style=\"color: #000000;\">Cantata para Am\u00e9rica m\u00e1gica, op.27<\/span><\/td>\n<td valign=\"top\" bgcolor=\"#95AABF\" width=\"21%\">\n<p><span style=\"color: #000000;\">Alejandra Malvino (Mezzo Soprano), Dora de Marinis e Elena Dabul (pianos); Percusi\u00f3n: Andr\u00e9 de Mello Santos, Karla Bach, S\u00e9rgio Naidin, Paulo<\/span><\/p>\n<p><span style=\"color: #000000;\">Raimundo Bogado, Nirailton Nascimento Soares, Altamiro de Almeida<\/span><\/p>\n<p><span style=\"color: #000000;\">Reis, Thierry Miroglio, Arturo Vergara, Angel Frette, Andr\u00e9 Juarez,<\/span><\/p>\n<p><span style=\"color: #000000;\">Francisco Vergara, Edmere Ferreira, Pedro S\u00e1 e M\u00e1rcio Romano;<\/span><\/td>\n<\/tr>\n<tr>\n<td valign=\"top\" bgcolor=\"#95AABF\" width=\"18%\"><span style=\"color: #000000;\">Nobre, Marlos<\/span><\/td>\n<td valign=\"top\" bgcolor=\"#95AABF\" width=\"21%\"><span style=\"color: #000000;\">Concerto para percuss\u00e3o e orquestra<\/span><\/td>\n<td valign=\"top\" bgcolor=\"#95AABF\" width=\"21%\"><span style=\"color: #000000;\">Thierry Miroglio<\/span><\/td>\n<\/tr>\n<tr>\n<td valign=\"top\" bgcolor=\"#95AABF\" width=\"18%\"><span style=\"color: #000000;\">Mulhaud, Darius<\/span><\/td>\n<td valign=\"top\" bgcolor=\"#95AABF\" width=\"21%\"><span lang=\"EN-US\" style=\"color: #000000;\">Concerto for percussion and small orchestra<\/span><\/td>\n<td valign=\"top\" bgcolor=\"#95AABF\" width=\"21%\"><span lang=\"EN-US\" style=\"color: #000000;\">S\u00e9rgio Naidin<\/span><\/td>\n<\/tr>\n<tr>\n<td rowspan=\"4\" valign=\"top\" width=\"34%\">\n<p><span style=\"color: #000000;\">10\/04\/2006<\/span><\/p>\n<p><strong><span style=\"color: #000000;\">Orquestra Sinf\u00f4nica Nacional &#8211; UFF<\/span><\/strong><\/p>\n<p><span style=\"color: #000000;\">Sala Cec\u00edlia Meireles, Rio de Janeiro, Brasil<\/span><\/p>\n<p><span style=\"color: #000000;\">II Encontro Internacional de Percuss\u00e3o<\/span><\/p>\n<p><span lang=\"EN-US\" style=\"color: #000000;\">(II International Meeting of Percussion)<\/span><\/p>\n<p><span style=\"color: #000000;\">\u00a0<\/span><\/td>\n<td valign=\"top\" width=\"18%\"><span style=\"color: #000000;\">Bart\u00f3k, B\u00e9la<\/span><\/td>\n<td valign=\"top\" width=\"21%\"><span lang=\"EN-US\" style=\"color: #000000;\">Concerto for two pianos, percussion and orchestra<\/span><\/td>\n<td valign=\"top\" width=\"21%\"><span lang=\"ES-AR\" style=\"color: #000000;\">Olga Kiun, Anna Yarovaya, Arturo Vergara, Ang\u00e9l Frette<\/span><\/td>\n<\/tr>\n<tr>\n<td valign=\"top\" width=\"18%\"><span lang=\"ES-AR\" style=\"color: #000000;\">Ginastera, Alberto<\/span><\/td>\n<td valign=\"top\" width=\"21%\"><span lang=\"ES-AR\" style=\"color: #000000;\">Cantata para Am\u00e9rica m\u00e1gica, op.27<\/span><\/td>\n<td valign=\"top\" width=\"21%\">\n<p><span style=\"color: #000000;\">Alejandra Malvino (Mezzo Soprano), Dora de Marinis e Elena Dabul (pianos); Percusi\u00f3n: Andr\u00e9 de Mello Santos, Karla Bach, S\u00e9rgio Naidin, Paulo<\/span><\/p>\n<p><span style=\"color: #000000;\">Raimundo Bogado, Nirailton Nascimento Soares, Altamiro de Almeida<\/span><\/p>\n<p><span style=\"color: #000000;\">Reis, Thierry Miroglio, Arturo Vergara, Angel Frette, Andr\u00e9 Juarez,<\/span><\/p>\n<p><span style=\"color: #000000;\">Francisco Vergara, Edmere Ferreira, Pedro S\u00e1 e M\u00e1rcio Romano;<\/span><\/td>\n<\/tr>\n<tr>\n<td valign=\"top\" width=\"18%\"><span style=\"color: #000000;\">Nobre, Marlos<\/span><\/td>\n<td valign=\"top\" width=\"21%\"><span style=\"color: #000000;\">Concerto para percuss\u00e3o e orquestra<\/span><\/td>\n<td valign=\"top\" width=\"21%\"><span style=\"color: #000000;\">Thierry Miroglio<\/span><\/td>\n<\/tr>\n<tr>\n<td valign=\"top\" width=\"18%\"><span style=\"color: #000000;\">Mulhaud, Darius<\/span><\/td>\n<td valign=\"top\" width=\"21%\"><span lang=\"EN-US\" style=\"color: #000000;\">Concerto for percussion and small orchestra<\/span><\/td>\n<td valign=\"top\" width=\"21%\"><span lang=\"EN-US\" style=\"color: #000000;\">S\u00e9rgio Naidin<\/span><\/td>\n<\/tr>\n<\/tbody>\n<\/table>\n<table border=\"0\" width=\"643\" cellspacing=\"0\" cellpadding=\"0\">\n<tbody>\n<tr>\n<td rowspan=\"3\" bgcolor=\"#95AABF\" width=\"242\">\n<p><span lang=\"EN-US\" style=\"color: #000000;\">09\/07\/2006<\/span><\/p>\n<p><span lang=\"EN-US\" style=\"color: #000000;\"><strong>Youth Symphony Orchestra, Iceland Folk<\/strong> <\/span><\/p>\n<p><span lang=\"EN-US\" style=\"color: #000000;\">Music Festival \u2013 Siglufjord, Iceland<\/span><\/p>\n<p><span style=\"color: #000000;\">\u00a0<\/span><\/p>\n<p><span style=\"color: #000000;\">\u00a0<\/span><\/td>\n<td valign=\"top\" bgcolor=\"#95AABF\" width=\"125\"><span style=\"color: #000000;\">Sigurbjornsson, Thorkell<\/span><\/td>\n<td valign=\"top\" bgcolor=\"#95AABF\" width=\"140\"><span lang=\"EN-US\" style=\"color: #000000;\">Columbina for flute and string orchestra<\/span><\/td>\n<td valign=\"top\" bgcolor=\"#95AABF\" width=\"136\"><span lang=\"EN-US\" style=\"color: #000000;\">Emilia Ros Sigfusdottir<\/span><\/td>\n<\/tr>\n<tr>\n<td valign=\"top\" bgcolor=\"#95AABF\" width=\"125\"><span lang=\"EN-US\" style=\"color: #000000;\">Vidar, J\u00f3runn<\/span><\/td>\n<td valign=\"top\" bgcolor=\"#95AABF\" width=\"140\"><span lang=\"EN-US\" style=\"color: #000000;\">Eldur (Fire)<\/span><\/td>\n<td valign=\"top\" bgcolor=\"#95AABF\" width=\"136\"><span style=\"color: #000000;\">\u00a0<\/span><\/td>\n<\/tr>\n<tr>\n<td valign=\"top\" bgcolor=\"#95AABF\" width=\"125\"><span lang=\"EN-US\" style=\"color: #000000;\">Mussorgsky, Modest<\/span><\/td>\n<td valign=\"top\" bgcolor=\"#95AABF\" width=\"140\"><span lang=\"EN-US\" style=\"color: #000000;\">Pictures at an exhibition (arr. Ravel)<\/span><\/td>\n<td valign=\"top\" bgcolor=\"#95AABF\" width=\"136\"><span style=\"color: #000000;\">\u00a0<\/span><\/td>\n<\/tr>\n<tr>\n<td rowspan=\"3\" width=\"242\">\n<p><span lang=\"EN-US\" style=\"color: #000000;\">10\/07\/2006<\/span><\/p>\n<p><strong><span lang=\"EN-US\" style=\"color: #000000;\">Youth Symphony Orchestra, Neskirkja Church &#8211; Reykjavik, Iceland<\/span><\/strong><\/p>\n<p><strong><span style=\"color: #000000;\">\u00a0<\/span><\/strong><\/p>\n<p><span style=\"color: #000000;\">\u00a0<\/span><\/p>\n<p><span style=\"color: #000000;\">\u00a0<\/span><\/td>\n<td valign=\"top\" width=\"125\"><span style=\"color: #000000;\">Sigurbjornsson, Thorkell<\/span><\/td>\n<td valign=\"top\" width=\"140\"><span lang=\"EN-US\" style=\"color: #000000;\">Columbina for flute and string orchestra<\/span><\/td>\n<td valign=\"top\" width=\"136\"><span lang=\"EN-US\" style=\"color: #000000;\">Emilia Ros Sigfusdottir<\/span><\/td>\n<\/tr>\n<tr>\n<td valign=\"top\" width=\"125\"><span lang=\"EN-US\" style=\"color: #000000;\">Vidar, J\u00f3runn<\/span><\/td>\n<td valign=\"top\" width=\"140\"><span lang=\"EN-US\" style=\"color: #000000;\">Eldur (Fire)<\/span><\/td>\n<td valign=\"top\" width=\"136\"><span style=\"color: #000000;\">\u00a0<\/span><\/td>\n<\/tr>\n<tr>\n<td valign=\"top\" width=\"125\"><span lang=\"EN-US\" style=\"color: #000000;\">Mussorgsky, Modest<\/span><\/td>\n<td valign=\"top\" width=\"140\"><span lang=\"EN-US\" style=\"color: #000000;\">Pictures at an exhibition (arr. Ravel)<\/span><\/td>\n<td valign=\"top\" width=\"136\"><span style=\"color: #000000;\">\u00a0<\/span><\/td>\n<\/tr>\n<tr>\n<td rowspan=\"2\" bgcolor=\"#95AABF\" width=\"242\">\n<p><span lang=\"EN-US\" style=\"color: #000000;\">16 a 30\/07\/2006<\/span><\/p>\n<p><strong><span lang=\"EN-US\" style=\"color: #000000;\">Hartwick College Summer Music Festival &amp; Institute<\/span><\/strong><\/p>\n<p><span style=\"color: #000000;\">Oneonta, U.S.A.<\/span><\/p>\n<p><span style=\"color: #000000;\">Concerts and Conducting Master Classes<\/span><\/p>\n<p><span lang=\"EN-US\" style=\"color: #000000;\">Hartwick Chamber Orchestra<\/span><\/p>\n<p><span lang=\"EN-US\" style=\"color: #000000;\">Anderson Theatre, Oneonta<\/span><\/p>\n<p><span lang=\"EN-US\" style=\"color: #000000;\">\u00a0<\/span><\/td>\n<td valign=\"top\" bgcolor=\"#95AABF\" width=\"125\"><span lang=\"EN-US\" style=\"color: #000000;\">Copland, Aaron<\/span><\/td>\n<td valign=\"top\" bgcolor=\"#95AABF\" width=\"140\"><span lang=\"EN-US\" style=\"color: #000000;\">Appalachian Spring Suite<\/span><\/td>\n<td valign=\"top\" bgcolor=\"#95AABF\" width=\"136\"><span style=\"color: #000000;\">\u00a0<\/span><\/td>\n<\/tr>\n<tr>\n<td valign=\"top\" bgcolor=\"#95AABF\" width=\"125\"><span lang=\"EN-US\" style=\"color: #000000;\">Mozart, W. Amadeus<\/span><\/td>\n<td valign=\"top\" bgcolor=\"#95AABF\" width=\"140\"><span lang=\"EN-US\" style=\"color: #000000;\">Concerto for Viol\u00edn No.3, K.216, G major<\/span><\/td>\n<td valign=\"top\" bgcolor=\"#95AABF\" width=\"136\"><span lang=\"EN-US\" style=\"color: #000000;\">Dora Schwartzberg<\/span><\/td>\n<\/tr>\n<tr>\n<td rowspan=\"3\" width=\"242\">\n<p><span lang=\"EN-US\" style=\"color: #000000;\">16 a 30\/07\/2006<\/span><\/p>\n<p><strong><span lang=\"EN-US\" style=\"color: #000000;\">Hartwick College Summer Music Festival &amp; Institute<\/span><\/strong><\/p>\n<p><span style=\"color: #000000;\">Oneonta, U.S.A.<\/span><\/p>\n<p><span style=\"color: #000000;\">Concerts and Conducting Master Classes<\/span><\/p>\n<p><span lang=\"EN-US\" style=\"color: #000000;\">Hartwick Symphony Orchestra<\/span><\/p>\n<p><span lang=\"EN-US\" style=\"color: #000000;\">Anderson Theatre, Oneonta<\/span><\/td>\n<td valign=\"top\" width=\"125\"><span lang=\"EN-US\" style=\"color: #000000;\">Verma, Roop<\/span><\/td>\n<td valign=\"top\" width=\"140\"><span lang=\"EN-US\" style=\"color: #000000;\">Concerto for sitar and orchestra<\/span><\/td>\n<td valign=\"top\" width=\"136\"><span lang=\"EN-US\" style=\"color: #000000;\">Roop Verma<\/span><\/td>\n<\/tr>\n<tr>\n<td valign=\"top\" width=\"125\"><span lang=\"EN-US\" style=\"color: #000000;\">Gershwin, George<\/span><\/td>\n<td valign=\"top\" width=\"140\"><span lang=\"EN-US\" style=\"color: #000000;\">An American in Paris<\/span><\/td>\n<td valign=\"top\" width=\"136\"><span style=\"color: #000000;\">\u00a0<\/span><\/td>\n<\/tr>\n<tr>\n<td valign=\"top\" width=\"125\"><span lang=\"EN-US\" style=\"color: #000000;\">Villa-Lobos, Heitor<\/span><\/td>\n<td valign=\"top\" width=\"140\"><span lang=\"EN-US\" style=\"color: #000000;\">Magnificat-Alleluia<\/span><\/td>\n<td valign=\"top\" width=\"136\"><span style=\"color: #000000;\">\u00a0<\/span><\/td>\n<\/tr>\n<tr>\n<td rowspan=\"2\" bgcolor=\"#95AABF\" width=\"242\">\n<p><span style=\"color: #000000;\">06\/08\/2006<\/span><\/p>\n<p><strong><span style=\"color: #000000;\">Orquestra Sinf\u00f4nica Nacional \u2013 UFF<\/span><\/strong><\/p>\n<p><span style=\"color: #000000;\">Cine Arte UFF, Niter\u00f3i, Brasil<\/span><\/p>\n<p><span style=\"color: #000000;\">S\u00e9rie Celebrando Mozart \/ Centen\u00e1rio de Shostakovich<\/span><\/td>\n<td valign=\"top\" bgcolor=\"#95AABF\" width=\"125\"><span lang=\"EN-US\" style=\"color: #000000;\">Mozart, W. Amadeus<\/span><\/td>\n<td valign=\"top\" bgcolor=\"#95AABF\" width=\"140\"><span style=\"color: #000000;\">Concerto para piano e orquestra No.21, K.467<\/span><\/td>\n<td valign=\"top\" bgcolor=\"#95AABF\" width=\"136\"><span style=\"color: #000000;\">Linda Bustani<\/span><\/td>\n<\/tr>\n<tr>\n<td valign=\"top\" bgcolor=\"#95AABF\" width=\"125\"><span style=\"color: #000000;\">Shostakovich, Dmitri<\/span><\/td>\n<td valign=\"top\" bgcolor=\"#95AABF\" width=\"140\"><span lang=\"EN-US\" style=\"color: #000000;\">Symphony N.5, op.47, D.minor<\/span><\/td>\n<td valign=\"top\" bgcolor=\"#95AABF\" width=\"136\"><span style=\"color: #000000;\">\u00a0<\/span><\/td>\n<\/tr>\n<tr>\n<td rowspan=\"6\" valign=\"top\" width=\"242\">\n<p><span style=\"color: #000000;\">27\/08\/2006<\/span><\/p>\n<p><strong><span style=\"color: #000000;\">Orquestra Sinf\u00f4nica Nacional \u2013 UFF<\/span><\/strong><\/p>\n<p><span style=\"color: #000000;\">Cine Arte UFF, Niter\u00f3i, Brasil<\/span><\/p>\n<p><span style=\"color: #000000;\">Pr\u00e9-lan\u00e7amento do CD e DVD &#8220;Alma Brasileira&#8221;<\/span><\/td>\n<td valign=\"top\" width=\"125\"><span style=\"color: #000000;\">Villa-Lobos, Heitor<\/span><\/td>\n<td valign=\"top\" width=\"140\"><span lang=\"EN-US\" style=\"color: #000000;\">Choros No.10 for choir and orchestra<\/span><\/td>\n<td valign=\"top\" width=\"136\"><span style=\"color: #000000;\">\u00a0<\/span><\/td>\n<\/tr>\n<tr>\n<td valign=\"top\" width=\"125\"><span style=\"color: #000000;\">Lorenzo Fernandez, Oscar<\/span><\/td>\n<td valign=\"top\" width=\"140\"><span style=\"color: #000000;\">Reisado do Pastoreio<\/span><\/td>\n<td valign=\"top\" width=\"136\"><span style=\"color: #000000;\">\u00a0<\/span><\/td>\n<\/tr>\n<tr>\n<td valign=\"top\" width=\"125\"><span style=\"color: #000000;\">Mignone, Francisco<\/span><\/td>\n<td valign=\"top\" width=\"140\"><span style=\"color: #000000;\">Caramuru<\/span><\/td>\n<td valign=\"top\" width=\"136\"><span style=\"color: #000000;\">\u00a0<\/span><\/td>\n<\/tr>\n<tr>\n<td valign=\"top\" width=\"125\"><span style=\"color: #000000;\">Braga, Francisco<\/span><\/td>\n<td valign=\"top\" width=\"140\"><span style=\"color: #000000;\">A Paz, Cortejo<\/span><\/td>\n<td valign=\"top\" width=\"136\"><span style=\"color: #000000;\">\u00a0<\/span><\/td>\n<\/tr>\n<tr>\n<td valign=\"top\" width=\"125\"><span style=\"color: #000000;\">Gallet, Luciano<\/span><\/td>\n<td valign=\"top\" width=\"140\"><span style=\"color: #000000;\">Tango-Batuque<\/span><\/td>\n<td valign=\"top\" width=\"136\"><span style=\"color: #000000;\">\u00a0<\/span><\/td>\n<\/tr>\n<tr>\n<td valign=\"top\" width=\"125\"><span style=\"color: #000000;\">Vel\u00e1squez, Glauco<\/span><\/td>\n<td valign=\"top\" width=\"140\"><span style=\"color: #000000;\">Alma minha gentil, op.107<\/span><\/td>\n<td valign=\"top\" width=\"136\"><span style=\"color: #000000;\">Cl\u00e1udia Riccitelli<\/span><\/td>\n<\/tr>\n<tr>\n<td rowspan=\"2\" bgcolor=\"#95AABF\" width=\"242\">\n<p><span style=\"color: #000000;\">05\/09\/2006<\/span><\/p>\n<p><strong><span style=\"color: #000000;\">Orquestra Sinf\u00f4nica de Minas Gerais<\/span><\/strong><\/p>\n<p><span style=\"color: #000000;\">Pal\u00e1cio das Artes, Grande Teatro do Pal\u00e1cio das Artes, Belo Horizonte<\/span><\/p>\n<p><span style=\"color: #000000;\">S\u00e9rie de Concertos Tim<\/span><\/td>\n<td valign=\"top\" bgcolor=\"#95AABF\" width=\"125\"><span style=\"color: #000000;\">Chopin, Fr\u00e9d\u00e9ric<\/span><\/td>\n<td valign=\"top\" bgcolor=\"#95AABF\" width=\"140\"><span style=\"color: #000000;\">Concerto for piano No.2, op.21, Fminor<\/span><\/td>\n<td valign=\"top\" bgcolor=\"#95AABF\" width=\"136\"><span style=\"color: #000000;\">Miguel Rosselini<\/span><\/td>\n<\/tr>\n<tr>\n<td valign=\"top\" bgcolor=\"#95AABF\" width=\"125\"><span style=\"color: #000000;\">Franck, C\u00e9sar<\/span><\/td>\n<td valign=\"top\" bgcolor=\"#95AABF\" width=\"140\"><span style=\"color: #000000;\">Symphony in Dminor<\/span><\/td>\n<td valign=\"top\" bgcolor=\"#95AABF\" width=\"136\"><span style=\"color: #000000;\">\u00a0<\/span><\/td>\n<\/tr>\n<\/tbody>\n<\/table>\n<table border=\"0\" width=\"676\" cellspacing=\"0\" cellpadding=\"0\">\n<tbody>\n<tr>\n<td rowspan=\"9\" valign=\"top\" width=\"257\">\n<p><span lang=\"ES-AR\" style=\"color: #000000;\">08\/10\/2006<\/span><\/p>\n<p><strong><span lang=\"ES-AR\" style=\"color: #000000;\">Orquestra Sinf\u00f4nica Nacional &#8211; UFF<\/span><\/strong><\/p>\n<p><span style=\"color: #000000;\">Cine Arte UFF, Niter\u00f3i, Brasil<\/span><\/p>\n<p><span style=\"color: #000000;\">\u201dTango y nada m\u00e1s\u201d<\/span><\/td>\n<td valign=\"top\" width=\"128\"><span lang=\"ES-AR\" style=\"color: #000000;\">Piazzolla, Astor<\/span><\/td>\n<td valign=\"top\" width=\"143\"><span lang=\"ES-AR\" style=\"color: #000000;\">La muerte del \u00c1ngel<\/span><\/td>\n<td valign=\"top\" width=\"138\"><span style=\"color: #000000;\">\u00a0<\/span><\/td>\n<\/tr>\n<tr>\n<td valign=\"top\" width=\"128\"><span style=\"color: #000000;\">Binelli, Daniel<\/span><\/td>\n<td valign=\"top\" width=\"143\"><span lang=\"EN-US\" style=\"color: #000000;\">Concerto for bandoneon and orchestra<\/span><\/td>\n<td valign=\"top\" width=\"138\"><span style=\"color: #000000;\">Daniel Binelli<\/span><\/td>\n<\/tr>\n<tr>\n<td valign=\"top\" width=\"128\"><span style=\"color: #000000;\">Piazzolla, Astor<\/span><\/td>\n<td valign=\"top\" width=\"143\"><span style=\"color: #000000;\">Oblivi\u00f3n<\/span><\/td>\n<td valign=\"top\" width=\"138\"><span style=\"color: #000000;\">Daniel Binelli<\/span><\/td>\n<\/tr>\n<tr>\n<td valign=\"top\" width=\"128\"><span style=\"color: #000000;\">Piazzolla, Astor<\/span><\/td>\n<td valign=\"top\" width=\"143\"><span style=\"color: #000000;\">5 Tango Sensations<\/span><\/td>\n<td valign=\"top\" width=\"138\"><span style=\"color: #000000;\">Daniel Binelli<\/span><\/td>\n<\/tr>\n<tr>\n<td valign=\"top\" width=\"128\"><span style=\"color: #000000;\">Maffia, Pedro<\/span><\/td>\n<td valign=\"top\" width=\"143\"><span style=\"color: #000000;\">Amurado<\/span><\/td>\n<td valign=\"top\" width=\"138\"><span style=\"color: #000000;\">Daniel Binelli<\/span><\/td>\n<\/tr>\n<tr>\n<td valign=\"top\" width=\"128\"><span style=\"color: #000000;\">Binelli, Daniel<\/span><\/td>\n<td valign=\"top\" width=\"143\"><span style=\"color: #000000;\">Metropolis<\/span><\/td>\n<td valign=\"top\" width=\"138\"><span style=\"color: #000000;\">Daniel Binelli<\/span><\/td>\n<\/tr>\n<tr>\n<td valign=\"top\" width=\"128\"><span style=\"color: #000000;\">Piazzolla, Astor<\/span><\/td>\n<td valign=\"top\" width=\"143\"><span style=\"color: #000000;\">Libertango<\/span><\/td>\n<td valign=\"top\" width=\"138\"><span style=\"color: #000000;\">Daniel Binelli<\/span><\/td>\n<\/tr>\n<tr>\n<td valign=\"top\" width=\"128\"><span style=\"color: #000000;\">Piazzolla, Astor<\/span><\/td>\n<td valign=\"top\" width=\"143\"><span style=\"color: #000000;\">Fracanapa<\/span><\/td>\n<td valign=\"top\" width=\"138\"><span style=\"color: #000000;\">Daniel Binelli<\/span><\/td>\n<\/tr>\n<tr>\n<td valign=\"top\" width=\"128\"><span style=\"color: #000000;\">Binelli, Daniel<\/span><\/td>\n<td valign=\"top\" width=\"143\"><span style=\"color: #000000;\">Prel\u00fadio y Candombe<\/span><\/td>\n<td valign=\"top\" width=\"138\"><span style=\"color: #000000;\">Daniel Binelli<\/span><\/td>\n<\/tr>\n<tr>\n<td rowspan=\"3\" bgcolor=\"#95AABF\" width=\"257\">\n<p><span style=\"color: #000000;\">30\/10\/2006<\/span><\/p>\n<p><strong><span style=\"color: #000000;\">Orquestra Sinf\u00f4nica Nacional &#8211; UFF<\/span><\/strong><\/p>\n<p><span style=\"color: #000000;\">Sala Cecilia Meireles, Rio de Janeiro, Brasil<\/span><\/p>\n<p><span style=\"color: #000000;\">\u201dConcerto em homenagem aos 70 anos do Conservat\u00f3rio Brasileiro de M\u00fasica\u201d<\/span><\/td>\n<td valign=\"top\" bgcolor=\"#95AABF\" width=\"128\"><span style=\"color: #000000;\">Tchaikovsky, Piotr Iliych<\/span><\/td>\n<td valign=\"top\" bgcolor=\"#95AABF\" width=\"143\"><span lang=\"EN-US\" style=\"color: #000000;\">Symphony No.6, in B minor, op.74<\/span><\/td>\n<td valign=\"top\" bgcolor=\"#95AABF\" width=\"138\"><span style=\"color: #000000;\">\u00a0<\/span><\/td>\n<\/tr>\n<tr>\n<td valign=\"top\" bgcolor=\"#95AABF\" width=\"128\"><span style=\"color: #000000;\">Mozart, Wolfgang Amadeus<\/span><\/td>\n<td valign=\"top\" bgcolor=\"#95AABF\" width=\"143\"><span lang=\"EN-US\" style=\"color: #000000;\">Concerto for piano and orchestra No.23, K.488<\/span><\/td>\n<td valign=\"top\" bgcolor=\"#95AABF\" width=\"138\"><span style=\"color: #000000;\">Ieva Jokubaviciute<\/span><\/td>\n<\/tr>\n<tr>\n<td valign=\"top\" bgcolor=\"#95AABF\" width=\"128\"><span style=\"color: #000000;\">Lorenzo Fernandez, scar<\/span><\/td>\n<td valign=\"top\" bgcolor=\"#95AABF\" width=\"143\"><span style=\"color: #000000;\">Reisado do Pastoreio<\/span><\/td>\n<td valign=\"top\" bgcolor=\"#95AABF\" width=\"138\"><span style=\"color: #000000;\">\u00a0<\/span><\/td>\n<\/tr>\n<tr>\n<td rowspan=\"3\" valign=\"top\" width=\"257\">\n<p><span style=\"color: #000000;\">18 e 19\/11\/2006<\/span><\/p>\n<p><strong><span style=\"color: #000000;\">Orquestra Sinf\u00f4nica de Santo Andr\u00e9<\/span><\/strong><\/p>\n<p><span style=\"color: #000000;\">Teatro Municipal de Santo Andr\u00e9<\/span><\/td>\n<td valign=\"top\" width=\"128\"><span style=\"color: #000000;\">Brahms, Johannes<\/span><\/td>\n<td valign=\"top\" width=\"143\"><span lang=\"EN-US\" style=\"color: #000000;\">Symphony No.4, op.98, E minor<\/span><\/td>\n<td valign=\"top\" width=\"138\"><span style=\"color: #000000;\">\u00a0<\/span><\/td>\n<\/tr>\n<tr>\n<td valign=\"top\" width=\"128\"><span lang=\"EN-US\" style=\"color: #000000;\">Brahms, Johannes<\/span><\/td>\n<td valign=\"top\" width=\"143\"><span lang=\"EN-US\" style=\"color: #000000;\">Tragic Overture, op.81<\/span><\/td>\n<td valign=\"top\" width=\"138\"><span lang=\"EN-US\" style=\"color: #000000;\">\u00a0<\/span><\/td>\n<\/tr>\n<tr>\n<td valign=\"top\" width=\"128\"><span lang=\"EN-US\" style=\"color: #000000;\">Albrechtsberger, J.G.<\/span><\/td>\n<td valign=\"top\" width=\"143\"><span lang=\"EN-US\" style=\"color: #000000;\">Concerto for Trombone and string orchestra<\/span><\/td>\n<td valign=\"top\" width=\"138\"><span lang=\"EN-US\" style=\"color: #000000;\">Kirill Ribarski<\/span><\/td>\n<\/tr>\n<\/tbody>\n<\/table>\n<p>[\/vc_column_text][\/vc_column][\/vc_row]<\/p>\n","protected":false},"excerpt":{"rendered":"<p>[vc_row section_bottom_margin=&#8221;nobottommargin&#8221;][vc_column][vc_custom_heading text=&#8221;- 2006 -&#8221; font_container=&#8221;tag:h2|text_align:center&#8221;][vc_column_text] 16\/03\/2006 Orquestra Sinf\u00f4nica Nacional &#8211; UFF Sala [&hellip;]<\/p>\n","protected":false},"author":1,"featured_media":0,"parent":0,"menu_order":0,"comment_status":"open","ping_status":"closed","template":"template\/template-landing-page-vc.php","meta":{"footnotes":""},"class_list":["post-2","page","type-page","status-publish","hentry"],"_links":{"self":[{"href":"https:\/\/ligiaamadio.net\/a\/wp-json\/wp\/v2\/pages\/2","targetHints":{"allow":["GET"]}}],"collection":[{"href":"https:\/\/ligiaamadio.net\/a\/wp-json\/wp\/v2\/pages"}],"about":[{"href":"https:\/\/ligiaamadio.net\/a\/wp-json\/wp\/v2\/types\/page"}],"author":[{"embeddable":true,"href":"https:\/\/ligiaamadio.net\/a\/wp-json\/wp\/v2\/users\/1"}],"replies":[{"embeddable":true,"href":"https:\/\/ligiaamadio.net\/a\/wp-json\/wp\/v2\/comments?post=2"}],"version-history":[{"count":23,"href":"https:\/\/ligiaamadio.net\/a\/wp-json\/wp\/v2\/pages\/2\/revisions"}],"predecessor-version":[{"id":1274,"href":"https:\/\/ligiaamadio.net\/a\/wp-json\/wp\/v2\/pages\/2\/revisions\/1274"}],"wp:attachment":[{"href":"https:\/\/ligiaamadio.net\/a\/wp-json\/wp\/v2\/media?parent=2"}],"curies":[{"name":"wp","href":"https:\/\/api.w.org\/{rel}","templated":true}]}}