{"id":2099,"date":"2018-03-20T22:42:15","date_gmt":"2018-03-20T22:42:15","guid":{"rendered":"http:\/\/ligiaamadio.net\/a\/?page_id=2099"},"modified":"2018-03-22T17:37:06","modified_gmt":"2018-03-22T17:37:06","slug":"2017-2","status":"publish","type":"page","link":"https:\/\/ligiaamadio.net\/a\/2017-2\/","title":{"rendered":"2017"},"content":{"rendered":"<p>[vc_row section_bottom_margin=&#8221;nobottommargin&#8221;][vc_column][vc_custom_heading text=&#8221;- 2017 -&#8221; font_container=&#8221;tag:h2|text_align:center&#8221;][vc_column_text]<\/p>\n<table style=\"border-color: #731c1c;\" border=\"1\">\n<tbody>\n<tr style=\"background-color: #77c3c9;\">\n<td rowspan=\"11\">01<\/td>\n<td rowspan=\"11\">\n<p>12 feb 2017<\/p>\n<p>ORQUESTA FILARM\u00d3NICA DE MONTEVIDEO<\/p>\n<p>Ritmos Latinoamericanos<\/p>\n<p>Kib\u00f3n, La Rambla, Montevideo, Uruguay 20h<\/td>\n<td>Lamarque Pons, Jaur\u00e9s<\/td>\n<td>Candombe de la Suite de Ballet seg\u00fan Figari<\/td>\n<td rowspan=\"11\"><\/td>\n<td rowspan=\"11\">\n<p>Photos:<\/p>\n<p><a href=\"https:\/\/www.facebook.com\/amadio.ligia\/media_set?set=a.1239479186141115.1073741998.100002371355253&amp;type=3\"><u>https:\/\/www.facebook.com\/amadio.ligia\/media_set?set=a.1239479186141115.1073741998.100002371355253&amp;type=3<\/u><\/a><\/p>\n<p>Press:<\/p>\n<p><a href=\"http:\/\/orquestafilarmonica.montevideo.gub.uy\/temporadas\/temporada-2017\"><u>http:\/\/orquestafilarmonica.montevideo.gub.uy\/temporadas\/temporada-2017<\/u><\/a><\/p>\n<p><a href=\"https:\/\/www.tvshow.com.uy\/musica\/filarmonica-ligia-amadio-frente.html\"><u>https:\/\/www.tvshow.com.uy\/musica\/filarmonica-ligia-amadio-frente.html<\/u><\/a><\/p>\n<p><a href=\"http:\/\/revistadossier.com.uy\/musica\/ligia-amadio-nueva-directora-artistica-de-la-orquesta-filarmonica-de-montevideo\/\"><u>http:\/\/revistadossier.com.uy\/musica\/ligia-amadio-nueva-directora-artistica-de-la-orquesta-filarmonica-de-montevideo\/<\/u><\/a><\/p>\n<p><a href=\"https:\/\/www.elobservador.com.uy\/la-filarmonica-es-muy-buena-pero-no-tiene-un-lugar-apropiado-ensayar-n1024029\"><u>https:\/\/www.elobservador.com.uy\/la-filarmonica-es-muy-buena-pero-no-tiene-un-lugar-apropiado-ensayar-n1024029<\/u><\/a><\/p>\n<p><a href=\"http:\/\/www.montevideo.com.uy\/Tiempo-libre\/La-Filarmonica-actuara-en-Kibon-este-martes-14-uc334541\"><u>http:\/\/www.montevideo.com.uy\/Tiempo-libre\/La-Filarmonica-actuara-en-Kibon-este-martes-14-uc334541<\/u><\/a><\/p>\n<p><a href=\"http:\/\/www.mec.gub.uy\/innovaportal\/v\/99666\/61\/mecweb\/%25E2%2580%259Ccuando-estamos-en-el-escenario-somos-un-unico-organismo%25E2%2580%259D-dijo-la-nueva-directora-de-la-filarmonica?parentid=98366\"><u>http:\/\/www.mec.gub.uy\/innovaportal\/v\/99666\/61\/mecweb\/%E2%80%9Ccuando-estamos-en-el-escenario-somos-un-unico-organismo%E2%80%9D-dijo-la-nueva-directora-de-la-filarmonica?parentid=98366<\/u><\/a><\/p>\n<p><a href=\"http:\/\/revista121.com\/la-filarmonica-kibon\/\"><u>http:\/\/revista121.com\/la-filarmonica-kibon\/<\/u><\/a><\/td>\n<\/tr>\n<tr style=\"background-color: #77c3c9;\">\n<td>Guarnieri, Camargo<\/td>\n<td>Danza Brasileira<\/td>\n<\/tr>\n<tr style=\"background-color: #77c3c9;\">\n<td>Marquez, Arturo<\/td>\n<td>Danz\u00f3n n.2<\/td>\n<\/tr>\n<tr style=\"background-color: #77c3c9;\">\n<td>Abreu, Z\u00e9quinha<\/td>\n<td>Tico-tico no fub\u00e1<\/td>\n<\/tr>\n<tr style=\"background-color: #77c3c9;\">\n<td>Pereira, Cyro<\/td>\n<td>Aquarela de Sambas<\/td>\n<\/tr>\n<tr style=\"background-color: #77c3c9;\">\n<td>Ginastera, Alberto<\/td>\n<td>Malambo, de Suite Estancia<\/td>\n<\/tr>\n<tr style=\"background-color: #77c3c9;\">\n<td>Piazzolla, Astor<\/td>\n<td>Oblivi\u00f3n<\/td>\n<\/tr>\n<tr style=\"background-color: #77c3c9;\">\n<td>Piazzolla, Astor<\/td>\n<td>Adios Noni\u00f1o<\/td>\n<\/tr>\n<tr style=\"background-color: #77c3c9;\">\n<td>Mattos Rodriguez, Gerardo<\/td>\n<td>La Cumparsita<\/td>\n<\/tr>\n<tr style=\"background-color: #77c3c9;\">\n<td>Garcia Vigil, Federico<\/td>\n<td>Variaciones sobre un tema de Rada<\/td>\n<\/tr>\n<tr style=\"background-color: #77c3c9;\">\n<td>Bernstein, Leonard<\/td>\n<td>Mambo, de West Side Story<\/td>\n<\/tr>\n<tr>\n<td rowspan=\"3\">\u00a002<\/td>\n<td rowspan=\"3\">\n<p>21 feb 2017<\/p>\n<p>ORQUESTA FILARM\u00d3NICA DE MONTEVIDEO<\/p>\n<p>Teatro Sol\u00eds, Montevideo, Uruguay 21h<\/td>\n<td>Mozart, Wolfgang Amadeus<\/td>\n<td>Overture Le nozze di Figaro, K.492<\/td>\n<td><\/td>\n<td rowspan=\"3\">\n<p>Photos: <a href=\"https:\/\/www.facebook.com\/amadio.ligia\/media_set?set=a.1240317569390610.1073741999.100002371355253&amp;type=3\"><u>https:\/\/www.facebook.com\/amadio.ligia\/media_set?set=a.1240317569390610.1073741999.100002371355253&amp;type=3<\/u><\/a><\/p>\n<p>Press:<\/p>\n<p><a href=\"http:\/\/www.cartelera.com.uy\/averespectaculo.aspx?15963,0,59\"><u>http:\/\/www.cartele<\/u> <u>https:\/\/www.tvshow.com.uy\/musica\/filarmonica-ligia-amadio-frente.htmlra.com.uy\/averespectaculo.aspx?15963,0,59<\/u><\/a><\/p>\n<p><a href=\"http:\/\/www.montevideo.gub.uy\/ciudad-y-cultura\/agenda-cultural\/amadeus-festival-mozart-en-el-teatro-solis\"><u>http:\/\/www.montevideo.gub.uy\/ciudad-y-cultura\/agenda-cultural\/amadeus-festival-mozart-en-el-teatro-solis<\/u><\/a><\/p>\n<p><a href=\"http:\/\/www.teatrosolis.org.uy\/uc_3280_1.html\"><u>http:\/\/www.teatrosolis.org.uy\/uc_3280_1.html<\/u><\/a><\/p>\n<p><a href=\"http:\/\/paula.com.uy\/edicionFebrero2017.html%23\/enero-2018\/Imperdibles\"><u>http:\/\/paula.com.uy\/edicionFebrero2017.html#\/enero-2018\/Imperdibles<\/u><\/a><\/p>\n<p>Critic:<\/p>\n<p><a href=\"https:\/\/www.tvshow.com.uy\/musica\/inicio-festival-altibajos.html\"><u>https:\/\/www.tvshow.com.uy\/musica\/inicio-festival-altibajos.html<\/u><\/a><\/td>\n<\/tr>\n<tr>\n<td>Mozart, Wolfgang Amadeus<\/td>\n<td>Concerto for piano n. 19, K. 459, F major<\/td>\n<td>Eduardo Monteiro (piano)<\/td>\n<\/tr>\n<tr>\n<td>Mozart, Wolfgang Amadeus<\/td>\n<td>Sinfonia n. 41, K.551, C major \u201cJupiter\u201d<\/td>\n<td><\/td>\n<\/tr>\n<tr style=\"background-color: #77c3c9;\">\n<td style=\"background-color: 77c3c9;\" rowspan=\"3\">\u00a003<\/td>\n<td style=\"background-color: 77c3c9;\" rowspan=\"3\">\n<p>22 feb 2017<\/p>\n<p>ORQUESTA FILARM\u00d3NICA DE MONTEVIDEO<\/p>\n<p>Teatro Sol\u00eds, Montevideo, Uruguay 21h<\/td>\n<td style=\"background-color: 77c3c9;\">Mozart, Wolfgang Amadeus<\/td>\n<td style=\"background-color: 77c3c9;\">Overture Le nozze di Figaro, K.492<\/td>\n<td style=\"background-color: 77c3c9;\"><\/td>\n<td style=\"background-color: 77c3c9;\" rowspan=\"3\">\n<p>Press:<\/p>\n<p><a href=\"http:\/\/www.montevideo.gub.uy\/ciudad-y-cultura\/agenda-cultural\/amadeus-festival-mozart\"><u>http:\/\/www.montevideo.gub.uy\/ciudad-y-cultura\/agenda-cultural\/amadeus-festival-mozart<\/u><\/a><\/p>\n<p><a href=\"http:\/\/www.montevideo.gub.uy\/ciudad-y-cultura\/agenda-cultural\/amadeus-festival-mozart-en-el-teatro-solis\"><u>http:\/\/www.montevideo.gub.uy\/ciudad-y-cultura\/agenda-cultural\/amadeus-festival-mozart-en-el-teatro-solis<\/u><\/a><\/p>\n<p><a href=\"http:\/\/www.teatrosolis.org.uy\/uc_3280_1.html\"><u>http:\/\/www.teatrosolis.org.uy\/uc_3280_1.html<\/u><\/a><\/p>\n<p>Critic:<\/p>\n<p><a href=\"https:\/\/www.tvshow.com.uy\/teatro\/buen-repertorio-puro-mozart.html\"><u>https:\/\/www.tvshow.com.uy\/teatro\/buen-repertorio-puro-mozart.html<\/u><\/a><\/td>\n<\/tr>\n<tr style=\"background-color: #77c3c9;\">\n<td style=\"background-color: 77c3c9;\">Mozart, Wolfgang Amadeus<\/td>\n<td style=\"background-color: 77c3c9;\">Concerto n.23, K.488, A major<\/td>\n<td style=\"background-color: 77c3c9;\">Ieva Jocubaviciute (piano)<\/td>\n<\/tr>\n<tr style=\"background-color: #77c3c9;\">\n<td style=\"background-color: 77c3c9;\">Mozart, Wolfgang Amadeus<\/td>\n<td style=\"background-color: 77c3c9;\">Sinfonia n.40, K.550, G minor<\/td>\n<td style=\"background-color: 77c3c9;\"><\/td>\n<\/tr>\n<tr>\n<td rowspan=\"3\">\u00a004<\/td>\n<td rowspan=\"3\">\n<p>23 feb 2017<\/p>\n<p>ORQUESTA FILARM\u00d3NICA DE MONTEVIDEO<\/p>\n<p>Teatro Sol\u00eds, Montevideo, Uruguay 21h<\/td>\n<td>Mozart, Wolfgang Amadeus<\/td>\n<td>Overture D. Giovanni, K.527<\/td>\n<td><\/td>\n<td rowspan=\"3\">\n<p><a href=\"https:\/\/www.facebook.com\/amadio.ligia\/media_set?set=a.1242841219138245.1073742001.100002371355253&amp;type=3\"><u>https:\/\/www.facebook.com\/amadio.ligia\/media_set?set=a.1242841219138245.1073742001.100002371355253&amp;type=3<\/u><\/a><\/p>\n<p>Press:<\/p>\n<p><a href=\"http:\/\/www.montevideo.gub.uy\/ciudad-y-cultura\/agenda-cultural\/amadeus-festival-mozart-0\"><u>http:\/\/www.montevideo.gub.uy\/ciudad-y-cultura\/agenda-cultural\/amadeus-festival-mozart-0<\/u><\/a><\/p>\n<p><a href=\"http:\/\/www.montevideo.gub.uy\/ciudad-y-cultura\/agenda-cultural\/amadeus-festival-mozart-en-el-teatro-solis\"><u>http:\/\/www.montevideo.gub.uy\/ciudad-y-cultura\/agenda-cultural\/amadeus-festival-mozart-en-el-teatro-solis<\/u><\/a><\/p>\n<p><a href=\"http:\/\/www.teatrosolis.org.uy\/uc_3280_1.html\"><u>http:\/\/www.teatrosolis.org.uy\/uc_3280_1.html<\/u><\/a><\/td>\n<\/tr>\n<tr>\n<td>Mozart, Wolfgang Amadeus<\/td>\n<td>Conierto n.17, K.453, G major<\/td>\n<td>Arta Arnicane (piano)<\/td>\n<\/tr>\n<tr>\n<td>Mozart, Wolfgang Amadeus<\/td>\n<td>Sinfonia n. 41, K.551, C major \u201cJupiter\u201d<\/td>\n<td><\/td>\n<\/tr>\n<tr style=\"background-color: #77c3c9;\">\n<td rowspan=\"2\">05<\/td>\n<td rowspan=\"2\">\n<p>7 mar 2017<\/p>\n<p>ORQUESTA FILARM\u00d3NICA DE MONTEVIDEO<\/p>\n<p>Teatro Sol\u00eds, Montevideo, Uruguay 20h<\/p>\n<p>Concierto D\u00eda Internacional de la Mujer<\/td>\n<td>Bacewicz,<\/td>\n<td>Overture for orchestra (1943)<\/td>\n<td><\/td>\n<td rowspan=\"4\">\n<p>Photos:<\/p>\n<p><a href=\"https:\/\/www.facebook.com\/amadio.ligia\/media_set?set=a.1252198834869150.1073742004.100002371355253&amp;type=3\"><u>https:\/\/www.facebook.com\/amadio.ligia\/media_set?set=a.1252198834869150.1073742004.100002371355253&amp;type=3<\/u><\/a><\/p>\n<p>Press:<\/p>\n<p><a href=\"http:\/\/www.teatrosolis.org.uy\/uc_3304_1.html\"><u>http:\/\/www.teatrosolis.org.uy\/uc_3304_1.html<\/u><\/a><\/p>\n<p><a href=\"http:\/\/orquestafilarmonica.montevideo.gub.uy\/boletin-de-noticias\/concierto-en-conmemoracion-del-dia-internacional-de-la-mujer\"><u>http:\/\/orquestafilarmonica.montevideo.gub.uy\/boletin-de-noticias\/concierto-en-conmemoracion-del-dia-internacional-de-la-mujer<\/u><\/a><\/p>\n<p><a href=\"https:\/\/www.tvshow.com.uy\/musica\/mes-mujer-abre-hoy-conciertos.html\"><u>https:\/\/www.tvshow.com.uy\/musica\/mes-mujer-abre-hoy-conciertos.html<\/u><\/a><\/p>\n<p><a href=\"https:\/\/www.eumus.edu.uy\/eum\/eventos\/conciertos\"><u>https:\/\/www.eumus.edu.uy\/eum\/eventos\/conciertos<\/u><\/a><\/p>\n<p>Critic:<\/p>\n<p><a href=\"https:\/\/www.tvshow.com.uy\/musica\/mujeres-musica-uruguaya.html\"><u>https:\/\/www.tvshow.com.uy\/musica\/mujeres-musica-uruguaya.html<\/u><\/a><\/td>\n<\/tr>\n<tr style=\"background-color: #77c3c9;\">\n<td>Lockart, Beatriz<\/td>\n<td>Masia Muj\u00fa \u2013 Concertino for flute and orchestra<\/td>\n<td>Sofia Ceccato (flute)<\/td>\n<\/tr>\n<tr style=\"background-color: #77c3c9;\">\n<td><\/td>\n<td><\/td>\n<td>Rezende, Marisa<\/td>\n<td>Vereda<\/td>\n<td><\/td>\n<\/tr>\n<tr style=\"background-color: #77c3c9;\">\n<td><\/td>\n<td><\/td>\n<td>Concilio, Florencia Di<\/td>\n<td>Concerto n.2 for piano and orchestra<\/td>\n<td>Ciro Foder\u00e9 (piano)<\/td>\n<\/tr>\n<tr>\n<td rowspan=\"2\">06<\/td>\n<td rowspan=\"2\">\n<p>23 mar 2017<\/p>\n<p>NEOJIB\u00c1<\/p>\n<p>Teatro Castro Alves, Salvador, Brasil<\/p>\n<p>Homenagem aos 130 anos de nascimento de Villa-Lobos<\/td>\n<td>Villa-Lobos, Heitor<\/td>\n<td>Bachianas Brasileiras n.4<\/td>\n<td><\/td>\n<td rowspan=\"3\">\n<p><a href=\"https:\/\/www.facebook.com\/amadio.ligia\/media_set?set=a.1265741323514901.1073742010.100002371355253&amp;type=3\"><u>https:\/\/www.facebook.com\/amadio.ligia\/media_set?set=a.1265741323514901.1073742010.100002371355253&amp;type=3<\/u><\/a><\/p>\n<p><a href=\"https:\/\/www.facebook.com\/amadio.ligia\/media_set?set=a.1260940157328351.1073742007.100002371355253&amp;type=3\"><u>https:\/\/www.facebook.com\/amadio.ligia\/media_set?set=a.1260940157328351.1073742007.100002371355253&amp;type=3<\/u><\/a><\/p>\n<p><a href=\"https:\/\/www.facebook.com\/amadio.ligia\/media_set?set=a.1265723883516645.1073742009.100002371355253&amp;type=3\"><u>https:\/\/www.facebook.com\/amadio.ligia\/media_set?set=a.1265723883516645.1073742009.100002371355253&amp;type=3<\/u><\/a><\/p>\n<p><a href=\"https:\/\/www.flickr.com\/photos\/neojiba\/sets\/72157678461668263\"><u>https:\/\/www.flickr.com\/photos\/neojiba\/sets\/72157678461668263<\/u><\/a><\/p>\n<p>Press:<\/p>\n<p><a href=\"http:\/\/g1.globo.com\/bahia\/musica\/noticia\/2017\/03\/neojiba-apresenta-1-concerto-da-serie-que-celebra-10-anos-de-atuacao-na-ba.html\"><u>http:\/\/g1.globo.com\/bahia\/musica\/noticia\/2017\/03\/neojiba-apresenta-1-concerto-da-serie-que-celebra-10-anos-de-atuacao-na-ba.html<\/u><\/a><\/p>\n<p><a href=\"http:\/\/www.concerto.com.br\/contraponto.asp?id=3664\"><u>http:\/\/www.concerto.com.br\/contraponto.asp?id=3664<\/u><\/a><\/p>\n<p><a href=\"https:\/\/leiamais.ba\/2017\/03\/21\/neojiba-celebra-10-anos-com-nova-serie-no-tca\"><u>https:\/\/leiamais.ba\/2017\/03\/21\/neojiba-celebra-10-anos-com-nova-serie-no-tca<\/u><\/a><\/p>\n<p><a href=\"http:\/\/www.cultura.ba.gov.br\/modules\/noticias\/makepdf.php?storyid=13269\"><u>http:\/\/www.cultura.ba.gov.br\/modules\/noticias\/makepdf.php?storyid=13269<\/u><\/a><\/p>\n<p><a href=\"https:\/\/www.bahianoticias.com.br\/cultura\/noticia\/27422-neojiba-comemora-10-anos-de-atuacao-com-serie-no-tca.html\"><u>https:\/\/www.bahianoticias.com.br\/cultura\/noticia\/27422-neojiba-comemora-10-anos-de-atuacao-com-serie-no-tca.html<\/u><\/a><\/p>\n<p>Interview:<\/p>\n<p><a href=\"http:\/\/neojiba.org\/noticias\/maestrina-ligia-amadio-fala-sobre-seus-projetos-e-trajetoria\/\"><u>http:\/\/neojiba.org\/noticias\/maestrina-ligia-amadio-fala-sobre-seus-projetos-e-trajetoria\/<\/u><\/a><\/td>\n<\/tr>\n<tr>\n<td>Villa-Lobos, Heitor<\/td>\n<td>Momo Precoce, for piano and orchestra<\/td>\n<td>Marcelo Bratke (piano)<\/td>\n<\/tr>\n<tr>\n<td><\/td>\n<td><\/td>\n<td>Villa-Lobos, Heitor<\/td>\n<td>Choros n.10<\/td>\n<td><\/td>\n<\/tr>\n<tr style=\"background-color: #77c3c9;\">\n<td rowspan=\"5\">07<\/td>\n<td rowspan=\"5\">\n<p>31 mar, 1, 2 apr 2017<\/p>\n<p>ORQUESTA SINF\u00d3NICA DE SANTA CRUZ DE LA SIERRA<\/p>\n<p>\u201cAbanderados del Brasil cl\u00e1ssico\u201d<\/p>\n<p>Teatro del Centro Centro Boliviano Americano, Santa Cruz de la Sierra, Bol\u00edvia, 20:30h<\/td>\n<td>Nepomuceno, Alberto<\/td>\n<td>Sinfonia em Sol menor<\/td>\n<td><\/td>\n<td rowspan=\"5\">\n<p>Photos:<\/p>\n<p><a href=\"https:\/\/www.facebook.com\/amadio.ligia\/media_set?set=a.1270107883078245.1073742011.100002371355253&amp;type=3\"><u>https:\/\/www.facebook.com\/amadio.ligia\/media_set?set=a.1270107883078245.1073742011.100002371355253&amp;type=3<\/u><\/a><\/p>\n<p>Press:<\/p>\n<p><a href=\"https:\/\/www.pressreader.com\/bolivia\/el-deber\/20170329\/282213715658577\"><u>https:\/\/www.pressreader.com\/bolivia\/el-deber\/20170329\/282213715658577<\/u><\/a><\/p>\n<p><a href=\"https:\/\/www.pressreader.com\/bolivia\/el-deber\/20170331\/282192240826767\"><u>https:\/\/www.pressreader.com\/bolivia\/el-deber\/20170331\/282192240826767<\/u><\/a><\/p>\n<p><a href=\"https:\/\/wp.eldeber.com.bo\/escenas\/Ligia-Amadio-llega-para-dirigir-la-Sinfonica-Juvenil-20170328-0112.html\"><u>https:\/\/wp.eldeber.com.bo\/escenas\/Ligia-Amadio-llega-para-dirigir-la-Sinfonica-Juvenil-20170328-0112.html<\/u><\/a><\/p>\n<p><a href=\"http:\/\/www.caminoreal.com.bo\/agenda-de-actividades-en-santa-cruz-marzo-abril-2017\/\"><u>http:\/\/www.caminoreal.com.bo\/agenda-de-actividades-en-santa-cruz-marzo-abril-2017\/<\/u><\/a><\/p>\n<p><a href=\"http:\/\/www.eldiario.net\/noticias\/2017\/2017_04\/nt170402\/cultural.php?n=27&amp;-empezo-temporada-de-conciertos-de-musica-clasica-en-santa-cruz\"><u>http:\/\/www.eldiario.net\/noticias\/2017\/2017_04\/nt170402\/cultural.php?n=27&amp;-empezo-temporada-de-conciertos-de-musica-clasica-en-santa-cruz<\/u><\/a><\/p>\n<p><a href=\"http:\/\/culturadesantacruz.blogspot.com.br\/2017\/03\/\"><u>http:\/\/culturadesantacruz.blogspot.com.br\/2017\/03\/<\/u><\/a><\/td>\n<\/tr>\n<tr style=\"background-color: #77c3c9;\">\n<td>Guarnieri, Camargo<\/td>\n<td>Danza Brasileira<\/td>\n<td><\/td>\n<\/tr>\n<tr style=\"background-color: #77c3c9;\">\n<td>Pereira, Cyro<\/td>\n<td>Aquarela de Sambas<\/td>\n<td><\/td>\n<\/tr>\n<tr style=\"background-color: #77c3c9;\">\n<td>Marquez, Arturo<\/td>\n<td>Danz\u00f3n n.2<\/td>\n<td><\/td>\n<\/tr>\n<tr style=\"background-color: #77c3c9;\">\n<td>Lorenzo Fernandez, Oscar<\/td>\n<td>Batuque<\/td>\n<td><\/td>\n<\/tr>\n<tr>\n<td>08<\/td>\n<td>\n<p>22 apr 2017<\/p>\n<p>ORQUESTA FILARM\u00d3NICA DE MONTEVIDEO<\/p>\n<p>Teatro Sol\u00eds, Montevideo, Uruguay 19:30h<\/p>\n<p>CENTENARIO DE LA CUMPARSITA<\/td>\n<td><\/td>\n<td>Programa de Tangos<\/td>\n<td><\/td>\n<td>\n<p>Photos:<\/p>\n<p><a href=\"https:\/\/www.facebook.com\/amadio.ligia\/media_set?set=a.1297717443650622.1073742015.100002371355253&amp;type=3\"><u>https:\/\/www.facebook.com\/amadio.ligia\/media_set?set=a.1297717443650622.1073742015.100002371355253&amp;type=3<\/u><\/a><\/p>\n<p><a href=\"https:\/\/www.facebook.com\/amadio.ligia\/media_set?set=a.1306104442811922.1073742017.100002371355253&amp;type=3\"><u>https:\/\/www.facebook.com\/amadio.ligia\/media_set?set=a.1306104442811922.1073742017.100002371355253&amp;type=3<\/u><\/a><\/p>\n<p>Press:<\/p>\n<p><a href=\"http:\/\/www.lr21.com.uy\/cultura\/1327549-detalle-de-las-actividades-culturales-y-academicas-en-el-mes-del-centenario-de-la-cumparsita\"><u>http:\/\/www.lr21.com.uy\/cultura\/1327549-detalle-de-las-actividades-culturales-y-academicas-en-el-mes-del-centenario-de-la-cumparsita<\/u><\/a><\/p>\n<p><a href=\"http:\/\/www.republica.com.uy\/se-cumplen-100-anos-de-la-cumparsita\/\"><u>http:\/\/www.republica.com.uy\/se-cumplen-100-anos-de-la-cumparsita\/<\/u><\/a><\/td>\n<\/tr>\n<tr style=\"background-color: #77c3c9;\">\n<td rowspan=\"4\">09<\/td>\n<td rowspan=\"4\">\n<p>28, 29 apr 2017<\/p>\n<p>ORQUESTRA SINF\u00d4NICA DO THEATRO MUNICIPAL DE S\u00c3O PAULO (OSTMSP)<\/p>\n<p>Theatro Municipal de S\u00e3o Paulo, S\u00e3o Paulo, Brasil<\/td>\n<td>Fernandez, Lorenzo<\/td>\n<td>Reisado do Pastoreio<\/td>\n<td><\/td>\n<td rowspan=\"4\">\n<p>Photos:<\/p>\n<p><a href=\"https:\/\/www.facebook.com\/amadio.ligia\/media_set?set=a.1319217684833931.1073742024.100002371355253&amp;type=3\"><u>https:\/\/www.facebook.com\/amadio.ligia\/media_set?set=a.1319217684833931.1073742024.100002371355253&amp;type=3<\/u><\/a><\/p>\n<p><a href=\"https:\/\/www.facebook.com\/amadio.ligia\/media_set?set=a.1319164564839243.1073742023.100002371355253&amp;type=3\"><u>https:\/\/www.facebook.com\/amadio.ligia\/media_set?set=a.1319164564839243.1073742023.100002371355253&amp;type=3<\/u><\/a><\/p>\n<p><a href=\"https:\/\/www.facebook.com\/amadio.ligia\/media_set?set=a.1305600659528967.1073742016.100002371355253&amp;type=3\"><u>https:\/\/www.facebook.com\/amadio.ligia\/media_set?set=a.1305600659528967.1073742016.100002371355253&amp;type=3<\/u><\/a><\/p>\n<p><a href=\"https:\/\/www.facebook.com\/amadio.ligia\/media_set?set=a.1310170132405353.1073742019.100002371355253&amp;type=3\"><u>https:\/\/www.facebook.com\/amadio.ligia\/media_set?set=a.1310170132405353.1073742019.100002371355253&amp;type=3<\/u><\/a><\/p>\n<p>Press:<\/p>\n<p><a href=\"http:\/\/theatromunicipal.org.br\/programacao\/osm-sob-regencia-de-ligia-amadio\/\"><u>http:\/\/theatromunicipal.org.br\/programacao\/osm-sob-regencia-de-ligia-amadio\/<\/u><\/a><\/p>\n<p><a href=\"https:\/\/vejasp.abril.com.br\/atracao\/ligia-amadio\/\"><u>https:\/\/vejasp.abril.com.br\/atracao\/ligia-amadio\/<\/u><\/a><\/p>\n<p><a href=\"http:\/\/www.vivaocentro.org.br\/eventos-e-palestras\/osm-sob-reg%25C3%25AAncia-de-ligia-amadio.aspx\"><u>http:\/\/www.vivaocentro.org.br\/eventos-e-palestras\/osm-sob-reg%C3%AAncia-de-ligia-amadio.aspx<\/u><\/a><\/p>\n<p><a href=\"http:\/\/www.movimento.com\/2017\/04\/municipal-para-grandes-e-pequenos\/\"><u>http:\/\/www.movimento.com\/2017\/04\/municipal-para-grandes-e-pequenos\/<\/u><\/a><\/p>\n<p><a href=\"http:\/\/www.concerto.com.br\/contraponto.asp?id=3706\"><u>http:\/\/www.concerto.com.br\/contraponto.asp?id=3706<\/u><\/a><\/p>\n<p><a href=\"https:\/\/guia.folha.uol.com.br\/concertos\/2017\/04\/confira-selecao-de-13-concertos-que-ocorrem-em-sao-paulo-na-semana.shtml\"><u>https:\/\/guia.folha.uol.com.br\/concertos\/2017\/04\/confira-selecao-de-13-concertos-que-ocorrem-em-sao-paulo-na-semana.shtml<\/u><\/a><\/p>\n<p><a href=\"http:\/\/operaeballet.blogspot.com.br\/2017\/04\/ligia-amadio-rege-wagner-brahms-e.html\"><u>http:\/\/operaeballet.blogspot.com.br\/2017\/04\/ligia-amadio-rege-wagner-brahms-e.html<\/u><\/a><\/p>\n<p><a href=\"http:\/\/www.encontrosclassicos.com.br\/master-class\/item\/833-concerto-sinfonico-com-ligia-amadio-no-theatro-municipal-de-sao-paulo\"><u>http:\/\/www.encontrosclassicos.com.br\/master-class\/item\/833-concerto-sinfonico-com-ligia-amadio-no-theatro-municipal-de-sao-paulo<\/u><\/a><\/p>\n<p><a href=\"https:\/\/www.pressreader.com\/brazil\/o-estado-de-s-paulo\/20170428\/283192968260131\"><u>https:\/\/www.pressreader.com\/brazil\/o-estado-de-s-paulo\/20170428\/283192968260131<\/u><\/a><\/p>\n<p>Critic:<\/p>\n<p><a href=\"http:\/\/operaeballet.blogspot.com.br\/2017\/04\/ligia-amadio-e-ode-ao-extase-artigo-de.html\"><u>http:\/\/operaeballet.blogspot.com.br\/2017\/04\/ligia-amadio-e-ode-ao-extase-artigo-de.html<\/u><\/a><\/td>\n<\/tr>\n<tr style=\"background-color: #77c3c9;\">\n<td>Brahms, Johannes<\/td>\n<td>Concerto for violin and violoncelo, op.102, A minor<\/td>\n<td>Pablo de Le\u00f3n (violin), Raiff Dantas Barreto (violoncelo)<\/td>\n<\/tr>\n<tr style=\"background-color: #77c3c9;\">\n<td>Scriabin, Alexander<\/td>\n<td>Le po\u00e8me de l`extase, op.54 (sinfonia n.4)<\/td>\n<td><\/td>\n<\/tr>\n<tr style=\"background-color: #77c3c9;\">\n<td>Wagner, Richard<\/td>\n<td>Prelude und Liebestod<\/td>\n<td><\/td>\n<\/tr>\n<tr>\n<td rowspan=\"3\">10<\/td>\n<td rowspan=\"3\">\n<p>05 may 2017<\/p>\n<p>ORQUESTA FILARM\u00d3NICA DE MONTEVIDEO<\/p>\n<p>Euskalerria 70, Montevideo, Uruguay<\/td>\n<td>Albinoni, Tomaso<\/td>\n<td>Concerto for oboe and orchestra, op.9 n.11, B-flat major<\/td>\n<td>Ernesto Lest\u00f3n (oboe)<\/td>\n<td rowspan=\"3\">\n<p>Photos:<\/p>\n<p><a href=\"https:\/\/www.facebook.com\/amadio.ligia\/media_set?set=a.1315527648536268.1073742021.100002371355253&amp;type=3\"><u>https:\/\/www.facebook.com\/amadio.ligia\/media_set?set=a.1315527648536268.1073742021.100002371355253&amp;type=3<\/u><\/a><\/p>\n<p><a href=\"https:\/\/www.facebook.com\/amadio.ligia\/media_set?set=a.1318384994917200.1073742022.100002371355253&amp;type=3\"><u>https:\/\/www.facebook.com\/amadio.ligia\/media_set?set=a.1318384994917200.1073742022.100002371355253&amp;type=3<\/u><\/a><\/p>\n<p>Press:<\/p>\n<p><a href=\"http:\/\/www.carasycaretas.com.uy\/la-filarmonica-montevideo-inaugura-ciclo-principal-conciertos\/\"><u>http:\/\/www.carasycaretas.com.uy\/la-filarmonica-montevideo-inaugura-ciclo-principal-conciertos\/<\/u><\/a><\/p>\n<p><a href=\"http:\/\/orquestafilarmonica.montevideo.gub.uy\/evento\/la-filarmonica-en-euskalerria-70\"><u>http:\/\/orquestafilarmonica.montevideo.gub.uy\/evento\/la-filarmonica-en-euskalerria-70<\/u><\/a><\/td>\n<\/tr>\n<tr>\n<td>Mozart, Wolfgang Amadeus<\/td>\n<td>Sinfonia concertante for violin, viola and orchestra, K.364, Eb major<\/td>\n<td>Carolina Hasaj (violin), Bruno Gonz\u00e1lez Genta (viola)<\/td>\n<\/tr>\n<tr>\n<td>Mozart, Wolfgang Amadeus<\/td>\n<td>Sinfonia n.35, K.385, D major, \u201cHaffner\u201d<\/td>\n<td><\/td>\n<\/tr>\n<tr style=\"background-color: #77c3c9;\">\n<td rowspan=\"3\">11<\/td>\n<td rowspan=\"3\">\n<p>16 may 2017<\/p>\n<p>ORQUESTA FILARM\u00d3NICA DE MONTEVIDEO<\/p>\n<p>Teatro Sol\u00eds, Montevideo, Uruguay 19:30h<\/td>\n<td>Cortinas, C\u00e9sar<\/td>\n<td>Idilio<\/td>\n<td><\/td>\n<td rowspan=\"3\">\n<p>Photos:<\/p>\n<p><a href=\"https:\/\/www.facebook.com\/amadio.ligia\/media_set?set=a.1328389033916796.1073742028.100002371355253&amp;type=3\"><u>https:\/\/www.facebook.com\/amadio.ligia\/media_set?set=a.1328389033916796.1073742028.100002371355253&amp;type=3<\/u><\/a><\/p>\n<p><a href=\"https:\/\/www.facebook.com\/amadio.ligia\/media_set?set=a.1325611770861189.1073742025.100002371355253&amp;type=3\"><u>https:\/\/www.facebook.com\/amadio.ligia\/media_set?set=a.1325611770861189.1073742025.100002371355253&amp;type=3<\/u><\/a><\/p>\n<p>Press:<\/p>\n<p><a href=\"http:\/\/www.teatrosolis.org.uy\/moviluc_3375_1.html\"><u>http:\/\/www.teatrosolis.org.uy\/moviluc_3375_1.html<\/u><\/a><\/p>\n<p><a href=\"http:\/\/www.montevideo.com.uy\/Tiempo-libre\/La-Filarmonica-abre-su-temporada-2017-en-el-teatro-Solis-uc343142\"><u>http:\/\/www.montevideo.com.uy\/Tiempo-libre\/La-Filarmonica-abre-su-temporada-2017-en-el-teatro-Solis-uc343142<\/u><\/a><\/p>\n<p><a href=\"http:\/\/www.radionacional.com.uy\/filarmonica-de-montevideo-inicia-temporada-este-martes-en-el-solis\/\"><u>http:\/\/www.radionacional.com.uy\/filarmonica-de-montevideo-inicia-temporada-este-martes-en-el-solis\/<\/u><\/a><\/p>\n<p><a href=\"http:\/\/orquestafilarmonica.montevideo.gub.uy\/evento\/gala-apertura-de-la-temporada-principal\"><u>http:\/\/orquestafilarmonica.montevideo.gub.uy\/evento\/gala-apertura-de-la-temporada-principal<\/u><\/a><\/p>\n<p>Critic:<\/p>\n<p><a href=\"https:\/\/www.tvshow.com.uy\/musica\/acierto-ligia-amadio.html\"><u>https:\/\/www.tvshow.com.uy\/musica\/acierto-ligia-amadio.html<\/u><\/a><\/p>\n<p>Interview:<\/p>\n<p><a href=\"http:\/\/revistadossier.com.uy\/musica\/con-ligia-amadio-directora-artistica-de-la-orquesta-filarmonica-de-montevideo\/\"><u>http:\/\/revistadossier.com.uy\/musica\/con-ligia-amadio-directora-artistica-de-la-orquesta-filarmonica-de-montevideo\/<\/u><\/a><\/td>\n<\/tr>\n<tr style=\"background-color: #77c3c9;\">\n<td>Ravel, Maurice<\/td>\n<td>Concerto for the left hand, D major<\/td>\n<td>Raquel Boldorini (piano)<\/td>\n<\/tr>\n<tr style=\"background-color: #77c3c9;\">\n<td>Rachmaninoff, Sergei<\/td>\n<td>Sinfonia n.2, op.27, E minor<\/td>\n<td><\/td>\n<\/tr>\n<tr>\n<td rowspan=\"3\">12<\/td>\n<td rowspan=\"3\">\n<p>13 jun 2017<\/p>\n<p>ORQUESTA FILARM\u00d3NICA DE MONTEVIDEO<\/p>\n<p>\u201cCanto de amor\u201d<\/p>\n<p>Teatro Sol\u00eds, Montevideo, Uruguay 19:30h<\/td>\n<td>Mortet, Luis Cluzeau<\/td>\n<td>Canto de amor<\/td>\n<td><\/td>\n<td rowspan=\"3\">\n<p>Photos:<\/p>\n<p><a href=\"https:\/\/www.facebook.com\/amadio.ligia\/media_set?set=a.1358041467618219.1073742042.100002371355253&amp;type=3\"><u>https:\/\/www.facebook.com\/amadio.ligia\/media_set?set=a.1358041467618219.1073742042.100002371355253&amp;type=3<\/u><\/a><\/p>\n<p><a href=\"https:\/\/www.facebook.com\/amadio.ligia\/media_set?set=a.1351774661578233.1073742039.100002371355253&amp;type=3\"><u>https:\/\/www.facebook.com\/amadio.ligia\/media_set?set=a.1351774661578233.1073742039.100002371355253&amp;type=3<\/u><\/a><\/p>\n<p>Press:<\/p>\n<p><a href=\"http:\/\/orquestafilarmonica.montevideo.gub.uy\/evento\/canto-de-amor\"><u>http:\/\/orquestafilarmonica.montevideo.gub.uy\/evento\/canto-de-amor<\/u><\/a><\/p>\n<p><a href=\"http:\/\/www.teatrosolis.org.uy\/uc_3402_1.html\"><u>http:\/\/www.teatrosolis.org.uy\/uc_3402_1.html<\/u><\/a><\/p>\n<p><a href=\"http:\/\/laguiadelocio.com.ar\/uruguay\/musica-uruguay\/13-junio-orquesta-filarmonica-de-montevideo-presenta-canto-de-amor\/\"><u>http:\/\/laguiadelocio.com.ar\/uruguay\/musica-uruguay\/13-junio-orquesta-filarmonica-de-montevideo-presenta-canto-de-amor\/<\/u><\/a><\/p>\n<p><a href=\"http:\/\/www.radionacional.com.uy\/54507-2\/\"><u>http:\/\/www.radionacional.com.uy\/54507-2\/<\/u><\/a><\/td>\n<\/tr>\n<tr>\n<td>Liszt, Franz<\/td>\n<td>Concerto n.1 for piano and orchestra, Eb major<\/td>\n<td>Alexander Panizza (piano)<\/td>\n<\/tr>\n<tr>\n<td>Brahms, Johannes<\/td>\n<td>Sinfonia n.1, op.68, C minor<\/td>\n<td><\/td>\n<\/tr>\n<tr style=\"background-color: #77c3c9;\">\n<td rowspan=\"3\">13<\/td>\n<td rowspan=\"3\">\n<p>20 jun 2017<\/p>\n<p>ORQUESTA FILARM\u00d3NICA DE MONTEVIDEO<\/p>\n<p>Teatro Sol\u00eds, Montevideo, Uruguay 19:30h<\/p>\n<p>LAS DOCE ESTACIONES<\/td>\n<td>Lamarque-Pons, Jaur\u00e9s<\/td>\n<td>\n<p>Concertino de Verano (basson);<\/p>\n<p>Concertino de Oto\u00f1o (piano);<\/p>\n<p>Concertino de Invierno (guitarra);<\/p>\n<p>Concertino de Primavera (viol\u00edn)<\/td>\n<td>Daniel Lasca (violin), Eduardo Hern\u00e1ndez\u00a0 (guitar), Elida Gencarelli (piano), F\u00e1bio Cury (basson)<\/td>\n<td rowspan=\"3\">\n<p>Photos:<\/p>\n<p><a href=\"https:\/\/www.facebook.com\/amadio.ligia\/media_set?set=a.1356005544488478.1073742041.100002371355253&amp;type=3\"><u>https:\/\/www.facebook.com\/amadio.ligia\/media_set?set=a.1356005544488478.1073742041.100002371355253&amp;type=3<\/u><\/a><\/p>\n<p>Press:<\/p>\n<p><a href=\"https:\/\/www.tvshow.com.uy\/musica\/filarmonica-diversos-climas.html\"><u>https:\/\/www.tvshow.com.uy\/musica\/filarmonica-diversos-climas.html<\/u><\/a><\/p>\n<p><a href=\"http:\/\/www.lr21.com.uy\/cultura\/1332715-orquesta-filarmonica-montevideo-doce-estaciones\"><u>http:\/\/www.lr21.com.uy\/cultura\/1332715-orquesta-filarmonica-montevideo-doce-estaciones<\/u><\/a><\/p>\n<p><a href=\"https:\/\/www.elobservador.com.uy\/doce-estaciones-musicales-el-solis-n1085808\"><u>https:\/\/www.elobservador.com.uy\/doce-estaciones-musicales-el-solis-n1085808<\/u><\/a><\/p>\n<p><a href=\"http:\/\/www.montevideo.com.uy\/Tiempo-libre\/Daniela-Bouret-directora-del-Teatro-Solis-presenta-Las-doce-estaciones--uc344655\"><u>http:\/\/www.montevideo.com.uy\/Tiempo-libre\/Daniela-Bouret-directora-del-Teatro-Solis-presenta-Las-doce-estaciones&#8211;uc344655<\/u><\/a><\/p>\n<p><a href=\"http:\/\/noticiasuy.com\/Noticia\/Espectaculos\/20170524\/636311341603301436\/La_Filarmonica_en_los_diversos_climas\"><u>http:\/\/noticiasuy.com\/Noticia\/Espectaculos\/20170524\/636311341603301436\/La_Filarmonica_en_los_diversos_climas<\/u><\/a><\/td>\n<\/tr>\n<tr style=\"background-color: #77c3c9;\">\n<td>Vivaldi, Antonio<\/td>\n<td>Parts of \u201cLe quattro staggioni\u201d, op.8<\/td>\n<td>Daniel Lasca (violin)<\/td>\n<\/tr>\n<tr style=\"background-color: #77c3c9;\">\n<td>Piazzolla, Astor<\/td>\n<td>Las estaciones porte\u00f1as<\/td>\n<td>Alejandra Moreira (violin), Juli\u00e1n Bello (piano), Virg\u00ednia Aldado (violoncello)<\/td>\n<\/tr>\n<tr>\n<td rowspan=\"3\">14<\/td>\n<td rowspan=\"3\">\n<p>27 jun 2017<\/p>\n<p>ORQUESTA FILARM\u00d3NICA DE MONTEVIDEO<\/p>\n<p>Teatro Sol\u00eds, Montevideo, Uruguay 19:30h<\/td>\n<td>Fabini, Eduardo<\/td>\n<td>La isla de los ceibos<\/td>\n<td><\/td>\n<td rowspan=\"3\">\n<p>Photos:<\/p>\n<p><a href=\"https:\/\/www.facebook.com\/amadio.ligia\/media_set?set=a.1367766149979084.1073742043.100002371355253&amp;type=3\"><u>https:\/\/www.facebook.com\/amadio.ligia\/media_set?set=a.1367766149979084.1073742043.100002371355253&amp;type=3<\/u><\/a><\/p>\n<p>Press:<\/p>\n<p><a href=\"http:\/\/www.montevideo.gub.uy\/ciudad-y-cultura\/agenda-cultural\/gala-con-el-pianista-bruno-gelber\"><u>http:\/\/www.montevideo.gub.uy\/ciudad-y-cultura\/agenda-cultural\/gala-con-el-pianista-bruno-gelber<\/u><\/a><\/p>\n<p><a href=\"https:\/\/970universal.com\/2017\/06\/21\/la-filarmonica-bruno-gelber-teatro-solis\/\"><u>https:\/\/970universal.com\/2017\/06\/21\/la-filarmonica-bruno-gelber-teatro-solis\/<\/u><\/a><\/p>\n<p><a href=\"https:\/\/www.tvshow.com.uy\/musica\/chopin-solis-mano-bruno-gelber.html\"><u>https:\/\/www.tvshow.com.uy\/musica\/chopin-solis-mano-bruno-gelber.html<\/u><\/a><\/p>\n<p>Critic:<\/p>\n<p><a href=\"https:\/\/www.tvshow.com.uy\/musica\/velada-climas.html\"><u>https:\/\/www.tvshow.com.uy\/musica\/velada-climas.html<\/u><\/a><\/td>\n<\/tr>\n<tr>\n<td>Strauss, Richard<\/td>\n<td>Tod und Verkl\u00e4rung, op.24<\/td>\n<td><\/td>\n<\/tr>\n<tr>\n<td>Chopin, Fr\u00e9d\u00e9ric<\/td>\n<td>Concerto n.1 for piano and orchestra, op.11, E minor<\/td>\n<td>Bruno Gelber (piano)<\/td>\n<\/tr>\n<tr style=\"background-color: #77c3c9;\">\n<td>15<\/td>\n<td>\n<p>7, 8, 13, 14, 15 jun 2017<\/p>\n<p>ORQUESTA SINF\u00d3NICA NACIONAL DE CHILE<\/p>\n<p>Teatro Universidad de Chile, Santiago de Chile, Chile, 19:40h<\/td>\n<td>Orff, Carl<\/td>\n<td>Carmina Burana<\/td>\n<td>Claudia Pereira (S), Mois\u00e9s Mendoza (CT), Ramiro Maturana (Bar)<\/td>\n<td>\n<p>Photos:<\/p>\n<p><a href=\"https:\/\/www.facebook.com\/amadio.ligia\/media_set?set=a.1388781531210879.1073742052.100002371355253&amp;type=3\"><u>https:\/\/www.facebook.com\/amadio.ligia\/media_set?set=a.1388781531210879.1073742052.100002371355253&amp;type=3<\/u><\/a><\/p>\n<p><a href=\"https:\/\/www.facebook.com\/amadio.ligia\/media_set?set=a.1372436669512032.1073742046.100002371355253&amp;type=3\"><u>https:\/\/www.facebook.com\/amadio.ligia\/media_set?set=a.1372436669512032.1073742046.100002371355253&amp;type=3<\/u><\/a><\/p>\n<p>Press: <a href=\"http:\/\/www.ceacuchile.com\/2017\/07\/carmina-burana-marca-el-reencuentro-de-la-directora-ligia-amadio-con-la-sinfonica-nacional-de-chile\/\"><u>http:\/\/www.ceacuchile.com\/2017\/07\/carmina-burana-marca-el-reencuentro-de-la-directora-ligia-amadio-con-la-sinfonica-nacional-de-chile\/<\/u><\/a><\/p>\n<p><a href=\"http:\/\/www.uchile.cl\/agenda\/134711\/concierto-de-la-orquesta-y-coro-sinfonico-carmina-burana\"><u>http:\/\/www.uchile.cl\/agenda\/134711\/concierto-de-la-orquesta-y-coro-sinfonico-carmina-burana<\/u><\/a><\/p>\n<p><a href=\"http:\/\/www.elmostrador.cl\/cultura\/2017\/07\/06\/maestra-brasilena-toma-la-batuta-de-carmina-burana-en-el-teatro-de-la-u-de-chile\/\"><u>http:\/\/www.elmostrador.cl\/cultura\/2017\/07\/06\/maestra-brasilena-toma-la-batuta-de-carmina-burana-en-el-teatro-de-la-u-de-chile\/<\/u><\/a><\/p>\n<p><a href=\"http:\/\/www.beethovenfm.cl\/agenda-cultural\/2017\/06\/29\/un-clasico-vuelve-a-escena-carmina-burana-en-santiago\/\"><u>http:\/\/www.beethovenfm.cl\/agenda-cultural\/2017\/06\/29\/un-clasico-vuelve-a-escena-carmina-burana-en-santiago\/<\/u><\/a><\/p>\n<p><a href=\"https:\/\/www.facebook.com\/events\/276024059501283\/\"><u>https:\/\/www.facebook.com\/events\/276024059501283\/<\/u><\/a><\/p>\n<p><a href=\"https:\/\/www.df.cl\/noticias\/tendencias\/panorama\/carmina-burana-bajo-la-batuta-de-ligia-amadio\/2017-07-06\/210724.html\"><u>https:\/\/www.df.cl\/noticias\/tendencias\/panorama\/carmina-burana-bajo-la-batuta-de-ligia-amadio\/2017-07-06\/210724.html<\/u><\/a><\/p>\n<p><a href=\"http:\/\/www.entornointeligente.com\/articulo\/10245045\/CHILE-Carmina-Burana-bajo-la-batuta-de-Ligia-Amadio\"><u>http:\/\/www.entornointeligente.com\/articulo\/10245045\/CHILE-Carmina-Burana-bajo-la-batuta-de-Ligia-Amadio<\/u><\/a><\/p>\n<p><a href=\"http:\/\/www.economiaynegocios.cl\/noticias\/noticias.asp?id=376468\"><u>http:\/\/www.economiaynegocios.cl\/noticias\/noticias.asp?id=376468<\/u><\/a><\/p>\n<p><a href=\"http:\/\/entramacultural.cl\/carmina-burana-vuelve-a-santiago\/\"><u>http:\/\/entramacultural.cl\/carmina-burana-vuelve-a-santiago\/<\/u><\/a><\/p>\n<p><a href=\"http:\/\/www.visitevinadelmar.cl\/agenda-detalle\/2386\/orquesta-sinfonica-de-chile-y-coro-sinfonico-de-la-u-de-chile-presentan-carmina-burana.html\"><u>http:\/\/www.visitevinadelmar.cl\/agenda-detalle\/2386\/orquesta-sinfonica-de-chile-y-coro-sinfonico-de-la-u-de-chile-presentan-carmina-burana.html<\/u><\/a><\/td>\n<\/tr>\n<tr>\n<td>16<\/td>\n<td>\n<p>25 jul 2017<\/p>\n<p>ORQUESTA FILARM\u00d3NICA DE MONTEVIDEO<\/p>\n<p>Teatro Sol\u00eds, Montevideo, Uruguay 19:30h<\/p>\n<p>Coro Nacional del SODRE<\/p>\n<p>Director: Esteban Louise<\/td>\n<td>Verdi, Giuseppe<\/td>\n<td>Messa da Requiem, for choir, soloists and orchestra<\/td>\n<td>\n<p>Monica Ferracani (S),<\/p>\n<p>Edineia de Oliveira (A),<\/p>\n<p>Paulo Mandarino (T), Homero P\u00e9rez-Miranda (B)<\/td>\n<td>\n<p>Photos:<\/p>\n<p><a href=\"https:\/\/www.facebook.com\/amadio.ligia\/media_set?set=a.1395035107252188.1073742058.100002371355253&amp;type=3\"><u>https:\/\/www.facebook.com\/amadio.ligia\/media_set?set=a.1395035107252188.1073742058.100002371355253&amp;type=3<\/u><\/a><\/p>\n<p><a href=\"https:\/\/www.facebook.com\/amadio.ligia\/media_set?set=a.1393405870748445.1073742056.100002371355253&amp;type=3\"><u>https:\/\/www.facebook.com\/amadio.ligia\/media_set?set=a.1393405870748445.1073742056.100002371355253&amp;type=3<\/u><\/a><\/p>\n<p>Press: <a href=\"http:\/\/www.teatrosolis.org.uy\/uc_3411_1.html\"><u>http:\/\/www.teatrosolis.org.uy\/uc_3411_1.html<\/u><\/a><\/p>\n<p><a href=\"https:\/\/www.tvshow.com.uy\/musica\/gran-misa-verdi-voces-opera.html\"><u>https:\/\/www.tvshow.com.uy\/musica\/gran-misa-verdi-voces-opera.html<\/u><\/a><\/p>\n<p><a href=\"http:\/\/operaeballet.blogspot.com.br\/2017\/07\/orquestra-filarmonica-de-montevideo.html\"><u>http:\/\/operaeballet.blogspot.com.br\/2017\/07\/orquestra-filarmonica-de-montevideo.html<\/u><\/a><\/p>\n<p>Critic:<\/p>\n<p><a href=\"https:\/\/www.tvshow.com.uy\/musica\/velada-vigencia-verdi.html\"><u>https:\/\/www.tvshow.com.uy\/musica\/velada-vigencia-verdi.html<\/u><\/a><\/td>\n<\/tr>\n<tr style=\"background-color: #77c3c9;\">\n<td>17<\/td>\n<td>\n<p>14, 16, 18, 20 aug 2017<\/p>\n<p>ORQUESTA FILARM\u00d3NICA DE MONTEVIDEO<\/p>\n<p>Teatro Sol\u00eds, Montevideo, Uruguay 20:00h<\/td>\n<td>Puccini, Giacomo<\/td>\n<td>Opera Tosca<\/td>\n<td>\n<p>Direcci\u00f3n escenica: Jorge Takla<\/p>\n<p>Escenografia: Nicolas Boni; Vestuario: Pablo Ram\u00edrez<\/p>\n<p>Joana Parisi (Tosca), Xavier Moreno (Cavaradossi) Dario Solari (Scarpia)<\/td>\n<td>\n<p>Photos:<\/p>\n<p><a href=\"https:\/\/www.facebook.com\/amadio.ligia\/media_set?set=a.1414757438613288.1073742071.100002371355253&amp;type=3\"><u>https:\/\/www.facebook.com\/amadio.ligia\/media_set?set=a.1414757438613288.1073742071.100002371355253&amp;type=3<\/u><\/a><\/p>\n<p><a href=\"https:\/\/www.facebook.com\/amadio.ligia\/media_set?set=a.1411505255605173.1073742070.100002371355253&amp;type=3\"><u>https:\/\/www.facebook.com\/amadio.ligia\/media_set?set=a.1411505255605173.1073742070.100002371355253&amp;type=3<\/u><\/a><\/p>\n<p><a href=\"https:\/\/www.facebook.com\/amadio.ligia\/media_set?set=a.1404796369609395.1073742068.100002371355253&amp;type=3\"><u>https:\/\/www.facebook.com\/amadio.ligia\/media_set?set=a.1404796369609395.1073742068.100002371355253&amp;type=3<\/u><\/a><\/p>\n<p><a href=\"https:\/\/www.facebook.com\/amadio.ligia\/media_set?set=a.1403666303055735.1073742065.100002371355253&amp;type=3\"><u>https:\/\/www.facebook.com\/amadio.ligia\/media_set?set=a.1403666303055735.1073742065.100002371355253&amp;type=3<\/u><\/a><\/p>\n<p>Press: <a href=\"http:\/\/www.teatrosolis.org.uy\/uc_3412_1.html\"><u>http:\/\/www.teatrosolis.org.uy\/uc_3412_1.html<\/u><\/a><\/p>\n<p><a href=\"http:\/\/orquestafilarmonica.montevideo.gub.uy\/evento\/tosca-de-puccini\"><u>http:\/\/orquestafilarmonica.montevideo.gub.uy\/evento\/tosca-de-puccini<\/u><\/a><\/p>\n<p><a href=\"https:\/\/www.elobservador.com.uy\/como-se-hace-tosca-una-superproduccion-opera-que-se-vera-el-solis-n1106820\"><u>https:\/\/www.elobservador.com.uy\/como-se-hace-tosca-una-superproduccion-opera-que-se-vera-el-solis-n1106820<\/u><\/a><\/p>\n<p><a href=\"http:\/\/www.cce.org.uy\/old\/el-tenor-espanol-xavier-moreno-en-la-opera-tosca\/\"><u>http:\/\/www.cce.org.uy\/old\/el-tenor-espanol-xavier-moreno-en-la-opera-tosca\/<\/u><\/a><\/p>\n<p><a href=\"http:\/\/revistadossier.com.uy\/eventos\/temporada-de-opera-2017\/\"><u>http:\/\/revistadossier.com.uy\/eventos\/temporada-de-opera-2017\/<\/u><\/a><\/p>\n<p><a href=\"http:\/\/ecos.la\/AR\/10\/5Sentidos\/2017\/08\/12\/16261\/vuelve-la-opera-tosca-al-teatro-solis-luego-de-una-decada\/\"><u>http:\/\/ecos.la\/AR\/10\/5Sentidos\/2017\/08\/12\/16261\/vuelve-la-opera-tosca-al-teatro-solis-luego-de-una-decada\/<\/u><\/a><\/p>\n<p><a href=\"http:\/\/www.operala.org\/el-teatro-solis-de-montevideo-da-a-conocer-su-temporada-2017\/\"><u>http:\/\/www.operala.org\/el-teatro-solis-de-montevideo-da-a-conocer-su-temporada-2017\/<\/u><\/a><\/p>\n<p><a href=\"https:\/\/findesemana.ladiaria.com.uy\/articulo\/2017\/6\/opera-en-el-solis\/\"><u>https:\/\/findesemana.ladiaria.com.uy\/articulo\/2017\/6\/opera-en-el-solis\/<\/u><\/a><\/p>\n<p>Critic:<\/p>\n<p><a href=\"https:\/\/www.tvshow.com.uy\/musica\/vieja-conocida-uruguay.html\"><u>https:\/\/www.tvshow.com.uy\/musica\/vieja-conocida-uruguay.html<\/u><\/a><\/td>\n<\/tr>\n<tr>\n<td rowspan=\"3\">18<\/td>\n<td rowspan=\"3\">\n<p>22 aug 2017<\/p>\n<p>ORQUESTA FILARM\u00d3NICA DE MONTEVIDEO<\/p>\n<p>Teatro Sol\u00eds, Montevideo, Uruguay 20:00h<\/p>\n<p>10o. aniversario de la Gran Logia Femenina del Unurguay<\/td>\n<td>Mozart, Wolfgang Amadeus<\/td>\n<td>Overture The magic flute, K.620<\/td>\n<td><\/td>\n<td rowspan=\"3\">\n<p>Photos:<\/p>\n<p><a href=\"https:\/\/www.facebook.com\/amadio.ligia\/media_set?set=a.1418073618281670.1073742073.100002371355253&amp;type=3\"><u>https:\/\/www.facebook.com\/amadio.ligia\/media_set?set=a.1418073618281670.1073742073.100002371355253&amp;type=3<\/u><\/a><\/p>\n<p>Press:<\/td>\n<\/tr>\n<tr>\n<td>Mozart, Wolfgang Amadeus<\/td>\n<td>Sinfonia n.35, K.385, D major \u201cHaffner\u201d<\/td>\n<td><\/td>\n<\/tr>\n<tr>\n<td>Mozart, Wolfgang Amadeus<\/td>\n<td>Sinfonia concertante for violin, viola and orchestra, K.364, E-flat major<\/td>\n<td>Carolina Hasaj Margounato (violin), Bruno Gonz\u00e1lez Genta (viola)<\/td>\n<\/tr>\n<tr style=\"background-color: #77c3c9;\">\n<td rowspan=\"4\">19<\/td>\n<td rowspan=\"4\">\n<p>16, 17 sep 2017<\/p>\n<p>ORQUESTRA SINF\u00d4NICA DO THEATRO S\u00c3O PEDRO, Theatro S\u00e3o Pedro, S\u00e3o Paulo, Brasil<\/td>\n<td>Ravel, Mauriuce<\/td>\n<td>Pavane pour une une infante d\u00e9funte<\/td>\n<td><\/td>\n<td rowspan=\"4\">\n<p>Photos:<\/p>\n<p><a href=\"https:\/\/www.facebook.com\/amadio.ligia\/media_set?set=a.1442651002490598.1073742083.100002371355253&amp;type=3\"><u>https:\/\/www.facebook.com\/amadio.ligia\/media_set?set=a.1442651002490598.1073742083.100002371355253&amp;type=3<\/u><\/a><\/p>\n<p><a href=\"https:\/\/www.facebook.com\/amadio.ligia\/media_set?set=a.1429950650427300.1073742079.100002371355253&amp;type=3\"><u>https:\/\/www.facebook.com\/amadio.ligia\/media_set?set=a.1429950650427300.1073742079.100002371355253&amp;type=3<\/u><\/a><\/p>\n<p>Press:<\/p>\n<p><a href=\"http:\/\/www.concerto.com.br\/contraponto.asp?id=3848\"><u>http:\/\/www.concerto.com.br\/contraponto.asp?id=3848<\/u><\/a><\/p>\n<p><a href=\"https:\/\/www.santamarcelinacultura.org.br\/eventos\/concerto-da-orquestra-do-theatro-sao-pedro-5\/\"><u>https:\/\/www.santamarcelinacultura.org.br\/eventos\/concerto-da-orquestra-do-theatro-sao-pedro-5\/<\/u><\/a><\/p>\n<p><a href=\"https:\/\/www.facebook.com\/events\/820366521471215\/\"><u>https:\/\/www.facebook.com\/events\/820366521471215\/<\/u><\/a><\/p>\n<p><a href=\"http:\/\/indexado.com.br\/sao-paulo-sp\/orquestra-do-theatro-sao-pedro-16-e-17-de-setembro\/356912\"><u>http:\/\/indexado.com.br\/sao-paulo-sp\/orquestra-do-theatro-sao-pedro-16-e-17-de-setembro\/356912<\/u><\/a><\/p>\n<p>Video:<\/p>\n<p><a href=\"https:\/\/www.youtube.com\/watch?v=zHjQftQBuso\"><u>https:\/\/www.youtube.com\/watch?v=zHjQftQBuso<\/u><\/a><\/td>\n<\/tr>\n<tr style=\"background-color: #77c3c9;\">\n<td>Ravel, Maurice<\/td>\n<td>D. Quichotte<\/td>\n<td>Rodolfo Giugliani (Bar)<\/td>\n<\/tr>\n<tr style=\"background-color: #77c3c9;\">\n<td>Wagner, Richard<\/td>\n<td>Wesendonk Lieder<\/td>\n<td>Denise de Freitas (MS)<\/td>\n<\/tr>\n<tr style=\"background-color: #77c3c9;\">\n<td>Schoenberg, Arnold<\/td>\n<td>Chamber Symphony n. 1, op.9<\/td>\n<td><\/td>\n<\/tr>\n<tr>\n<td rowspan=\"2\">20<\/td>\n<td rowspan=\"2\">\n<p>22 sep 2017<\/p>\n<p>ORQUESTA ESTABLE DE TUCUM\u00c1N<\/p>\n<p>57<sup>o<\/sup>. Septiembre Musical<\/p>\n<p>Teatro San Mart\u00edn, Tucum\u00e1n, Argentina, 22h<\/td>\n<td>Chopin, Fr\u00e9d\u00e9ric<\/td>\n<td>Concerto n.1 for piano and orchestra, op.11, E minor<\/td>\n<td>Bruno Gelber (piano)<\/td>\n<td rowspan=\"2\">\n<p>Photos:<\/p>\n<p><a href=\"https:\/\/www.facebook.com\/amadio.ligia\/media_set?set=a.1441637935925238.1073742082.100002371355253&amp;type=3\"><u>https:\/\/www.facebook.com\/amadio.ligia\/media_set?set=a.1441637935925238.1073742082.100002371355253&amp;type=3<\/u><\/a><\/p>\n<p><a href=\"https:\/\/www.facebook.com\/pg\/TeatroSanMartinTucuman\/photos\/?tab=album&amp;album_id=1574812195873591\"><u>https:\/\/www.facebook.com\/pg\/TeatroSanMartinTucuman\/photos\/?tab=album&amp;album_id=1574812195873591<\/u><\/a><\/p>\n<p>Press:<\/p>\n<p><a href=\"https:\/\/www.lagaceta.com.ar\/nota\/745480\/espectaculos\/bruno-gelber-bajo-batuta-ligia-amado.html\"><u>https:\/\/www.lagaceta.com.ar\/nota\/745480\/espectaculos\/bruno-gelber-bajo-batuta-ligia-amado.html<\/u><\/a><\/p>\n<p><a href=\"https:\/\/lanotatucuman.com\/bruno-gelber-encantara-nuevamente-los-tucumanos-talento\/\"><u>https:\/\/lanotatucuman.com\/bruno-gelber-encantara-nuevamente-los-tucumanos-talento\/<\/u><\/a><\/p>\n<p><a href=\"https:\/\/www.wherevent.com\/detail\/Teatro-San-Martin-Bruno-Gelber-junto-a-la-Orquesta-Estable-de-la-Provincia-57-SM\"><u>https:\/\/www.wherevent.com\/detail\/Teatro-San-Martin-Bruno-Gelber-junto-a-la-Orquesta-Estable-de-la-Provincia-57-SM<\/u><\/a><\/p>\n<p><a href=\"https:\/\/br.eventbu.com\/san-miguel-de-tucuman\/bruno-gelber-junto-a-la-orquesta-estable-de-la-provincia-57\/5642999\"><u>https:\/\/br.eventbu.com\/san-miguel-de-tucuman\/bruno-gelber-junto-a-la-orquesta-estable-de-la-provincia-57\/5642999<\/u><\/a><\/p>\n<p><a href=\"https:\/\/es.eventbu.com\/san-miguel-de-tucuman\/bruno-gelber-junto-a-la-orquesta-estable-de-la-provincia-57\/5642999\"><u>https:\/\/es.eventbu.com\/san-miguel-de-tucuman\/bruno-gelber-junto-a-la-orquesta-estable-de-la-provincia-57\/5642999<\/u><\/a><\/p>\n<p><a href=\"https:\/\/www.clublagaceta.com.ar\/Beneficios\/UnBeneficio\/3701\/Bruno-Gelber.html\"><u>https:\/\/www.clublagaceta.com.ar\/Beneficios\/UnBeneficio\/3701\/Bruno-Gelber.html<\/u><\/a><\/td>\n<\/tr>\n<tr>\n<td>Schumann, Robert<\/td>\n<td>Sinfonia n.4, op.120, D minor<\/td>\n<td><\/td>\n<\/tr>\n<tr style=\"background-color: #77c3c9;\">\n<td rowspan=\"3\">21<\/td>\n<td rowspan=\"3\">\n<p>6, 7 oct 2017<\/p>\n<p>ORQUESTRA SINF\u00d4NICA DA UNIVERSIDADE DE S\u00c3O PAULO<\/p>\n<p>6.10: Audit\u00f3rio do Centro de Difus\u00e3o Internacional (CDI), Cidade Universit\u00e1ria, S\u00e3o Paulo, Brasil, 12:30h<\/p>\n<p>7.10: Sala S\u00e3o Paulo, S\u00e3o Paulo, Brasil, 21h<\/td>\n<td>Copland, Aaron<\/td>\n<td>Concerto for clarinet<\/td>\n<td>Lu\u00eds Afonso Montanha (clarinet)<\/td>\n<td rowspan=\"3\">\n<p>Photos:<\/p>\n<p><a href=\"https:\/\/www.facebook.com\/amadio.ligia\/media_set?set=a.1460641734024858.1073742089.100002371355253&amp;type=3\"><u>https:\/\/www.facebook.com\/amadio.ligia\/media_set?set=a.1460641734024858.1073742089.100002371355253&amp;type=3<\/u><\/a><\/p>\n<p><a href=\"https:\/\/www.facebook.com\/amadio.ligia\/media_set?set=a.1455175841238114.1073742087.100002371355253&amp;type=3\"><u>https:\/\/www.facebook.com\/amadio.ligia\/media_set?set=a.1455175841238114.1073742087.100002371355253&amp;type=3<\/u><\/a><\/p>\n<p>Press:<\/p>\n<p><a href=\"http:\/\/jornal.usp.br\/institucional\/osusp-apresenta-concertos-nos-dias-6-e-7-de-outubro\/\"><u>http:\/\/jornal.usp.br\/institucional\/osusp-apresenta-concertos-nos-dias-6-e-7-de-outubro\/<\/u><\/a><\/p>\n<p><a href=\"http:\/\/www.osusp.prceu.usp.br\/novo\/osusp\/wp-content\/uploads\/2018\/01\/livreto2017.pdf\"><u>http:\/\/www.osusp.prceu.usp.br\/novo\/osusp\/wp-content\/uploads\/2018\/01\/livreto2017.pdf<\/u><\/a><\/p>\n<p><a href=\"http:\/\/www3.eca.usp.br\/cmu\/eventos\/osusp-recebe-ligia-amadio-e-luis-afonso-montanha\"><u>http:\/\/www3.eca.usp.br\/cmu\/eventos\/osusp-recebe-ligia-amadio-e-luis-afonso-montanha<\/u><\/a><\/p>\n<p><a href=\"http:\/\/www.concerto.com.br\/contraponto.asp?id=3862\"><u>http:\/\/www.concerto.com.br\/contraponto.asp?id=3862<\/u><\/a><\/p>\n<p><a href=\"http:\/\/www.salasaopaulo.art.br\/concertoseingressos\/concerto.aspx?IDApresentacao=6782\"><u>http:\/\/www.salasaopaulo.art.br\/concertoseingressos\/concerto.aspx?IDApresentacao=6782<\/u><\/a><\/p>\n<p><a href=\"http:\/\/operaeballet.blogspot.com.br\/2017\/10\/osusp-ligia-amadio-rege-camargo.html\"><u>http:\/\/operaeballet.blogspot.com.br\/2017\/10\/osusp-ligia-amadio-rege-camargo.html<\/u><\/a><\/p>\n<p><a href=\"https:\/\/issuu.com\/osusp\/docs\/livreto2017_finalv3_web\"><u>https:\/\/issuu.com\/osusp\/docs\/livreto2017_finalv3_web<\/u><\/a><\/p>\n<p><a href=\"https:\/\/www.revistapubliracing.com.br\/single-post\/2017\/03\/09\/Convidados-de-Coreia-do-Sul-EUA-Inglaterra-e-Uzbequist%25C3%25A3o-participam-de-programa%25C3%25A7%25C3%25A3o-da-Orquestra-Sinf%25C3%25B4nica-da-USP-em-2017\"><u>https:\/\/www.revistapubliracing.com.br\/single-post\/2017\/03\/09\/Convidados-de-Coreia-do-Sul-EUA-Inglaterra-e-Uzbequist%C3%A3o-participam-de-programa%C3%A7%C3%A3o-da-Orquestra-Sinf%C3%B4nica-da-USP-em-2017<\/u><\/a><\/p>\n<p><a href=\"https:\/\/esteta.com.br\/cultura\/cultura-para-esteta\/musica-para-esteta\/6009-osusp-anuncia-sete-concertos-na-sala-sao-paulo.html\"><u>https:\/\/esteta.com.br\/cultura\/cultura-para-esteta\/musica-para-esteta\/6009-osusp-anuncia-sete-concertos-na-sala-sao-paulo.html<\/u><\/a><\/p>\n<p><a href=\"https:\/\/ondetemshow.com.br\/Evento\/temporada-osusp-2017-em-sao-paulo-sao-paulo\/6526\"><u>https:\/\/ondetemshow.com.br\/Evento\/temporada-osusp-2017-em-sao-paulo-sao-paulo\/6526<\/u><\/a><\/td>\n<\/tr>\n<tr style=\"background-color: #77c3c9;\">\n<td>Guarnieri, Camargo<\/td>\n<td>Abertura concertante (1942)<\/td>\n<td><\/td>\n<\/tr>\n<tr style=\"background-color: #77c3c9;\">\n<td>Brahms, Johannes<\/td>\n<td>Sinfonia n.1, op.68, C minor<\/td>\n<td><\/td>\n<\/tr>\n<tr>\n<td rowspan=\"3\">22<\/td>\n<td rowspan=\"3\">\n<p>31 oct 2017<\/p>\n<p>ORQUESTA FILARM\u00d3NICA DE MONTEVIDEO<\/p>\n<p>QUINTA DE MAHLER<\/p>\n<p>Teatro Sol\u00eds, Montevideo, 19:30h<\/td>\n<td>Lamarque-Pons, Jaur\u00e9s<\/td>\n<td>Melodia triste<\/td>\n<td><\/td>\n<td rowspan=\"3\">\n<p>Photos:<\/p>\n<p><a href=\"https:\/\/www.facebook.com\/amadio.ligia\/media_set?set=a.1474763029279395.1073742096.100002371355253&amp;type=3\"><u>https:\/\/www.facebook.com\/amadio.ligia\/media_set?set=a.1474763029279395.1073742096.100002371355253&amp;type=3<\/u><\/a><\/p>\n<p>Press:<\/p>\n<p><a href=\"http:\/\/orquestafilarmonica.montevideo.gub.uy\/evento\/quinta-de-mahler\"><u>http:\/\/orquestafilarmonica.montevideo.gub.uy\/evento\/quinta-de-mahler<\/u><\/a><\/p>\n<p><a href=\"http:\/\/www.teatrosolis.org.uy\/moviluc_3505_1.html\"><u>http:\/\/www.teatrosolis.org.uy\/moviluc_3505_1.html<\/u><\/a><\/p>\n<p><a href=\"http:\/\/www.montevideo.gub.uy\/institucional\/noticias\/orquesta-filarmonica-presenta-quinta-de-mahler\"><u>http:\/\/www.montevideo.gub.uy\/institucional\/noticias\/orquesta-filarmonica-presenta-quinta-de-mahler<\/u><\/a><\/td>\n<\/tr>\n<tr>\n<td>Prokofiev, Serge<\/td>\n<td>Concierto n.1 for piano and orchestra, op.10, D-flat major<\/td>\n<td>Nahim Marun (piano)<\/td>\n<\/tr>\n<tr>\n<td>Mahler, Gustav<\/td>\n<td>Sinfonia n.5, C-sharp minor<\/td>\n<td><\/td>\n<\/tr>\n<tr style=\"background-color: #77c3c9;\">\n<td rowspan=\"3\">23<\/td>\n<td rowspan=\"3\">\n<p>15 nov 2017<\/p>\n<p>JERUSALEM SYMPHONY ORCHESTRA<\/td>\n<td>Villa-Lobos, Heitor<\/td>\n<td>Bachianas n.4<\/td>\n<td><\/td>\n<td rowspan=\"3\">\n<p>Photos:<\/p>\n<p><a href=\"https:\/\/www.facebook.com\/amadio.ligia\/media_set?set=a.1492972047458493.1073742103.100002371355253&amp;type=3\"><u>https:\/\/www.facebook.com\/amadio.ligia\/media_set?set=a.1492972047458493.1073742103.100002371355253&amp;type=3<\/u><\/a><\/p>\n<p>Video: <a href=\"https:\/\/brfilm.net\/v-concerto-for-flute-aviya-kopelman-noam-buchman-ligia-amadio-F53CnsmlMgo.html\"><u>https:\/\/brfilm.net\/v-concerto-for-flute-aviya-kopelman-noam-buchman-ligia-amadio-F53CnsmlMgo.html<\/u><\/a><\/p>\n<p>Press:<\/p>\n<p><a href=\"https:\/\/issuu.com\/jerusalem.symphony.orchestra\/docs\/jso_2017-2018_season_brochure\"><u>https:\/\/issuu.com\/jerusalem.symphony.orchestra\/docs\/jso_2017-2018_season_brochure<\/u><\/a><\/p>\n<p><a href=\"http:\/\/www.jso.co.il\/en\/concert\/rio-de-janeiro\/\"><u>http:\/\/www.jso.co.il\/en\/concert\/rio-de-janeiro\/<\/u><\/a><\/p>\n<p>Buy recording:<\/p>\n<p><a href=\"https:\/\/www.amazon.com\/Flute-Concerto-Kopelman-Buchman-Amadio\/dp\/B079NZ3Q1C\"><u>https:\/\/www.amazon.com\/Flute-Concerto-Kopelman-Buchman-Amadio\/dp\/B079NZ3Q1C<\/u><\/a><\/p>\n<p><a href=\"https:\/\/myopenmp3.com\/mp3\/ie\/music\/1346467193\/flute-concerto-single-aviya-kopelman-noam-buchman-ligia-amadio-jso-mp3-download\"><u>https:\/\/myopenmp3.com\/mp3\/ie\/music\/1346467193\/flute-concerto-single-aviya-kopelman-noam-buchman-ligia-amadio-jso-mp3-download<\/u><\/a><\/td>\n<\/tr>\n<tr style=\"background-color: #77c3c9;\">\n<td>Brahms, Johannes<\/td>\n<td>Sinfonia n.1, op.68, C minor<\/td>\n<td><\/td>\n<\/tr>\n<tr style=\"background-color: #77c3c9;\">\n<td>Kopelman, Aviya<\/td>\n<td>Concerto for flute and orchestra<\/td>\n<td>Noam Buchman (flute)<\/td>\n<\/tr>\n<tr>\n<td rowspan=\"4\">24<\/td>\n<td rowspan=\"4\">\n<p>28 nov 2017<\/p>\n<p>ORQUESTA FILARM\u00d3NICA DE MONTEVIDEO<\/p>\n<p>Teatro Sol\u00eds, Montevideo, Uruguay 19:30h<\/td>\n<td>Storm, Ricardo<\/td>\n<td>Adagio<\/td>\n<td><\/td>\n<td rowspan=\"4\">\n<p>Photos:<\/p>\n<p><a href=\"https:\/\/www.facebook.com\/pg\/filarmonica.demontevideo\/photos\/?tab=album&amp;album_id=718387451684123\"><u>https:\/\/www.facebook.com\/pg\/filarmonica.demontevideo\/photos\/?tab=album&amp;album_id=718387451684123<\/u><\/a><\/p>\n<p><a href=\"https:\/\/www.facebook.com\/amadio.ligia\/media_set?set=a.1507729529316078.1073742105.100002371355253&amp;type=3\"><u>https:\/\/www.facebook.com\/amadio.ligia\/media_set?set=a.1507729529316078.1073742105.100002371355253&amp;type=3<\/u><\/a><\/p>\n<p><a href=\"https:\/\/www.facebook.com\/amadio.ligia\/media_set?set=a.1497633503659014.1073742104.100002371355253&amp;type=3\"><u>https:\/\/www.facebook.com\/amadio.ligia\/media_set?set=a.1497633503659014.1073742104.100002371355253&amp;type=3<\/u><\/a><\/p>\n<p>Press:<\/p>\n<p><a href=\"https:\/\/www.pressreader.com\/uruguay\/la-republica-uruguay\/20171124\/281844348943743\"><u>https:\/\/www.pressreader.com\/uruguay\/la-republica-uruguay\/20171124\/281844348943743<\/u><\/a><\/p>\n<p><a href=\"http:\/\/enriquegraf.com\/\"><u>http:\/\/enriquegraf.com\/<\/u><\/a><\/p>\n<p>Critic:<\/p>\n<p><a href=\"https:\/\/www.tvshow.com.uy\/musica\/despedida-temporada-saludada-ovacion.html\"><u>https:\/\/www.tvshow.com.uy\/musica\/despedida-temporada-saludada-ovacion.html<\/u><\/a><\/td>\n<\/tr>\n<tr>\n<td>Hindemith, Paul<\/td>\n<td>Concerto for violoncelo (1940)<\/td>\n<td>Lucrecia Basald\u00faa (violoncelo)<\/td>\n<\/tr>\n<tr>\n<td>Ravel, Maurice<\/td>\n<td>La Valse<\/td>\n<td><\/td>\n<\/tr>\n<tr>\n<td>Poulenc, Francis<\/td>\n<td>Concerto for 2 pianos, D minor<\/td>\n<td>Maria Jos\u00e9 de Bustos, Enrique Graff (pianos)<\/td>\n<\/tr>\n<tr style=\"background-color: #77c3c9;\">\n<td rowspan=\"10\">25<\/td>\n<td rowspan=\"10\">\n<p>4 dic 2017<\/p>\n<p>ORQUESTA FILARM\u00d3NICA DE MONTEVIDEO<\/p>\n<p>Teatro Sol\u00eds, Montevideo, Uruguay 20:00h<\/p>\n<p>100 Anniversary of Finland<\/td>\n<td><\/td>\n<td>Himno Nacional Uruguayo<\/td>\n<td><\/td>\n<td rowspan=\"10\">\n<p>Photos:<\/p>\n<p><a href=\"https:\/\/www.facebook.com\/amadio.ligia\/media_set?set=a.1511026178986413.1073742111.100002371355253&amp;type=3\"><u>https:\/\/www.facebook.com\/amadio.ligia\/media_set?set=a.1511026178986413.1073742111.100002371355253&amp;type=3<\/u><\/a><\/p>\n<p>Press:<\/p>\n<p><a href=\"http:\/\/www.teatrosolis.org.uy\/uc_3524_1.html\"><u>http:\/\/www.teatrosolis.org.uy\/uc_3524_1.html<\/u><\/a><\/p>\n<p>Critic:<\/p>\n<p><a href=\"https:\/\/www.tvshow.com.uy\/musica\/rock-lirica-convergen-voz-cantante-prodigio.html%23_=_\"><u>https:\/\/www.tvshow.com.uy\/musica\/rock-lirica-convergen-voz-cantante-prodigio.html#_=_<\/u><\/a><\/td>\n<\/tr>\n<tr style=\"background-color: #77c3c9;\">\n<td><\/td>\n<td>\n<p>Himno Nacional<\/p>\n<p>Finlandia<\/td>\n<td><\/td>\n<\/tr>\n<tr style=\"background-color: #77c3c9;\">\n<td>Sibelius, Jean<\/td>\n<td>Kuolema: Valse triste<\/td>\n<td><\/td>\n<\/tr>\n<tr style=\"background-color: #77c3c9;\">\n<td>Sibelius, Jean<\/td>\n<td>En etsi valtaa, loistoa<\/td>\n<td>Tarja Turunen<\/td>\n<\/tr>\n<tr style=\"background-color: #77c3c9;\">\n<td>Sibelius, Jean<\/td>\n<td>Demanten p\u00e5 marssn\u00f6n\u00a0\u00a0op36, n.6<\/td>\n<td>Tarja Turunen<\/td>\n<\/tr>\n<tr style=\"background-color: #77c3c9;\">\n<td>Grieg, Edvard<\/td>\n<td>Solveig&#8217;s song<\/td>\n<td>Tarja Turunen<\/td>\n<\/tr>\n<tr style=\"background-color: #77c3c9;\">\n<td>M\u00e4rtenson, Lasse<\/td>\n<td>Myrskyluodon Maija<\/td>\n<td>Tarja Turunen<\/td>\n<\/tr>\n<tr style=\"background-color: #77c3c9;\">\n<td>Merikanto, Oskar<\/td>\n<td>Soi vienosti murheeni soitto<\/td>\n<td>Tarja Turunen<\/td>\n<\/tr>\n<tr style=\"background-color: #77c3c9;\">\n<td>Turunen, Tarja<\/td>\n<td>The Reign at Baltic Sea Festival<\/td>\n<td>Tarja Turunen<\/td>\n<\/tr>\n<tr style=\"background-color: #77c3c9;\">\n<td>Sibelius, Jean<\/td>\n<td>Finlandia, op.26<\/td>\n<td><\/td>\n<\/tr>\n<tr>\n<td><\/td>\n<td>PRESS GERAL DE 2017, SEM RELA\u00c7\u00c3O COM CONCERTOS<\/td>\n<td><\/td>\n<td><\/td>\n<td><\/td>\n<td>\n<p>Press (geral do ano, sem rela\u00e7\u00e3o com concertos);<\/p>\n<p><a href=\"http:\/\/revistadossier.com.uy\/musica\/con-ligia-amadio-directora-artistica-de-la-orquesta-filarmonica-de-montevideo\/\"><u>http:\/\/revistadossier.com.uy\/musica\/con-ligia-amadio-directora-artistica-de-la-orquesta-filarmonica-de-montevideo\/<\/u><\/a><\/p>\n<p><a href=\"https:\/\/www.youtube.com\/watch?v=kquqDhgnx7U\"><u>https:\/\/www.youtube.com\/watch?v=kquqDhgnx7U<\/u><\/a><\/p>\n<p><a href=\"http:\/\/www.concerto.com.br\/contraponto.asp?id=3956\"><u>http:\/\/www.concerto.com.br\/contraponto.asp?id=3956<\/u><\/a><\/p>\n<p><a href=\"https:\/\/www.elpais.com.uy\/domingo\/espero-me-den-cosas.html\"><u>https:\/\/www.elpais.com.uy\/domingo\/espero-me-den-cosas.html<\/u><\/a><\/p>\n<p><a href=\"https:\/\/www.eldiario.es\/cultura\/Ligia-Amadio-directora-Filarmonica-Montevideo_0_607540311.html\"><u>https:\/\/www.eldiario.es\/cultura\/Ligia-Amadio-directora-Filarmonica-Montevideo_0_607540311.html<\/u><\/a><\/p>\n<p><a href=\"http:\/\/www.carasycaretas.com.uy\/ligia-amadio-al-frente-la-filarmonica\/\"><u>http:\/\/www.carasycaretas.com.uy\/ligia-amadio-al-frente-la-filarmonica\/<\/u><\/a><\/p>\n<p><a href=\"http:\/\/www.publicnow.com\/view\/9F04A22461F3E7C015A41D952B45C6B7579BB076?2017-01-31-21:55:48+00:00-xxx8493\"><u>http:\/\/www.publicnow.com\/view\/9F04A22461F3E7C015A41D952B45C6B7579BB076?2017-01-31-21:55:48+00:00-xxx8493<\/u><\/a><\/p>\n<p><a href=\"http:\/\/www.montevideo.gub.uy\/institucional\/noticias\/ligia-amadio-es-la-nueva-directora-de-la-filarmonica\"><u>http:\/\/www.montevideo.gub.uy\/institucional\/noticias\/ligia-amadio-es-la-nueva-directora-de-la-filarmonica<\/u><\/a><\/p>\n<p><a href=\"http:\/\/orquestafilarmonica.montevideo.gub.uy\/institucional\/ligia-amadio-directora-titular-y-artistica\"><u>http:\/\/orquestafilarmonica.montevideo.gub.uy\/institucional\/ligia-amadio-directora-titular-y-artistica<\/u><\/a><\/p>\n<p><a href=\"http:\/\/www.montevideo.gub.uy\/sites\/default\/files\/biblioteca\/orquestafilarmonicatemporada2017ligiaamadioresenahistorica.pdf\"><u>http:\/\/www.montevideo.gub.uy\/sites\/default\/files\/biblioteca\/orquestafilarmonicatemporada2017ligiaamadioresenahistorica.pdf<\/u><\/a><\/p>\n<p><a href=\"http:\/\/www.lavanguardia.com\/vida\/20170131\/413883558822\/brasilena-ligia-amadio-asume-como-primera-directora-de-filarmonica-montevideo.html\"><u>http:\/\/www.lavanguardia.com\/vida\/20170131\/413883558822\/brasilena-ligia-amadio-asume-como-primera-directora-de-filarmonica-montevideo.html<\/u><\/a><\/p>\n<p><a href=\"http:\/\/www.wradio.com.co\/noticias\/sociedad\/brasilena-ligia-amadio-asume-como-primera-directora-de-filarmonica-montevideo\/20170131\/nota\/3371333.aspx\"><u>http:\/\/www.wradio.com.co\/noticias\/sociedad\/brasilena-ligia-amadio-asume-como-primera-directora-de-filarmonica-montevideo\/20170131\/nota\/3371333.aspx<\/u><\/a><\/p>\n<p><a href=\"http:\/\/www.milenio.com\/cultura\/orquesta-montevideo-uruguay-ligia_amadio-musica-milenio-noticias_0_895110805.html\"><u>http:\/\/www.milenio.com\/cultura\/orquesta-montevideo-uruguay-ligia_amadio-musica-milenio-noticias_0_895110805.html<\/u><\/a><\/p>\n<p><a href=\"http:\/\/jornadaonline.com\/tiempo_libre\/170726-ligia-amadio-dirige-la-orquesta-filarmonica-de-montevideo\"><u>http:\/\/jornadaonline.com\/tiempo_libre\/170726-ligia-amadio-dirige-la-orquesta-filarmonica-de-montevideo<\/u><\/a><\/td>\n<\/tr>\n<\/tbody>\n<\/table>\n<p>[\/vc_column_text][\/vc_column][\/vc_row]<\/p>\n","protected":false},"excerpt":{"rendered":"<p>[vc_row section_bottom_margin=&#8221;nobottommargin&#8221;][vc_column][vc_custom_heading text=&#8221;- 2017 -&#8221; font_container=&#8221;tag:h2|text_align:center&#8221;][vc_column_text] 01 12 feb 2017 ORQUESTA FILARM\u00d3NICA DE [&hellip;]<\/p>\n","protected":false},"author":1,"featured_media":0,"parent":0,"menu_order":0,"comment_status":"closed","ping_status":"closed","template":"template\/template-landing-page-vc.php","meta":{"footnotes":""},"class_list":["post-2099","page","type-page","status-publish","hentry"],"_links":{"self":[{"href":"https:\/\/ligiaamadio.net\/a\/wp-json\/wp\/v2\/pages\/2099","targetHints":{"allow":["GET"]}}],"collection":[{"href":"https:\/\/ligiaamadio.net\/a\/wp-json\/wp\/v2\/pages"}],"about":[{"href":"https:\/\/ligiaamadio.net\/a\/wp-json\/wp\/v2\/types\/page"}],"author":[{"embeddable":true,"href":"https:\/\/ligiaamadio.net\/a\/wp-json\/wp\/v2\/users\/1"}],"replies":[{"embeddable":true,"href":"https:\/\/ligiaamadio.net\/a\/wp-json\/wp\/v2\/comments?post=2099"}],"version-history":[{"count":8,"href":"https:\/\/ligiaamadio.net\/a\/wp-json\/wp\/v2\/pages\/2099\/revisions"}],"predecessor-version":[{"id":2118,"href":"https:\/\/ligiaamadio.net\/a\/wp-json\/wp\/v2\/pages\/2099\/revisions\/2118"}],"wp:attachment":[{"href":"https:\/\/ligiaamadio.net\/a\/wp-json\/wp\/v2\/media?parent=2099"}],"curies":[{"name":"wp","href":"https:\/\/api.w.org\/{rel}","templated":true}]}}