{"id":865,"date":"2015-08-18T12:22:48","date_gmt":"2015-08-18T12:22:48","guid":{"rendered":"http:\/\/ligiaamadio.net\/a\/\/?page_id=865"},"modified":"2015-08-18T12:25:08","modified_gmt":"2015-08-18T12:25:08","slug":"curriculum-espanol","status":"publish","type":"page","link":"https:\/\/ligiaamadio.net\/a\/curriculum-espanol\/","title":{"rendered":"Curriculum &#8211; Espa\u00f1ol"},"content":{"rendered":"<p>[vc_row][vc_column width=&#8221;1\/1&#8243;][vc_column_text]<\/p>\n<p style=\"text-align: center;\"><strong>I \u2013 Datos personales:<\/strong><\/p>\n<p style=\"text-align: center;\">Ligia Amadio<\/p>\n<p style=\"text-align: center;\">EMAIL: amadio.ligia@gmail.com<\/p>\n<p>[\/vc_column_text][vc_separator color=&#8221;grey&#8221;][vc_single_image border_color=&#8221;grey&#8221; img_link_target=&#8221;_self&#8221; image=&#8221;853&#8243; css_animation=&#8221;appear&#8221; img_size=&#8221;full&#8221; style=&#8221;vc_box_rounded&#8221;][vc_separator color=&#8221;grey&#8221;][\/vc_column][\/vc_row][vc_row][vc_column width=&#8221;1\/1&#8243;][vc_column_text]<\/p>\n<p style=\"text-align: center;\"><strong>II \u2013 Antecedentes Profesionales<\/strong><\/p>\n<p style=\"text-align: center;\">II.1. T\u00edtulos:<\/p>\n<div class=\"custom-table-wrapper style-1\" style=\"text-align: center;\">\n<table width=\"100%\">\n<tbody>\n<tr>\n<td width=\"69\">FECHA de Conclusi\u00f3n<\/td>\n<td width=\"62\">CURSO<\/td>\n<td width=\"98\">INSTITUCI\u00d3N<\/td>\n<td width=\"91\">HABILITACI\u00d3N<\/td>\n<td width=\"80\">TESIS<\/td>\n<td width=\"84\">ORIENTADOR<\/td>\n<\/tr>\n<tr>\n<td width=\"69\">1999<\/td>\n<td width=\"62\">Pos-grado en Artes<\/td>\n<td width=\"98\">Instituto de Artes \u2013 Universidad Estatal de Campinas, S\u00e3o Paulo, Brasil (UNICAMP)<\/td>\n<td width=\"91\">\u201cMaestr\u00eda en Artes\u201d \u2013 Modalidad: Direcci\u00f3n \u2013 Aprobada con Distinci\u00f3n<\/td>\n<td width=\"80\">H.J.Koellreutter: un camino rumbo a la Est\u00e9tica Relativ\u00edstica del Impreciso y Paradoxal<\/td>\n<td width=\"84\">Prof. Dr. Jos\u00e9 Ant\u00f4nio Rezende de Almeida Prado<\/td>\n<\/tr>\n<tr>\n<td width=\"69\">1991<\/td>\n<td width=\"62\">Curso superior<\/td>\n<td width=\"98\">Facultad de M\u00fasica \u2013 Universidad Estatal de Campinas, S\u00e3o Paulo, Brasil (UNICAMP)<\/td>\n<td width=\"91\">\u201cBachirellato en M\u00fasica\u201d \u2013 Modalidad: Direcci\u00f3n Orquestal y Coral\u201d<\/td>\n<td width=\"80\"><\/td>\n<td width=\"84\">Prof. Henrique Gregori<\/td>\n<\/tr>\n<tr>\n<td width=\"69\">1986<\/td>\n<td width=\"62\">Curso superior<\/td>\n<td width=\"98\">Escuela Polit\u00e9cnica de Ingenier\u00eda \u2013 Universidad Estatal de S\u00e3o Paulo, S\u00e3o Paulo, Brasil<\/td>\n<td width=\"91\">\u201cIngeniero de Producci\u00f3n\u201d<\/td>\n<td width=\"80\">Desenvolvimiento del Plan Estrat\u00e9gico en una Empresa Familiar<\/td>\n<td width=\"84\">Prof. Dr. Mauro Zaitz<\/td>\n<\/tr>\n<tr>\n<td width=\"69\">1980<\/td>\n<td width=\"62\">1o. Y 2o. Grados<\/td>\n<td width=\"98\">Colegio Dante Alighieri, S\u00e3o Paulo<\/td>\n<td width=\"91\">\u201cAuxiliar T\u00e9cnico en Electr\u00f3nica\u201d<\/td>\n<td width=\"80\"><\/td>\n<td width=\"84\"><\/td>\n<\/tr>\n<\/tbody>\n<\/table>\n<\/div>\n<p style=\"text-align: center;\">II.2. Actualizaci\u00f3n, Perfeccionamiento y\/o Especializaci\u00f3n<\/p>\n<div class=\"custom-table-wrapper style-1\" style=\"text-align: center;\">\n<table width=\"100%\">\n<tbody>\n<tr>\n<td width=\"71\">Fecha del Curso<\/td>\n<td width=\"101\">Curso<\/td>\n<td width=\"192\">Profesor(es)<\/td>\n<td width=\"120\">Concierto(s)<\/td>\n<\/tr>\n<tr>\n<td width=\"71\">09\/07\/01 \u2013 14\/07\/01<\/td>\n<td width=\"101\">Curso Latino Americano de Direcci\u00f3n Orquestal \u2013 S\u00e3o Paulo, Brasil<\/td>\n<td width=\"192\">Kurt Masur (Direcci\u00f3n Orquestal)<\/td>\n<td width=\"120\">Orquestra Sinf\u00f4nica do Estado de S\u00e3o Paulo<\/td>\n<\/tr>\n<tr>\n<td width=\"71\">28\/07\/96 \u2013 15\/08\/96<\/td>\n<td width=\"101\">35t International Kirill Kondrashin Conductors Masterclass \u2013 Hilversum, Amsterdam, Holanda<\/td>\n<td width=\"192\">Sir Edward Downes (Direcci\u00f3n Orquestal)<\/td>\n<td width=\"120\">13\/09\/96 \u2013 Concertgebouw Amsterdam \u2013 Netherlands Radio Symphony Orchestra<\/td>\n<\/tr>\n<tr>\n<td width=\"71\">25\/06\/96 \u2013 21\/07\/96<\/td>\n<td width=\"101\">International Opera Workshop for Conductors \u2013 Opava, Czech Republic<\/td>\n<td width=\"192\">Georg Tintner (Direcci\u00f3n de \u00d3pera)<\/td>\n<td width=\"120\">Silesian Opera Orchestra (Orchestr Slezsk\u00e9ho divadla v Opave)<\/td>\n<\/tr>\n<tr>\n<td width=\"71\">27\/05\/96 \u2013 09\/06\/96<\/td>\n<td width=\"101\">VII Curso Interamericano para j\u00f3venes directores de orquesta \u2013 Cuman\u00e1, Venezuela<\/td>\n<td width=\"192\">Guillermo Scarabino (Direcci\u00f3n Orquestal)Obs: Becada por la OEA (Organizaci\u00f3n de los Estados Americanos)<\/td>\n<td width=\"120\">07\/06\/96, 08\/06\/96 \u2013 Iglesia Santa In\u00e9s; Teatro de Corporiente \u2013 Orquesta Sinf\u00f3nica del Estado Sucre<\/td>\n<\/tr>\n<tr>\n<td width=\"71\">1995-1996<\/td>\n<td width=\"101\">Perfeccionamiento en Direcci\u00f3n Orquestal \u2013 Forte das Artes \u2013 S\u00e3o Paulo, Brasil<\/td>\n<td width=\"192\">Eleazar de Carvalho (Direcci\u00f3n Orquestal)<\/td>\n<td width=\"120\"><\/td>\n<\/tr>\n<tr>\n<td width=\"71\">17\/07\/95 \u2013 30\/07\/95<\/td>\n<td width=\"101\">Peter the Great Music Academy \u2013 International Masterclass for Conductors \u2013 St. Petersburg, Russia<\/td>\n<td width=\"192\">Alexander Polishuk, Georgy I. Ergemsky (Direcci\u00f3n Orquestal)<\/td>\n<td width=\"120\">29\/07\/95 \u2013 Hermitage Theatre \u2013 The Congress Symphony Orchestra, St. Petersburg<\/td>\n<\/tr>\n<tr>\n<td width=\"71\">23\/06\/95 \u2013 14\/07\/95<\/td>\n<td width=\"101\">International Opera Workshop for Conductors \u2013 Opava, Czech Republic<\/td>\n<td width=\"192\">Georg Tintner (Direcci\u00f3n de \u00d3pera)<\/td>\n<td width=\"120\">13\/07\/95 \u2013 Silesian Opera Orchestra (Orchestr Slezsk\u00e9ho divadla v Opave)<\/td>\n<\/tr>\n<tr>\n<td width=\"71\">01\/05\/95 \u2013 15\/05\/95<\/td>\n<td width=\"101\">VI Curso Interamericano para j\u00f3venes directores de orquesta \u2013 M\u00e9rida, Venezuela<\/td>\n<td width=\"192\">Guillermo Scarabino (Direcci\u00f3n Orquestal)Obs: Becada por la OEA (Organizaci\u00f3n de los Estados Americanos)<\/td>\n<td width=\"120\">Aula Magna de la Universidad los Andes \u2013 Orquesta Sinf\u00f3nica del Estado M\u00e9rida<\/td>\n<\/tr>\n<tr>\n<td width=\"71\">Jul\/94<\/td>\n<td width=\"101\">Wiener Meisterkurse f\u00fcr Musik \u2013 Wien, Austria<\/td>\n<td width=\"192\">Julius Kalmar (Direcci\u00f3n Orquestal)<\/td>\n<td width=\"120\">Wiener Meisterkurse f\u00fcr Musik Orchester<\/td>\n<\/tr>\n<tr>\n<td width=\"71\">02\/07\/94 \u2013 15\/07\/94<\/td>\n<td width=\"101\">X International Bart\u00f3k Seminar \u2013 Szombathely, Hungary<\/td>\n<td width=\"192\">Dominique Rouits, Peter E\u00f6tv\u00f6s (Direcci\u00f3n Orquestal)<\/td>\n<td width=\"120\">14\/07\/94, 15\/07\/94 \u2013 Bart\u00f3k-Saal; Sporthouse \u2013 Ensemble Contrechamps; Savaria Symphony Orchestra<\/td>\n<\/tr>\n<tr>\n<td width=\"71\">30\/05\/94 \u2013 12\/06\/94<\/td>\n<td width=\"101\">V Curso Interamericano para j\u00f3venes directores de orquesta \u2013 M\u00e9rida, Venezuela<\/td>\n<td width=\"192\">Guillermo Scarabino (Direcci\u00f3n Orquestal)Obs: Becada por la OEA (Organizaci\u00f3n de los Estados Americanos)<\/td>\n<td width=\"120\">10\/06\/94 , 11\/06\/94, 12\/06\/94 \u2013 Iglesia de Tabay; Aula Magna de la Universidad los Andes \u2013 Orquesta Sinf\u00f3nica del Estado M\u00e9rida<\/td>\n<\/tr>\n<tr>\n<td width=\"71\">20\/07\/92 \u2013 19\/08\/92<\/td>\n<td width=\"101\">Corsi di Perfezionamento Accademia Musicale Chigiana \u2013 Siena, Italy<\/td>\n<td width=\"192\">Ferdinand Leitner (Direcci\u00f3n Orquestal)<\/td>\n<td width=\"120\"><\/td>\n<\/tr>\n<tr>\n<td width=\"71\">07\/01\/91 \u2013 27\/01\/91<\/td>\n<td width=\"101\">I Festival Internacional M\u00fasica de Ver\u00e3o \u2013 Po\u00e7os de Caldas, Brasil<\/td>\n<td width=\"192\">Francesco La Vecchia (Direcci\u00f3n Orquestal)<\/td>\n<td width=\"120\">Orquestra de Estudantes do I Festival Internacional M\u00fasica de Ver\u00e3o de Po\u00e7os de Caldas<\/td>\n<\/tr>\n<tr>\n<td width=\"71\">1990(Jul)<\/td>\n<td width=\"101\">XXI Festival de Inverno de Campos de Jord\u00e3o \u2013 Campos de Jord\u00e3o, Brasil<\/td>\n<td width=\"192\">Lutero Rodrigues (Direcci\u00f3n Orquestal)<\/td>\n<td width=\"120\"><\/td>\n<\/tr>\n<tr>\n<td width=\"71\">21\/01\/90 \u2013 03\/02\/90<\/td>\n<td width=\"101\">XIV Curso Internacional de Ver\u00e3o da Escola de M\u00fasica de Bras\u00edlia \u2013 Bras\u00edlia, Brasil<\/td>\n<td width=\"192\">Elena Herrera (Direcci\u00f3n Orquestal)<\/td>\n<td width=\"120\">30\/01\/90 \u2013 Orquestra de C\u00e2mara do XIV CIVEBRA; 02\/02\/90 \u2013 Orquestra do XIV CIVEBRA<\/td>\n<\/tr>\n<tr>\n<td width=\"71\">07\/01\/90 \u2013 21\/01\/90<\/td>\n<td width=\"101\">Oficina de M\u00fasica VIII, Curitiba \u2013 Curitiba, Brasil<\/td>\n<td width=\"192\">Lutero Rodrigues (Direcci\u00f3n Orquestal); Roberto Farias (Direcci\u00f3n de de Banda Sinf\u00f3nica)<\/td>\n<td width=\"120\">16\/01\/90 \u2013 Orquestra da Oficina de M\u00fasica VIII; 18\/01\/90 \u2013 Banda Lyra de Curitiba<\/td>\n<\/tr>\n<tr>\n<td width=\"71\">1989-1994<\/td>\n<td width=\"101\">Curso de Pos-grado \u2013 Instituto de Artes \u2013 UNICAMP, Maestr\u00eda en Artes \u2013 Campinas, Brasil<\/td>\n<td width=\"192\">Prof. Dr. Jos\u00e9 Ant\u00f4nio Rezende de Almeida Prado (Orientador de tesis)<\/td>\n<td width=\"120\"><\/td>\n<\/tr>\n<tr>\n<td width=\"71\">1989(Jul)<\/td>\n<td width=\"101\">XX Festival de Inverno de Campos de Jord\u00e3o \u2013 S\u00e3o Paulo, Brasil<\/td>\n<td width=\"192\">Lutero Rodrigues (Direcci\u00f3n Orquestal)<\/td>\n<td width=\"120\"><\/td>\n<\/tr>\n<tr>\n<td width=\"71\">1988 (Jul)<\/td>\n<td width=\"101\">XIX Festival de Inverno de Campos de Jord\u00e3o \u2013 Campos de Jord\u00e3o, Brasil<\/td>\n<td width=\"192\">Lutero Rodrigues (Direcci\u00f3n Orquestal)<\/td>\n<td width=\"120\"><\/td>\n<\/tr>\n<tr>\n<td width=\"71\">1988-1989<\/td>\n<td width=\"101\">Clases particulares de Direcci\u00f3n Orquestal \u2013 S\u00e3o Paulo, Brasil<\/td>\n<td width=\"192\">Ronaldo Bologna (Direcci\u00f3n Orquestal)<\/td>\n<td width=\"120\"><\/td>\n<\/tr>\n<tr>\n<td width=\"71\">03\/01\/88 \u2013 17\/01\/88<\/td>\n<td width=\"101\">Oficina de M\u00fasica VI,Curitiba \u2013 Curitiba, Brasil<\/td>\n<td width=\"192\">Lutero Rodrigues (Direcci\u00f3n Orquestal);Mara Campos (Direcci\u00f3n Coral)<\/td>\n<td width=\"120\"><\/td>\n<\/tr>\n<tr>\n<td width=\"71\">1987(Oct-Dic)<\/td>\n<td width=\"101\">Curso Intensivo para Regentes de Coral\u201dOswald de Andrade\u201d Cultural Center \u2013 S\u00e3o Paulo, Brasil<\/td>\n<td width=\"192\">Abel Rocha (Direcci\u00f3n Coral); Luiz Marchetti (Historia de la M\u00fasica); Rita Fucci (T\u00e9cnica Vocal); Reynaldo Puebla (Artes esc\u00e9nicas para Coral); Mara Campos (Din\u00e1mica de ensayo)<\/td>\n<td width=\"120\"><\/td>\n<\/tr>\n<tr>\n<td width=\"71\">04\/07\/87 \u2013 12\/07\/87<\/td>\n<td width=\"101\">IV Curso Internacional de Reg\u00eancia Coral \u2013 Rio de Janeiro, Brasil<\/td>\n<td width=\"192\">Martin Schmidt (Direcci\u00f3n Coral)<\/td>\n<td width=\"120\"><\/td>\n<\/tr>\n<tr>\n<td width=\"71\">1987-1989<\/td>\n<td width=\"101\">Clases de orientaci\u00f3n y direcci\u00f3n de grupos de m\u00fasica de c\u00e1mara. Ese trabajo origin\u00f3 la Orquesta de C\u00e1mara de Alumnos de la UNICAMP \u2013 Campinas, Brasil<\/td>\n<td width=\"192\">Frederico Barreto (M\u00fasica de C\u00e1mara)<\/td>\n<td width=\"120\">Conciertos con la Orquesta de C\u00e1mara de Alumnos de la UNICAMP entre 1987 y 1989<\/td>\n<\/tr>\n<tr>\n<td width=\"71\">1986-1994<\/td>\n<td width=\"101\">Clases particulares de Est\u00e9tica, Contrapunto, Armon\u00eda, An\u00e1lisis, Direcci\u00f3n Coral, Direcci\u00f3n Orquestal, Historia del Contrapunto \u2013 S\u00e3o Paulo, Brasil<\/td>\n<td width=\"192\">Hans-Joachim Koellreutter (1986-1987) e (1993-1994): Est\u00e9tica; (1986-1988): Contrapunto (estilo Palestrina); (1989-1990): Contrapunto (estilo J.S.Bach); (1987-1990): Armon\u00eda; (1987-1988): An\u00e1lisis (M\u00fasica Cl\u00e1sica); (1989-1990): An\u00e1lisis (M\u00fasica Contempor\u00e1nea); (1987-1988): Direcci\u00f3n Coral; (1987-1988): Direcci\u00f3n Orquestal; (1988-1990): Historia del Contrapunto)<\/td>\n<td width=\"120\"><\/td>\n<\/tr>\n<tr>\n<td width=\"71\">1986-1990<\/td>\n<td width=\"101\">\u201cBachirellato en M\u00fasica\u201d \u2013 Modalidad: Direcci\u00f3n Orquestal y Coral\u201d \u2013 Facultad de M\u00fasica \u2013 Universidad Estadual de Campinas \u2013 Campinas, Brasil<\/td>\n<td width=\"192\">Henrique Gregori (Profesor de la C\u00e1tedra de Direcci\u00f3n)Media general: 9,14<\/td>\n<td width=\"120\"><\/td>\n<\/tr>\n<tr>\n<td width=\"71\">07\/07\/84 \u2013 28\/07\/84<\/td>\n<td width=\"101\">IV Festival de M\u00fasica de Londrina \u2013 Londrina, Brasil<\/td>\n<td width=\"192\">Oswaldo Colarusso (Direcci\u00f3n Coral e Practica de Canto Coral); Ann Howard Jones (Direcci\u00f3n Coral e Pedagog\u00eda Vocal); Marcos Leite (Direcci\u00f3n de Coral Esc\u00e9nico); Jos\u00e9 Eduardo Gramani (R\u00edtmica); Celso Ten\u00f3rio Delneri (An\u00e1lisis)<\/td>\n<td width=\"120\"><\/td>\n<\/tr>\n<tr>\n<td width=\"71\">1983-1985<\/td>\n<td width=\"101\">Clases ministradas en el Coro de la Universidad de S\u00e3o Paulo \u2013 S\u00e3o Paulo, Brasil<\/td>\n<td width=\"192\">M\u00e1rcia Guimar\u00e3es (T\u00e9cnica Vocal); Regina Schlochauer (Percepci\u00f3n Musical)<\/td>\n<td width=\"120\"><\/td>\n<\/tr>\n<tr>\n<td width=\"71\">1978-1980<\/td>\n<td width=\"101\">Conservatorio Dram\u00e1tico y Musical de S\u00e3o Paulo \u2013 S\u00e3o Paulo, Brasil<\/td>\n<td width=\"192\">Sandra Maria Abr\u00e3o (Piano)<\/td>\n<td width=\"120\"><\/td>\n<\/tr>\n<tr>\n<td width=\"71\">1969-1977<\/td>\n<td width=\"101\">Clases particulares de piano y teor\u00eda musical \u2013 S\u00e3o Paulo, Brasil<\/td>\n<td width=\"192\">Maria Cristina da Ponta Fiore (Piano y Teor\u00eda Musical)<\/td>\n<td width=\"120\"><\/td>\n<\/tr>\n<\/tbody>\n<\/table>\n<\/div>\n<p style=\"text-align: center;\">II.3. Antecedentes laborales dirigiendo Orquestas Sinf\u00f3nicas<\/p>\n<p style=\"text-align: center;\">II.3.a. Trabajos regulares<\/p>\n<div class=\"custom-table-wrapper style-1\" style=\"text-align: center;\">\n<table width=\"100%\">\n<tbody>\n<tr>\n<td width=\"64\">PER\u00cdODO<\/td>\n<td width=\"228\">INSTITUCI\u00d3N<\/td>\n<td width=\"192\">POSICI\u00d3N<\/td>\n<\/tr>\n<tr>\n<td width=\"64\">2014<\/td>\n<td width=\"228\">ORQUESTA FILARM\u00d3NICA DE BOGOT\u00c1, Bogot\u00e1, Colombia<\/td>\n<td width=\"192\">Directora titular y art\u00edstica<\/td>\n<\/tr>\n<tr>\n<td width=\"64\">2010 \u2013 2014<\/td>\n<td width=\"228\">ORQUESTA FILARM\u00d3NICA DE MENDOZA, Mendoza, Argentina<\/td>\n<td width=\"192\">Directora titular y art\u00edstica (desde el 04\/04\/2010, elegida por los integrantes de la orquesta)<\/td>\n<\/tr>\n<tr>\n<td width=\"64\">2009 \u2013 2011<\/td>\n<td width=\"228\">ORQUESTRA SINF\u00d4NICA DA UNIVERSIDADE DE S\u00c3O PAULO, S\u00e3o Paulo, Brasil<\/td>\n<td width=\"192\">Directora titular y art\u00edstica (01\/07\/2009 a 10\/12\/2011, elegida por los integrantes de la orquestA)<\/td>\n<\/tr>\n<tr>\n<td width=\"64\">2009<\/td>\n<td width=\"228\">ORQUESTRA SINF\u00d4NICA MUNICIPAL DE CAMPINAS, Campinas, Brasil<\/td>\n<td width=\"192\">Directora titular y art\u00edstica (desde 20\/01\/2009, elegida por los integrantes de la orquesta)<\/td>\n<\/tr>\n<tr>\n<td width=\"64\">1996 -2008<\/td>\n<td width=\"228\">ORQUESTRA SINF\u00d4NICA NACIONAL \u2013 UFF, Niter\u00f3i, Rio de Janeiro, Brasil<\/td>\n<td width=\"192\">Directora titular y art\u00edstica (desde el 12\/01\/1996, elegida por los integrantes de la orquesta)<\/td>\n<\/tr>\n<tr>\n<td width=\"64\">2000-2003<\/td>\n<td width=\"228\">ORQUESTA SINF\u00d3NICA DA UNIVERSIDADE NACIONAL DE CUYO), Mendoza, Argentina<\/td>\n<td width=\"192\">Directora titular y art\u00edstica (de 10\/01\/2000 a 12\/31\/2003, elegida por los integrantes de la orquesta)<\/td>\n<\/tr>\n<tr>\n<td width=\"64\">1996<\/td>\n<td width=\"228\">ORQUESTRA SINF\u00d4NICA DO TEATRO NACIONAL CL\u00c1UDIO SANTORO, Bras\u00edlia, Brasil<\/td>\n<td width=\"192\">Directora asistente<\/td>\n<\/tr>\n<tr>\n<td width=\"64\">1991-1993<\/td>\n<td width=\"228\">ORQUESTRA SINF\u00d4NICA DE JUNDIA\u00cd, Jundia\u00ed, Brasil<\/td>\n<td width=\"192\">Directora titular y art\u00edstica (elegida por los integrantes de la orquesta)<\/td>\n<\/tr>\n<tr>\n<td width=\"64\">1990-1995 1997-1999<\/td>\n<td width=\"228\">ORQUESTRA DE C\u00c2MARA do Conservat\u00f3rio Musical Villa-Lobos, Osasco, Brasil<\/td>\n<td width=\"192\">Directora titular<\/td>\n<\/tr>\n<tr>\n<td width=\"64\">1987-1989<\/td>\n<td width=\"228\">ORQUESTRA DE ALUNOS DA UNIVERSIDADE ESTADUAL DE CAMPINAS, Campinas, Brasil<\/td>\n<td width=\"192\">Directora titular<\/td>\n<\/tr>\n<\/tbody>\n<\/table>\n<\/div>\n<p style=\"text-align: center;\">II.3.b. Trabajos como directora invitada:<\/p>\n<p style=\"text-align: center;\">Lista de orquestas que Ligia Amadio ha dirigido como directora invitada:<\/p>\n<p style=\"text-align: center;\">Amazonas Filarm\u00f4nica<\/p>\n<p style=\"text-align: center;\">Baden-Badener Philharmonie<\/p>\n<p style=\"text-align: center;\">Czestochowa Philharmonic Orchestra<\/p>\n<p style=\"text-align: center;\">Ensemble Contrechamps<\/p>\n<p style=\"text-align: center;\">Hartwick Symphony Orchestra<\/p>\n<p style=\"text-align: center;\">Icelandic Youth Symphony Orchestra<\/p>\n<p style=\"text-align: center;\">Israel Chamber Orchestra<\/p>\n<p style=\"text-align: center;\">Japan Shinsei Symphony Orchestra<\/p>\n<p style=\"text-align: center;\">Jerusalem Symphony Orchestra<\/p>\n<p style=\"text-align: center;\">Lebanese Philharmonic Orchestra<\/p>\n<p style=\"text-align: center;\">Orquesta de la Ciudad de Buenos Aires<\/p>\n<p style=\"text-align: center;\">Orquesta Estable del Teatro Argentino de la Plata<\/p>\n<p style=\"text-align: center;\">Orquesta Estable del Teatro Col\u00f3n<\/p>\n<p style=\"text-align: center;\">Orquesta Femenina de Buenos Aires<\/p>\n<p style=\"text-align: center;\">Orquesta Filarm\u00f3nica de Bogot\u00e1<\/p>\n<p style=\"text-align: center;\">Orquesta Filarm\u00f3nica de Buenos Aires<\/p>\n<p style=\"text-align: center;\">Orquesta Filarm\u00f3nica del Valle<\/p>\n<p style=\"text-align: center;\">Orquesta Filarm\u00f4nica Nacional da Mold\u00e1via<\/p>\n<p style=\"text-align: center;\">Orquesta Iberoamericana de Juventudes Musicales Internacionales<\/p>\n<p style=\"text-align: center;\">Orquesta Sinf\u00f3nica de Chile<\/p>\n<p style=\"text-align: center;\">Orquesta Sinf\u00f3nica de Concepci\u00f3n<\/p>\n<p style=\"text-align: center;\">Orquesta Sinf\u00f3nica de Maracaibo<\/p>\n<p style=\"text-align: center;\">Orquesta Sinf\u00f3nica de Matanzas<\/p>\n<p style=\"text-align: center;\">Orquesta Sinf\u00f3nica de Neuqu\u00e9n<\/p>\n<p style=\"text-align: center;\">Orquesta Sinf\u00f3nica de Salta<\/p>\n<p style=\"text-align: center;\">Orquesta Sinf\u00f3nica del Estado de M\u00e9xico<\/p>\n<p style=\"text-align: center;\">Orquesta Sinf\u00f3nica del Estado M\u00e9rida<\/p>\n<p style=\"text-align: center;\">Orquesta Sinf\u00f3nica del SODRE<\/p>\n<p style=\"text-align: center;\">Orquesta Sinf\u00f3nica Juvenil Teresa Carre\u00f1o<\/p>\n<p style=\"text-align: center;\">Orquesta Sinf\u00f3nica Nacional de Bol\u00edvia<\/p>\n<p style=\"text-align: center;\">Orquesta Sinf\u00f3nica Nacional de Peru<\/p>\n<p style=\"text-align: center;\">Orquesta Sinf\u00f3nica de la Universidad Nacional de Cuyo<\/p>\n<p style=\"text-align: center;\">Orquestra de Mulheres Avon<\/p>\n<p style=\"text-align: center;\">Orquestra do Theatro S\u00e3o Pedro<\/p>\n<p style=\"text-align: center;\">Orquestra Experimental de Repert\u00f3rio<\/p>\n<p style=\"text-align: center;\">Orquestra Filarm\u00f4nica de Minas Gerais<\/p>\n<p style=\"text-align: center;\">Orquestra Sinf\u00f4nica Brasileira<\/p>\n<p style=\"text-align: center;\">Orquestra Sinf\u00f4nica da Bahia<\/p>\n<p style=\"text-align: center;\">Orquestra Sinf\u00f4nica da Universidade de S\u00e3o Paulo (OSUSP)<\/p>\n<p style=\"text-align: center;\">Orquestra Sinf\u00f4nica de Jundia\u00ed<\/p>\n<p style=\"text-align: center;\">Orquestra Sinf\u00f4nica de Minas Gerais<\/p>\n<p style=\"text-align: center;\">Orquestra Sinf\u00f4nica de Porto Alegre<\/p>\n<p style=\"text-align: center;\">Orquestra Sinf\u00f4nica de Santo Andr\u00e9<\/p>\n<p style=\"text-align: center;\">Orquestra Sinf\u00f4nica do Estado de S\u00e3o Paulo (OSESP)<\/p>\n<p style=\"text-align: center;\">Orquestra Sinf\u00f4nica do Paran\u00e1<\/p>\n<p style=\"text-align: center;\">Orquestra Sinf\u00f4nica do Teatro Nacional Cl\u00e1udio Santoro<\/p>\n<p style=\"text-align: center;\">Orquestra Sinf\u00f4nica Municipal de Campinas<\/p>\n<p style=\"text-align: center;\">Orquestra Sinf\u00f4nica Municipal de S\u00e3o Paulo<\/p>\n<p style=\"text-align: center;\">Orquestra Sinf\u00f4nica Nacional \u2013 UFF<\/p>\n<p style=\"text-align: center;\">Orquestra Sinf\u00f4nica Petrobr\u00e1s Pr\u00f3-M\u00fasica<\/p>\n<p style=\"text-align: center;\">RTV Holandesa (- Netherlands Radio Symphony Orchestra)<\/p>\n<p style=\"text-align: center;\">Savaria Symphony Orchestra<\/p>\n<p style=\"text-align: center;\">Silesian Opera Orchestra (Orchestr Slezsk\u00e9ho divadla v Opave)<\/p>\n<p style=\"text-align: center;\">Simfoniki RTV Slovenija<\/p>\n<p style=\"text-align: center;\">St\u00e4dtisches Kammerorchester Arpeggione<\/p>\n<p style=\"text-align: center;\">Szczecin Philharmonic Orchestra<\/p>\n<p style=\"text-align: center;\">Thailand Philharmonic Orchestra<\/p>\n<p style=\"text-align: center;\">The Congress Symphony Orchestra<\/p>\n<p style=\"text-align: center;\">The Tokyo Symphony Orchestra<\/p>\n<p style=\"text-align: center;\">Tokyo City Philarmonic Orchestra<\/p>\n<p style=\"text-align: center;\">Vojvodina Symphony Orchestra, Novi Sad, Serbia<\/p>\n<p style=\"text-align: center;\">II.3.c. Antecedentes laborales dirigiendo Corales<\/p>\n<div class=\"custom-table-wrapper style-1\" style=\"text-align: center;\">\n<table>\n<tbody>\n<tr>\n<td width=\"45\">DATA<\/td>\n<td width=\"189\">INSTITUCI\u00d3N<\/td>\n<td width=\"175\">FUNCI\u00d3N<\/td>\n<\/tr>\n<tr>\n<td width=\"45\">1996<\/td>\n<td width=\"189\">MADRIGAL DE BRAS\u00cdLIA, Bras\u00edlia, Brasil<\/td>\n<td width=\"175\">Directora<\/td>\n<\/tr>\n<tr>\n<td width=\"45\">1993-1998<\/td>\n<td width=\"189\">CORAL ARCO-\u00cdRIS (Coral de funcionarios de la Municipalidad de Osasco), Osasco, Brasil<\/td>\n<td width=\"175\">Directora<\/td>\n<\/tr>\n<tr>\n<td width=\"45\">1992-1995<\/td>\n<td width=\"189\">CORAL del BANCO FRANC\u00c9S &amp; BRASILERO, S\u00e3o Paulo, Brasil<\/td>\n<td width=\"175\">Directora<\/td>\n<\/tr>\n<tr>\n<td width=\"45\">1990-1995 1997-1999<\/td>\n<td width=\"189\">CORAL VILLA-LOBOS del Conservatorio Villa-Lobos \u2013 Funda\u00e7i\u00f3n Instituto Tecnol\u00f3gico de Osasco (FITO), Osasco, Brasil<\/td>\n<td width=\"175\">Directora<\/td>\n<\/tr>\n<tr>\n<td width=\"45\">1988-1989<\/td>\n<td width=\"189\">FACULTAD DE M\u00daSICA de la UNICAMP (Universidad Estatal de Campinas), Campinas, Brasil<\/td>\n<td width=\"175\">Asistente del Curso de Graduaci\u00f3n en M\u00fasica \u2013 Modalidad Direcci\u00f3n de Orquesta<\/td>\n<\/tr>\n<tr>\n<td width=\"45\">1987-1988<\/td>\n<td width=\"189\">MADRIGAL CAMPINAS, Campinas, Brasil<\/td>\n<td width=\"175\">Directora<\/td>\n<\/tr>\n<tr>\n<td width=\"45\">1986-1987<\/td>\n<td width=\"189\">CORAL CAMPINAS, Campinas, Brasil<\/td>\n<td width=\"175\">Directora<\/td>\n<\/tr>\n<tr>\n<td width=\"45\">1983-1985<\/td>\n<td width=\"189\">CORAL DE LA UNIVERSIDAD DE S\u00c3O PAULO, S\u00e3o Paulo, Brasil<\/td>\n<td width=\"175\">Director preparador<\/td>\n<\/tr>\n<\/tbody>\n<\/table>\n<\/div>\n<p style=\"text-align: center;\">II.4. Otros antecedentes musicales<\/p>\n<p style=\"text-align: center;\">II.4.a. Como jurado en concursos:<\/p>\n<div class=\"custom-table-wrapper style-1\" style=\"text-align: center;\">\n<table width=\"100%\">\n<tbody>\n<tr>\n<td width=\"49\">FECHA<\/td>\n<td width=\"145\">CONCURSO<\/td>\n<td width=\"182\">INSTITUCI\u00d3N<\/td>\n<td width=\"108\">FUNCI\u00d3N<\/td>\n<\/tr>\n<tr>\n<td width=\"49\">Abr 2014<\/td>\n<td width=\"145\">Concurso P\u00fablico destinado al proveimiento de nueve vagas para el cargo de M\u00fasico para componer la Orquesta Filarm\u00f3nica de Mendoza<\/td>\n<td width=\"182\">Ministerio de Cultura de la Provincia de Mendoza, Orquesta Filarm\u00f3nica de Mendoza<\/td>\n<td width=\"108\">Presidente del jurado<\/td>\n<\/tr>\n<tr>\n<td width=\"49\">Nov 2012<\/td>\n<td width=\"145\">III Concurso Intrenacional de Piano BNDES do Rio de Janeiro<\/td>\n<td width=\"182\">BNDES (Banco Nacional de Desenvolvimento Econ\u00f4mico e Social), Rio de Janeiro, Brasil<\/td>\n<td width=\"108\">Jurado<\/td>\n<\/tr>\n<tr>\n<td width=\"49\">Jun 2006<\/td>\n<td width=\"145\">Concurso P\u00fablico destinado al proveimiento de seis vagas para el cargo de M\u00fasico para componer la Orquesta Sinf\u00f3nica Nacional, de acuerdo con el Edicto No.049\/2006 publicado en el Diario Oficial de la Uni\u00f3n de 17 de marzo de 2006<\/td>\n<td width=\"182\">Universidad Federal Fluminense, Niter\u00f3i, Brasil<\/td>\n<td width=\"108\">Presidente del Jurado<\/td>\n<\/tr>\n<tr>\n<td width=\"49\">29\/11\/04 a 03\/11\/04<\/td>\n<td width=\"145\">Concurso P\u00fablico destinado al proveimiento de seis vagas para el cargo de M\u00fasico para componer la Orquesta Sinf\u00f3nica Nacional, de acuerdo con el Edicto No.077\/2004 publicado en el Diario Oficial de la Uni\u00f3n de 25 de agosto de 2004<\/td>\n<td width=\"182\">Universidad Federal Fluminense, Niter\u00f3i, Brasil<\/td>\n<td width=\"108\">Presidente del Jurado<\/td>\n<\/tr>\n<tr>\n<td width=\"49\">10\/05\/04 a 15\/05\/04<\/td>\n<td width=\"145\">Concurso P\u00fablico destinado al proveimiento de catorce vagas para el cargo de M\u00fasico para componer la Orquesta Sinf\u00f3nica Nacional, de acuerdo con el Edicto No.09\/2004 publicado en el Diario Oficial de la Uni\u00f3n de 02 de Marzo de 2004<\/td>\n<td width=\"182\">Universidad Federal Fluminense, Niter\u00f3i, Brasil<\/td>\n<td width=\"108\">Presidente del Jurado<\/td>\n<\/tr>\n<tr>\n<td width=\"49\">09\/10\/03<\/td>\n<td width=\"145\">Concurso de Composiciones Sinf\u00f3nicas Argentinas 2003<\/td>\n<td width=\"182\">Orquesta Sinf\u00f3nica de la Universidad Nacional de Cuyo, Mendoza, Argentina<\/td>\n<td width=\"108\">Presidente del Jurado<\/td>\n<\/tr>\n<tr>\n<td width=\"49\">25\/08\/03 a 31\/08\/03<\/td>\n<td width=\"145\">II Concurso Internacional de Piano Martha Argerich<\/td>\n<td width=\"182\">Teatro Col\u00f3n, Orquesta Filarm\u00f3nica de Buenos Aires, Fundaci\u00f3n del teatro Col\u00f3n<\/td>\n<td width=\"108\">Jurado y directora de la orquesta para el concurso<\/td>\n<\/tr>\n<tr>\n<td width=\"49\">26\/11\/02 a 28\/11\/02<\/td>\n<td width=\"145\">Concurso para J\u00f3venes Solistas para actuar con la OSUNCuyo en 2003<\/td>\n<td width=\"182\">Universidad Nacional de Cuyo, Mendoza, Argentina<\/td>\n<td width=\"108\">Presidente del Jurado<\/td>\n<\/tr>\n<tr>\n<td width=\"49\">08\/06\/02 a 14\/06\/02<\/td>\n<td width=\"145\">Concurso Eleazar de Carvalho (Modalidades: Direcci\u00f3n, Guitarra, Canto, Piano, Cuerdas y Vientos)<\/td>\n<td width=\"182\">Orquesta Sinf\u00f3nica Nacional \u2013 UFF, Niter\u00f3i. Brasil<\/td>\n<td width=\"108\">Presidente del Jurado<\/td>\n<\/tr>\n<tr>\n<td width=\"49\">\u00a0 Dez\/01<\/td>\n<td width=\"145\">Concurso de Composici\u00f3n Guerra-Peixe 2001<\/td>\n<td width=\"182\">Escuela de M\u00fasica Villa-Lobos \/ FUNARJ, Rio de Janeiro, Brasil<\/td>\n<td width=\"108\">Jurado<\/td>\n<\/tr>\n<tr>\n<td width=\"49\">28\/11\/01 a 30\/11\/01<\/td>\n<td width=\"145\">Concurso para J\u00f3venes Solistas para actuar con la OSUNCuyo en 2002<\/td>\n<td width=\"182\">Universidad Nacional de Cuyo, Mendoza, Argentina<\/td>\n<td width=\"108\">Presidente del Jurado<\/td>\n<\/tr>\n<tr>\n<td width=\"49\">20\/10\/01 a 28\/10\/01<\/td>\n<td width=\"145\">III Concurso Nacional de Piano \u2013 Homenaje a Franz Liszt<\/td>\n<td width=\"182\">Teatro Municipal de Niter\u00f3i, Niter\u00f3i, Brasil<\/td>\n<td width=\"108\">Jurado<\/td>\n<\/tr>\n<tr>\n<td width=\"49\">06\/12\/00<\/td>\n<td width=\"145\">Concurso \u201cLo mejor de la Temporada Juvenil 2000\u2033<\/td>\n<td width=\"182\">Orquesta Sinf\u00f3nica de la Universidad Nacional de Cuyo, Mendoza, Argentina<\/td>\n<td width=\"108\">Presidente del Jurado<\/td>\n<\/tr>\n<tr>\n<td width=\"49\">14\/11\/00 a 16\/11\/00<\/td>\n<td width=\"145\">Concurso para J\u00f3venes Solistas para actuar con la OSUNCuyo en 2001<\/td>\n<td width=\"182\">Universidad Nacional de Cuyo, Mendoza, Argentina<\/td>\n<td width=\"108\">Presidente del Jurado<\/td>\n<\/tr>\n<tr>\n<td width=\"49\">14\/10\/00 a 20\/10\/00<\/td>\n<td width=\"145\">II Concurso Nacional de Piano \u2013 Homenaje a Johann Sebastian Bach<\/td>\n<td width=\"182\">Teatro Municipal de Niter\u00f3i, Niter\u00f3i, Brasil<\/td>\n<td width=\"108\">Jurado<\/td>\n<\/tr>\n<tr>\n<td width=\"49\">\u00a0 1998<\/td>\n<td width=\"145\">Concurso P\u00fablico destinado al proveimiento de veinte vagas para el cargo de M\u00fasico para componer la Orquesta Sinf\u00f3nica Nacional, de acuerdo con el Edicto No.116\/1997 publicado en el Diario Oficial de la Uni\u00f3n de 04 de Noviembre de 1997<\/td>\n<td width=\"182\">Universidad Federal Fluminense, Niter\u00f3i, Brasil<\/td>\n<td width=\"108\">Presidente del Jurado<\/td>\n<\/tr>\n<\/tbody>\n<\/table>\n<\/div>\n<p style=\"text-align: center;\">II.4.b. Efectuando grabaciones de CDs y DVDs:<\/p>\n<div class=\"custom-table-wrapper style-1\" style=\"text-align: center;\">\n<table width=\"100%\">\n<tbody>\n<tr>\n<td width=\"54\">FECHA<\/td>\n<td width=\"138\">ORQUESTA<\/td>\n<td width=\"131\">SOLISTAS<\/td>\n<td width=\"161\">REPERTORIO<\/td>\n<\/tr>\n<tr>\n<td width=\"54\">28\/03\/08 a 30\/03\/08<\/td>\n<td width=\"138\">Orquestra Sinf\u00f4nica Nacional \u2013 UFF; Igreja do Carmo, Rio de Janeiro, Brasil<\/td>\n<td width=\"131\"><\/td>\n<td width=\"161\">CD y DVD \u201cFam\u00edlia Real\u201dS\u00e9rie \u201cM\u00fasica Brasileira no tempo\u201dMaur\u00edcio Nunes Garcia, Abertura em R\u00e9, Protophonia da \u00d3pera ZemiraMarcos Portugal, Abertura n\u00ba 16, Abertura da \u00d3pera O BasculhoSegismund Neukomm, Abertura para grande orquestra (em d\u00f3 maior); Abertura O Her\u00f3i<\/td>\n<\/tr>\n<tr>\n<td width=\"54\">15\/11\/07 a 18\/11\/07<\/td>\n<td width=\"138\">Orquestra Sinf\u00f4nica Nacional \u2013 UFF; Cine Arte UFF, Niter\u00f3i, Brasil<\/td>\n<td width=\"131\"><\/td>\n<td width=\"161\">CD y DVD \u201cM\u00fasica Nova\u201dS\u00e9rie \u201cM\u00fasica Brasileira no tempo\u201dGilberto Mendes, Willy Corr\u00eaa de Oliveira<\/td>\n<\/tr>\n<tr>\n<td width=\"54\">07\/10\/07 a 14\/10\/07<\/td>\n<td width=\"138\">Orquestra Sinf\u00f4nica Nacional \u2013 UFF; Cine Arte UFF, Niter\u00f3i, Brasil<\/td>\n<td width=\"131\"><\/td>\n<td width=\"161\">CD y DVD \u201cM\u00fasica Viva\u201dS\u00e9rie \u201cM\u00fasica Brasileira no tempo\u201dC\u00c9SAR GUERRA-PEIXESuite Sinf\u00f4nica N.2 \u2013 PernambucanaCLAUDIO SANTORO: BrasilianaCLAUDIO SANTORO: Impress\u00f5es de uma Usina de A\u00e7oCAMARGO GUARNIERI:<\/p>\n<p>Tr\u00eas Dansas para Orquestra<\/p>\n<p>CAMARGO GUARNIERI: Pr\u00f3logo e Fuga<\/p>\n<p>EUNICE KATUNDA: Bras\u00edlia<\/p>\n<p>H.J. KOELLREUTTER: Hai-Kais<\/p>\n<p>H.J. KOELLREUTTER: Fanfarra de Inaugura\u00e7\u00e3o<\/td>\n<\/tr>\n<tr>\n<td width=\"54\">08\/19\/06, 08\/20\/06, 08\/26\/06<\/td>\n<td width=\"138\">Orquestra Sinf\u00f4nica Nacional \u2013 UFF; Cine Arte UFF, Niter\u00f3i, Brasil<\/td>\n<td width=\"131\">Cl\u00e1udia RiccitelliLuiz Carlos de Moura Castro<\/td>\n<td width=\"161\">CD y DVD \u201cAlma Brasileira\u201dS\u00e9rie \u201cM\u00fasica Brasileira no tempo\u201dVilla-Lobos, Heitor: Choros No.10 para coro y orquesta;Lorenzo Fernandez, Oscar: Reisado do Pastoreio;Mignone, Francisco: Caramuru;Braga, Francisco: A Paz, Cortejo;Gallet, Luciano: Tango-Batuque;<\/p>\n<p>Vel\u00e1squez, Glauco: Alma minha gentil, op.107<\/p>\n<p>Villa-Lobos, Heitor: Choros No.5<\/td>\n<\/tr>\n<tr>\n<td width=\"54\">11\/07\/05 a 15\/07\/05<\/td>\n<td width=\"138\">Orquestra Sinf\u00f4nica Nacional \u2013 UFF ; Estudio Sinf\u00f3nico da Radio MEC, Rio de Janeiro, Brasil<\/td>\n<td width=\"131\"><\/td>\n<td width=\"161\">CD y DVD \u201cAurora Luminosa\u201dS\u00e9rie \u201cM\u00fasica Brasileira no tempo\u201dMiguez, Leopoldo: Ave, libertas; Nepomuceno, Alberto: S\u00e9rie Brasileira; Levy, Alexandre: Werther; Gomes, Ant\u00f4nio Carlos: Alvorada<\/td>\n<\/tr>\n<tr>\n<td width=\"54\">Jul\/03<\/td>\n<td width=\"138\">\u00a0Orquesta Sinf\u00f3nica de la Universidad nacional de Cuyo; Teatro Universidad, Mendoza, Argentina<\/td>\n<td width=\"131\">Dora de Marinis, Elena Dabul<\/td>\n<td width=\"161\">Perceval, Julio: Poema Criollo for Piano and Orchestra; Castro, Juan Jos\u00e9: Concerto for Piano and Orchestra<\/td>\n<\/tr>\n<tr>\n<td width=\"54\">26\/02\/01 a 18\/03\/01<\/td>\n<td width=\"138\">\u00a0Orquesta Sinf\u00f3nica de la Universidad nacional de Cuyo; Teatro Universidad, Mendoza, Argentina<\/td>\n<td width=\"131\">Marcelo Zelada, Diego Mart\u00edn, Archi Zambrano (Charango)<\/td>\n<td width=\"161\">Ramirez, Ariel (en arreglo orquestal de Leopoldo G. Mart\u00ed: Misa Criolla<\/td>\n<\/tr>\n<tr>\n<td width=\"54\">13\/11\/00 a 21\/11\/00<\/td>\n<td width=\"138\">\u00a0Orquesta Sinf\u00f3nica de la Universidad nacional de Cuyo; Estudios de LV8, Radio \u201cLibertador\u201d, Mendoza, Argentina<\/td>\n<td width=\"131\">Marcelo Zelada, Gabriel Flores, Alfredo Jiudice, Fernando P\u00e1ez Y\u00f1\u00e1ez, Gerardo Pe\u00f1aloza, Archi Zambrano (Charango)<\/td>\n<td width=\"161\">Villancicos de Navidad (autores diversos)<\/td>\n<\/tr>\n<tr>\n<td width=\"54\">05\/05\/98 a 08\/05\/98<\/td>\n<td width=\"138\">Orquestra Sinf\u00f4nica Nacional \u2013 UFF ; Estudio Sinf\u00f3nico de la Radio MEC, Rio de Janeiro, Brasil<\/td>\n<td width=\"131\"><\/td>\n<td width=\"161\">Villa-Lobos, Heitor: Bachianas Brasileiras No.7; Uirapuru ; G\u00eanesis<\/td>\n<\/tr>\n<tr>\n<td width=\"54\">24\/05\/99 a 28\/05\/99<\/td>\n<td width=\"138\">Slovenia Radio and TV Symphony Orchestra, Ljubljana, Slovenia<\/td>\n<td width=\"131\">Luis Carlos de Moura Castro<\/td>\n<td width=\"161\">Rachmaninoff, Serge: Concierto para Piano y orquesta No.2, Op.18<\/td>\n<\/tr>\n<tr>\n<td width=\"54\">24\/05\/99 a 28\/05\/99<\/td>\n<td width=\"138\">Slovenia Radio and TV Symphony Orchestra, Ljubljana, Slovenia<\/td>\n<td width=\"131\">Luis Carlos de Moura Castro<\/td>\n<td width=\"161\">Rachmaninoff, Serge: Concierto para Piano y orquesta No.3, Op.30; Rapsodia sobre un tema de Paganini, Op.34<\/td>\n<\/tr>\n<\/tbody>\n<\/table>\n<\/div>\n<p style=\"text-align: center;\">II.4.c. Experiencia radiof\u00f3nica:<\/p>\n<div class=\"custom-table-wrapper style-1\" style=\"text-align: center;\">\n<table width=\"100%\">\n<tbody>\n<tr>\n<td width=\"45\">FECHA<\/td>\n<td width=\"135\">EMISORA<\/td>\n<td width=\"90\">PROGRAMA<\/td>\n<td width=\"135\">FUNCCI\u00d3N<\/td>\n<\/tr>\n<tr>\n<td width=\"45\">2000 \u2013 2003<\/td>\n<td width=\"135\">Radio MEC \u2013 FM\/ RJ (Radio Minist\u00e9rio Educaci\u00f3n y Cultura \u2013 FM \u2013 Rio de Janeiro, Brasil)<\/td>\n<td width=\"90\">M\u00fasica y Literatura<\/td>\n<td width=\"135\">Producci\u00f3n y presentaci\u00f3n<\/td>\n<\/tr>\n<\/tbody>\n<\/table>\n<\/div>\n<p style=\"text-align: center;\">II.5. Antecedentes docentes:<\/p>\n<div class=\"custom-table-wrapper style-1\" style=\"text-align: center;\">\n<table width=\"100%\">\n<tbody>\n<tr>\n<td width=\"57\">FECHA<\/td>\n<td width=\"239\">INSTITUCI\u00d3N<\/td>\n<td width=\"188\">POSICI\u00d3N<\/td>\n<\/tr>\n<tr>\n<td width=\"57\">Jul 2008<\/td>\n<td width=\"239\">HARTWICK COLLEGE SUMMER MUSIC FESTIVAL &amp; INSTITUTE, Oneonta, New York, U.S.A.<\/td>\n<td width=\"188\">Conducting Master Classes and Conductor of Hartwick Chamber Orchestra and Hartwick Symphony Orchestra<\/td>\n<\/tr>\n<tr>\n<td width=\"57\">Jul 2007<\/td>\n<td width=\"239\">HARTWICK COLLEGE SUMMER MUSIC FESTIVAL &amp; INSTITUTE, Oneonta, New York, U.S.A.<\/td>\n<td width=\"188\">Conducting Master Classes and Conductor of Hartwick Chamber Orchestra and Hartwick Symphony Orchestra<\/td>\n<\/tr>\n<tr>\n<td width=\"57\">Jul 2006<\/td>\n<td width=\"239\">HARTWICK COLLEGE SUMMER MUSIC FESTIVAL &amp; INSTITUTE, Oneonta, New York, U.S.A.<\/td>\n<td width=\"188\">Conducting Master Classes and Conductor of Hartwick Chamber Orchestra and Hartwick Symphony Orchestra<\/td>\n<\/tr>\n<tr>\n<td width=\"57\">Ene 2004<\/td>\n<td width=\"239\">ESCUELA DE M\u00daSICA DE BRAS\u00cdLIA, 26o. Curso Internacional de Verano, Bras\u00edlia, Brasil<\/td>\n<td width=\"188\">Directora de la Orquesta del XXVI CIVEBRA y profesora de Direcci\u00f3n Orquestal<\/td>\n<\/tr>\n<tr>\n<td width=\"57\">Ene 2003<\/td>\n<td width=\"239\">ESCUELA DE M\u00daSICA DE BRAS\u00cdLIA, 25o. Curso Internacional de Verano, Bras\u00edlia, Brasil<\/td>\n<td width=\"188\">Directora de la Orquesta del XXV CIVEBRA y profesora de Direcci\u00f3n Orquestal<\/td>\n<\/tr>\n<tr>\n<td width=\"57\">2003<\/td>\n<td width=\"239\">UNIVERSIDAD ESTADUAL DE RIO DE JANEIRO, Maestr\u00eda en M\u00fasica, Rio de Janeiro, Brasil<\/td>\n<td width=\"188\">Profesora invitada de An\u00e1lisis Musical<\/td>\n<\/tr>\n<tr>\n<td width=\"57\">2001-2003<\/td>\n<td width=\"239\">UNIVERSIDAD NACIONAL DE CUYO, Facultad de M\u00fasica, Mendoza, Argentina<\/td>\n<td width=\"188\">Profesora de la C\u00e1tedra de Direcci\u00f3n Orquestal<\/td>\n<\/tr>\n<tr>\n<td width=\"57\">1990-1995<\/td>\n<td width=\"239\">CONSERVATORIO MUSICAL VILLA-LOBOS,Instituto tecnol\u00f3gico de Osasco, Osasco, Brasil<\/td>\n<td width=\"188\">Profesora de: Historia de la M\u00fasica, An\u00e1lisis Musical, Contrapunto, Apreciaci\u00f3n Musical<\/td>\n<\/tr>\n<tr>\n<td width=\"57\">1990-1992<\/td>\n<td width=\"239\">Clases particulares de Piano, S\u00e3o Paulo, Brasil<\/td>\n<td width=\"188\">Profesora de Piano<\/td>\n<\/tr>\n<\/tbody>\n<\/table>\n<\/div>\n<p style=\"text-align: center;\">II.6. Pr\u00e9mios y Concursos, etc.<\/p>\n<div class=\"custom-table-wrapper style-1\" style=\"text-align: center;\">\n<table width=\"100%\">\n<tbody>\n<tr>\n<td width=\"52\">FECHA<\/td>\n<td width=\"100\">PREMIO, T\u00cdTULO, HOMENAJE<\/td>\n<td width=\"144\">INSTITUICI\u00d3N OTORGANTE<\/td>\n<td width=\"187\">JUSTIFICATIVA<\/td>\n<\/tr>\n<tr>\n<td width=\"52\">27\/08\/12<\/td>\n<td width=\"100\">XV Pr\u00e9mio Carlos Gomes, categoria \u201cDirector de Orquesta\u201d<\/td>\n<td width=\"144\">Pr\u00e9mio Carlos Gomes de \u00d3pera &amp; M\u00fasica Erudita<\/td>\n<td width=\"187\">\u201cpor el excelente trabajo realizado como directora de la Orquesta Sinf\u00f3nica de la Universidad de S\u00e3o Paulo.\u201d<\/td>\n<\/tr>\n<tr>\n<td width=\"52\">14\/07\/09<\/td>\n<td width=\"100\">Medalla Carlos Gomes<\/td>\n<td width=\"144\">C\u00e1mara Municipal de Campinas, Campinas, Brasil<\/td>\n<td width=\"187\">\u201cen reconocimiento por su trabajo como Directora Titular de la Orquesta Sinf\u00f3nica Municipal de Campinas.\u201d<\/td>\n<\/tr>\n<tr>\n<td width=\"52\">13\/03\/05<\/td>\n<td width=\"100\">Comanda de la Orden del M\u00e9rito de Niter\u00f3i, en el grado de Grande Oficial<\/td>\n<td width=\"144\">C\u00e1mara Municipal de Niter\u00f3i, Niter\u00f3i, Brasil<\/td>\n<td width=\"187\"><\/td>\n<\/tr>\n<tr>\n<td width=\"52\">22\/05\/04<\/td>\n<td width=\"100\">T\u00edtulo de Personalidad Cultural do Ano \u2013 Resoluci\u00f3n No.27\/2004, de 02\/05\/2004<\/td>\n<td width=\"144\">Sociedad Musical y Cultura 22 de Mayo, Ub\u00e1, Brasil<\/td>\n<td width=\"187\">\u201cPor la devoci\u00f3n y amor a la causa de la cultura del pa\u00eds y por los relevantes servicios prestados a la Sociedad Musical y Cultural 22 de Mayo\u201d<\/td>\n<\/tr>\n<tr>\n<td width=\"52\">29\/04\/04<\/td>\n<td width=\"100\">Medalla Personalidad Femenina \u2013 Anita Garibaldi \u2013 Resoluci\u00f3n No.01\/2004, de 08\/01\/04<\/td>\n<td width=\"144\">Instituto Multidisciplinar de Pesquisa Acioli Reunidos (IMPAR)<\/td>\n<td width=\"187\">\u201cen reconocimiento por su trabajo como Directora Titular de la Orquesta Sinf\u00f3nica Nacional de la Universidad Federal Fluminense, en la ciudad de Niter\u00f3i.\u201d<\/td>\n<\/tr>\n<tr>\n<td width=\"52\">21\/11\/03<\/td>\n<td width=\"100\">Menci\u00f3n \u201cLira a la excelencia\u201d<\/td>\n<td width=\"144\">Associaci\u00f3n de M\u00fasicos de Cuyo, Mendoza, Argentina<\/td>\n<td width=\"187\">\u201cEsta menci\u00f3n representa el reconocimiento de los m\u00fasicos de Mendoza a su destacada labor y el profesionalismo puesto en relieve, al frente de un organismo musical como es la Orquesta Sinf\u00f3nica de la Universidad Nacional de Cuyo.\u201d<\/td>\n<\/tr>\n<tr>\n<td width=\"52\">16\/03\/03<\/td>\n<td width=\"100\">T\u00edtulo de Ciudadana Niteroiense \u2013 Decreto Legislativo No.439, publicado en 29\/11\/02<\/td>\n<td width=\"144\">C\u00e1mara Municipal de Niter\u00f3i, Niter\u00f3i, Brasil \u2013 Autor del Decreto: Concejal Felipe Peixoto<\/td>\n<td width=\"187\">\u201cA que se hace por merecer, reconocidamente, por su digna y valiosa participaci\u00f3n en las causas que contribuyen para el continuado engrandecimiento y progreso de la ciudad de Niter\u00f3i\u201d<\/td>\n<\/tr>\n<tr>\n<td width=\"52\">26\/03\/02<\/td>\n<td width=\"100\">Mejor Director \u2013 Premio APCA, en el rubro de M\u00fasica Erudita<\/td>\n<td width=\"144\">Asociaci\u00f3n Paulista de Cr\u00edticos de Arte (APCA)<\/td>\n<td width=\"187\">\u201cLa Asociaci\u00f3n Paulista de Cr\u00edticos de Arte, de acuerdo con la decisi\u00f3n tomada en la Asamblea General realizada en Diciembre de 2001 en la Sede del Sindicato de los periodistas profesionales del Estado de S\u00e3o Paulo, confiere, en el rubro de M\u00fasica Erudita, a Ligia Amadio el Premio de Mejor Director\u201d.<\/td>\n<\/tr>\n<tr>\n<td width=\"52\">24\/04\/01<\/td>\n<td width=\"100\">Moci\u00f3n de Congratulaciones \u2013 Moci\u00f3n No.24\/2001<\/td>\n<td width=\"144\">C\u00e1mara Municipal de Osasco, S\u00e3o Paulo, BrasilAutor de la Moci\u00f3n: Concejal Jos\u00e9 Barbosa Coelho<\/td>\n<td width=\"187\">\u201cpor, adem\u00e1s de ser la primera mujer a dirigir la OSESP \u2013 Orquesta Sinf\u00f3nica del Estado de S\u00e3o Paulo \u2013 haber estado maravillosa y insuperable, en su presentaci\u00f3n en la Sala S\u00e3o Paulo, en 19\/04\/2001\u2033<\/td>\n<\/tr>\n<tr>\n<td width=\"52\">05\/02\/01<\/td>\n<td width=\"100\">Diploma de Honor<\/td>\n<td width=\"144\">Corporaci\u00f3n Cultural \u201cSemanas Musicales\u201d de Frutillar, Frutillar, Chile<\/td>\n<td width=\"187\">\u201cpor su hermosa direcci\u00f3n de la Orquesta Sinf\u00f3nica de Chile\u201d<\/td>\n<\/tr>\n<tr>\n<td width=\"52\">05\/08\/98<\/td>\n<td width=\"100\">Diploma de Honor \u2013 Requerimiento No.8931\/98 en 08\/07\/98<\/td>\n<td width=\"144\">C\u00e1mara Municipal de Curitiba, Paran\u00e1, BrasilAutora del requerimiento: Concejal Julieta Reis (L\u00edder de la Bancada del PFL)<\/td>\n<td width=\"187\">\u201cTal iniciativa visa homenajear esa figura marcante de nuestra m\u00fasica que ser\u00e1 la primera mujer que dirigir\u00e1 la Orquesta Sinf\u00f3nica de Paran\u00e1\u201d<\/td>\n<\/tr>\n<tr>\n<td width=\"52\">Marzo\/98<\/td>\n<td width=\"100\">1o. Premio<\/td>\n<td width=\"144\">II Concurso Latinoamericano de Direcci\u00f3n Orquestal \u2013 Santiago, Chile<\/td>\n<td width=\"187\">\u00a0 \u201cPor haber obtenido el primer lugar\u201d<\/td>\n<\/tr>\n<tr>\n<td width=\"52\">13\/11\/97<\/td>\n<td width=\"100\">Honorable Mention<\/td>\n<td width=\"144\">1997 Tokyo International Music Competition for Conducting, Tokyo, Japan<\/td>\n<td width=\"187\">\u201cThis is to certify that you have achieved a winning number of points in the 1997 Tokyo International Music Competition for Conducting. In recognition of your outstanding performance we are honored to present this award to you and extend our sincere wishes for your further development.\u201d<\/td>\n<\/tr>\n<tr>\n<td width=\"52\">06\/05\/97<\/td>\n<td width=\"100\">Homenaje por el D\u00eda Internacional de la MujerMoci\u00f3n de Congratulaciones \u2013 Requerimiento No.509\/97, de 07\/05\/97<\/td>\n<td width=\"144\">Orden de los Abogados de Brasil \u2013 Secci\u00f3n del Estado de Rio de Janeiro, 16a. Sub-secci\u00f3n de la OAB \u2013Comisi\u00f3n Permanente de Mujeres \u2013 C\u00e1mara Legislativa de Niter\u00f3i \u2013 Autor de la Moci\u00f3n: Concejal Fernando Nery de S\u00e1<\/td>\n<td width=\"187\">\u201chomenajeadas las mujeres que act\u00faan con brillantez y eficiencia, en la ciudad de Niter\u00f3i, en sus diversas \u00e1reas profesionales\u201d \u2013\u201dpor la conmemoraci\u00f3n del el D\u00eda Internacional de la Mujer, que se realiz\u00f3 en el d\u00eda 06 de mayo pr\u00f3ximo pasado, ocasi\u00f3n en la que fueron homenajeadas las mujeres que act\u00faan con brillantez y eficiencia, en la ciudad de Niter\u00f3i, en sus diversas \u00e1reas profesionales\u201d<\/td>\n<\/tr>\n<tr>\n<td width=\"52\">20\/03\/97<\/td>\n<td width=\"100\">Homenaje por el D\u00eda Internacional de la Mujer -Moci\u00f3n de Congratulaciones \u2013 Requerimiento No.192\/97, de 18\/03\/97<\/td>\n<td width=\"144\">Elos Clube de Niter\u00f3i \u2013 RJ, filiado al Elos Internacional de la Comunidad Lus\u00edada -C\u00e1mara Legislativa de Niter\u00f3i \u2013 Autor de la Moci\u00f3n: Concejal Fernando de Oliveira Rodrigues (Presidente da C\u00e1mara Municipal de Niter\u00f3i)<\/td>\n<td width=\"187\">\u201chomenajeada por el D\u00eda Internacional de la Mujer\u201d-\u201cpor la homenaje que le fue prestada por Elos Clube de Niter\u00f3i, en solemnidad conmemorativa por el D\u00eda Internacional de la Mujer\u201d.<\/td>\n<\/tr>\n<tr>\n<td width=\"52\">12\/03\/97<\/td>\n<td width=\"100\">Trofeo Mujer 97<\/td>\n<td width=\"144\">Academia Internacional de Cultura (AIC), Bras\u00edlia, Brasil<\/td>\n<td width=\"187\">\u201chomenajeada por el D\u00eda Internacional de la Mujer\u201d<\/td>\n<\/tr>\n<\/tbody>\n<\/table>\n<\/div>\n<p style=\"text-align: center;\"><strong>IDIOMAS<\/strong><\/p>\n<p style=\"text-align: center;\">Fluyente en portugu\u00e9s, espa\u00f1ol, ingl\u00e9s. Conocimiento para lectura y trabajo: italiano y franc\u00e9s.<\/p>\n<p>[\/vc_column_text][\/vc_column][\/vc_row]<\/p>\n","protected":false},"excerpt":{"rendered":"<p>[vc_row][vc_column width=&#8221;1\/1&#8243;][vc_column_text] I \u2013 Datos personales: Ligia Amadio EMAIL: amadio.ligia@gmail.com [\/vc_column_text][vc_separator color=&#8221;grey&#8221;][vc_single_image border_color=&#8221;grey&#8221; [&hellip;]<\/p>\n","protected":false},"author":1,"featured_media":0,"parent":0,"menu_order":0,"comment_status":"open","ping_status":"open","template":"template\/template-landing-page-vc.php","meta":{"footnotes":""},"class_list":["post-865","page","type-page","status-publish","hentry"],"_links":{"self":[{"href":"https:\/\/ligiaamadio.net\/a\/wp-json\/wp\/v2\/pages\/865","targetHints":{"allow":["GET"]}}],"collection":[{"href":"https:\/\/ligiaamadio.net\/a\/wp-json\/wp\/v2\/pages"}],"about":[{"href":"https:\/\/ligiaamadio.net\/a\/wp-json\/wp\/v2\/types\/page"}],"author":[{"embeddable":true,"href":"https:\/\/ligiaamadio.net\/a\/wp-json\/wp\/v2\/users\/1"}],"replies":[{"embeddable":true,"href":"https:\/\/ligiaamadio.net\/a\/wp-json\/wp\/v2\/comments?post=865"}],"version-history":[{"count":3,"href":"https:\/\/ligiaamadio.net\/a\/wp-json\/wp\/v2\/pages\/865\/revisions"}],"predecessor-version":[{"id":868,"href":"https:\/\/ligiaamadio.net\/a\/wp-json\/wp\/v2\/pages\/865\/revisions\/868"}],"wp:attachment":[{"href":"https:\/\/ligiaamadio.net\/a\/wp-json\/wp\/v2\/media?parent=865"}],"curies":[{"name":"wp","href":"https:\/\/api.w.org\/{rel}","templated":true}]}}